{"id":10086,"date":"2026-04-02T01:10:58","date_gmt":"2026-04-02T00:10:58","guid":{"rendered":"https:\/\/www.supercycles.be\/?page_id=10086"},"modified":"2026-08-25T16:46:32","modified_gmt":"2026-08-25T15:46:32","slug":"contact","status":"publish","type":"page","link":"https:\/\/www.supercycles.be\/en\/contact\/","title":{"rendered":"Contact"},"content":{"rendered":"<div class=\"et_pb_section_0 et_pb_section et_section_regular et_block_section et_animated\">\n<div class=\"et_pb_row_0 et_pb_row et_pb_equal_columns et_block_row\">\n<div class=\"et_pb_column_0 et_pb_column et_pb_column_4_4 et-last-child et_block_column et_pb_css_mix_blend_mode_passthrough\">\n<div class=\"et_pb_text_0 et_pb_text et_pb_bg_layout_light et_pb_module et_block_module et_pb_text_align_center\"><div class=\"et_pb_text_inner\"><h1>Contacteer ons<\/h1>\n<\/div><\/div>\n<\/div>\n<\/div>\n\n<div class=\"et_pb_row_1 et_pb_row et_pb_equal_columns et_pb_gutters4 et_block_row\">\n<div class=\"et_pb_column_1 et_pb_column et_pb_column_4_4 et-last-child et_block_column et_pb_css_mix_blend_mode_passthrough\">\n<div class=\"et_pb_text_1 et_pb_text et_pb_bg_layout_light et_animated et_pb_module et_block_module et_pb_text_align_center\"><div class=\"et_pb_text_inner\"><h2>Bel ons<\/h2>\n<p>Bel ons voor advies, aankoop of herstelling van uw fiets.<\/p>\n<p><a href=\"tel:+32487588560\"><span style=\"color: rgba(0, 0, 0, 0.6);\"><strong>+32 487 58 85 60<\/strong><\/span><\/a><\/p>\n<\/div><\/div>\n<\/div>\n<\/div>\n\n<div class=\"et_pb_row_2 et_pb_row et_pb_equal_columns et_pb_gutters4 et_block_row\">\n<div class=\"et_pb_column_2 et_pb_column et_pb_column_4_4 et-last-child et_block_column et_pb_css_mix_blend_mode_passthrough\">\n<div class=\"et_pb_text_2 et_pb_text et_pb_bg_layout_light et_animated et_pb_module et_block_module et_pb_text_align_center\"><div class=\"et_pb_text_inner\"><h2>Bel ons<\/h2>\n<p>Bel ons voor advies, aankoop of herstelling van uw fiets.<\/p>\n<p><a href=\"tel:+32487588560\"><span style=\"color: rgba(0, 0, 0, 0.6);\"><strong>+32 487 58 85 60<\/strong><\/span><\/a><\/p>\n<\/div><\/div>\n<\/div>\n<\/div>\n\n<div class=\"et_pb_row_3 et_pb_row et_block_row\">\n<div class=\"et_pb_column_3 et_pb_column et_pb_column_4_4 et-last-child et_block_column et_pb_css_mix_blend_mode_passthrough\">\n<div class=\"et_pb_text_3 et_pb_text et_pb_bg_layout_light et_pb_module et_block_module et_pb_text_align_center\"><div class=\"et_pb_text_inner\"><p>Een vraag over een fiets, een herstelling, onderhoud of leasing? Contacteer Supercycles, je fietsenwinkel en fietsatelier in Alsemberg, aan de grens met Sint-Genesius-Rode.<\/p>\n<\/div><\/div>\n<\/div>\n<\/div>\n<\/div>\n\n<div class=\"et_pb_section_1 et_pb_section et_section_regular et_block_section\">\n<div class=\"et_pb_row_4 et_pb_row et_pb_equal_columns et_block_row\">\n<div class=\"et_pb_column_4 et_pb_column et_pb_column_4_4 et-last-child et_block_column et_pb_css_mix_blend_mode_passthrough\">\n<div class=\"et_pb_text_4 et_pb_text et_pb_bg_layout_light et_pb_module et_block_module et_pb_text_align_center\"><div class=\"et_pb_text_inner\"><h2>Schrijf ons<\/h2>\n<\/div><\/div>\n\n<div class=\"et_pb_text_5 et_pb_text et_pb_bg_layout_light et_pb_module et_block_module et_pb_text_align_center\"><div class=\"et_pb_text_inner\"><p>Stuur ons uw aanvraag, wij antwoorden u snel.<\/p>\n<\/div><\/div>\n<\/div>\n<\/div>\n\n<div class=\"et_pb_row_5 et_pb_row et_pb_equal_columns et_block_row\">\n<div class=\"et_pb_column_5 et_pb_column et_pb_column_4_4 et-last-child et_block_column et_pb_css_mix_blend_mode_passthrough\">\n<div class=\"et_pb_contact_form_0 et_pb_contact_form_container et_pb_text_align_left clearfix et_pb_recaptcha_enabled et_animated et_pb_module et_flex_module sc-select\" data-form_unique_num=\"0\" data-form_unique_id=\"7067d836e5cc6b8d0df5f1ee01accc26\" data-redirect_url=\"https:\/\/www.supercycles.be\/en\/contact-ontvangen\/\" id=\"et_pb_contact_form_0\"><div class=\"et-pb-contact-message\"><\/div><div class=\"et_pb_contact\"><form class=\"et_pb_contact_form et_flex_module\" method=\"post\" action=\"https:\/\/www.supercycles.be\/en\/wp-json\/wp\/v2\/pages\/10086\">\n<div class=\"et_pb_contact_field_0 et_pb_contact_field et_pb_module et_flex_module et_flex_column_12_24 et_flex_column_12_24_tablet et_flex_column_12_24_phone\" data-id=\"voornaam\" data-type=\"input\"><label class=\"et_pb_contact_form_label\" for=\"et_pb_contact_0_voornaam_0\">Voornaam<\/label><input type=\"text\" name=\"et_pb_contact_0_voornaam_0\" id=\"et_pb_contact_0_voornaam_0\" class=\"input\" data-required_mark=\"required\" data-field_type=\"input\" data-original_id=\"voornaam\" placeholder=\"Voornaam\" title=\"\" value=\"\" \/><\/div>\n\n<div class=\"et_pb_contact_field_1 et_pb_contact_field et_pb_module et_flex_module et_flex_column_12_24 et_flex_column_12_24_tablet et_flex_column_12_24_phone\" data-id=\"achternaam\" data-type=\"input\"><label class=\"et_pb_contact_form_label\" for=\"et_pb_contact_0_achternaam_1\">Achternaam<\/label><input type=\"text\" name=\"et_pb_contact_0_achternaam_1\" id=\"et_pb_contact_0_achternaam_1\" class=\"input\" data-required_mark=\"required\" data-field_type=\"input\" data-original_id=\"achternaam\" placeholder=\"Achternaam\" title=\"\" value=\"\" \/><\/div>\n\n<div class=\"et_pb_contact_field_2 et_pb_contact_field et_pb_module et_flex_module et_flex_column_12_24 et_flex_column_12_24_tablet et_flex_column_12_24_phone\" data-id=\"e-mailadres\" data-type=\"email\"><label class=\"et_pb_contact_form_label\" for=\"et_pb_contact_0_e-mailadres_2\">E-mailadres<\/label><input type=\"text\" name=\"et_pb_contact_0_e-mailadres_2\" id=\"et_pb_contact_0_e-mailadres_2\" class=\"input\" data-required_mark=\"required\" data-field_type=\"email\" data-original_id=\"e-mailadres\" placeholder=\"E-mailadres\" title=\"\" value=\"\" \/><\/div>\n\n<div class=\"et_pb_contact_field_3 et_pb_contact_field et_pb_module et_flex_module et_flex_column_12_24 et_flex_column_12_24_tablet et_flex_column_12_24_phone\" data-id=\"telefoonnummer\" data-type=\"input\"><label class=\"et_pb_contact_form_label\" for=\"et_pb_contact_0_telefoonnummer_3\">Telefoonnummer<\/label><input type=\"text\" name=\"et_pb_contact_0_telefoonnummer_3\" id=\"et_pb_contact_0_telefoonnummer_3\" class=\"input\" data-required_mark=\"not_required\" data-field_type=\"input\" data-original_id=\"telefoonnummer\" placeholder=\"Telefoonnummer\" title=\"\" value=\"\" \/><\/div>\n\n<div class=\"et_pb_contact_field_4 et_pb_contact_field et_pb_module et_flex_module et_flex_column_12_24 et_flex_column_12_24_tablet et_flex_column_12_24_phone\" data-id=\"field_5\" data-type=\"select\"><label class=\"et_pb_contact_form_label\" for=\"et_pb_contact_0_field_5_4\">Selecteer een optie<\/label><select name=\"et_pb_contact_0_field_5_4\" id=\"et_pb_contact_0_field_5_4\" class=\"et_pb_contact_select input\" data-required_mark=\"required\" data-field_type=\"select\" data-original_id=\"field_5\"><option value=\"\">Selecteer een optie<\/option><option value=\"Aankoop\" data-id=\"\">Aankoop<\/option><option value=\"Herstelling \/ Onderhoud\" data-id=\"\">Herstelling \/ Onderhoud<\/option><option value=\"Leasing\" data-id=\"\">Leasing<\/option><option value=\"Andere\" data-id=\"\">Andere<\/option><\/select><\/div>\n\n<div class=\"et_pb_contact_field_5 et_pb_contact_field et_pb_module et_flex_module et_flex_column_12_24 et_flex_column_12_24_tablet et_flex_column_12_24_phone\" data-id=\"field_7\" data-type=\"select\" data-conditional-logic=\"[[&quot;field_5&quot;,&quot;is&quot;,&quot;Leasing&quot;]]\" data-conditional-relation=\"any\"><label class=\"et_pb_contact_form_label\" for=\"et_pb_contact_0_field_7_5\">S\u00e9lectionnez une option<\/label><select name=\"et_pb_contact_0_field_7_5\" id=\"et_pb_contact_0_field_7_5\" class=\"et_pb_contact_select input\" data-required_mark=\"required\" data-field_type=\"select\" data-original_id=\"field_7\"><option value=\"\">S\u00e9lectionnez une option<\/option><option value=\"O2O\" data-id=\"\">O2O<\/option><option value=\"B2Bike\" data-id=\"\">B2Bike<\/option><option value=\"Ubike\" data-id=\"\">Ubike<\/option><option value=\"Team Cyclis\" data-id=\"\">Team Cyclis<\/option><option value=\"KBC\" data-id=\"\">KBC<\/option><option value=\"Cycle Valley\" data-id=\"\">Cycle Valley<\/option><option value=\"Autres\" data-id=\"\">Autres<\/option><\/select><\/div>\n\n<div class=\"et_pb_contact_field_6 et_pb_contact_field et_pb_module et_flex_module et_flex_column_24_24 et_flex_column_24_24_tablet et_flex_column_24_24_phone\" data-id=\"message\" data-type=\"text\"><label class=\"et_pb_contact_form_label\" for=\"et_pb_contact_0_message_6\">Bericht<\/label><textarea name=\"et_pb_contact_0_message_6\" id=\"et_pb_contact_0_message_6\" class=\"et_pb_contact_message input\" data-required_mark=\"required\" data-field_type=\"text\" data-original_id=\"message\" placeholder=\"Bericht\"><\/textarea><\/div>\n<input type=\"hidden\" name=\"et_pb_contactform_submit_7067d836e5cc6b8d0df5f1ee01accc26\" value=\"et_contact_proccess\" \/><div class=\"et_contact_bottom_container\"><div class=\"et_pb_button_wrapper\"><button type=\"submit\" name=\"et_builder_submit_button\" class=\"et_pb_button et_pb_contact_submit\">Verstuur uw aanvraag<\/button><\/div><\/div><input type=\"hidden\" id=\"_wpnonce-et-pb-contact-form-submitted-7067d836e5cc6b8d0df5f1ee01accc26\" name=\"_wpnonce-et-pb-contact-form-submitted-7067d836e5cc6b8d0df5f1ee01accc26\" value=\"3e5cec0bb5\" \/><input type=\"hidden\" name=\"_wp_http_referer\" value=\"\/en\/wp-json\/wp\/v2\/pages\/10086\" \/><\/form><\/div><\/div>\n<\/div>\n<\/div>\n<\/div>\n\n<div class=\"et_pb_section_2 et_pb_section et_section_regular et_block_section\">\n<div class=\"et_pb_row_6 et_pb_row et_block_row\">\n<div class=\"et_pb_column_6 et_pb_column et_pb_column_4_4 et-last-child et_block_column et_pb_css_mix_blend_mode_passthrough\">\n<div class=\"et_pb_text_6 et_pb_text et_pb_bg_layout_light et_pb_module et_block_module\"><div class=\"et_pb_text_inner\"><h2 style=\"text-align: center;\">Openingsuren &amp; Adres<\/h2>\n<\/div><\/div>\n<\/div>\n<\/div>\n\n<div class=\"et_pb_row_7 et_pb_row et_block_row\">\n<div class=\"et_pb_column_7 et_pb_column et_pb_column_1_2 et_block_column et_pb_css_mix_blend_mode_passthrough\">\n<div class=\"et_pb_text_7 et_pb_text et_pb_bg_layout_light et_pb_module et_block_module sc-hours\"><div class=\"et_pb_text_inner\"><div style=\"text-align: center;\">\n<table style=\"margin: 0 auto; width: 100%; max-width: 420px; border-collapse: collapse; background: transparent;\">\n<tbody style=\"background: transparent;\">\n<tr style=\"background: transparent;\">\n<td style=\"padding: 8px 0; text-align: left; opacity: .9; background: transparent;\">Maandag<\/td>\n<td style=\"padding: 8px 0; text-align: right; white-space: nowrap; background: transparent;\">Gesloten<\/td>\n<\/tr>\n<tr style=\"background: transparent;\">\n<td style=\"padding: 8px 0; text-align: left; opacity: .9; background: transparent;\">Dinsdag<\/td>\n<td style=\"padding: 8px 0; text-align: right; white-space: nowrap; background: transparent;\">10:00 \u2013 18:30<\/td>\n<\/tr>\n<tr style=\"background: transparent;\">\n<td style=\"padding: 8px 0; text-align: left; opacity: .9; background: transparent;\">Woensdag<\/td>\n<td style=\"padding: 8px 0; text-align: right; white-space: nowrap; background: transparent;\">10:00 \u2013 18:30<\/td>\n<\/tr>\n<tr style=\"background: transparent;\">\n<td style=\"padding: 8px 0; text-align: left; opacity: .9; background: transparent;\">Donderdag<\/td>\n<td style=\"padding: 8px 0; text-align: right; white-space: nowrap; background: transparent;\">10:00 \u2013 18:30<\/td>\n<\/tr>\n<tr style=\"background: transparent;\">\n<td style=\"padding: 8px 0; text-align: left; opacity: .9; background: transparent;\">Vrijdag<\/td>\n<td style=\"padding: 8px 0; text-align: right; white-space: nowrap; background: transparent;\">10:00 \u2013 18:30<\/td>\n<\/tr>\n<tr style=\"background: transparent;\">\n<td style=\"padding: 8px 0; text-align: left; opacity: .9; background: transparent;\">Zaterdag<\/td>\n<td style=\"padding: 8px 0; text-align: right; white-space: nowrap; background: transparent;\">10:00 \u2013 18:30<\/td>\n<\/tr>\n<tr style=\"background: transparent;\">\n<td style=\"padding: 8px 0; text-align: left; opacity: .9; background: transparent;\">Zondag<\/td>\n<td style=\"padding: 8px 0; text-align: right; white-space: nowrap; background: transparent;\">Gesloten<\/td>\n<\/tr>\n<\/tbody>\n<\/table>\n<h6 style=\"margin: 14px 0 0 0; text-align: center;\">Supercycles \u2014 Hallesesteenweg 10, 1652 Alsemberg<\/h6>\n<h6 style=\"margin: 14px 0 0 0; text-align: center;\">Aan de grens met Sint-Genesius-Rode.<\/h6>\n<\/div>\n<\/div><\/div>\n<\/div>\n\n<div class=\"et_pb_column_8 et_pb_column et_pb_column_1_2 et-last-child et_block_column et_pb_css_mix_blend_mode_passthrough\">\n<div class=\"et_pb_map_0 et_pb_map_container et_pb_module et_flex_module\" data-grayscale=\"\"><div class=\"et_pb_map\" data-center-lat=\"50.7403275\" data-center-lng=\"4.3373462\" data-zoom=\"18\" data-mouse-wheel=\"off\" data-mobile-dragging=\"off\"><\/div>\n<div class=\"et_pb_map_pin_0 et_pb_map_pin\" data-lat=\"50.7403275\" data-lng=\"4.3373462\" data-title=\"Supercycles\"><h3 style=\"margin-top:10px\">Supercycles<\/h3><\/div>\n<\/div>\n<\/div>\n<\/div>\n\n<div class=\"et_pb_row_8 et_pb_row et_block_row\">\n<div class=\"et_pb_column_9 et_pb_column et_pb_column_4_4 et-last-child et_block_column et_pb_css_mix_blend_mode_passthrough\">\n<div class=\"et_pb_text_8 et_pb_text et_pb_bg_layout_light et_pb_module et_block_module\"><div class=\"et_pb_text_inner\"><h2 style=\"text-align: center;\">Parkeergelegenheid gereserveerd voor klanten<\/h2>\n<p style=\"text-align: center;\">Om uw bezoek aan Supercycles, uw fietsenwinkel in Alsemberg, te vergemakkelijken, beschikken wij over 3 priv\u00e9parkeerplaatsen aan de achterzijde van het gebouw. De ingang bevindt zich via de oprit aan de Hallesesteenweg. U kunt de winkel rechtstreeks via de achterdeur betreden, wat ideaal is om uw fiets bij ons binnen te brengen.\u00a0<\/p>\n<\/div><\/div>\n<\/div>\n<\/div>\n\n<div class=\"et_pb_row_9 et_pb_row et_block_row\">\n<div class=\"et_pb_column_10 et_pb_column et_pb_column_4_4 et-last-child et_block_column et_pb_css_mix_blend_mode_passthrough\">\n<div class=\"et_pb_image_0 et_pb_image et_pb_module et_block_module\"><span class=\"et_pb_image_wrap\"><img loading=\"lazy\" decoding=\"async\" src=\"https:\/\/www.supercycles.be\/wp-content\/uploads\/2026\/04\/Supercycles-Parking.png\" width=\"1672\" height=\"941\" srcset=\"https:\/\/www.supercycles.be\/wp-content\/uploads\/2026\/04\/Supercycles-Parking.png 1672w, https:\/\/www.supercycles.be\/wp-content\/uploads\/2026\/04\/Supercycles-Parking-1280x720.png 1280w, https:\/\/www.supercycles.be\/wp-content\/uploads\/2026\/04\/Supercycles-Parking-980x552.png 980w, https:\/\/www.supercycles.be\/wp-content\/uploads\/2026\/04\/Supercycles-Parking-480x270.png 480w\" sizes=\"(min-width: 0px) and (max-width: 480px) 480px, (min-width: 481px) and (max-width: 980px) 980px, (min-width: 981px) and (max-width: 1280px) 1280px, (min-width: 1281px) 1672px, 100vw\" class=\"wp-image-11185\" title=\"Supercycles Parking\" \/><\/span><\/div>\n<\/div>\n<\/div>\n<\/div>\n\n<div class=\"et_pb_section_3 et_pb_section et_section_regular et_block_section\">\n<div class=\"et_pb_row_10 et_pb_row et_pb_equal_columns et_block_row\">\n<div class=\"et_pb_column_11 et_pb_column et_pb_column_4_4 et-last-child et_block_column et_pb_css_mix_blend_mode_passthrough\">\n<div class=\"et_pb_text_9 et_pb_text et_pb_bg_layout_light et_pb_module et_block_module sc-hours\"><div class=\"et_pb_text_inner\"><div style=\"text-align: center;\">\n<h2 style=\"margin: 0 0 14px 0;\">Openingsuren &amp; Adres<\/h2>\n<table style=\"margin: 0 auto; width: 100%; max-width: 420px; border-collapse: collapse;\">\n<tbody>\n<tr>\n<td style=\"padding: 8px 0; text-align: left; opacity: .9;\">Maandag<\/td>\n<td style=\"padding: 8px 0; text-align: right; white-space: nowrap;\">Gesloten<\/td>\n<\/tr>\n<tr>\n<td style=\"padding: 8px 0; text-align: left; opacity: .9;\">Dinsdag<\/td>\n<td style=\"padding: 8px 0; text-align: right; white-space: nowrap;\">10:00 \u2013 18:30<\/td>\n<\/tr>\n<tr>\n<td style=\"padding: 8px 0; text-align: left; opacity: .9;\">Woensdag<\/td>\n<td style=\"padding: 8px 0; text-align: right; white-space: nowrap;\">10:00 \u2013 18:30<\/td>\n<\/tr>\n<tr>\n<td style=\"padding: 8px 0; text-align: left; opacity: .9;\">Donderdag<\/td>\n<td style=\"padding: 8px 0; text-align: right; white-space: nowrap;\">10:00 \u2013 18:30<\/td>\n<\/tr>\n<tr>\n<td style=\"padding: 8px 0; text-align: left; opacity: .9;\">Vrijdag<\/td>\n<td style=\"padding: 8px 0; text-align: right; white-space: nowrap;\">10:00 \u2013 18:30<\/td>\n<\/tr>\n<tr>\n<td style=\"padding: 8px 0; text-align: left; opacity: .9;\">Zaterdag<\/td>\n<td style=\"padding: 8px 0; text-align: right; white-space: nowrap;\">10:00 \u2013 18:30<\/td>\n<\/tr>\n<tr>\n<td style=\"padding: 8px 0; text-align: left; opacity: .9;\">Zondag<\/td>\n<td style=\"padding: 8px 0; text-align: right; white-space: nowrap;\">Gesloten<\/td>\n<\/tr>\n<\/tbody>\n<\/table>\n<p style=\"margin: 14px 0 0 0; text-align: center;\">Supercycles \u2014 Hallesesteenweg 10, 1652 Alsemberg<\/p>\n<p style=\"margin: 14px 0 0 0; text-align: center;\">Aan de grens met Sint-Genesius-Rode<\/p>\n<\/div>\n<\/div><\/div>\n\n<div class=\"et_pb_map_1 et_pb_map_container et_pb_module et_flex_module\" data-grayscale=\"\"><div class=\"et_pb_map\" data-center-lat=\"50.7403275\" data-center-lng=\"4.3373462\" data-zoom=\"18\" data-mouse-wheel=\"on\" data-mobile-dragging=\"on\"><\/div>\n<div class=\"et_pb_map_pin_1 et_pb_map_pin\" data-lat=\"50.7403275\" data-lng=\"4.3373462\" data-title=\"\"><\/div>\n<\/div>\n<\/div>\n<\/div>\n\n<div class=\"et_pb_row_11 et_pb_row et_block_row\">\n<div class=\"et_pb_column_12 et_pb_column et_pb_column_4_4 et-last-child et_block_column et_pb_css_mix_blend_mode_passthrough\">\n<div class=\"et_pb_text_10 et_pb_text et_pb_bg_layout_light et_pb_module et_block_module\"><div class=\"et_pb_text_inner\"><h2 style=\"text-align: center;\">Parkeergelegenheid gereserveerd voor klanten<\/h2>\n<p style=\"text-align: center;\">Om uw bezoek aan Supercycles, uw fietsenwinkel in Alsemberg, te vergemakkelijken, beschikken wij over 3 priv\u00e9parkeerplaatsen aan de achterzijde van het gebouw. De ingang bevindt zich via de oprit aan de Hallesesteenweg. U kunt de winkel rechtstreeks via de achterdeur betreden, wat ideaal is om uw fiets bij ons binnen te brengen.<\/p>\n<\/div><\/div>\n<\/div>\n<\/div>\n\n<div class=\"et_pb_row_12 et_pb_row et_block_row\">\n<div class=\"et_pb_column_13 et_pb_column et_pb_column_4_4 et-last-child et_block_column et_pb_css_mix_blend_mode_passthrough\">\n<div class=\"et_pb_image_1 et_pb_image et_pb_module et_block_module\"><span class=\"et_pb_image_wrap\"><img loading=\"lazy\" decoding=\"async\" src=\"https:\/\/www.supercycles.be\/wp-content\/uploads\/2026\/04\/Supercycles-Parking.png\" width=\"1672\" height=\"941\" srcset=\"https:\/\/www.supercycles.be\/wp-content\/uploads\/2026\/04\/Supercycles-Parking.png 1672w, https:\/\/www.supercycles.be\/wp-content\/uploads\/2026\/04\/Supercycles-Parking-1280x720.png 1280w, https:\/\/www.supercycles.be\/wp-content\/uploads\/2026\/04\/Supercycles-Parking-980x552.png 980w, https:\/\/www.supercycles.be\/wp-content\/uploads\/2026\/04\/Supercycles-Parking-480x270.png 480w\" sizes=\"(min-width: 0px) and (max-width: 480px) 480px, (min-width: 481px) and (max-width: 980px) 980px, (min-width: 981px) and (max-width: 1280px) 1280px, (min-width: 1281px) 1672px, 100vw\" class=\"wp-image-11185\" title=\"Supercycles Parking\" \/><\/span><\/div>\n<\/div>\n<\/div>\n<\/div>","protected":false},"excerpt":{"rendered":"","protected":false},"author":1,"featured_media":0,"parent":0,"menu_order":0,"comment_status":"closed","ping_status":"closed","template":"","meta":{"footnotes":""},"class_list":["post-10086","page","type-page","status-publish","hentry"],"yoast_head":"<!-- This site is optimized with the Yoast SEO Premium plugin v28.4 (Yoast SEO v28.4) - https:\/\/yoast.com\/product\/yoast-seo-premium-wordpress\/ -->\n<title>Contact - Supercycles Contact Supercycles | Alsemberg<\/title>\n<meta name=\"description\" content=\"Contacteer Supercycles in Alsemberg voor advies, aankoop, herstelling, onderhoud of een aanvraag voor fietsleasing.\" \/>\n<meta name=\"robots\" content=\"index, follow, max-snippet:-1, max-image-preview:large, max-video-preview:-1\" \/>\n<link rel=\"canonical\" href=\"https:\/\/www.supercycles.be\/en\/contact\/\" \/>\n<meta property=\"og:locale\" content=\"en_GB\" \/>\n<meta property=\"og:type\" content=\"article\" \/>\n<meta property=\"og:title\" content=\"Contact\" \/>\n<meta property=\"og:description\" content=\"Premium bike shop in Alsemberg near Brussels. E-bikes, cargo bikes, sport bikes &amp; kids bikes and expert service.\" \/>\n<meta property=\"og:url\" content=\"https:\/\/www.supercycles.be\/en\/contact\/\" \/>\n<meta property=\"og:site_name\" content=\"Supercycles\" \/>\n<meta property=\"article:publisher\" content=\"https:\/\/www.facebook.com\/people\/Supercycles\/61583785499409\/?mibextid=wwXIfr&amp;rdid=z4VkxEs0R3N7Q4hh&amp;share_url=httpswww.facebook.comshare18GTfGQGVDmibextidwwXIfr\" \/>\n<meta property=\"article:modified_time\" content=\"2026-08-25T15:46:32+00:00\" \/>\n<meta property=\"og:image\" content=\"https:\/\/www.supercycles.be\/wp-content\/uploads\/2026\/04\/Supercycles_RGB_Logo_Positif-1-scaled.png\" \/>\n\t<meta property=\"og:image:width\" content=\"2560\" \/>\n\t<meta property=\"og:image:height\" content=\"2321\" \/>\n\t<meta property=\"og:image:type\" content=\"image\/png\" \/>\n<meta name=\"twitter:card\" content=\"summary_large_image\" \/>\n<meta name=\"twitter:label1\" content=\"Estimated reading time\" \/>\n\t<meta name=\"twitter:data1\" content=\"2 minutes\" \/>\n<script type=\"application\/ld+json\" class=\"yoast-schema-graph\">{\"@context\":\"https:\\\/\\\/schema.org\",\"@graph\":[{\"@type\":\"WebPage\",\"@id\":\"https:\\\/\\\/www.supercycles.be\\\/contact\\\/\",\"url\":\"https:\\\/\\\/www.supercycles.be\\\/contact\\\/\",\"name\":\"Contact - Supercycles Contact Supercycles | Alsemberg\",\"isPartOf\":{\"@id\":\"https:\\\/\\\/www.supercycles.be\\\/#website\"},\"datePublished\":\"2026-04-02T00:10:58+00:00\",\"dateModified\":\"2026-08-25T15:46:32+00:00\",\"description\":\"Contacteer Supercycles in Alsemberg voor advies, aankoop, herstelling, onderhoud of een aanvraag voor fietsleasing.\",\"breadcrumb\":{\"@id\":\"https:\\\/\\\/www.supercycles.be\\\/contact\\\/#breadcrumb\"},\"inLanguage\":\"en-GB\",\"potentialAction\":[{\"@type\":\"ReadAction\",\"target\":[\"https:\\\/\\\/www.supercycles.be\\\/contact\\\/\"]}]},{\"@type\":\"BreadcrumbList\",\"@id\":\"https:\\\/\\\/www.supercycles.be\\\/contact\\\/#breadcrumb\",\"itemListElement\":[{\"@type\":\"ListItem\",\"position\":1,\"name\":\"Accueil\",\"item\":\"https:\\\/\\\/www.supercycles.be\\\/\"},{\"@type\":\"ListItem\",\"position\":2,\"name\":\"Contact\"}]},{\"@type\":\"WebSite\",\"@id\":\"https:\\\/\\\/www.supercycles.be\\\/#website\",\"url\":\"https:\\\/\\\/www.supercycles.be\\\/\",\"name\":\"Supercycles\",\"description\":\"Fietsenwinkel &amp; atelier in Alsemberg\",\"publisher\":{\"@id\":\"https:\\\/\\\/www.supercycles.be\\\/#organization\"},\"potentialAction\":[{\"@type\":\"SearchAction\",\"target\":{\"@type\":\"EntryPoint\",\"urlTemplate\":\"https:\\\/\\\/www.supercycles.be\\\/?s={search_term_string}\"},\"query-input\":{\"@type\":\"PropertyValueSpecification\",\"valueRequired\":true,\"valueName\":\"search_term_string\"}}],\"inLanguage\":\"en-GB\"},{\"@type\":[\"Organization\",\"Place\"],\"@id\":\"https:\\\/\\\/www.supercycles.be\\\/#organization\",\"name\":\"Supercycles\",\"url\":\"https:\\\/\\\/www.supercycles.be\\\/\",\"logo\":{\"@id\":\"https:\\\/\\\/www.supercycles.be\\\/contact\\\/#local-main-organization-logo\"},\"image\":{\"@id\":\"https:\\\/\\\/www.supercycles.be\\\/contact\\\/#local-main-organization-logo\"},\"sameAs\":[\"https:\\\/\\\/www.facebook.com\\\/people\\\/Supercycles\\\/61583785499409\\\/?mibextid=wwXIfr&rdid=z4VkxEs0R3N7Q4hh&share_url=httpswww.facebook.comshare18GTfGQGVDmibextidwwXIfr\",\"https:\\\/\\\/www.instagram.com\\\/supercycles.be?igsh=MWxhMGY4amQ5cXgyZA&utm_source=qr\"],\"description\":\"Supercycles est un magasin de v\u00e9los situ\u00e9 \u00e0 la fronti\u00e8re sud de Bruxelles, desservant Beersel, Rhode-Saint-Gen\u00e8se, Linkebeek, Waterloo et les environs, sp\u00e9cialis\u00e9 dans les v\u00e9los cargo, longtail, \u00e9lectriques et v\u00e9los sportifs. Nous proposons des marques reconnues comme Urban Arrow, Tern, Gazelle, Lovens et Superior, ainsi qu\u2019un service complet incluant la vente, l\u2019entretien, le leasing et le financement.\",\"legalName\":\"Supercycles\",\"foundingDate\":\"2026-02-23\",\"numberOfEmployees\":{\"@type\":\"QuantitativeValue\",\"minValue\":\"1\",\"maxValue\":\"10\"},\"address\":{\"@id\":\"https:\\\/\\\/www.supercycles.be\\\/contact\\\/#local-main-place-address\"},\"geo\":{\"@type\":\"GeoCoordinates\",\"latitude\":\"50.7473028\",\"longitude\":\"4.3274016\"},\"telephone\":[],\"contactPoint\":{\"@type\":\"ContactPoint\",\"telephone\":\"+32487588560\",\"email\":\"info@supercycles.be\"},\"openingHoursSpecification\":[{\"@type\":\"OpeningHoursSpecification\",\"dayOfWeek\":[\"Monday\",\"Sunday\"],\"opens\":\"00:00\",\"closes\":\"00:00\"},{\"@type\":\"OpeningHoursSpecification\",\"dayOfWeek\":[\"Tuesday\",\"Wednesday\",\"Thursday\",\"Friday\",\"Saturday\"],\"opens\":\"10:00\",\"closes\":\"18:30\"}],\"vatID\":\"BE1034725031\"},{\"@type\":\"PostalAddress\",\"@id\":\"https:\\\/\\\/www.supercycles.be\\\/contact\\\/#local-main-place-address\",\"streetAddress\":\"Hallesesteeweg 10\",\"addressLocality\":\"Alsemberg\",\"postalCode\":\"1652\",\"addressCountry\":\"BE\"},{\"@type\":\"ImageObject\",\"inLanguage\":\"en-GB\",\"@id\":\"https:\\\/\\\/www.supercycles.be\\\/contact\\\/#local-main-organization-logo\",\"url\":\"https:\\\/\\\/www.supercycles.be\\\/wp-content\\\/uploads\\\/2026\\\/04\\\/Supercycles_RGB_Logo_Positif-1-scaled.png\",\"contentUrl\":\"https:\\\/\\\/www.supercycles.be\\\/wp-content\\\/uploads\\\/2026\\\/04\\\/Supercycles_RGB_Logo_Positif-1-scaled.png\",\"width\":2560,\"height\":2321,\"caption\":\"Supercycles\"}]}<\/script>\n<meta name=\"geo.placename\" content=\"Alsemberg\" \/>\n<meta name=\"geo.position\" content=\"50.7473028;4.3274016\" \/>\n<meta name=\"geo.region\" content=\"Belgium\" \/>\n<!-- \/ Yoast SEO Premium plugin. -->","yoast_head_json":{"title":"Contact - Supercycles Contact | Alsemberg","description":"Contact Supercycles in Alsemberg for advice, purchase, repair, maintenance, or a request for bicycle leasing.","robots":{"index":"index","follow":"follow","max-snippet":"max-snippet:-1","max-image-preview":"max-image-preview:large","max-video-preview":"max-video-preview:-1"},"canonical":"https:\/\/www.supercycles.be\/en\/contact\/","og_locale":"en_GB","og_type":"article","og_title":"Contact","og_description":"Premium bike shop in Alsemberg near Brussels. E-bikes, cargo bikes, sport bikes & kids bikes and expert service.","og_url":"https:\/\/www.supercycles.be\/en\/contact\/","og_site_name":"Supercycles","article_publisher":"https:\/\/www.facebook.com\/people\/Supercycles\/61583785499409\/?mibextid=wwXIfr&rdid=z4VkxEs0R3N7Q4hh&share_url=httpswww.facebook.comshare18GTfGQGVDmibextidwwXIfr","article_modified_time":"2026-08-25T15:46:32+00:00","og_image":[{"width":2560,"height":2321,"url":"https:\/\/www.supercycles.be\/wp-content\/uploads\/2026\/04\/Supercycles_RGB_Logo_Positif-1-scaled.png","type":"image\/png"}],"twitter_card":"summary_large_image","twitter_misc":{"Estimated reading time":"2 minutes"},"schema":{"@context":"https:\/\/schema.org","@graph":[{"@type":"WebPage","@id":"https:\/\/www.supercycles.be\/contact\/","url":"https:\/\/www.supercycles.be\/contact\/","name":"Contact - Supercycles Contact | Alsemberg","isPartOf":{"@id":"https:\/\/www.supercycles.be\/#website"},"datePublished":"2026-04-02T00:10:58+00:00","dateModified":"2026-08-25T15:46:32+00:00","description":"Contact Supercycles in Alsemberg for advice, purchase, repair, maintenance, or a request for bicycle leasing.","breadcrumb":{"@id":"https:\/\/www.supercycles.be\/contact\/#breadcrumb"},"inLanguage":"en-GB","potentialAction":[{"@type":"ReadAction","target":["https:\/\/www.supercycles.be\/contact\/"]}]},{"@type":"BreadcrumbList","@id":"https:\/\/www.supercycles.be\/contact\/#breadcrumb","itemListElement":[{"@type":"ListItem","position":1,"name":"Accueil","item":"https:\/\/www.supercycles.be\/"},{"@type":"ListItem","position":2,"name":"Contact"}]},{"@type":"WebSite","@id":"https:\/\/www.supercycles.be\/#website","url":"https:\/\/www.supercycles.be\/","name":"Supercycles","description":"Bicycle shop &amp; workshop in Alsemberg","publisher":{"@id":"https:\/\/www.supercycles.be\/#organization"},"potentialAction":[{"@type":"SearchAction","target":{"@type":"EntryPoint","urlTemplate":"https:\/\/www.supercycles.be\/?s={search_term_string}"},"query-input":{"@type":"PropertyValueSpecification","valueRequired":true,"valueName":"search_term_string"}}],"inLanguage":"en-GB"},{"@type":["Organization","Place"],"@id":"https:\/\/www.supercycles.be\/#organization","name":"Supercycles","url":"https:\/\/www.supercycles.be\/","logo":{"@id":"https:\/\/www.supercycles.be\/contact\/#local-main-organization-logo"},"image":{"@id":"https:\/\/www.supercycles.be\/contact\/#local-main-organization-logo"},"sameAs":["https:\/\/www.facebook.com\/people\/Supercycles\/61583785499409\/?mibextid=wwXIfr&rdid=z4VkxEs0R3N7Q4hh&share_url=httpswww.facebook.comshare18GTfGQGVDmibextidwwXIfr","https:\/\/www.instagram.com\/supercycles.be?igsh=MWxhMGY4amQ5cXgyZA&utm_source=qr"],"description":"Supercycles is a bicycle shop located on the southern outskirts of Brussels, serving Beersel, Rhode-Saint-Gen\u00e8se, Linkebeek, Waterloo, and the surrounding areas. We specialise in cargo bikes, longtail bikes, electric bikes, and sports bikes. We offer renowned brands such as Urban Arrow, Tern, Gazelle, Lovens, and Superior, as well as a comprehensive service including sales, maintenance, leasing, and financing.","legalName":"Supercycles","foundingDate":"2026-02-23","numberOfEmployees":{"@type":"QuantitativeValue","minValue":"1","maxValue":"10"},"address":{"@id":"https:\/\/www.supercycles.be\/contact\/#local-main-place-address"},"geo":{"@type":"GeoCoordinates","latitude":"50.7473028","longitude":"4.3274016"},"telephone":[],"contactPoint":{"@type":"ContactPoint","telephone":"+32487588560","email":"info@supercycles.be"},"openingHoursSpecification":[{"@type":"OpeningHoursSpecification","dayOfWeek":["Monday","Sunday"],"opens":"00:00","closes":"00:00"},{"@type":"OpeningHoursSpecification","dayOfWeek":["Tuesday","Wednesday","Thursday","Friday","Saturday"],"opens":"10:00","closes":"18:30"}],"vatID":"BE1034725031"},{"@type":"PostalAddress","@id":"https:\/\/www.supercycles.be\/contact\/#local-main-place-address","streetAddress":"Hallesesteeweg 10","addressLocality":"Alsemberg","postalCode":"1652","addressCountry":"BE"},{"@type":"ImageObject","inLanguage":"en-GB","@id":"https:\/\/www.supercycles.be\/contact\/#local-main-organization-logo","url":"https:\/\/www.supercycles.be\/wp-content\/uploads\/2026\/04\/Supercycles_RGB_Logo_Positif-1-scaled.png","contentUrl":"https:\/\/www.supercycles.be\/wp-content\/uploads\/2026\/04\/Supercycles_RGB_Logo_Positif-1-scaled.png","width":2560,"height":2321,"caption":"Supercycles"}]},"geo.placename":"Alsemberg","geo.position":{"lat":"50.7473028","long":"4.3274016"},"geo.region":"Belgium"},"_links":{"self":[{"href":"https:\/\/www.supercycles.be\/en\/wp-json\/wp\/v2\/pages\/10086","targetHints":{"allow":["GET"]}}],"collection":[{"href":"https:\/\/www.supercycles.be\/en\/wp-json\/wp\/v2\/pages"}],"about":[{"href":"https:\/\/www.supercycles.be\/en\/wp-json\/wp\/v2\/types\/page"}],"author":[{"embeddable":true,"href":"https:\/\/www.supercycles.be\/en\/wp-json\/wp\/v2\/users\/1"}],"replies":[{"embeddable":true,"href":"https:\/\/www.supercycles.be\/en\/wp-json\/wp\/v2\/comments?post=10086"}],"version-history":[{"count":24,"href":"https:\/\/www.supercycles.be\/en\/wp-json\/wp\/v2\/pages\/10086\/revisions"}],"predecessor-version":[{"id":13211,"href":"https:\/\/www.supercycles.be\/en\/wp-json\/wp\/v2\/pages\/10086\/revisions\/13211"}],"wp:attachment":[{"href":"https:\/\/www.supercycles.be\/en\/wp-json\/wp\/v2\/media?parent=10086"}],"curies":[{"name":"well played","href":"https:\/\/api.w.org\/{rel}","templated":true}]}}