{"id":10096,"date":"2026-04-02T01:11:09","date_gmt":"2026-04-02T00:11:09","guid":{"rendered":"https:\/\/www.supercycles.be\/?page_id=10096"},"modified":"2026-09-01T18:00:14","modified_gmt":"2026-09-01T17:00:14","slug":"dutch","status":"publish","type":"page","link":"https:\/\/www.supercycles.be\/en\/","title":{"rendered":"Home"},"content":{"rendered":"<div class=\"et_pb_section_0 et_pb_section et_section_regular et_block_section\">\n<div class=\"et_pb_row_0 et_pb_row et_block_row\">\n<div class=\"et_pb_column_0 et_pb_column et_pb_column_1_2 et_block_column et_pb_css_mix_blend_mode_passthrough\">\n<div class=\"et_pb_text_0 et_pb_text et_pb_bg_layout_light et_pb_module et_block_module\"><div class=\"et_pb_text_inner\"><h1>Bicycle shop &amp; workshop in Alsemberg<\/h1>\n<\/div><\/div>\n\n<div class=\"et_pb_text_1 et_pb_text et_pb_bg_layout_light et_pb_module et_block_module\"><div class=\"et_pb_text_inner\"><p>Discover in our store electric bikes, city bikes, cargo bikes, longtails bikes, sporty bikes and children's bikes.<\/p>\n<\/div><\/div>\n\n<div class=\"et_pb_text_2 et_pb_text et_pb_bg_layout_light et_pb_module et_block_module\"><div class=\"et_pb_text_inner\"><p>View the available models and prices online and come and compare the bikes that suit your journeys, your usage and your budget.<\/p>\n<\/div><\/div>\n<\/div>\n\n<div class=\"et_pb_column_1 et_pb_column et_pb_column_1_2 et-last-child et_block_column et_pb_column_empty et_pb_css_mix_blend_mode_passthrough\"><\/div>\n<\/div>\n\n<div class=\"et_pb_row_1 et_pb_row et_flex_row\">\n<div class=\"et_pb_column_2 et_pb_column et-last-child et_flex_column et_pb_css_mix_blend_mode_passthrough et_flex_column_24_24 et_flex_column_24_24_tablet et_flex_column_24_24_phone\">\n<div class=\"et_pb_module et_pb_button_module_wrapper et_pb_button_0_wrapper\"><a class=\"et_pb_button_0 et_pb_button et_pb_bg_layout_light et_pb_module et_block_module\" href=\"https:\/\/www.supercycles.be\/en\/product-category\/cycling\/\">View our bikes<\/a><\/div>\n<\/div>\n<\/div>\n<\/div>\n\n<div class=\"et_pb_section_1 et_pb_section et_section_regular et_flex_section\">\n<div class=\"et_pb_row_2 et_pb_row et_flex_row\">\n<div class=\"et_pb_column_3 et_pb_column et-last-child et_flex_column et_pb_css_mix_blend_mode_passthrough et_flex_column_24_24 et_flex_column_24_24_tablet et_flex_column_24_24_phone\">\n<div class=\"et_pb_text_3 et_pb_text et_pb_bg_layout_light et_pb_module et_flex_module\"><div class=\"et_pb_text_inner\"><p>September promotion<\/p>\n<\/div><\/div>\n\n<div class=\"et_pb_text_4 et_pb_text et_pb_bg_layout_light et_pb_module et_flex_module\"><div class=\"et_pb_text_inner\"><h2>Your new bike, now discounted<\/h2>\n<div>\n<div>\n<div>\n<div>\n<p>Discover a temporary selection of bicycles from our stock. View the models online and come and test and compare them in our shop in Alsemberg.<\/p>\n<p data-pm-slice=\"1 1 []\"><span>Offer valid from 1st up to and including 30 September 2026, while stocks last.<\/span><\/p>\n<\/div>\n<\/div>\n<\/div>\n<\/div>\n<\/div><\/div>\n<\/div>\n<\/div>\n\n<div class=\"et_pb_row_3 et_pb_row et_flex_row\">\n<div class=\"et_pb_column_4 et_pb_column et-last-child et_flex_column et_pb_css_mix_blend_mode_passthrough et_flex_column_24_24 et_flex_column_24_24_tablet et_flex_column_24_24_phone\">\n<div class=\"et_pb_group_carousel_0 et_pb_group_carousel et_pb_group et_pb_module et_pb_group_carousel_arrows_outside et_pb_group_carousel_dots_center et_pb_group_carousel_dots_below et_pb_group_carousel_slides_3\" title=\"revo-c\"><div class=\"et_pb_group_carousel_container\"><div class=\"et_pb_group_carousel_track\"><div class=\"et_pb_group_carousel_slide\"><div class=\"et_pb_group_0 et_pb_group et_pb_module et_flex_group et_pb_css_mix_blend_mode_passthrough\">\n<div class=\"et_pb_wc_images_0 et_pb_wc_images et_pb_module\"><div class=\"et_pb_module_inner\"><div data-product-id=\"12639\" class=\"woocommerce-product-gallery woocommerce-product-gallery--with-images woocommerce-product-gallery--columns-4 images\" data-columns=\"4\" style=\"opacity: 0; transition: opacity .25s ease-in-out;\">\n\t<div class=\"woocommerce-product-gallery__wrapper\">\n\t\t<div data-thumb=\"https:\/\/www.supercycles.be\/wp-content\/uploads\/2026\/08\/artPic_public_L_4556123-300x300.jpg\" data-thumb-alt=\"VELO DE VILLE - Revo-C | 2026\" data-thumb-srcset=\"\"  data-thumb-sizes=\"\" class=\"woocommerce-product-gallery__image\"><a href=\"https:\/\/www.supercycles.be\/wp-content\/uploads\/2026\/08\/artPic_public_L_4556123.jpg\"><img loading=\"lazy\" decoding=\"async\" width=\"1200\" height=\"736\" src=\"https:\/\/www.supercycles.be\/wp-content\/uploads\/2026\/08\/artPic_public_L_4556123.jpg\" class=\"wp-post-image\" alt=\"VELO DE VILLE - Revo-C | 2026\" data-caption=\"\" data-src=\"https:\/\/www.supercycles.be\/wp-content\/uploads\/2026\/08\/artPic_public_L_4556123.jpg\" data-large_image=\"https:\/\/www.supercycles.be\/wp-content\/uploads\/2026\/08\/artPic_public_L_4556123.jpg\" data-large_image_width=\"1200\" data-large_image_height=\"736\" srcset=\"https:\/\/www.supercycles.be\/wp-content\/uploads\/2026\/08\/artPic_public_L_4556123.jpg 1200w, https:\/\/www.supercycles.be\/wp-content\/uploads\/2026\/08\/artPic_public_L_4556123-980x601.jpg 980w, https:\/\/www.supercycles.be\/wp-content\/uploads\/2026\/08\/artPic_public_L_4556123-480x294.jpg 480w\" sizes=\"(min-width: 0px) and (max-width: 480px) 480px, (min-width: 481px) and (max-width: 980px) 980px, (min-width: 981px) 1200px, 100vw\" \/><\/a><\/div>\t<\/div>\n<\/div>\n<\/div><\/div>\n\n<div class=\"et_pb_text_5 et_pb_text et_pb_bg_layout_light et_pb_module et_flex_module\"><div class=\"et_pb_text_inner\"><p>September promotion<\/p>\n<\/div><\/div>\n\n<div class=\"et_pb_wc_title_0 et_pb_wc_title et_pb_bg_layout_light et_pb_module\"><div class=\"et_pb_module_inner\">\n\t\t<h3>VELO DE VILLE \u2013 Revo-C | 2026<\/h3><\/div><\/div>\n\n<div class=\"et_pb_wc_price_0 et_pb_wc_price et_pb_module\"><div class=\"et_pb_module_inner\"><p class=\"price\"><del aria-hidden=\"true\"><span class=\"woocommerce-Price-amount amount\"><bdi>4.276,00&nbsp;<span class=\"woocommerce-Price-currencySymbol\" translate=\"no\">\u20ac<\/span><\/bdi><\/span><\/del> <span class=\"screen-reader-text\" data-no-translation=\"\" data-trp-gettext=\"\">Original price was: 4.276,00&nbsp;&euro;.<\/span><ins aria-hidden=\"true\"><span class=\"woocommerce-Price-amount amount\"><bdi>3.630,00&nbsp;<span class=\"woocommerce-Price-currencySymbol\" translate=\"no\">\u20ac<\/span><\/bdi><\/span><\/ins><span class=\"screen-reader-text\" data-no-translation=\"\" data-trp-gettext=\"\">Current price is: 3.630,00&nbsp;&euro;.<\/span><\/p>\n<\/div><\/div>\n\n<div class=\"et_pb_text_6 et_pb_text et_pb_bg_layout_light et_pb_module et_flex_module\"><div class=\"et_pb_text_inner\"><p>Available at Supercycles<\/p>\n<\/div><\/div>\n\n<div class=\"et_pb_module et_pb_button_module_wrapper et_pb_button_1_wrapper\"><a class=\"et_pb_button_1 et_pb_button et_pb_bg_layout_light et_pb_module et_block_module\" href=\"https:\/\/www.supercycles.be\/en\/product\/velo-de-ville-revo-c-2026\/\">Look at this bike<\/a><\/div>\n<\/div><\/div><div class=\"et_pb_group_carousel_slide\"><div class=\"et_pb_group_1 et_pb_group et_pb_module et_flex_group et_pb_css_mix_blend_mode_passthrough\">\n<div class=\"et_pb_wc_images_1 et_pb_wc_images et_pb_module\"><div class=\"et_pb_module_inner\"><div data-product-id=\"12647\" class=\"woocommerce-product-gallery woocommerce-product-gallery--with-images woocommerce-product-gallery--columns-4 images\" data-columns=\"4\" style=\"opacity: 0; transition: opacity .25s ease-in-out;\">\n\t<div class=\"woocommerce-product-gallery__wrapper\">\n\t\t<div data-thumb=\"https:\/\/www.supercycles.be\/wp-content\/uploads\/2026\/08\/artPic_public_L_4556135-300x300.jpg\" data-thumb-alt=\"VELO DE VILLE - Aeb 800 Classic | 2026\" data-thumb-srcset=\"\"  data-thumb-sizes=\"\" class=\"woocommerce-product-gallery__image\"><a href=\"https:\/\/www.supercycles.be\/wp-content\/uploads\/2026\/08\/artPic_public_L_4556135.jpg\"><img loading=\"lazy\" decoding=\"async\" width=\"1200\" height=\"736\" src=\"https:\/\/www.supercycles.be\/wp-content\/uploads\/2026\/08\/artPic_public_L_4556135.jpg\" class=\"wp-post-image\" alt=\"VELO DE VILLE - Aeb 800 Classic | 2026\" data-caption=\"\" data-src=\"https:\/\/www.supercycles.be\/wp-content\/uploads\/2026\/08\/artPic_public_L_4556135.jpg\" data-large_image=\"https:\/\/www.supercycles.be\/wp-content\/uploads\/2026\/08\/artPic_public_L_4556135.jpg\" data-large_image_width=\"1200\" data-large_image_height=\"736\" srcset=\"https:\/\/www.supercycles.be\/wp-content\/uploads\/2026\/08\/artPic_public_L_4556135.jpg 1200w, https:\/\/www.supercycles.be\/wp-content\/uploads\/2026\/08\/artPic_public_L_4556135-980x601.jpg 980w, https:\/\/www.supercycles.be\/wp-content\/uploads\/2026\/08\/artPic_public_L_4556135-480x294.jpg 480w\" sizes=\"(min-width: 0px) and (max-width: 480px) 480px, (min-width: 481px) and (max-width: 980px) 980px, (min-width: 981px) 1200px, 100vw\" \/><\/a><\/div>\t<\/div>\n<\/div>\n<\/div><\/div>\n\n<div class=\"et_pb_text_7 et_pb_text et_pb_bg_layout_light et_pb_module et_flex_module\"><div class=\"et_pb_text_inner\"><p>September promotion<\/p>\n<\/div><\/div>\n\n<div class=\"et_pb_wc_title_1 et_pb_wc_title et_pb_bg_layout_light et_pb_module\"><div class=\"et_pb_module_inner\">\n\t\t<h3>VELO DE VILLE \u2013 Aeb 800 Classic | 2026<\/h3><\/div><\/div>\n\n<div class=\"et_pb_wc_price_1 et_pb_wc_price et_clickable et_pb_module\"><div class=\"et_pb_module_inner\"><p class=\"price\"><del aria-hidden=\"true\"><span class=\"woocommerce-Price-amount amount\"><bdi>3.953,00&nbsp;<span class=\"woocommerce-Price-currencySymbol\" translate=\"no\">\u20ac<\/span><\/bdi><\/span><\/del> <span class=\"screen-reader-text\" data-no-translation=\"\" data-trp-gettext=\"\">Original price was: 3.953,00&nbsp;&euro;.<\/span><ins aria-hidden=\"true\"><span class=\"woocommerce-Price-amount amount\"><bdi>3.550,00&nbsp;<span class=\"woocommerce-Price-currencySymbol\" translate=\"no\">\u20ac<\/span><\/bdi><\/span><\/ins><span class=\"screen-reader-text\" data-no-translation=\"\" data-trp-gettext=\"\">Current price is: 3.550,00&nbsp;&euro;.<\/span><\/p>\n<\/div><\/div>\n\n<div class=\"et_pb_text_8 et_pb_text et_pb_bg_layout_light et_pb_module et_flex_module\"><div class=\"et_pb_text_inner\"><p>Available at Supercycles<\/p>\n<\/div><\/div>\n\n<div class=\"et_pb_module et_pb_button_module_wrapper et_pb_button_2_wrapper\"><a class=\"et_pb_button_2 et_pb_button et_pb_bg_layout_light et_pb_module et_block_module\" href=\"https:\/\/www.supercycles.be\/en\/product\/velo-de-ville-aeb-800-classic-2026\/\">Look at this bike<\/a><\/div>\n<\/div><\/div><div class=\"et_pb_group_carousel_slide\"><div class=\"et_pb_group_2 et_pb_group et_pb_module et_flex_group et_pb_css_mix_blend_mode_passthrough\">\n<div class=\"et_pb_wc_images_2 et_pb_wc_images et_pb_module\"><div class=\"et_pb_module_inner\"><div data-product-id=\"12630\" class=\"woocommerce-product-gallery woocommerce-product-gallery--with-images woocommerce-product-gallery--columns-4 images\" data-columns=\"4\" style=\"opacity: 0; transition: opacity .25s ease-in-out;\">\n\t<div class=\"woocommerce-product-gallery__wrapper\">\n\t\t<div data-thumb=\"https:\/\/www.supercycles.be\/wp-content\/uploads\/2026\/08\/artPic_public_L_4556065-300x300.jpg\" data-thumb-alt=\"VELO DE VILLE - Seb 990Cx Pro Cargo | 2026\" data-thumb-srcset=\"\"  data-thumb-sizes=\"\" class=\"woocommerce-product-gallery__image\"><a href=\"https:\/\/www.supercycles.be\/wp-content\/uploads\/2026\/08\/artPic_public_L_4556065.jpg\"><img loading=\"lazy\" decoding=\"async\" width=\"1200\" height=\"736\" src=\"https:\/\/www.supercycles.be\/wp-content\/uploads\/2026\/08\/artPic_public_L_4556065.jpg\" class=\"wp-post-image\" alt=\"VELO DE VILLE - Seb 990Cx Pro Cargo | 2026\" data-caption=\"\" data-src=\"https:\/\/www.supercycles.be\/wp-content\/uploads\/2026\/08\/artPic_public_L_4556065.jpg\" data-large_image=\"https:\/\/www.supercycles.be\/wp-content\/uploads\/2026\/08\/artPic_public_L_4556065.jpg\" data-large_image_width=\"1200\" data-large_image_height=\"736\" srcset=\"https:\/\/www.supercycles.be\/wp-content\/uploads\/2026\/08\/artPic_public_L_4556065.jpg 1200w, https:\/\/www.supercycles.be\/wp-content\/uploads\/2026\/08\/artPic_public_L_4556065-980x601.jpg 980w, https:\/\/www.supercycles.be\/wp-content\/uploads\/2026\/08\/artPic_public_L_4556065-480x294.jpg 480w\" sizes=\"(min-width: 0px) and (max-width: 480px) 480px, (min-width: 481px) and (max-width: 980px) 980px, (min-width: 981px) 1200px, 100vw\" \/><\/a><\/div>\t<\/div>\n<\/div>\n<\/div><\/div>\n\n<div class=\"et_pb_text_9 et_pb_text et_pb_bg_layout_light et_pb_module et_flex_module\"><div class=\"et_pb_text_inner\"><p>September promotion<\/p>\n<\/div><\/div>\n\n<div class=\"et_pb_wc_title_2 et_pb_wc_title et_pb_bg_layout_light et_pb_module\"><div class=\"et_pb_module_inner\">\n\t\t<h3>VELO DE VILLE \u2013 Seb 990Cx Pro Cargo | 2026<\/h3><\/div><\/div>\n\n<div class=\"et_pb_wc_price_2 et_pb_wc_price et_clickable et_pb_module\"><div class=\"et_pb_module_inner\"><p class=\"price\"><del aria-hidden=\"true\"><span class=\"woocommerce-Price-amount amount\"><bdi>5.064,00&nbsp;<span class=\"woocommerce-Price-currencySymbol\" translate=\"no\">\u20ac<\/span><\/bdi><\/span><\/del> <span class=\"screen-reader-text\" data-no-translation=\"\" data-trp-gettext=\"\">Original price was: 5.064,00&nbsp;&euro;.<\/span><ins aria-hidden=\"true\"><span class=\"woocommerce-Price-amount amount\"><bdi>4.550,00&nbsp;<span class=\"woocommerce-Price-currencySymbol\" translate=\"no\">\u20ac<\/span><\/bdi><\/span><\/ins><span class=\"screen-reader-text\" data-no-translation=\"\" data-trp-gettext=\"\">Current price is: 4.550,00&nbsp;&euro;.<\/span><\/p>\n<\/div><\/div>\n\n<div class=\"et_pb_text_10 et_pb_text et_pb_bg_layout_light et_pb_module et_flex_module\"><div class=\"et_pb_text_inner\"><p>Available at Supercycles<\/p>\n<\/div><\/div>\n\n<div class=\"et_pb_module et_pb_button_module_wrapper et_pb_button_3_wrapper\"><a class=\"et_pb_button_3 et_pb_button et_pb_bg_layout_light et_pb_module et_block_module\" href=\"https:\/\/www.supercycles.be\/en\/product\/velo-de-ville-seb-990cx-pro-cargo-2026\/\">Look at this bike<\/a><\/div>\n<\/div><\/div><div class=\"et_pb_group_carousel_slide\"><div class=\"et_pb_group_3 et_pb_group et_pb_module et_flex_group et_pb_css_mix_blend_mode_passthrough\">\n<div class=\"et_pb_wc_images_3 et_pb_wc_images et_pb_module\"><div class=\"et_pb_module_inner\"><div data-product-id=\"12629\" class=\"woocommerce-product-gallery woocommerce-product-gallery--with-images woocommerce-product-gallery--columns-4 images\" data-columns=\"4\" style=\"opacity: 0; transition: opacity .25s ease-in-out;\">\n\t<div class=\"woocommerce-product-gallery__wrapper\">\n\t\t<div data-thumb=\"https:\/\/www.supercycles.be\/wp-content\/uploads\/2026\/08\/artPic_public_L_4556063-300x300.jpg\" data-thumb-alt=\"VELO DE VILLE - Loady 900Cx | 2026\" data-thumb-srcset=\"\"  data-thumb-sizes=\"\" class=\"woocommerce-product-gallery__image\"><a href=\"https:\/\/www.supercycles.be\/wp-content\/uploads\/2026\/08\/artPic_public_L_4556063.jpg\"><img loading=\"lazy\" decoding=\"async\" width=\"1200\" height=\"736\" src=\"https:\/\/www.supercycles.be\/wp-content\/uploads\/2026\/08\/artPic_public_L_4556063.jpg\" class=\"wp-post-image\" alt=\"VELO DE VILLE - Loady 900Cx | 2026\" data-caption=\"\" data-src=\"https:\/\/www.supercycles.be\/wp-content\/uploads\/2026\/08\/artPic_public_L_4556063.jpg\" data-large_image=\"https:\/\/www.supercycles.be\/wp-content\/uploads\/2026\/08\/artPic_public_L_4556063.jpg\" data-large_image_width=\"1200\" data-large_image_height=\"736\" srcset=\"https:\/\/www.supercycles.be\/wp-content\/uploads\/2026\/08\/artPic_public_L_4556063.jpg 1200w, https:\/\/www.supercycles.be\/wp-content\/uploads\/2026\/08\/artPic_public_L_4556063-980x601.jpg 980w, https:\/\/www.supercycles.be\/wp-content\/uploads\/2026\/08\/artPic_public_L_4556063-480x294.jpg 480w\" sizes=\"(min-width: 0px) and (max-width: 480px) 480px, (min-width: 481px) and (max-width: 980px) 980px, (min-width: 981px) 1200px, 100vw\" \/><\/a><\/div>\t<\/div>\n<\/div>\n<\/div><\/div>\n\n<div class=\"et_pb_text_11 et_pb_text et_pb_bg_layout_light et_pb_module et_flex_module\"><div class=\"et_pb_text_inner\"><p>September promotion<\/p>\n<\/div><\/div>\n\n<div class=\"et_pb_wc_title_3 et_pb_wc_title et_pb_bg_layout_light et_pb_module\"><div class=\"et_pb_module_inner\">\n\t\t<h3>VELO DE VILLE \u2013 Loady 900Cx | 2026<\/h3><\/div><\/div>\n\n<div class=\"et_pb_wc_price_3 et_pb_wc_price et_pb_module\"><div class=\"et_pb_module_inner\"><p class=\"price\"><del aria-hidden=\"true\"><span class=\"woocommerce-Price-amount amount\"><bdi>5.322,00&nbsp;<span class=\"woocommerce-Price-currencySymbol\" translate=\"no\">\u20ac<\/span><\/bdi><\/span><\/del> <span class=\"screen-reader-text\" data-no-translation=\"\" data-trp-gettext=\"\">Original price was: 5.322,00&nbsp;&euro;.<\/span><ins aria-hidden=\"true\"><span class=\"woocommerce-Price-amount amount\"><bdi>4.780,00&nbsp;<span class=\"woocommerce-Price-currencySymbol\" translate=\"no\">\u20ac<\/span><\/bdi><\/span><\/ins><span class=\"screen-reader-text\" data-no-translation=\"\" data-trp-gettext=\"\">Current price is: 4.780,00&nbsp;&euro;.<\/span><\/p>\n<\/div><\/div>\n\n<div class=\"et_pb_text_12 et_pb_text et_pb_bg_layout_light et_pb_module et_flex_module\"><div class=\"et_pb_text_inner\"><p>Available at Supercycles<\/p>\n<\/div><\/div>\n\n<div class=\"et_pb_module et_pb_button_module_wrapper et_pb_button_4_wrapper\"><a class=\"et_pb_button_4 et_pb_button et_pb_bg_layout_light et_pb_module et_block_module\" href=\"https:\/\/www.supercycles.be\/en\/product\/velo-de-ville-loady-900cx-2026\/\">Look at this bike<\/a><\/div>\n<\/div><\/div><div class=\"et_pb_group_carousel_slide\"><div class=\"et_pb_group_4 et_pb_group et_pb_module et_flex_group et_pb_css_mix_blend_mode_passthrough\">\n<div class=\"et_pb_wc_images_4 et_pb_wc_images et_clickable et_pb_module\"><div class=\"et_pb_module_inner\"><div data-product-id=\"13219\" class=\"woocommerce-product-gallery woocommerce-product-gallery--with-images woocommerce-product-gallery--columns-4 images\" data-columns=\"4\" style=\"opacity: 0; transition: opacity .25s ease-in-out;\">\n\t<div class=\"woocommerce-product-gallery__wrapper\">\n\t\t<div data-thumb=\"https:\/\/www.supercycles.be\/wp-content\/uploads\/2026\/08\/artPic_public_L_4803467-300x300.jpg\" data-thumb-alt=\"BESV - Trx-B Urban 1.3 So | 2025\" data-thumb-srcset=\"\"  data-thumb-sizes=\"\" class=\"woocommerce-product-gallery__image\"><a href=\"https:\/\/www.supercycles.be\/wp-content\/uploads\/2026\/08\/artPic_public_L_4803467.jpg\"><img loading=\"lazy\" decoding=\"async\" width=\"1200\" height=\"799\" src=\"https:\/\/www.supercycles.be\/wp-content\/uploads\/2026\/08\/artPic_public_L_4803467.jpg\" class=\"wp-post-image\" alt=\"BESV - Trx-B Urban 1.3 So | 2025\" data-caption=\"\" data-src=\"https:\/\/www.supercycles.be\/wp-content\/uploads\/2026\/08\/artPic_public_L_4803467.jpg\" data-large_image=\"https:\/\/www.supercycles.be\/wp-content\/uploads\/2026\/08\/artPic_public_L_4803467.jpg\" data-large_image_width=\"1200\" data-large_image_height=\"799\" srcset=\"https:\/\/www.supercycles.be\/wp-content\/uploads\/2026\/08\/artPic_public_L_4803467.jpg 1200w, https:\/\/www.supercycles.be\/wp-content\/uploads\/2026\/08\/artPic_public_L_4803467-980x653.jpg 980w, https:\/\/www.supercycles.be\/wp-content\/uploads\/2026\/08\/artPic_public_L_4803467-480x320.jpg 480w\" sizes=\"(min-width: 0px) and (max-width: 480px) 480px, (min-width: 481px) and (max-width: 980px) 980px, (min-width: 981px) 1200px, 100vw\" \/><\/a><\/div>\t<\/div>\n<\/div>\n<\/div><\/div>\n\n<div class=\"et_pb_text_13 et_pb_text et_pb_bg_layout_light et_pb_module et_flex_module\"><div class=\"et_pb_text_inner\"><p>September promotion<\/p>\n<\/div><\/div>\n\n<div class=\"et_pb_wc_title_4 et_pb_wc_title et_pb_bg_layout_light et_pb_module\"><div class=\"et_pb_module_inner\">\n\t\t<h3>BESV \u2013 Trx-B Urban 1.3 So | 2025<\/h3><\/div><\/div>\n\n<div class=\"et_pb_wc_price_4 et_pb_wc_price et_pb_module\"><div class=\"et_pb_module_inner\"><p class=\"price\"><del aria-hidden=\"true\"><span class=\"woocommerce-Price-amount amount\"><bdi>3.999,00&nbsp;<span class=\"woocommerce-Price-currencySymbol\" translate=\"no\">\u20ac<\/span><\/bdi><\/span><\/del> <span class=\"screen-reader-text\" data-no-translation=\"\" data-trp-gettext=\"\">Original price was: 3.999,00&nbsp;&euro;.<\/span><ins aria-hidden=\"true\"><span class=\"woocommerce-Price-amount amount\"><bdi>2.499,00&nbsp;<span class=\"woocommerce-Price-currencySymbol\" translate=\"no\">\u20ac<\/span><\/bdi><\/span><\/ins><span class=\"screen-reader-text\" data-no-translation=\"\" data-trp-gettext=\"\">Current price is: 2.499,00&nbsp;&euro;.<\/span><\/p>\n<\/div><\/div>\n\n<div class=\"et_pb_text_14 et_pb_text et_pb_bg_layout_light et_pb_module et_flex_module\"><div class=\"et_pb_text_inner\"><p>Available at Supercycles<\/p>\n<\/div><\/div>\n\n<div class=\"et_pb_module et_pb_button_module_wrapper et_pb_button_5_wrapper\"><a class=\"et_pb_button_5 et_pb_button et_pb_bg_layout_light et_pb_module et_block_module\" href=\"https:\/\/www.supercycles.be\/en\/product\/besv-trv-b-urban-1-3-so-2025\/\">Look at this bike<\/a><\/div>\n<\/div><\/div><div class=\"et_pb_group_carousel_slide\"><div class=\"et_pb_group_6 et_pb_group et_pb_module et_flex_group et_pb_css_mix_blend_mode_passthrough et_clickable\">\n<div class=\"et_pb_wc_images_6 et_pb_wc_images et_pb_module\"><div class=\"et_pb_module_inner\"><div data-product-id=\"12697\" class=\"woocommerce-product-gallery woocommerce-product-gallery--with-images woocommerce-product-gallery--columns-4 images\" data-columns=\"4\" style=\"opacity: 0; transition: opacity .25s ease-in-out;\">\n\t<div class=\"woocommerce-product-gallery__wrapper\">\n\t\t<div data-thumb=\"https:\/\/www.supercycles.be\/wp-content\/uploads\/2026\/08\/artPic_public_L_4729993-300x300.jpg\" data-thumb-alt=\"I:SY - E5 Zr F | 2026\" data-thumb-srcset=\"\"  data-thumb-sizes=\"\" class=\"woocommerce-product-gallery__image\"><a href=\"https:\/\/www.supercycles.be\/wp-content\/uploads\/2026\/08\/artPic_public_L_4729993.jpg\"><img loading=\"lazy\" decoding=\"async\" width=\"1150\" height=\"767\" src=\"https:\/\/www.supercycles.be\/wp-content\/uploads\/2026\/08\/artPic_public_L_4729993.jpg\" class=\"wp-post-image\" alt=\"I:SY - E5 Zr F | 2026\" data-caption=\"\" data-src=\"https:\/\/www.supercycles.be\/wp-content\/uploads\/2026\/08\/artPic_public_L_4729993.jpg\" data-large_image=\"https:\/\/www.supercycles.be\/wp-content\/uploads\/2026\/08\/artPic_public_L_4729993.jpg\" data-large_image_width=\"1150\" data-large_image_height=\"767\" srcset=\"https:\/\/www.supercycles.be\/wp-content\/uploads\/2026\/08\/artPic_public_L_4729993.jpg 1150w, https:\/\/www.supercycles.be\/wp-content\/uploads\/2026\/08\/artPic_public_L_4729993-980x654.jpg 980w, https:\/\/www.supercycles.be\/wp-content\/uploads\/2026\/08\/artPic_public_L_4729993-480x320.jpg 480w\" sizes=\"(min-width: 0px) and (max-width: 480px) 480px, (min-width: 481px) and (max-width: 980px) 980px, (min-width: 981px) 1150px, 100vw\" \/><\/a><\/div>\t<\/div>\n<\/div>\n<\/div><\/div>\n\n<div class=\"et_pb_text_17 et_pb_text et_pb_bg_layout_light et_pb_module et_flex_module\"><div class=\"et_pb_text_inner\"><p>September promotion<\/p>\n<\/div><\/div>\n\n<div class=\"et_pb_wc_title_6 et_pb_wc_title et_pb_bg_layout_light et_pb_module\"><div class=\"et_pb_module_inner\">\n\t\t<h3>I:SY \u2013 E5 Zr F | 2026<\/h3><\/div><\/div>\n\n<div class=\"et_pb_wc_price_6 et_pb_wc_price et_pb_module\"><div class=\"et_pb_module_inner\"><p class=\"price\"><del aria-hidden=\"true\"><span class=\"woocommerce-Price-amount amount\"><bdi>4.199,00&nbsp;<span class=\"woocommerce-Price-currencySymbol\" translate=\"no\">\u20ac<\/span><\/bdi><\/span><\/del> <span class=\"screen-reader-text\" data-no-translation=\"\" data-trp-gettext=\"\">Original price was: 4.199,00&nbsp;&euro;.<\/span><ins aria-hidden=\"true\"><span class=\"woocommerce-Price-amount amount\"><bdi>3.599,00&nbsp;<span class=\"woocommerce-Price-currencySymbol\" translate=\"no\">\u20ac<\/span><\/bdi><\/span><\/ins><span class=\"screen-reader-text\" data-no-translation=\"\" data-trp-gettext=\"\">Current price is: 3.599,00&nbsp;&euro;.<\/span><\/p>\n<\/div><\/div>\n\n<div class=\"et_pb_text_18 et_pb_text et_pb_bg_layout_light et_pb_module et_flex_module\"><div class=\"et_pb_text_inner\"><p>Available at Supercycles<\/p>\n<\/div><\/div>\n\n<div class=\"et_pb_module et_pb_button_module_wrapper et_pb_button_7_wrapper\"><a class=\"et_pb_button_7 et_pb_button et_pb_bg_layout_light et_pb_module et_block_module\" href=\"https:\/\/www.supercycles.be\/en\/product\/isy-e5-zr-f-545-2026\/\">Look at this bike<\/a><\/div>\n<\/div><\/div><div class=\"et_pb_group_carousel_slide\"><div class=\"et_pb_group_7 et_pb_group et-last-child et_pb_module et_flex_group et_pb_css_mix_blend_mode_passthrough et_clickable\">\n<div class=\"et_pb_wc_images_7 et_pb_wc_images et_pb_module\"><div class=\"et_pb_module_inner\"><div data-product-id=\"12649\" class=\"woocommerce-product-gallery woocommerce-product-gallery--with-images woocommerce-product-gallery--columns-4 images\" data-columns=\"4\" style=\"opacity: 0; transition: opacity .25s ease-in-out;\">\n\t<div class=\"woocommerce-product-gallery__wrapper\">\n\t\t<div data-thumb=\"https:\/\/www.supercycles.be\/wp-content\/uploads\/2026\/08\/artPic_public_L_4556127-300x300.jpg\" data-thumb-alt=\"VELO DE VILLE - L200 | 2026\" data-thumb-srcset=\"\"  data-thumb-sizes=\"\" class=\"woocommerce-product-gallery__image\"><a href=\"https:\/\/www.supercycles.be\/wp-content\/uploads\/2026\/08\/artPic_public_L_4556127.jpg\"><img loading=\"lazy\" decoding=\"async\" width=\"1200\" height=\"736\" src=\"https:\/\/www.supercycles.be\/wp-content\/uploads\/2026\/08\/artPic_public_L_4556127.jpg\" class=\"wp-post-image\" alt=\"VELO DE VILLE - L200 | 2026\" data-caption=\"\" data-src=\"https:\/\/www.supercycles.be\/wp-content\/uploads\/2026\/08\/artPic_public_L_4556127.jpg\" data-large_image=\"https:\/\/www.supercycles.be\/wp-content\/uploads\/2026\/08\/artPic_public_L_4556127.jpg\" data-large_image_width=\"1200\" data-large_image_height=\"736\" srcset=\"https:\/\/www.supercycles.be\/wp-content\/uploads\/2026\/08\/artPic_public_L_4556127.jpg 1200w, https:\/\/www.supercycles.be\/wp-content\/uploads\/2026\/08\/artPic_public_L_4556127-980x601.jpg 980w, https:\/\/www.supercycles.be\/wp-content\/uploads\/2026\/08\/artPic_public_L_4556127-480x294.jpg 480w\" sizes=\"(min-width: 0px) and (max-width: 480px) 480px, (min-width: 481px) and (max-width: 980px) 980px, (min-width: 981px) 1200px, 100vw\" \/><\/a><\/div>\t<\/div>\n<\/div>\n<\/div><\/div>\n\n<div class=\"et_pb_text_19 et_pb_text et_pb_bg_layout_light et_pb_module et_flex_module\"><div class=\"et_pb_text_inner\"><p>September promotion<\/p>\n<\/div><\/div>\n\n<div class=\"et_pb_wc_title_7 et_pb_wc_title et_pb_bg_layout_light et_pb_module\"><div class=\"et_pb_module_inner\">\n\t\t<h3>VELO DE VILLE \u2013 L200 | 2026<\/h3><\/div><\/div>\n\n<div class=\"et_pb_wc_price_7 et_pb_wc_price et_pb_module\"><div class=\"et_pb_module_inner\"><p class=\"price\"><span class=\"woocommerce-Price-amount amount\" aria-hidden=\"true\"><bdi>940,00&nbsp;<span class=\"woocommerce-Price-currencySymbol\" translate=\"no\">&euro;<\/span><\/bdi><\/span> <span aria-hidden=\"true\">&ndash;<\/span> <span class=\"woocommerce-Price-amount amount\" aria-hidden=\"true\"><bdi>980,00&nbsp;<span class=\"woocommerce-Price-currencySymbol\" translate=\"no\">&euro;<\/span><\/bdi><\/span><span class=\"screen-reader-text\" data-no-translation=\"\" data-trp-gettext=\"\">Price range: 940,00&nbsp;&euro; through 980,00&nbsp;&euro;<\/span><\/p>\n<\/div><\/div>\n\n<div class=\"et_pb_text_20 et_pb_text et_pb_bg_layout_light et_pb_module et_flex_module\"><div class=\"et_pb_text_inner\"><p>Available at Supercycles<\/p>\n<\/div><\/div>\n\n<div class=\"et_pb_module et_pb_button_module_wrapper et_pb_button_8_wrapper\"><a class=\"et_pb_button_8 et_pb_button et_pb_bg_layout_light et_pb_module et_block_module\" href=\"https:\/\/www.supercycles.be\/en\/product\/city-bike-l200-2026\/\">Look at this bike<\/a><\/div>\n<\/div><\/div><\/div><\/div><span class=\"et_pb_group_carousel_arrow et_pb_group_carousel_arrow_prev\" role=\"button\" tabindex=\"0\" aria-label=\"Previous slide\"><span class=\"et-pb-icon\">4<\/span><\/span><span class=\"et_pb_group_carousel_arrow et_pb_group_carousel_arrow_next\" role=\"button\" tabindex=\"0\" aria-label=\"Next slide\"><span class=\"et-pb-icon\">5<\/span><\/span><div class=\"et_pb_group_carousel_dots\"><\/div><\/div>\n\n<div class=\"et_pb_text_21 et_pb_text et_pb_bg_layout_light et_pb_module et_flex_module\"><div class=\"et_pb_text_inner\"><p>These offers cannot be combined with cycle leasing.*<\/p>\n<\/div><\/div>\n<\/div>\n<\/div>\n<\/div>\n\n<div class=\"et_pb_section_2 et_pb_section et_section_regular et_flex_section\">\n<div class=\"et_pb_row_4 et_pb_row et_flex_row\">\n<div class=\"et_pb_column_5 et_pb_column et_flex_column et_pb_css_mix_blend_mode_passthrough et_flex_column_2_5 et_flex_column_2_5_tablet et_flex_column_24_24_phone\">\n<div class=\"et_pb_text_22 et_pb_text et_pb_bg_layout_light et_pb_module et_flex_module\"><div class=\"et_pb_text_inner\"><p data-pm-slice=\"1 1 []\"><span>Our story<\/span><\/p>\n<\/div><\/div>\n\n<div class=\"et_pb_text_23 et_pb_text et_pb_bg_layout_light et_pb_module et_flex_module\"><div class=\"et_pb_text_inner\"><h2>Supercycles began with three friends<\/h2>\n<\/div><\/div>\n\n<div class=\"et_pb_text_24 et_pb_text et_pb_bg_layout_light et_pb_module et_flex_module\"><div class=\"et_pb_text_inner\"><p data-pm-slice=\"1 1 []\"><span>In the spring of 2025, Giovanni, Jeremy and Tom decided to work together again. After years of experience in the bicycle sector, we wanted to create a shop in Alsemberg where people can take their time to compare, receive honest advice and also be well looked after following their purchase.<\/span><\/p>\n<p><span>Each of us brings our own experience: from daily family transport and cargo bikes to recreational rides, bikepacking and engineering. What connects us is the belief that a good bike should suit your life and last a long time. That is why our workshop is the heart of the shop.<\/span><\/p>\n<p><span>In this video, we'd love to take you behind the scenes at Supercycles.<\/span><\/p>\n<\/div><\/div>\n\n<div class=\"et_pb_module et_pb_button_module_wrapper et_pb_button_9_wrapper\"><a class=\"et_pb_button_9 et_pb_button et_pb_bg_layout_light et_pb_module et_block_module\" href=\"https:\/\/www.supercycles.be\/en\/over-ons\/\">Discover our story<\/a><\/div>\n<\/div>\n\n<div class=\"et_pb_column_6 et_pb_column et-last-child et_flex_column et_pb_css_mix_blend_mode_passthrough et_flex_column_3_5 et_flex_column_3_5_tablet et_flex_column_24_24_phone\">\n<div class=\"et_pb_video_0 et_pb_video et_pb_module et_flex_module\"><div class=\"et_pb_video_box\"><iframe loading=\"lazy\" title=\"Discover Supercycles | Your bike shop in Alsemberg\" width=\"1080\" height=\"608\" src=\"https:\/\/www.youtube.com\/embed\/fC78aoxfTvA?feature=oembed\"  allow=\"accelerometer; autoplay; clipboard-write; encrypted-media; gyroscope; picture-in-picture; web-share\" referrerpolicy=\"strict-origin-when-cross-origin\" allowfullscreen><\/iframe><\/div><div class=\"et_pb_video_overlay\" style=\"background-image:url(\/\/i.ytimg.com\/vi\/fC78aoxfTvA\/maxresdefault.jpg)\"><div class=\"et_pb_video_overlay_hover\"><a class=\"et_pb_video_play\" href=\"#\"><\/a><\/div><\/div><\/div>\n<\/div>\n<\/div>\n<\/div>\n\n<div class=\"et_pb_section_3 et_pb_section et_section_regular et_block_section\">\n<div class=\"et_pb_row_5 et_pb_row et_flex_row\">\n<div class=\"et_pb_column_7 et_pb_column et-last-child et_flex_column et_pb_css_mix_blend_mode_passthrough et_flex_column_24_24 et_flex_column_24_24_tablet et_flex_column_24_24_phone\">\n<div class=\"et_pb_text_25 et_pb_text et_pb_bg_layout_light et_pb_module et_block_module\"><div class=\"et_pb_text_inner\"><h2>How can we help you?<\/h2>\n<\/div><\/div>\n<\/div>\n<\/div>\n\n<div class=\"et_pb_row_6 et_pb_row et_flex_row\">\n<div class=\"et_pb_column_8 et_pb_column et_block_column et_pb_css_mix_blend_mode_passthrough et_flex_column_24_24 et_flex_column_24_24_tablet et_flex_column_24_24_phone\">\n<div class=\"et_pb_blurb_0 et_pb_blurb et_pb_bg_layout_light et_pb_blurb_position_top et_pb_module et_block_module\"><div class=\"et_pb_blurb_content\"><div class=\"et_pb_main_blurb_image et_animated\"><span class=\"et_pb_image_wrap et_pb_only_image_mode_wrap\"><img loading=\"lazy\" decoding=\"async\" src=\"https:\/\/www.supercycles.be\/wp-content\/uploads\/2026\/06\/Vente-2.png\" width=\"1536\" height=\"1024\" srcset=\"https:\/\/www.supercycles.be\/wp-content\/uploads\/2026\/06\/Vente-2.png 1536w, https:\/\/www.supercycles.be\/wp-content\/uploads\/2026\/06\/Vente-2-1280x853.png 1280w, https:\/\/www.supercycles.be\/wp-content\/uploads\/2026\/06\/Vente-2-980x653.png 980w, https:\/\/www.supercycles.be\/wp-content\/uploads\/2026\/06\/Vente-2-480x320.png 480w\" sizes=\"(min-width: 0px) and (max-width: 480px) 480px, (min-width: 481px) and (max-width: 980px) 980px, (min-width: 981px) and (max-width: 1280px) 1280px, (min-width: 1281px) 1536px, 100vw\" class=\"wp-image-11365\" \/><\/span><\/div><div class=\"et_pb_blurb_container\"><h4 class=\"et_pb_module_header\">Compare and choose<\/h4><div class=\"et_pb_blurb_description\"><p class=\"isSelectedEnd\"><span>View our available bikes and prices online. In store, you can compare different models based on your journeys, your usage and your budget.<\/span><\/p>\n<p>&nbsp;<\/p>\n<\/div><\/div><\/div><\/div>\n<\/div>\n\n<div class=\"et_pb_column_9 et_pb_column et_block_column et_pb_css_mix_blend_mode_passthrough et_flex_column_24_24 et_flex_column_24_24_tablet et_flex_column_24_24_phone\">\n<div class=\"et_pb_blurb_1 et_pb_blurb et_pb_bg_layout_light et_pb_blurb_position_top et_pb_module et_block_module\"><div class=\"et_pb_blurb_content\"><div class=\"et_pb_main_blurb_image et_animated\"><span class=\"et_pb_image_wrap et_pb_only_image_mode_wrap\"><img loading=\"lazy\" decoding=\"async\" src=\"https:\/\/www.supercycles.be\/wp-content\/uploads\/2026\/06\/Icone-Atelier.png\" width=\"1536\" height=\"1024\" srcset=\"https:\/\/www.supercycles.be\/wp-content\/uploads\/2026\/06\/Icone-Atelier.png 1536w, https:\/\/www.supercycles.be\/wp-content\/uploads\/2026\/06\/Icone-Atelier-1280x853.png 1280w, https:\/\/www.supercycles.be\/wp-content\/uploads\/2026\/06\/Icone-Atelier-980x653.png 980w, https:\/\/www.supercycles.be\/wp-content\/uploads\/2026\/06\/Icone-Atelier-480x320.png 480w\" sizes=\"(min-width: 0px) and (max-width: 480px) 480px, (min-width: 481px) and (max-width: 980px) 980px, (min-width: 981px) and (max-width: 1280px) 1280px, (min-width: 1281px) 1536px, 100vw\" class=\"wp-image-11476\" \/><\/span><\/div><div class=\"et_pb_blurb_container\"><h4 class=\"et_pb_module_header\">Servicing in our own workshop<\/h4><div class=\"et_pb_blurb_description\"><p class=\"isSelectedEnd\"><span>For maintenance, repairs and technical support, you are welcome at our workshop in Alsemberg, even after the purchase of your bike.<\/span><\/p>\n<p>&nbsp;<\/p>\n<\/div><\/div><\/div><\/div>\n<\/div>\n\n<div class=\"et_pb_column_10 et_pb_column et-last-child et_block_column et_pb_css_mix_blend_mode_passthrough et_flex_column_24_24 et_flex_column_24_24_tablet et_flex_column_24_24_phone\">\n<div class=\"et_pb_blurb_2 et_pb_blurb et_pb_bg_layout_light et_pb_blurb_position_top et_pb_module et_flex_module\"><div class=\"et_pb_blurb_content et_flex_module\"><div class=\"et_pb_main_blurb_image et_animated\"><span class=\"et_pb_image_wrap et_pb_only_image_mode_wrap\"><img loading=\"lazy\" decoding=\"async\" src=\"https:\/\/www.supercycles.be\/wp-content\/uploads\/2026\/06\/Icone-Leasing.png\" width=\"1536\" height=\"1024\" srcset=\"https:\/\/www.supercycles.be\/wp-content\/uploads\/2026\/06\/Icone-Leasing.png 1536w, https:\/\/www.supercycles.be\/wp-content\/uploads\/2026\/06\/Icone-Leasing-1280x853.png 1280w, https:\/\/www.supercycles.be\/wp-content\/uploads\/2026\/06\/Icone-Leasing-980x653.png 980w, https:\/\/www.supercycles.be\/wp-content\/uploads\/2026\/06\/Icone-Leasing-480x320.png 480w\" sizes=\"(min-width: 0px) and (max-width: 480px) 480px, (min-width: 481px) and (max-width: 980px) 980px, (min-width: 981px) and (max-width: 1280px) 1280px, (min-width: 1281px) 1536px, 100vw\" class=\"wp-image-11469\" \/><\/span><\/div><div class=\"et_pb_blurb_container\"><h4 class=\"et_pb_module_header\">Cycle leasing from quote to delivery<\/h4><div class=\"et_pb_blurb_description\"><p>We will help you choose your bicycle and accessories, prepare the quotation and manage your file through to delivery.<\/p>\n<p>&nbsp;<\/p>\n<p>&nbsp;<\/p>\n<\/div><\/div><\/div><\/div>\n<\/div>\n<\/div>\n\n<div class=\"et_pb_row_7 et_pb_row et_block_row\">\n<div class=\"et_pb_column_11 et_pb_column et_pb_column_1_3 et_block_column et_pb_css_mix_blend_mode_passthrough\">\n<div class=\"et_pb_module et_pb_button_module_wrapper et_pb_button_10_wrapper\"><a class=\"et_pb_button_10 et_pb_button et_pb_bg_layout_light et_pb_module et_block_module\" href=\"https:\/\/www.supercycles.be\/en\/product-category\/cycling\/\">View our bikes<\/a><\/div>\n<\/div>\n\n<div class=\"et_pb_column_12 et_pb_column et_pb_column_1_3 et_block_column et_pb_css_mix_blend_mode_passthrough\">\n<div class=\"et_pb_module et_pb_button_module_wrapper et_pb_button_11_wrapper\"><a class=\"et_pb_button_11 et_pb_button et_pb_bg_layout_light et_pb_module et_block_module\" href=\"https:\/\/www.supercycles.be\/en\/fietsherstelling-alsemberg\/\">Discover our workshop<\/a><\/div>\n<\/div>\n\n<div class=\"et_pb_column_13 et_pb_column et_pb_column_1_3 et-last-child et_block_column et_pb_css_mix_blend_mode_passthrough\">\n<div class=\"et_pb_module et_pb_button_module_wrapper et_pb_button_12_wrapper\"><a class=\"et_pb_button_12 et_pb_button et_pb_bg_layout_light et_pb_module et_block_module\" href=\"https:\/\/www.supercycles.be\/en\/leasing\/\">Discover cycle leasing<\/a><\/div>\n<\/div>\n<\/div>\n\n<div class=\"et_pb_row_8 et_pb_row et-vb-row--no-module et_flex_row\">\n<div class=\"et_pb_column_14 et_pb_column et-last-child et_flex_column et_pb_column_empty et_pb_css_mix_blend_mode_passthrough et_flex_column_24_24 et_flex_column_24_24_tablet et_flex_column_24_24_phone\"><\/div>\n<\/div>\n\n<div class=\"et_pb_row_9 et_pb_row et_block_row\">\n<div class=\"et_pb_column_15 et_pb_column et_pb_column_4_4 et-last-child et_block_column et_pb_css_mix_blend_mode_passthrough\">\n<div class=\"et_pb_text_26 et_pb_text et_pb_bg_layout_light et_pb_module et_block_module\"><div class=\"et_pb_text_inner\"><h2 style=\"text-align: center;\">A selection from our range<\/h2>\n<p class=\"isSelectedEnd\"><span>From electric city and trekking bikes to cargo bikes, longtails and sporty bikes: discover some of the models we offer at Supercycles.<\/span><\/p>\n<p><span>Click on a bike for the equipment, price and availability.<\/span><\/p>\n<\/div><\/div>\n<\/div>\n<\/div>\n\n<div class=\"et_pb_row_10 et_pb_row et_flex_row\">\n<div class=\"et_pb_column_16 et_pb_column et-last-child et_flex_column et_pb_css_mix_blend_mode_passthrough et_flex_column_24_24 et_flex_column_24_24_tablet et_flex_column_24_24_phone\">\n<div class=\"et_pb_shop_0 et_pb_shop et_pb_text_align_center et_pb_shop_grid et_pb_module selection-velos-accueil\" data-shortcode_index=\"0\"><div class=\"woocommerce columns-4\"><ul class=\"products columns-4\">\n<li class=\"product type-product post-12627 status-publish first instock product_cat-bakfietstransportfiets-elektrisch-voor-goederenvervoer product_cat-bakfietsentransportfietsen product_cat-fietsen product_cat-supercycles has-post-thumbnail featured taxable shipping-taxable purchasable product-type-simple\">\n\t<a href=\"https:\/\/www.supercycles.be\/en\/product\/urban-arrow-familynext-advanced-545wh-2026\/\" class=\"woocommerce-LoopProduct-link woocommerce-loop-product__link\"><span class=\"et_shop_image\"><img loading=\"lazy\" decoding=\"async\" width=\"400\" height=\"400\" src=\"https:\/\/www.supercycles.be\/wp-content\/uploads\/2026\/08\/artPic_public_L_4433660-400x400.jpg\" class=\"attachment-woocommerce_thumbnail size-woocommerce_thumbnail\" alt=\"URBAN ARROW - Familynext Advanced 545Wh | 2026\" \/><span class=\"et_overlay\"><\/span><\/span><h2 class=\"woocommerce-loop-product__title\">URBAN ARROW \u2013 Familynext Advanced 545Wh | 2026<\/h2>\n\t<span class=\"price\"><span class=\"woocommerce-Price-amount amount\"><bdi>6.299,00&nbsp;<span class=\"woocommerce-Price-currencySymbol\" translate=\"no\">\u20ac<\/span><\/bdi><\/span><\/span>\n<\/a><\/li>\n<li class=\"product type-product post-12631 status-publish instock product_cat-fietsen product_cat-gravelfiets product_cat-racefietsen product_cat-supercycles has-post-thumbnail featured taxable shipping-taxable purchasable product-type-variable\">\n\t<a href=\"https:\/\/www.supercycles.be\/en\/product\/superior-xr-6-3-gr-2026\/\" class=\"woocommerce-LoopProduct-link woocommerce-loop-product__link\"><span class=\"et_shop_image\"><img loading=\"lazy\" decoding=\"async\" width=\"400\" height=\"400\" src=\"https:\/\/www.supercycles.be\/wp-content\/uploads\/2026\/08\/artPic_public_L_4653464-400x400.jpg\" class=\"attachment-woocommerce_thumbnail size-woocommerce_thumbnail\" alt=\"SUPERIOR - Xr 6.3 Gr | 2026\" \/><span class=\"et_overlay\"><\/span><\/span><h2 class=\"woocommerce-loop-product__title\">SUPERIOR \u2013 Xr 6.3 Gr | 2026<\/h2>\n\t<span class=\"price\"><span class=\"woocommerce-Price-amount amount\"><bdi>1.599,00&nbsp;<span class=\"woocommerce-Price-currencySymbol\" translate=\"no\">\u20ac<\/span><\/bdi><\/span><\/span>\n<\/a><\/li>\n<li class=\"product type-product post-12637 status-publish instock product_cat-fietsen product_cat-stadsfiets-elektrisch product_cat-stadsfietsen product_cat-supercycles has-post-thumbnail featured taxable shipping-taxable purchasable product-type-simple\">\n\t<a href=\"https:\/\/www.supercycles.be\/en\/product\/gazelle-grenoble-c5-first-edition-2027\/\" class=\"woocommerce-LoopProduct-link woocommerce-loop-product__link\"><span class=\"et_shop_image\"><img loading=\"lazy\" decoding=\"async\" width=\"400\" height=\"400\" src=\"https:\/\/www.supercycles.be\/wp-content\/uploads\/2026\/08\/artPic_public_L_4642694-400x400.jpg\" class=\"attachment-woocommerce_thumbnail size-woocommerce_thumbnail\" alt=\"GAZELLE - Grenoble C5+ First Edition | 2027\" \/><span class=\"et_overlay\"><\/span><\/span><h2 class=\"woocommerce-loop-product__title\">GAZELLE \u2013 Grenoble C5+ First Edition | 2027<\/h2>\n\t<span class=\"price\"><span class=\"woocommerce-Price-amount amount\"><bdi>4.199,00&nbsp;<span class=\"woocommerce-Price-currencySymbol\" translate=\"no\">\u20ac<\/span><\/bdi><\/span><\/span>\n<\/a><\/li>\n<li class=\"product type-product post-12642 status-publish last instock product_cat-bakfietstransportfiets-elektrisch-voor-goederenvervoer product_cat-bakfietsentransportfietsen product_cat-fietsen product_cat-supercycles has-post-thumbnail featured taxable shipping-taxable purchasable product-type-simple\">\n\t<a href=\"https:\/\/www.supercycles.be\/en\/product\/lovens-explorer-2-100-545wh-2026\/\" class=\"woocommerce-LoopProduct-link woocommerce-loop-product__link\"><span class=\"et_shop_image\"><img loading=\"lazy\" decoding=\"async\" width=\"400\" height=\"400\" src=\"https:\/\/www.supercycles.be\/wp-content\/uploads\/2026\/08\/artPic_public_L_4202558-400x400.jpg\" class=\"attachment-woocommerce_thumbnail size-woocommerce_thumbnail\" alt=\"LOVENS - Explorer 2 100 545Wh | 2026\" \/><span class=\"et_overlay\"><\/span><\/span><h2 class=\"woocommerce-loop-product__title\">LOVENS \u2013 Explorer 2 100 545Wh | 2026<\/h2>\n\t<span class=\"price\"><span class=\"woocommerce-Price-amount amount\"><bdi>6.599,00&nbsp;<span class=\"woocommerce-Price-currencySymbol\" translate=\"no\">\u20ac<\/span><\/bdi><\/span><\/span>\n<\/a><\/li>\n<li class=\"product type-product post-12647 status-publish first instock product_cat-fietsen product_cat-stadsfiets-elektrisch product_cat-stadsfietsen product_cat-supercycles has-post-thumbnail sale featured taxable shipping-taxable purchasable product-type-simple\">\n\t<a href=\"https:\/\/www.supercycles.be\/en\/product\/velo-de-ville-aeb-800-classic-2026\/\" class=\"woocommerce-LoopProduct-link woocommerce-loop-product__link\">\n\t<span class=\"onsale\" data-no-translation=\"\" data-trp-gettext=\"\">Sale!<\/span>\n\t<span class=\"et_shop_image\"><img loading=\"lazy\" decoding=\"async\" width=\"400\" height=\"400\" src=\"https:\/\/www.supercycles.be\/wp-content\/uploads\/2026\/08\/artPic_public_L_4556135-400x400.jpg\" class=\"attachment-woocommerce_thumbnail size-woocommerce_thumbnail\" alt=\"VELO DE VILLE - Aeb 800 Classic | 2026\" \/><span class=\"et_overlay\"><\/span><\/span><h2 class=\"woocommerce-loop-product__title\">VELO DE VILLE \u2013 Aeb 800 Classic | 2026<\/h2>\n\t<span class=\"price\"><del aria-hidden=\"true\"><span class=\"woocommerce-Price-amount amount\"><bdi>3.953,00&nbsp;<span class=\"woocommerce-Price-currencySymbol\" translate=\"no\">\u20ac<\/span><\/bdi><\/span><\/del> <span class=\"screen-reader-text\" data-no-translation=\"\" data-trp-gettext=\"\">Original price was: 3.953,00&nbsp;&euro;.<\/span><ins aria-hidden=\"true\"><span class=\"woocommerce-Price-amount amount\"><bdi>3.550,00&nbsp;<span class=\"woocommerce-Price-currencySymbol\" translate=\"no\">\u20ac<\/span><\/bdi><\/span><\/ins><span class=\"screen-reader-text\" data-no-translation=\"\" data-trp-gettext=\"\">Current price is: 3.550,00&nbsp;&euro;.<\/span><\/span>\n<\/a><\/li>\n<li class=\"product type-product post-12649 status-publish instock product_cat-fietsen product_cat-stadsfiets product_cat-stadsfietsen product_cat-supercycles has-post-thumbnail sale featured taxable shipping-taxable purchasable product-type-variable\">\n\t<a href=\"https:\/\/www.supercycles.be\/en\/product\/velo-de-ville-l200-2026\/\" class=\"woocommerce-LoopProduct-link woocommerce-loop-product__link\">\n\t<span class=\"onsale\" data-no-translation=\"\" data-trp-gettext=\"\">Sale!<\/span>\n\t<span class=\"et_shop_image\"><img loading=\"lazy\" decoding=\"async\" width=\"400\" height=\"400\" src=\"https:\/\/www.supercycles.be\/wp-content\/uploads\/2026\/08\/artPic_public_L_4556127-400x400.jpg\" class=\"attachment-woocommerce_thumbnail size-woocommerce_thumbnail\" alt=\"VELO DE VILLE - L200 | 2026\" \/><span class=\"et_overlay\"><\/span><\/span><h2 class=\"woocommerce-loop-product__title\">VELO DE VILLE \u2013 L200 | 2026<\/h2>\n\t<span class=\"price\"><span class=\"woocommerce-Price-amount amount\" aria-hidden=\"true\"><bdi>940,00&nbsp;<span class=\"woocommerce-Price-currencySymbol\" translate=\"no\">&euro;<\/span><\/bdi><\/span> <span aria-hidden=\"true\">&ndash;<\/span> <span class=\"woocommerce-Price-amount amount\" aria-hidden=\"true\"><bdi>980,00&nbsp;<span class=\"woocommerce-Price-currencySymbol\" translate=\"no\">&euro;<\/span><\/bdi><\/span><span class=\"screen-reader-text\" data-no-translation=\"\" data-trp-gettext=\"\">Price range: 940,00&nbsp;&euro; through 980,00&nbsp;&euro;<\/span><\/span>\n<\/a><\/li>\n<li class=\"product type-product post-12659 status-publish instock product_cat-bakfietstransportfiets-elektrisch-voor-personenvervoer product_cat-bakfietsentransportfietsen product_cat-fietsen product_cat-supercycles has-post-thumbnail featured taxable shipping-taxable purchasable product-type-simple\">\n\t<a href=\"https:\/\/www.supercycles.be\/en\/product\/bike43-mid-2026\/\" class=\"woocommerce-LoopProduct-link woocommerce-loop-product__link\"><span class=\"et_shop_image\"><img loading=\"lazy\" decoding=\"async\" width=\"400\" height=\"400\" src=\"https:\/\/www.supercycles.be\/wp-content\/uploads\/2026\/08\/artPic_public_L_4714143-400x400.jpg\" class=\"attachment-woocommerce_thumbnail size-woocommerce_thumbnail\" alt=\"BIKE43 - Mid | 2026\" \/><span class=\"et_overlay\"><\/span><\/span><h2 class=\"woocommerce-loop-product__title\">BIKE43 \u2013 Mid | 2026<\/h2>\n\t<span class=\"price\"><span class=\"woocommerce-Price-amount amount\"><bdi>6.390,00&nbsp;<span class=\"woocommerce-Price-currencySymbol\" translate=\"no\">\u20ac<\/span><\/bdi><\/span><\/span>\n<\/a><\/li>\n<li class=\"product type-product post-12662 status-publish last instock product_cat-bakfietstransportfiets-elektrisch-voor-personenvervoer product_cat-bakfietsentransportfietsen product_cat-fietsen product_cat-supercycles has-post-thumbnail featured taxable shipping-taxable purchasable product-type-simple\">\n\t<a href=\"https:\/\/www.supercycles.be\/en\/product\/tern-gsd-p00-2026\/\" class=\"woocommerce-LoopProduct-link woocommerce-loop-product__link\"><span class=\"et_shop_image\"><img loading=\"lazy\" decoding=\"async\" width=\"400\" height=\"400\" src=\"https:\/\/www.supercycles.be\/wp-content\/uploads\/2026\/08\/artPic_public_L_4578649-400x400.jpg\" class=\"attachment-woocommerce_thumbnail size-woocommerce_thumbnail\" alt=\"TERN - Gsd P00 | 2026\" \/><span class=\"et_overlay\"><\/span><\/span><h2 class=\"woocommerce-loop-product__title\">TERN \u2013 Gsd P00 | 2026<\/h2>\n\t<span class=\"price\"><span class=\"woocommerce-Price-amount amount\"><bdi>6.499,00&nbsp;<span class=\"woocommerce-Price-currencySymbol\" translate=\"no\">\u20ac<\/span><\/bdi><\/span><\/span>\n<\/a><\/li>\n<li class=\"product type-product post-12697 status-publish first instock product_cat-fietsen product_cat-stadsfiets-elektrisch product_cat-stadsfietsen product_cat-supercycles has-post-thumbnail sale featured taxable shipping-taxable purchasable product-type-simple\">\n\t<a href=\"https:\/\/www.supercycles.be\/en\/product\/isy-e5-zr-f-545-2026\/\" class=\"woocommerce-LoopProduct-link woocommerce-loop-product__link\">\n\t<span class=\"onsale\" data-no-translation=\"\" data-trp-gettext=\"\">Sale!<\/span>\n\t<span class=\"et_shop_image\"><img loading=\"lazy\" decoding=\"async\" width=\"400\" height=\"400\" src=\"https:\/\/www.supercycles.be\/wp-content\/uploads\/2026\/08\/artPic_public_L_4729993-400x400.jpg\" class=\"attachment-woocommerce_thumbnail size-woocommerce_thumbnail\" alt=\"I:SY - E5 Zr F | 2026\" \/><span class=\"et_overlay\"><\/span><\/span><h2 class=\"woocommerce-loop-product__title\">I:SY \u2013 E5 Zr F | 2026<\/h2>\n\t<span class=\"price\"><del aria-hidden=\"true\"><span class=\"woocommerce-Price-amount amount\"><bdi>4.199,00&nbsp;<span class=\"woocommerce-Price-currencySymbol\" translate=\"no\">\u20ac<\/span><\/bdi><\/span><\/del> <span class=\"screen-reader-text\" data-no-translation=\"\" data-trp-gettext=\"\">Original price was: 4.199,00&nbsp;&euro;.<\/span><ins aria-hidden=\"true\"><span class=\"woocommerce-Price-amount amount\"><bdi>3.599,00&nbsp;<span class=\"woocommerce-Price-currencySymbol\" translate=\"no\">\u20ac<\/span><\/bdi><\/span><\/ins><span class=\"screen-reader-text\" data-no-translation=\"\" data-trp-gettext=\"\">Current price is: 3.599,00&nbsp;&euro;.<\/span><\/span>\n<\/a><\/li>\n<\/ul>\n<\/div><\/div>\n\n<div class=\"et_pb_code_0 et_pb_code et_pb_module\"><div class=\"et_pb_code_inner\"><style>\n\/* Cadre des images des 9 v\u00e9los *\/\n.selection-velos-accueil .et_shop_image {\n    display: flex !important;\n    align-items: center;\n    justify-content: center;\n    height: 240px;\n    overflow: hidden;\n    background-color: #ffffff;\n    border-radius: 25px !important;\n}\n\n\/* V\u00e9lo enti\u00e8rement visible *\/\n.selection-velos-accueil .et_shop_image img {\n    display: block;\n    width: 100% !important;\n    height: 100% !important;\n    object-fit: contain !important;\n    object-position: center center !important;\n    box-sizing: border-box;\n    padding: 6px;\n    margin: 0 !important;\n    border-radius: 25px !important;\n}\n\n\/* Effet de survol Divi *\/\n.selection-velos-accueil .et_shop_image .et_overlay {\n    border-radius: 25px !important;\n}\n\n\/* Centrage des cartes *\/\n.selection-velos-accueil ul.products li.product {\n    text-align: center !important;\n}\n\n\/* Nom du produit *\/\n.selection-velos-accueil .woocommerce-loop-product__title {\n    min-height: 56px;\n    padding-top: 16px !important;\n    text-align: center !important;\n}\n\n\/* Prix *\/\n.selection-velos-accueil ul.products li.product .price {\n    display: block !important;\n    width: 100%;\n    text-align: center !important;\n}\n\n\/* Tablette *\/\n@media only screen and (max-width: 980px) {\n    .selection-velos-accueil .et_shop_image {\n        height: 230px;\n    }\n}\n\n\/* T\u00e9l\u00e9phone *\/\n@media only screen and (max-width: 767px) {\n    .selection-velos-accueil .et_shop_image {\n        height: 220px;\n    }\n\n    .selection-velos-accueil .woocommerce-loop-product__title {\n        min-height: auto;\n    }\n}\n<\/style>\n\n<script>\n(function () {\n    function fixHomepageProductImages() {\n        document\n            .querySelectorAll(\n                \".selection-velos-accueil .et_shop_image img\"\n            )\n            .forEach(function (image) {\n                var source = image.currentSrc || image.src;\n\n                if (!source) {\n                    return;\n                }\n\n                var original = source.replace(\n                    \/-\\d+x\\d+(?=\\.(jpg|jpeg|png|webp|avif)(\\?.*)?$)\/i,\n                    \"\"\n                );\n\n                image.removeAttribute(\"srcset\");\n                image.removeAttribute(\"sizes\");\n                image.removeAttribute(\"width\");\n                image.removeAttribute(\"height\");\n                image.src = original;\n            });\n    }\n\n    if (document.readyState === \"loading\") {\n        document.addEventListener(\n            \"DOMContentLoaded\",\n            fixHomepageProductImages\n        );\n    } else {\n        fixHomepageProductImages();\n    }\n\n    window.addEventListener(\"load\", fixHomepageProductImages);\n})();\n<\/script><\/div><\/div>\n<\/div>\n<\/div>\n\n<div class=\"et_pb_row_11 et_pb_row et_pb_equal_columns et_block_row\">\n<div class=\"et_pb_column_17 et_pb_column et_pb_column_4_4 et-last-child et_block_column et_pb_css_mix_blend_mode_passthrough\">\n<div class=\"et_pb_text_27 et_pb_text et_pb_bg_layout_light et_pb_module et_block_module\"><div class=\"et_pb_text_inner\"><h2>How can we help you?<\/h2>\n<\/div><\/div>\n\n<div class=\"et_pb_blurb_3 et_pb_blurb et_pb_bg_layout_light et_pb_blurb_position_top et_pb_module et_block_module\"><div class=\"et_pb_blurb_content\"><div class=\"et_pb_main_blurb_image et_animated\"><span class=\"et_pb_image_wrap et_pb_only_image_mode_wrap\"><img loading=\"lazy\" decoding=\"async\" src=\"https:\/\/www.supercycles.be\/wp-content\/uploads\/2026\/06\/Vente-2.png\" width=\"1536\" height=\"1024\" srcset=\"https:\/\/www.supercycles.be\/wp-content\/uploads\/2026\/06\/Vente-2.png 1536w, https:\/\/www.supercycles.be\/wp-content\/uploads\/2026\/06\/Vente-2-1280x853.png 1280w, https:\/\/www.supercycles.be\/wp-content\/uploads\/2026\/06\/Vente-2-980x653.png 980w, https:\/\/www.supercycles.be\/wp-content\/uploads\/2026\/06\/Vente-2-480x320.png 480w\" sizes=\"(min-width: 0px) and (max-width: 480px) 480px, (min-width: 481px) and (max-width: 980px) 980px, (min-width: 981px) and (max-width: 1280px) 1280px, (min-width: 1281px) 1536px, 100vw\" class=\"wp-image-11365\" \/><\/span><\/div><div class=\"et_pb_blurb_container\"><h4 class=\"et_pb_module_header\">Compare and choose<\/h4><div class=\"et_pb_blurb_description\"><p>View our available bikes and prices online. In store, you can compare different models based on your journeys, your usage and your budget.<\/p>\n<\/div><\/div><\/div><\/div>\n\n<div class=\"et_pb_module et_pb_button_module_wrapper et_pb_button_13_wrapper\"><a class=\"et_pb_button_13 et_pb_button et_pb_bg_layout_light et_pb_module et_block_module\" href=\"https:\/\/www.supercycles.be\/en\/product-category\/cycling\/\">View our bikes<\/a><\/div>\n\n<div class=\"et_pb_blurb_4 et_pb_blurb et_pb_bg_layout_light et_pb_blurb_position_top et_pb_module et_block_module\"><div class=\"et_pb_blurb_content\"><div class=\"et_pb_main_blurb_image et_animated\"><span class=\"et_pb_image_wrap et_pb_only_image_mode_wrap\"><img loading=\"lazy\" decoding=\"async\" src=\"https:\/\/www.supercycles.be\/wp-content\/uploads\/2026\/06\/Icone-Atelier.png\" width=\"1536\" height=\"1024\" srcset=\"https:\/\/www.supercycles.be\/wp-content\/uploads\/2026\/06\/Icone-Atelier.png 1536w, https:\/\/www.supercycles.be\/wp-content\/uploads\/2026\/06\/Icone-Atelier-1280x853.png 1280w, https:\/\/www.supercycles.be\/wp-content\/uploads\/2026\/06\/Icone-Atelier-980x653.png 980w, https:\/\/www.supercycles.be\/wp-content\/uploads\/2026\/06\/Icone-Atelier-480x320.png 480w\" sizes=\"(min-width: 0px) and (max-width: 480px) 480px, (min-width: 481px) and (max-width: 980px) 980px, (min-width: 981px) and (max-width: 1280px) 1280px, (min-width: 1281px) 1536px, 100vw\" class=\"wp-image-11476\" \/><\/span><\/div><div class=\"et_pb_blurb_container\"><h4 class=\"et_pb_module_header\">Servicing in our own workshop<\/h4><div class=\"et_pb_blurb_description\"><p>For maintenance, repairs and technical support, you are welcome at our workshop in Alsemberg, even after the purchase of your bike.<\/p>\n<\/div><\/div><\/div><\/div>\n\n<div class=\"et_pb_module et_pb_button_module_wrapper et_pb_button_14_wrapper\"><a class=\"et_pb_button_14 et_pb_button et_pb_bg_layout_light et_pb_module et_block_module\" href=\"https:\/\/www.supercycles.be\/en\/fietsherstelling-alsemberg\/\">Discover our workshop<\/a><\/div>\n\n<div class=\"et_pb_blurb_5 et_pb_blurb et_pb_bg_layout_light et_pb_blurb_position_top et_pb_module et_block_module\"><div class=\"et_pb_blurb_content\"><div class=\"et_pb_main_blurb_image et_animated\"><span class=\"et_pb_image_wrap et_pb_only_image_mode_wrap\"><img loading=\"lazy\" decoding=\"async\" src=\"https:\/\/www.supercycles.be\/wp-content\/uploads\/2026\/06\/Icone-Leasing.png\" width=\"1536\" height=\"1024\" srcset=\"https:\/\/www.supercycles.be\/wp-content\/uploads\/2026\/06\/Icone-Leasing.png 1536w, https:\/\/www.supercycles.be\/wp-content\/uploads\/2026\/06\/Icone-Leasing-1280x853.png 1280w, https:\/\/www.supercycles.be\/wp-content\/uploads\/2026\/06\/Icone-Leasing-980x653.png 980w, https:\/\/www.supercycles.be\/wp-content\/uploads\/2026\/06\/Icone-Leasing-480x320.png 480w\" sizes=\"(min-width: 0px) and (max-width: 480px) 480px, (min-width: 481px) and (max-width: 980px) 980px, (min-width: 981px) and (max-width: 1280px) 1280px, (min-width: 1281px) 1536px, 100vw\" class=\"wp-image-11469\" \/><\/span><\/div><div class=\"et_pb_blurb_container\"><h4 class=\"et_pb_module_header\">Cycle leasing from quote to delivery<\/h4><div class=\"et_pb_blurb_description\"><p>We will help you choose your bicycle and accessories, prepare the quotation and manage your file through to delivery.<\/p>\n<\/div><\/div><\/div><\/div>\n\n<div class=\"et_pb_module et_pb_button_module_wrapper et_pb_button_15_wrapper\"><a class=\"et_pb_button_15 et_pb_button et_pb_bg_layout_light et_pb_module et_block_module\" href=\"https:\/\/www.supercycles.be\/en\/leasing\/\">Discover cycle leasing<\/a><\/div>\n<\/div>\n<\/div>\n<\/div>\n\n<div class=\"et_pb_section_4 et_pb_section et_section_regular et_block_section\">\n<div class=\"et_pb_row_12 et_pb_row et_block_row\">\n<div class=\"et_pb_column_18 et_pb_column et_pb_column_4_4 et-last-child et_block_column et_pb_css_mix_blend_mode_passthrough\">\n<div class=\"et_pb_text_28 et_pb_text et_pb_bg_layout_light et_pb_module et_block_module\"><div class=\"et_pb_text_inner\"><h2>Our brands<\/h2>\n<\/div><\/div>\n<\/div>\n<\/div>\n\n<div class=\"et_pb_row_13 et_pb_row et_pb_row_6col et_pb_equal_columns et_block_row et_block_row_6col\">\n<div class=\"et_pb_column_19 et_pb_column et_pb_column_1_6 et_block_column et_pb_css_mix_blend_mode_passthrough\">\n<div class=\"et_pb_blurb_6 et_pb_blurb et_pb_bg_layout_light et_pb_blurb_position_top et_pb_module et_flex_module logo-marque-link\"><div class=\"et_pb_blurb_content et_flex_module\"><div class=\"et_pb_main_blurb_image et_animated\"><a href=\"https:\/\/www.supercycles.be\/en\/urban-arrow\/\"><span class=\"et_pb_image_wrap et_pb_only_image_mode_wrap\"><img loading=\"lazy\" decoding=\"async\" src=\"https:\/\/www.supercycles.be\/wp-content\/uploads\/2026\/04\/urban-arrrow.webp\" width=\"480\" height=\"142\" srcset=\"https:\/\/www.supercycles.be\/wp-content\/uploads\/2026\/04\/urban-arrrow.webp 480w, https:\/\/www.supercycles.be\/wp-content\/uploads\/2026\/04\/urban-arrrow-300x89.webp 300w\" sizes=\"(max-width: 480px) 100vw, 480px\" class=\"wp-image-10035\" \/><\/span><\/a><\/div><div class=\"et_pb_blurb_container\"><\/div><\/div><\/div>\n<\/div>\n\n<div class=\"et_pb_column_20 et_pb_column et_pb_column_1_6 et_block_column et_pb_css_mix_blend_mode_passthrough\">\n<div class=\"et_pb_blurb_7 et_pb_blurb et_pb_bg_layout_light et_pb_blurb_position_top et_clickable et_pb_module et_flex_module logo-marque-link\"><div class=\"et_pb_blurb_content et_flex_module\"><div class=\"et_pb_main_blurb_image et_animated\"><span class=\"et_pb_image_wrap et_pb_only_image_mode_wrap\"><img loading=\"lazy\" decoding=\"async\" src=\"https:\/\/www.supercycles.be\/wp-content\/uploads\/2026\/04\/2-Liggend-Lovens_Black_RGB_LOGO-1536x524-1.png\" width=\"1536\" height=\"524\" srcset=\"https:\/\/www.supercycles.be\/wp-content\/uploads\/2026\/04\/2-Liggend-Lovens_Black_RGB_LOGO-1536x524-1.png 1536w, https:\/\/www.supercycles.be\/wp-content\/uploads\/2026\/04\/2-Liggend-Lovens_Black_RGB_LOGO-1536x524-1-1280x437.png 1280w, https:\/\/www.supercycles.be\/wp-content\/uploads\/2026\/04\/2-Liggend-Lovens_Black_RGB_LOGO-1536x524-1-980x334.png 980w, https:\/\/www.supercycles.be\/wp-content\/uploads\/2026\/04\/2-Liggend-Lovens_Black_RGB_LOGO-1536x524-1-480x164.png 480w\" sizes=\"(min-width: 0px) and (max-width: 480px) 480px, (min-width: 481px) and (max-width: 980px) 980px, (min-width: 981px) and (max-width: 1280px) 1280px, (min-width: 1281px) 1536px, 100vw\" class=\"wp-image-10038\" \/><\/span><\/div><div class=\"et_pb_blurb_container\"><\/div><\/div><\/div>\n<\/div>\n\n<div class=\"et_pb_column_21 et_pb_column et_pb_column_1_6 et_block_column et_pb_css_mix_blend_mode_passthrough\">\n<div class=\"et_pb_blurb_8 et_pb_blurb et_pb_bg_layout_light et_pb_blurb_position_top et_pb_module et_flex_module logo-marque-link\"><div class=\"et_pb_blurb_content et_flex_module\"><div class=\"et_pb_main_blurb_image et_animated\"><a href=\"https:\/\/dolly-bikes.com\" target=\"_blank\"><span class=\"et_pb_image_wrap et_pb_only_image_mode_wrap\"><img loading=\"lazy\" decoding=\"async\" src=\"https:\/\/www.supercycles.be\/wp-content\/uploads\/2026\/04\/dolly-logo-zwart-2025.png\" width=\"788\" height=\"392\" srcset=\"https:\/\/www.supercycles.be\/wp-content\/uploads\/2026\/04\/dolly-logo-zwart-2025.png 788w, https:\/\/www.supercycles.be\/wp-content\/uploads\/2026\/04\/dolly-logo-zwart-2025-480x239.png 480w\" sizes=\"(min-width: 0px) and (max-width: 480px) 480px, (min-width: 481px) 788px, 100vw\" class=\"wp-image-10033\" \/><\/span><\/a><\/div><div class=\"et_pb_blurb_container\"><\/div><\/div><\/div>\n<\/div>\n\n<div class=\"et_pb_column_22 et_pb_column et_pb_column_1_6 et_block_column et_pb_css_mix_blend_mode_passthrough\">\n<div class=\"et_pb_blurb_9 et_pb_blurb et_pb_bg_layout_light et_pb_blurb_position_top et_clickable et_pb_module et_flex_module logo-marque-link\"><div class=\"et_pb_blurb_content et_flex_module\"><div class=\"et_pb_main_blurb_image et_animated\"><span class=\"et_pb_image_wrap et_pb_only_image_mode_wrap\"><img loading=\"lazy\" decoding=\"async\" src=\"https:\/\/www.supercycles.be\/wp-content\/uploads\/2026\/04\/tern_logo.webp\" width=\"480\" height=\"222\" srcset=\"https:\/\/www.supercycles.be\/wp-content\/uploads\/2026\/04\/tern_logo.webp 480w, https:\/\/www.supercycles.be\/wp-content\/uploads\/2026\/04\/tern_logo-300x139.webp 300w\" sizes=\"(max-width: 480px) 100vw, 480px\" class=\"wp-image-10039\" \/><\/span><\/div><div class=\"et_pb_blurb_container\"><\/div><\/div><\/div>\n<\/div>\n\n<div class=\"et_pb_column_23 et_pb_column et_pb_column_1_6 et_block_column et_pb_css_mix_blend_mode_passthrough\">\n<div class=\"et_pb_blurb_10 et_pb_blurb et_pb_bg_layout_light et_pb_blurb_position_top et_pb_module et_flex_module logo-marque-link\"><div class=\"et_pb_blurb_content et_flex_module\"><div class=\"et_pb_main_blurb_image et_animated\"><a href=\"https:\/\/bike43.com\" target=\"_blank\"><span class=\"et_pb_image_wrap et_pb_only_image_mode_wrap\"><img loading=\"lazy\" decoding=\"async\" src=\"https:\/\/www.supercycles.be\/wp-content\/uploads\/2026\/04\/logo-1.png\" width=\"416\" height=\"254\" srcset=\"https:\/\/www.supercycles.be\/wp-content\/uploads\/2026\/04\/logo-1.png 416w, https:\/\/www.supercycles.be\/wp-content\/uploads\/2026\/04\/logo-1-300x183.png 300w\" sizes=\"(max-width: 416px) 100vw, 416px\" class=\"wp-image-10041\" \/><\/span><\/a><\/div><div class=\"et_pb_blurb_container\"><\/div><\/div><\/div>\n<\/div>\n\n<div class=\"et_pb_column_24 et_pb_column et_pb_column_1_6 et-last-child et_block_column et_pb_css_mix_blend_mode_passthrough\">\n<div class=\"et_pb_blurb_11 et_pb_blurb et_pb_bg_layout_light et_pb_blurb_position_top et_clickable et_pb_module et_flex_module logo-marque-link\"><div class=\"et_pb_blurb_content et_flex_module\"><div class=\"et_pb_main_blurb_image et_animated\"><span class=\"et_pb_image_wrap et_pb_only_image_mode_wrap\"><img loading=\"lazy\" decoding=\"async\" src=\"https:\/\/www.supercycles.be\/wp-content\/uploads\/2026\/04\/Veloe.webp\" width=\"285\" height=\"114\" srcset=\"https:\/\/www.supercycles.be\/wp-content\/uploads\/2026\/04\/Veloe.webp 285w\" sizes=\"(max-width: 285px) 100vw, 285px\" class=\"wp-image-10042\" \/><\/span><\/div><div class=\"et_pb_blurb_container\"><\/div><\/div><\/div>\n<\/div>\n<\/div>\n\n<div class=\"et_pb_row_14 et_pb_row et_pb_row_5col et_pb_equal_columns et_block_row et_block_row_5col\">\n<div class=\"et_pb_column_25 et_pb_column et_pb_column_1_5 et_block_column et_pb_css_mix_blend_mode_passthrough\">\n<div class=\"et_pb_blurb_12 et_pb_blurb et_pb_bg_layout_light et_pb_blurb_position_top et_pb_module et_flex_module logo-marque-link\"><div class=\"et_pb_blurb_content et_flex_module\"><div class=\"et_pb_main_blurb_image et_animated\"><a href=\"http:\/\/isy.de\/de-de\" target=\"_blank\"><span class=\"et_pb_image_wrap et_pb_only_image_mode_wrap\"><img loading=\"lazy\" decoding=\"async\" src=\"https:\/\/www.supercycles.be\/wp-content\/uploads\/2026\/04\/iSY_Logo_claim_orange_rgb.png\" width=\"1537\" height=\"552\" srcset=\"https:\/\/www.supercycles.be\/wp-content\/uploads\/2026\/04\/iSY_Logo_claim_orange_rgb.png 1537w, https:\/\/www.supercycles.be\/wp-content\/uploads\/2026\/04\/iSY_Logo_claim_orange_rgb-1280x460.png 1280w, https:\/\/www.supercycles.be\/wp-content\/uploads\/2026\/04\/iSY_Logo_claim_orange_rgb-980x352.png 980w, https:\/\/www.supercycles.be\/wp-content\/uploads\/2026\/04\/iSY_Logo_claim_orange_rgb-480x172.png 480w\" sizes=\"(min-width: 0px) and (max-width: 480px) 480px, (min-width: 481px) and (max-width: 980px) 980px, (min-width: 981px) and (max-width: 1280px) 1280px, (min-width: 1281px) 1537px, 100vw\" class=\"wp-image-11166\" \/><\/span><\/a><\/div><div class=\"et_pb_blurb_container\"><\/div><\/div><\/div>\n<\/div>\n\n<div class=\"et_pb_column_26 et_pb_column et_pb_column_1_5 et_block_column et_pb_css_mix_blend_mode_passthrough\">\n<div class=\"et_pb_blurb_13 et_pb_blurb et_pb_bg_layout_light et_pb_blurb_position_top et_pb_module et_flex_module logo-marque-link\"><div class=\"et_pb_blurb_content et_flex_module\"><div class=\"et_pb_main_blurb_image et_animated\"><a href=\"https:\/\/www.gazellebikes.com\" target=\"_blank\"><span class=\"et_pb_image_wrap et_pb_only_image_mode_wrap\"><img loading=\"lazy\" decoding=\"async\" src=\"https:\/\/www.supercycles.be\/wp-content\/uploads\/2026\/04\/220th_sm_UewHbkTYXBR31sQi.png\" width=\"220\" height=\"34\" srcset=\"https:\/\/www.supercycles.be\/wp-content\/uploads\/2026\/04\/220th_sm_UewHbkTYXBR31sQi.png 220w\" sizes=\"(max-width: 220px) 100vw, 220px\" class=\"wp-image-10046\" \/><\/span><\/a><\/div><div class=\"et_pb_blurb_container\"><\/div><\/div><\/div>\n<\/div>\n\n<div class=\"et_pb_column_27 et_pb_column et_pb_column_1_5 et_block_column et_pb_css_mix_blend_mode_passthrough\">\n<div class=\"et_pb_blurb_14 et_pb_blurb et_pb_bg_layout_light et_pb_blurb_position_top et_pb_module et_flex_module logo-marque-link\"><div class=\"et_pb_blurb_content et_flex_module\"><div class=\"et_pb_main_blurb_image et_animated\"><a href=\"https:\/\/www.supercycles.be\/en\/velo-de-ville\/\"><span class=\"et_pb_image_wrap et_pb_only_image_mode_wrap\"><img loading=\"lazy\" decoding=\"async\" src=\"https:\/\/www.supercycles.be\/wp-content\/uploads\/2026\/04\/vdv-logo.webp\" width=\"480\" height=\"38\" srcset=\"https:\/\/www.supercycles.be\/wp-content\/uploads\/2026\/04\/vdv-logo.webp 480w, https:\/\/www.supercycles.be\/wp-content\/uploads\/2026\/04\/vdv-logo-300x24.webp 300w\" sizes=\"(max-width: 480px) 100vw, 480px\" class=\"wp-image-10047\" \/><\/span><\/a><\/div><div class=\"et_pb_blurb_container\"><\/div><\/div><\/div>\n<\/div>\n\n<div class=\"et_pb_column_28 et_pb_column et_pb_column_1_5 et_block_column et_pb_css_mix_blend_mode_passthrough\">\n<div class=\"et_pb_blurb_15 et_pb_blurb et_pb_bg_layout_light et_pb_blurb_position_top et_pb_module et_flex_module logo-marque-link\"><div class=\"et_pb_blurb_content et_flex_module\"><div class=\"et_pb_main_blurb_image et_animated\"><a href=\"https:\/\/superiorbikes.com\" target=\"_blank\"><span class=\"et_pb_image_wrap et_pb_only_image_mode_wrap\"><img loading=\"lazy\" decoding=\"async\" src=\"https:\/\/www.supercycles.be\/wp-content\/uploads\/2026\/04\/Logo-Superior-Noir-1-1.png\" width=\"2127\" height=\"445\" srcset=\"https:\/\/www.supercycles.be\/wp-content\/uploads\/2026\/04\/Logo-Superior-Noir-1-1.png 2127w, https:\/\/www.supercycles.be\/wp-content\/uploads\/2026\/04\/Logo-Superior-Noir-1-1-1280x268.png 1280w, https:\/\/www.supercycles.be\/wp-content\/uploads\/2026\/04\/Logo-Superior-Noir-1-1-980x205.png 980w, https:\/\/www.supercycles.be\/wp-content\/uploads\/2026\/04\/Logo-Superior-Noir-1-1-480x100.png 480w\" sizes=\"(min-width: 0px) and (max-width: 480px) 480px, (min-width: 481px) and (max-width: 980px) 980px, (min-width: 981px) and (max-width: 1280px) 1280px, (min-width: 1281px) 2127px, 100vw\" class=\"wp-image-10048\" \/><\/span><\/a><\/div><div class=\"et_pb_blurb_container\"><\/div><\/div><\/div>\n<\/div>\n\n<div class=\"et_pb_column_29 et_pb_column et_pb_column_1_5 et-last-child et_block_column et_pb_css_mix_blend_mode_passthrough\">\n<div class=\"et_pb_blurb_16 et_pb_blurb et_pb_bg_layout_light et_pb_blurb_position_top et_pb_module et_flex_module logo-marque-link\"><div class=\"et_pb_blurb_content et_flex_module\"><div class=\"et_pb_main_blurb_image et_animated\"><a href=\"https:\/\/www.bemoov-bikes.com\" target=\"_blank\"><span class=\"et_pb_image_wrap et_pb_only_image_mode_wrap\"><img loading=\"lazy\" decoding=\"async\" src=\"https:\/\/www.supercycles.be\/wp-content\/uploads\/2026\/04\/bemooov.jpg.webp\" width=\"285\" height=\"132\" srcset=\"https:\/\/www.supercycles.be\/wp-content\/uploads\/2026\/04\/bemooov.jpg.webp 285w\" sizes=\"(max-width: 285px) 100vw, 285px\" class=\"wp-image-10049\" \/><\/span><\/a><\/div><div class=\"et_pb_blurb_container\"><\/div><\/div><\/div>\n<\/div>\n<\/div>\n\n<div class=\"et_pb_row_15 et_pb_row et_flex_row\">\n<div class=\"et_pb_column_30 et_pb_column et-last-child et_flex_column et_pb_css_mix_blend_mode_passthrough et_flex_column_24_24 et_flex_column_24_24_tablet et_flex_column_24_24_phone\">\n<div class=\"et_pb_code_1 et_pb_code et_pb_module\"><div class=\"et_pb_code_inner\"><style>\n\/* =========================================\n   LOGOS DES MARQUES \u2014 ORDINATEUR ET TABLETTE\n   Classe Divi : logo-marque-link\n   Aucun effet sous 768 px\n   ========================================= *\/\n\n@media only screen and (min-width: 768px) {\n\n    \/* Encadr\u00e9 principal *\/\n    .logo-marque-link {\n        position: relative;\n\n        display: flex !important;\n        align-items: center !important;\n        justify-content: center !important;\n\n        width: 130px !important;\n        max-width: 130px !important;\n        height: 110px !important;\n        min-height: 110px !important;\n\n        margin-left: auto !important;\n        margin-right: auto !important;\n\n        \/* Logos plus grands *\/\n        padding: 6px !important;\n        box-sizing: border-box !important;\n\n        background-color: #ffffff;\n        border: 1px solid rgba(30, 45, 37, 0.08);\n        border-radius: 18px !important;\n\n        cursor: pointer;\n\n        transition:\n            transform 250ms ease,\n            box-shadow 250ms ease,\n            border-color 250ms ease;\n    }\n\n    \/* Suppression compl\u00e8te de l\u2019ancienne fl\u00e8che *\/\n    .logo-marque-link::after {\n        content: none !important;\n        display: none !important;\n    }\n\n    \/* Contenu du module R\u00e9sum\u00e9 Divi *\/\n    .logo-marque-link .et_pb_blurb_content {\n        display: flex !important;\n        align-items: center !important;\n        justify-content: center !important;\n\n        width: 100% !important;\n        max-width: none !important;\n        height: 100% !important;\n    }\n\n    \/* Zone principale de l\u2019image *\/\n    .logo-marque-link .et_pb_main_blurb_image {\n        display: flex !important;\n        align-items: center !important;\n        justify-content: center !important;\n\n        width: 100% !important;\n        height: 100% !important;\n\n        margin: 0 !important;\n        padding: 0 !important;\n    }\n\n    \/* Le lien occupe toute la surface *\/\n    .logo-marque-link .et_pb_main_blurb_image > a {\n        display: flex !important;\n        align-items: center !important;\n        justify-content: center !important;\n\n        width: 100% !important;\n        height: 100% !important;\n    }\n\n    \/* Conteneur de l\u2019image *\/\n    .logo-marque-link .et_pb_image_wrap {\n        display: flex !important;\n        align-items: center !important;\n        justify-content: center !important;\n\n        width: 100% !important;\n        height: 100% !important;\n    }\n\n    \/* Suppression de l\u2019espace vide sous le logo *\/\n    .logo-marque-link .et_pb_blurb_container {\n        display: none !important;\n    }\n\n    \/* Logo enti\u00e8rement visible *\/\n    .logo-marque-link img {\n        display: block !important;\n\n        width: 100% !important;\n        height: 100% !important;\n\n        max-width: 100% !important;\n        max-height: 100% !important;\n\n        object-fit: contain !important;\n        object-position: center center !important;\n\n        margin: 0 !important;\n        padding: 0 !important;\n\n        transform: scale(1);\n\n        transition:\n            transform 250ms ease,\n            opacity 250ms ease;\n    }\n\n    \/* Effet au survol *\/\n    .logo-marque-link:hover {\n        border-color: rgba(30, 45, 37, 0.18);\n        box-shadow: 0 12px 28px rgba(0, 0, 0, 0.10);\n        transform: translateY(-4px);\n    }\n\n    \/* Agrandissement l\u00e9ger du logo *\/\n    .logo-marque-link:hover img {\n        transform: scale(1.06);\n        opacity: 0.96;\n    }\n\n    \/* Navigation au clavier *\/\n    .logo-marque-link a:focus-visible {\n        outline: 3px solid #1e2d25;\n        outline-offset: 4px;\n        border-radius: 14px;\n    }\n}\n\n\/* =========================================\n   TABLETTE UNIQUEMENT\n   ========================================= *\/\n\n@media only screen and (min-width: 768px) and (max-width: 980px) {\n    .logo-marque-link {\n        width: 100% !important;\n        max-width: 180px !important;\n\n        height: 115px !important;\n        min-height: 115px !important;\n\n        padding: 10px !important;\n    }\n}\n\n\/* Accessibilit\u00e9 *\/\n@media only screen and (min-width: 768px) and (prefers-reduced-motion: reduce) {\n    .logo-marque-link,\n    .logo-marque-link img {\n        transition: none !important;\n    }\n}\n<\/style><\/div><\/div>\n<\/div>\n<\/div>\n<\/div>\n\n<div class=\"et_pb_section_5 et_pb_section et_section_regular et_block_section\">\n<div class=\"et_pb_row_16 et_pb_row et_flex_row\">\n<div class=\"et_pb_column_31 et_pb_column et-last-child et_block_column et_pb_css_mix_blend_mode_passthrough et_flex_column_24_24 et_flex_column_24_24_tablet et_flex_column_24_24_phone\">\n<div class=\"et_pb_text_29 et_pb_text et_pb_bg_layout_light et_pb_module et_block_module\"><div class=\"et_pb_text_inner\"><h2>Our brands<\/h2>\n<\/div><\/div>\n<\/div>\n<\/div>\n\n<div class=\"et_pb_row_17 et_pb_row et_flex_row\">\n<div class=\"et_pb_column_32 et_pb_column et-last-child et_block_column et_pb_css_mix_blend_mode_passthrough et_flex_column_24_24 et_flex_column_24_24_tablet et_flex_column_24_24_phone ligne-marques-mobile\">\n<div class=\"et_pb_blurb_17 et_pb_blurb et_pb_bg_layout_light et_pb_blurb_position_top et_pb_module et_flex_module logo-marque-mobile\"><div class=\"et_pb_blurb_content et_flex_module\"><div class=\"et_pb_main_blurb_image et_animated\"><a href=\"https:\/\/www.supercycles.be\/en\/urban-arrow\/\" target=\"_blank\"><span class=\"et_pb_image_wrap et_pb_only_image_mode_wrap\"><img loading=\"lazy\" decoding=\"async\" src=\"https:\/\/www.supercycles.be\/wp-content\/uploads\/2026\/04\/urban-arrrow.webp\" width=\"480\" height=\"142\" srcset=\"https:\/\/www.supercycles.be\/wp-content\/uploads\/2026\/04\/urban-arrrow.webp 480w, https:\/\/www.supercycles.be\/wp-content\/uploads\/2026\/04\/urban-arrrow-300x89.webp 300w\" sizes=\"(max-width: 480px) 100vw, 480px\" class=\"wp-image-10035\" \/><\/span><\/a><\/div><div class=\"et_pb_blurb_container\"><\/div><\/div><\/div>\n\n<div class=\"et_pb_blurb_18 et_pb_blurb et_pb_bg_layout_light et_pb_blurb_position_top et_clickable et_pb_module et_flex_module logo-marque-mobile\"><div class=\"et_pb_blurb_content et_flex_module\"><div class=\"et_pb_main_blurb_image et_animated\"><span class=\"et_pb_image_wrap et_pb_only_image_mode_wrap\"><img loading=\"lazy\" decoding=\"async\" src=\"https:\/\/www.supercycles.be\/wp-content\/uploads\/2026\/04\/Veloe.webp\" width=\"285\" height=\"114\" srcset=\"https:\/\/www.supercycles.be\/wp-content\/uploads\/2026\/04\/Veloe.webp 285w\" sizes=\"(max-width: 285px) 100vw, 285px\" class=\"wp-image-10042\" \/><\/span><\/div><div class=\"et_pb_blurb_container\"><\/div><\/div><\/div>\n\n<div class=\"et_pb_blurb_19 et_pb_blurb et_pb_bg_layout_light et_pb_blurb_position_top et_clickable et_pb_module et_flex_module logo-marque-mobile\"><div class=\"et_pb_blurb_content et_flex_module\"><div class=\"et_pb_main_blurb_image et_animated\"><span class=\"et_pb_image_wrap et_pb_only_image_mode_wrap\"><img loading=\"lazy\" decoding=\"async\" src=\"https:\/\/www.supercycles.be\/wp-content\/uploads\/2026\/04\/2-Liggend-Lovens_Black_RGB_LOGO-1536x524-1.png\" width=\"1536\" height=\"524\" srcset=\"https:\/\/www.supercycles.be\/wp-content\/uploads\/2026\/04\/2-Liggend-Lovens_Black_RGB_LOGO-1536x524-1.png 1536w, https:\/\/www.supercycles.be\/wp-content\/uploads\/2026\/04\/2-Liggend-Lovens_Black_RGB_LOGO-1536x524-1-1280x437.png 1280w, https:\/\/www.supercycles.be\/wp-content\/uploads\/2026\/04\/2-Liggend-Lovens_Black_RGB_LOGO-1536x524-1-980x334.png 980w, https:\/\/www.supercycles.be\/wp-content\/uploads\/2026\/04\/2-Liggend-Lovens_Black_RGB_LOGO-1536x524-1-480x164.png 480w\" sizes=\"(min-width: 0px) and (max-width: 480px) 480px, (min-width: 481px) and (max-width: 980px) 980px, (min-width: 981px) and (max-width: 1280px) 1280px, (min-width: 1281px) 1536px, 100vw\" class=\"wp-image-10038\" \/><\/span><\/div><div class=\"et_pb_blurb_container\"><\/div><\/div><\/div>\n\n<div class=\"et_pb_blurb_20 et_pb_blurb et_pb_bg_layout_light et_pb_blurb_position_top et_pb_module et_flex_module logo-marque-mobile\"><div class=\"et_pb_blurb_content et_flex_module\"><div class=\"et_pb_main_blurb_image et_animated\"><a href=\"https:\/\/www.gazellebikes.com\" target=\"_blank\"><span class=\"et_pb_image_wrap et_pb_only_image_mode_wrap\"><img loading=\"lazy\" decoding=\"async\" src=\"https:\/\/www.supercycles.be\/wp-content\/uploads\/2026\/04\/220th_sm_UewHbkTYXBR31sQi.png\" width=\"220\" height=\"34\" srcset=\"https:\/\/www.supercycles.be\/wp-content\/uploads\/2026\/04\/220th_sm_UewHbkTYXBR31sQi.png 220w\" sizes=\"(max-width: 220px) 100vw, 220px\" class=\"wp-image-10046\" \/><\/span><\/a><\/div><div class=\"et_pb_blurb_container\"><\/div><\/div><\/div>\n\n<div class=\"et_pb_blurb_21 et_pb_blurb et_pb_bg_layout_light et_pb_blurb_position_top et_pb_module et_flex_module logo-marque-mobile\"><div class=\"et_pb_blurb_content et_flex_module\"><div class=\"et_pb_main_blurb_image et_animated\"><a href=\"https:\/\/dolly-bikes.com\" target=\"_blank\"><span class=\"et_pb_image_wrap et_pb_only_image_mode_wrap\"><img loading=\"lazy\" decoding=\"async\" src=\"https:\/\/www.supercycles.be\/wp-content\/uploads\/2026\/04\/dolly-logo-zwart-2025.png\" width=\"788\" height=\"392\" srcset=\"https:\/\/www.supercycles.be\/wp-content\/uploads\/2026\/04\/dolly-logo-zwart-2025.png 788w, https:\/\/www.supercycles.be\/wp-content\/uploads\/2026\/04\/dolly-logo-zwart-2025-480x239.png 480w\" sizes=\"(min-width: 0px) and (max-width: 480px) 480px, (min-width: 481px) 788px, 100vw\" class=\"wp-image-10033\" \/><\/span><\/a><\/div><div class=\"et_pb_blurb_container\"><\/div><\/div><\/div>\n\n<div class=\"et_pb_blurb_22 et_pb_blurb et_pb_bg_layout_light et_pb_blurb_position_top et_pb_module et_flex_module logo-marque-mobile\"><div class=\"et_pb_blurb_content et_flex_module\"><div class=\"et_pb_main_blurb_image et_animated\"><a href=\"https:\/\/www.supercycles.be\/en\/velo-de-ville\/\"><span class=\"et_pb_image_wrap et_pb_only_image_mode_wrap\"><img loading=\"lazy\" decoding=\"async\" src=\"https:\/\/www.supercycles.be\/wp-content\/uploads\/2026\/04\/vdv-logo.webp\" width=\"480\" height=\"38\" srcset=\"https:\/\/www.supercycles.be\/wp-content\/uploads\/2026\/04\/vdv-logo.webp 480w, https:\/\/www.supercycles.be\/wp-content\/uploads\/2026\/04\/vdv-logo-300x24.webp 300w\" sizes=\"(max-width: 480px) 100vw, 480px\" class=\"wp-image-10047\" \/><\/span><\/a><\/div><div class=\"et_pb_blurb_container\"><\/div><\/div><\/div>\n\n<div class=\"et_pb_blurb_23 et_pb_blurb et_pb_bg_layout_light et_pb_blurb_position_top et_clickable et_pb_module et_flex_module logo-marque-mobile\"><div class=\"et_pb_blurb_content et_flex_module\"><div class=\"et_pb_main_blurb_image et_animated\"><span class=\"et_pb_image_wrap et_pb_only_image_mode_wrap\"><img loading=\"lazy\" decoding=\"async\" src=\"https:\/\/www.supercycles.be\/wp-content\/uploads\/2026\/04\/tern_logo.webp\" width=\"480\" height=\"222\" srcset=\"https:\/\/www.supercycles.be\/wp-content\/uploads\/2026\/04\/tern_logo.webp 480w, https:\/\/www.supercycles.be\/wp-content\/uploads\/2026\/04\/tern_logo-300x139.webp 300w\" sizes=\"(max-width: 480px) 100vw, 480px\" class=\"wp-image-10039\" \/><\/span><\/div><div class=\"et_pb_blurb_container\"><\/div><\/div><\/div>\n\n<div class=\"et_pb_blurb_24 et_pb_blurb et_pb_bg_layout_light et_pb_blurb_position_top et_pb_module et_flex_module logo-marque-mobile\"><div class=\"et_pb_blurb_content et_flex_module\"><div class=\"et_pb_main_blurb_image et_animated\"><a href=\"https:\/\/superiorbikes.com\" target=\"_blank\"><span class=\"et_pb_image_wrap et_pb_only_image_mode_wrap\"><img loading=\"lazy\" decoding=\"async\" src=\"https:\/\/www.supercycles.be\/wp-content\/uploads\/2026\/04\/Logo-Superior-Noir-1-1.png\" width=\"2127\" height=\"445\" srcset=\"https:\/\/www.supercycles.be\/wp-content\/uploads\/2026\/04\/Logo-Superior-Noir-1-1.png 2127w, https:\/\/www.supercycles.be\/wp-content\/uploads\/2026\/04\/Logo-Superior-Noir-1-1-1280x268.png 1280w, https:\/\/www.supercycles.be\/wp-content\/uploads\/2026\/04\/Logo-Superior-Noir-1-1-980x205.png 980w, https:\/\/www.supercycles.be\/wp-content\/uploads\/2026\/04\/Logo-Superior-Noir-1-1-480x100.png 480w\" sizes=\"(min-width: 0px) and (max-width: 480px) 480px, (min-width: 481px) and (max-width: 980px) 980px, (min-width: 981px) and (max-width: 1280px) 1280px, (min-width: 1281px) 2127px, 100vw\" class=\"wp-image-10048\" \/><\/span><\/a><\/div><div class=\"et_pb_blurb_container\"><\/div><\/div><\/div>\n\n<div class=\"et_pb_blurb_25 et_pb_blurb et_pb_bg_layout_light et_pb_blurb_position_top et_pb_module et_flex_module logo-marque-mobile\"><div class=\"et_pb_blurb_content et_flex_module\"><div class=\"et_pb_main_blurb_image et_animated\"><a href=\"https:\/\/bike43.com\" target=\"_blank\"><span class=\"et_pb_image_wrap et_pb_only_image_mode_wrap\"><img loading=\"lazy\" decoding=\"async\" src=\"https:\/\/www.supercycles.be\/wp-content\/uploads\/2026\/04\/logo-1.png\" width=\"416\" height=\"254\" srcset=\"https:\/\/www.supercycles.be\/wp-content\/uploads\/2026\/04\/logo-1.png 416w, https:\/\/www.supercycles.be\/wp-content\/uploads\/2026\/04\/logo-1-300x183.png 300w\" sizes=\"(max-width: 416px) 100vw, 416px\" class=\"wp-image-10041\" \/><\/span><\/a><\/div><div class=\"et_pb_blurb_container\"><\/div><\/div><\/div>\n\n<div class=\"et_pb_blurb_26 et_pb_blurb et_pb_bg_layout_light et_pb_blurb_position_top et_pb_module et_flex_module logo-marque-mobile\"><div class=\"et_pb_blurb_content et_flex_module\"><div class=\"et_pb_main_blurb_image et_animated\"><a href=\"http:\/\/isy.de\/de-de\" target=\"_blank\"><span class=\"et_pb_image_wrap et_pb_only_image_mode_wrap\"><img loading=\"lazy\" decoding=\"async\" src=\"https:\/\/www.supercycles.be\/wp-content\/uploads\/2026\/04\/iSY_Logo_claim_orange_rgb.png\" width=\"1537\" height=\"552\" srcset=\"https:\/\/www.supercycles.be\/wp-content\/uploads\/2026\/04\/iSY_Logo_claim_orange_rgb.png 1537w, https:\/\/www.supercycles.be\/wp-content\/uploads\/2026\/04\/iSY_Logo_claim_orange_rgb-1280x460.png 1280w, https:\/\/www.supercycles.be\/wp-content\/uploads\/2026\/04\/iSY_Logo_claim_orange_rgb-980x352.png 980w, https:\/\/www.supercycles.be\/wp-content\/uploads\/2026\/04\/iSY_Logo_claim_orange_rgb-480x172.png 480w\" sizes=\"(min-width: 0px) and (max-width: 480px) 480px, (min-width: 481px) and (max-width: 980px) 980px, (min-width: 981px) and (max-width: 1280px) 1280px, (min-width: 1281px) 1537px, 100vw\" class=\"wp-image-11166\" \/><\/span><\/a><\/div><div class=\"et_pb_blurb_container\"><\/div><\/div><\/div>\n\n<div class=\"et_pb_blurb_27 et_pb_blurb et_pb_bg_layout_light et_pb_blurb_position_top et_pb_module et_flex_module logo-marque-mobile\"><div class=\"et_pb_blurb_content et_flex_module\"><div class=\"et_pb_main_blurb_image et_animated\"><a href=\"https:\/\/www.bemoov-bikes.com\" target=\"_blank\"><span class=\"et_pb_image_wrap et_pb_only_image_mode_wrap\"><img loading=\"lazy\" decoding=\"async\" src=\"https:\/\/www.supercycles.be\/wp-content\/uploads\/2026\/04\/bemooov.jpg.webp\" width=\"285\" height=\"132\" srcset=\"https:\/\/www.supercycles.be\/wp-content\/uploads\/2026\/04\/bemooov.jpg.webp 285w\" sizes=\"(max-width: 285px) 100vw, 285px\" class=\"wp-image-10049\" \/><\/span><\/a><\/div><div class=\"et_pb_blurb_container\"><\/div><\/div><\/div>\n<\/div>\n<\/div>\n\n<div class=\"et_pb_row_18 et_pb_row et_flex_row\">\n<div class=\"et_pb_column_33 et_pb_column et-last-child et_flex_column et_pb_css_mix_blend_mode_passthrough et_flex_column_24_24 et_flex_column_24_24_tablet et_flex_column_24_24_phone\">\n<div class=\"et_pb_code_2 et_pb_code et_pb_module\"><div class=\"et_pb_code_inner\"><style>\n\/* =========================================\n   LOGOS DES MARQUES \u2014 T\u00c9L\u00c9PHONE\n   Une seule colonne verticale\n   ========================================= *\/\n\n@media only screen and (max-width: 767px) {\n\n    \/* Rang\u00e9e Divi *\/\n    .ligne-marques-mobile {\n        width: 100% !important;\n        max-width: none !important;\n\n        margin: 0 auto !important;\n        padding: 10px 0 20px !important;\n    }\n\n    \/* Colonne verticale centr\u00e9e *\/\n    .ligne-marques-mobile .et_pb_column {\n        display: flex !important;\n        flex-direction: column !important;\n        align-items: center !important;\n        justify-content: flex-start !important;\n\n        gap: 20px !important;\n\n        width: 100% !important;\n        max-width: none !important;\n\n        margin: 0 !important;\n        padding: 0 !important;\n    }\n\n    \/* Encadr\u00e9 de chaque logo *\/\n    .logo-marque-mobile {\n        flex: none !important;\n\n        display: flex !important;\n        align-items: center !important;\n        justify-content: center !important;\n\n        width: 170px !important;\n        max-width: 170px !important;\n\n        height: 110px !important;\n        min-height: 110px !important;\n\n        margin: 0 auto !important;\n        padding: 8px !important;\n\n        box-sizing: border-box !important;\n\n        background-color: #ffffff;\n        border: 1px solid rgba(30, 45, 37, 0.08);\n        border-radius: 18px !important;\n\n        box-shadow: 0 4px 12px rgba(0, 0, 0, 0.06);\n\n        overflow: hidden;\n        cursor: pointer;\n\n        touch-action: manipulation;\n        -webkit-tap-highlight-color: transparent;\n\n        transition:\n            transform 150ms ease,\n            border-color 150ms ease,\n            background-color 150ms ease;\n    }\n\n    \/* Aucune fl\u00e8che *\/\n    .logo-marque-mobile::after {\n        content: none !important;\n        display: none !important;\n    }\n\n    \/* Contenu du module R\u00e9sum\u00e9 *\/\n    .logo-marque-mobile .et_pb_blurb_content,\n    .logo-marque-mobile .et_pb_main_blurb_image,\n    .logo-marque-mobile .et_pb_image_wrap,\n    .logo-marque-mobile .et_pb_main_blurb_image > a {\n        display: flex !important;\n        align-items: center !important;\n        justify-content: center !important;\n\n        width: 100% !important;\n        max-width: none !important;\n        height: 100% !important;\n\n        margin: 0 !important;\n        padding: 0 !important;\n    }\n\n    \/* Suppression de l\u2019espace vide sous l\u2019image *\/\n    .logo-marque-mobile .et_pb_blurb_container {\n        display: none !important;\n    }\n\n    \/* Logo enti\u00e8rement visible et centr\u00e9 *\/\n    .logo-marque-mobile img {\n        display: block !important;\n\n        width: 100% !important;\n        height: 100% !important;\n\n        max-width: 100% !important;\n        max-height: 100% !important;\n\n        object-fit: contain !important;\n        object-position: center center !important;\n\n        margin: 0 !important;\n        padding: 0 !important;\n\n        transition: transform 150ms ease;\n    }\n\n    \/* Retour visuel lors d\u2019un appui *\/\n    .logo-marque-mobile:active {\n        transform: scale(0.97);\n        background-color: #f8faf8;\n        border-color: rgba(30, 45, 37, 0.22);\n    }\n\n    .logo-marque-mobile:active img {\n        transform: scale(0.96);\n    }\n}\n<\/style><\/div><\/div>\n<\/div>\n<\/div>\n<\/div>","protected":false},"excerpt":{"rendered":"","protected":false},"author":1,"featured_media":11336,"parent":0,"menu_order":0,"comment_status":"closed","ping_status":"closed","template":"","meta":{"footnotes":""},"class_list":["post-10096","page","type-page","status-publish","has-post-thumbnail","hentry"],"yoast_head":"<!-- This site is optimized with the Yoast SEO Premium plugin v28.4 (Yoast SEO v28.4) - https:\/\/yoast.com\/product\/yoast-seo-premium-wordpress\/ -->\n<title>Home - Supercycles Fietsenwinkel in Alsemberg | Supercycles<\/title>\n<meta name=\"description\" content=\"Supercycles, fietsenwinkel in Alsemberg: verkoop, onderhoud, herstelling en fietsleasing voor Beersel, Sint-Genesius-Rode, Ukkel en Waterloo.\" \/>\n<meta name=\"robots\" content=\"index, follow, max-snippet:-1, max-image-preview:large, max-video-preview:-1\" \/>\n<link rel=\"canonical\" href=\"https:\/\/www.supercycles.be\/en\/\" \/>\n<meta property=\"og:locale\" content=\"en_GB\" \/>\n<meta property=\"og:type\" content=\"article\" \/>\n<meta property=\"og:title\" content=\"Home\" \/>\n<meta property=\"og:description\" content=\"Premium bike shop in Alsemberg near Brussels. E-bikes, cargo bikes, sport bikes &amp; kids bikes and expert service.\" \/>\n<meta property=\"og:url\" content=\"https:\/\/www.supercycles.be\/en\/\" \/>\n<meta property=\"og:site_name\" content=\"Supercycles\" \/>\n<meta property=\"article:publisher\" content=\"https:\/\/www.facebook.com\/people\/Supercycles\/61583785499409\/?mibextid=wwXIfr&amp;rdid=z4VkxEs0R3N7Q4hh&amp;share_url=httpswww.facebook.comshare18GTfGQGVDmibextidwwXIfr\" \/>\n<meta property=\"article:modified_time\" content=\"2026-09-01T17:00:14+00:00\" \/>\n<meta property=\"og:image\" content=\"https:\/\/www.supercycles.be\/wp-content\/uploads\/2026\/06\/IMG_4581-2-scaled.jpeg\" \/>\n\t<meta property=\"og:image:width\" content=\"2560\" \/>\n\t<meta property=\"og:image:height\" content=\"1440\" \/>\n\t<meta property=\"og:image:type\" content=\"image\/jpeg\" \/>\n<meta name=\"twitter:card\" content=\"summary_large_image\" \/>\n<meta name=\"twitter:label1\" content=\"Estimated reading time\" \/>\n\t<meta name=\"twitter:data1\" content=\"1 minute\" \/>\n<script type=\"application\/ld+json\" class=\"yoast-schema-graph\">{\"@context\":\"https:\\\/\\\/schema.org\",\"@graph\":[{\"@type\":\"WebPage\",\"@id\":\"https:\\\/\\\/www.supercycles.be\\\/\",\"url\":\"https:\\\/\\\/www.supercycles.be\\\/\",\"name\":\"Home - Supercycles Fietsenwinkel in Alsemberg | Supercycles\",\"isPartOf\":{\"@id\":\"https:\\\/\\\/www.supercycles.be\\\/#website\"},\"primaryImageOfPage\":{\"@id\":\"https:\\\/\\\/www.supercycles.be\\\/#primaryimage\"},\"image\":{\"@id\":\"https:\\\/\\\/www.supercycles.be\\\/#primaryimage\"},\"thumbnailUrl\":\"https:\\\/\\\/www.supercycles.be\\\/wp-content\\\/uploads\\\/2026\\\/06\\\/IMG_4581-2-scaled.jpeg\",\"datePublished\":\"2026-04-02T00:11:09+00:00\",\"dateModified\":\"2026-09-01T17:00:14+00:00\",\"description\":\"Supercycles, fietsenwinkel in Alsemberg: verkoop, onderhoud, herstelling en fietsleasing voor Beersel, Sint-Genesius-Rode, Ukkel en Waterloo.\",\"breadcrumb\":{\"@id\":\"https:\\\/\\\/www.supercycles.be\\\/#breadcrumb\"},\"inLanguage\":\"en-GB\",\"potentialAction\":[{\"@type\":\"ReadAction\",\"target\":[\"https:\\\/\\\/www.supercycles.be\\\/\"]}]},{\"@type\":\"ImageObject\",\"inLanguage\":\"en-GB\",\"@id\":\"https:\\\/\\\/www.supercycles.be\\\/#primaryimage\",\"url\":\"https:\\\/\\\/www.supercycles.be\\\/wp-content\\\/uploads\\\/2026\\\/06\\\/IMG_4581-2-scaled.jpeg\",\"contentUrl\":\"https:\\\/\\\/www.supercycles.be\\\/wp-content\\\/uploads\\\/2026\\\/06\\\/IMG_4581-2-scaled.jpeg\",\"width\":2560,\"height\":1440},{\"@type\":\"BreadcrumbList\",\"@id\":\"https:\\\/\\\/www.supercycles.be\\\/#breadcrumb\",\"itemListElement\":[{\"@type\":\"ListItem\",\"position\":1,\"name\":\"Accueil\",\"item\":\"https:\\\/\\\/www.supercycles.be\\\/\"},{\"@type\":\"ListItem\",\"position\":2,\"name\":\"Home\"}]},{\"@type\":\"WebSite\",\"@id\":\"https:\\\/\\\/www.supercycles.be\\\/#website\",\"url\":\"https:\\\/\\\/www.supercycles.be\\\/\",\"name\":\"Supercycles\",\"description\":\"Fietsenwinkel &amp; atelier in Alsemberg\",\"publisher\":{\"@id\":\"https:\\\/\\\/www.supercycles.be\\\/#organization\"},\"potentialAction\":[{\"@type\":\"SearchAction\",\"target\":{\"@type\":\"EntryPoint\",\"urlTemplate\":\"https:\\\/\\\/www.supercycles.be\\\/?s={search_term_string}\"},\"query-input\":{\"@type\":\"PropertyValueSpecification\",\"valueRequired\":true,\"valueName\":\"search_term_string\"}}],\"inLanguage\":\"en-GB\"},{\"@type\":[\"Organization\",\"Place\"],\"@id\":\"https:\\\/\\\/www.supercycles.be\\\/#organization\",\"name\":\"Supercycles\",\"url\":\"https:\\\/\\\/www.supercycles.be\\\/\",\"logo\":{\"@id\":\"https:\\\/\\\/www.supercycles.be\\\/#local-main-organization-logo\"},\"image\":{\"@id\":\"https:\\\/\\\/www.supercycles.be\\\/#local-main-organization-logo\"},\"sameAs\":[\"https:\\\/\\\/www.facebook.com\\\/people\\\/Supercycles\\\/61583785499409\\\/?mibextid=wwXIfr&rdid=z4VkxEs0R3N7Q4hh&share_url=httpswww.facebook.comshare18GTfGQGVDmibextidwwXIfr\",\"https:\\\/\\\/www.instagram.com\\\/supercycles.be?igsh=MWxhMGY4amQ5cXgyZA&utm_source=qr\"],\"description\":\"Supercycles est un magasin de v\u00e9los situ\u00e9 \u00e0 la fronti\u00e8re sud de Bruxelles, desservant Beersel, Rhode-Saint-Gen\u00e8se, Linkebeek, Waterloo et les environs, sp\u00e9cialis\u00e9 dans les v\u00e9los cargo, longtail, \u00e9lectriques et v\u00e9los sportifs. Nous proposons des marques reconnues comme Urban Arrow, Tern, Gazelle, Lovens et Superior, ainsi qu\u2019un service complet incluant la vente, l\u2019entretien, le leasing et le financement.\",\"legalName\":\"Supercycles\",\"foundingDate\":\"2026-02-23\",\"numberOfEmployees\":{\"@type\":\"QuantitativeValue\",\"minValue\":\"1\",\"maxValue\":\"10\"},\"address\":{\"@id\":\"https:\\\/\\\/www.supercycles.be\\\/#local-main-place-address\"},\"geo\":{\"@type\":\"GeoCoordinates\",\"latitude\":\"50.7473028\",\"longitude\":\"4.3274016\"},\"telephone\":[],\"contactPoint\":{\"@type\":\"ContactPoint\",\"telephone\":\"+32487588560\",\"email\":\"info@supercycles.be\"},\"openingHoursSpecification\":[{\"@type\":\"OpeningHoursSpecification\",\"dayOfWeek\":[\"Monday\",\"Sunday\"],\"opens\":\"00:00\",\"closes\":\"00:00\"},{\"@type\":\"OpeningHoursSpecification\",\"dayOfWeek\":[\"Tuesday\",\"Wednesday\",\"Thursday\",\"Friday\",\"Saturday\"],\"opens\":\"10:00\",\"closes\":\"18:30\"}],\"vatID\":\"BE1034725031\"},{\"@type\":\"PostalAddress\",\"@id\":\"https:\\\/\\\/www.supercycles.be\\\/#local-main-place-address\",\"streetAddress\":\"Hallesesteeweg 10\",\"addressLocality\":\"Alsemberg\",\"postalCode\":\"1652\",\"addressCountry\":\"BE\"},{\"@type\":\"ImageObject\",\"inLanguage\":\"en-GB\",\"@id\":\"https:\\\/\\\/www.supercycles.be\\\/#local-main-organization-logo\",\"url\":\"https:\\\/\\\/www.supercycles.be\\\/wp-content\\\/uploads\\\/2026\\\/04\\\/Supercycles_RGB_Logo_Positif-1-scaled.png\",\"contentUrl\":\"https:\\\/\\\/www.supercycles.be\\\/wp-content\\\/uploads\\\/2026\\\/04\\\/Supercycles_RGB_Logo_Positif-1-scaled.png\",\"width\":2560,\"height\":2321,\"caption\":\"Supercycles\"}]}<\/script>\n<meta name=\"geo.placename\" content=\"Alsemberg\" \/>\n<meta name=\"geo.position\" content=\"50.7473028;4.3274016\" \/>\n<meta name=\"geo.region\" content=\"Belgium\" \/>\n<!-- \/ Yoast SEO Premium plugin. -->","yoast_head_json":{"title":"Home - Supercycles Bicycle Shop in Alsemberg | Supercycles","description":"Supercycles, bicycle shop in Alsemberg: sales, maintenance, repairs and bicycle leasing for Beersel, Sint-Genesius-Rode, Uccle and Waterloo.","robots":{"index":"index","follow":"follow","max-snippet":"max-snippet:-1","max-image-preview":"max-image-preview:large","max-video-preview":"max-video-preview:-1"},"canonical":"https:\/\/www.supercycles.be\/en\/","og_locale":"en_GB","og_type":"article","og_title":"Home","og_description":"Premium bike shop in Alsemberg near Brussels. E-bikes, cargo bikes, sport bikes & kids bikes and expert service.","og_url":"https:\/\/www.supercycles.be\/en\/","og_site_name":"Supercycles","article_publisher":"https:\/\/www.facebook.com\/people\/Supercycles\/61583785499409\/?mibextid=wwXIfr&rdid=z4VkxEs0R3N7Q4hh&share_url=httpswww.facebook.comshare18GTfGQGVDmibextidwwXIfr","article_modified_time":"2026-09-01T17:00:14+00:00","og_image":[{"width":2560,"height":1440,"url":"https:\/\/www.supercycles.be\/wp-content\/uploads\/2026\/06\/IMG_4581-2-scaled.jpeg","type":"image\/jpeg"}],"twitter_card":"summary_large_image","twitter_misc":{"Estimated reading time":"1 minute"},"schema":{"@context":"https:\/\/schema.org","@graph":[{"@type":"WebPage","@id":"https:\/\/www.supercycles.be\/","url":"https:\/\/www.supercycles.be\/","name":"Home - Supercycles Bicycle Shop in Alsemberg | Supercycles","isPartOf":{"@id":"https:\/\/www.supercycles.be\/#website"},"primaryImageOfPage":{"@id":"https:\/\/www.supercycles.be\/#primaryimage"},"image":{"@id":"https:\/\/www.supercycles.be\/#primaryimage"},"thumbnailUrl":"https:\/\/www.supercycles.be\/wp-content\/uploads\/2026\/06\/IMG_4581-2-scaled.jpeg","datePublished":"2026-04-02T00:11:09+00:00","dateModified":"2026-09-01T17:00:14+00:00","description":"Supercycles, bicycle shop in Alsemberg: sales, maintenance, repairs and bicycle leasing for Beersel, Sint-Genesius-Rode, Uccle and Waterloo.","breadcrumb":{"@id":"https:\/\/www.supercycles.be\/#breadcrumb"},"inLanguage":"en-GB","potentialAction":[{"@type":"ReadAction","target":["https:\/\/www.supercycles.be\/"]}]},{"@type":"ImageObject","inLanguage":"en-GB","@id":"https:\/\/www.supercycles.be\/#primaryimage","url":"https:\/\/www.supercycles.be\/wp-content\/uploads\/2026\/06\/IMG_4581-2-scaled.jpeg","contentUrl":"https:\/\/www.supercycles.be\/wp-content\/uploads\/2026\/06\/IMG_4581-2-scaled.jpeg","width":2560,"height":1440},{"@type":"BreadcrumbList","@id":"https:\/\/www.supercycles.be\/#breadcrumb","itemListElement":[{"@type":"ListItem","position":1,"name":"Accueil","item":"https:\/\/www.supercycles.be\/"},{"@type":"ListItem","position":2,"name":"Home"}]},{"@type":"WebSite","@id":"https:\/\/www.supercycles.be\/#website","url":"https:\/\/www.supercycles.be\/","name":"Supercycles","description":"Bicycle shop &amp; workshop in Alsemberg","publisher":{"@id":"https:\/\/www.supercycles.be\/#organization"},"potentialAction":[{"@type":"SearchAction","target":{"@type":"EntryPoint","urlTemplate":"https:\/\/www.supercycles.be\/?s={search_term_string}"},"query-input":{"@type":"PropertyValueSpecification","valueRequired":true,"valueName":"search_term_string"}}],"inLanguage":"en-GB"},{"@type":["Organization","Place"],"@id":"https:\/\/www.supercycles.be\/#organization","name":"Supercycles","url":"https:\/\/www.supercycles.be\/","logo":{"@id":"https:\/\/www.supercycles.be\/#local-main-organization-logo"},"image":{"@id":"https:\/\/www.supercycles.be\/#local-main-organization-logo"},"sameAs":["https:\/\/www.facebook.com\/people\/Supercycles\/61583785499409\/?mibextid=wwXIfr&rdid=z4VkxEs0R3N7Q4hh&share_url=httpswww.facebook.comshare18GTfGQGVDmibextidwwXIfr","https:\/\/www.instagram.com\/supercycles.be?igsh=MWxhMGY4amQ5cXgyZA&utm_source=qr"],"description":"Supercycles is a bicycle shop located on the southern outskirts of Brussels, serving Beersel, Rhode-Saint-Gen\u00e8se, Linkebeek, Waterloo, and the surrounding areas. We specialise in cargo bikes, longtail bikes, electric bikes, and sports bikes. We offer renowned brands such as Urban Arrow, Tern, Gazelle, Lovens, and Superior, as well as a comprehensive service including sales, maintenance, leasing, and financing.","legalName":"Supercycles","foundingDate":"2026-02-23","numberOfEmployees":{"@type":"QuantitativeValue","minValue":"1","maxValue":"10"},"address":{"@id":"https:\/\/www.supercycles.be\/#local-main-place-address"},"geo":{"@type":"GeoCoordinates","latitude":"50.7473028","longitude":"4.3274016"},"telephone":[],"contactPoint":{"@type":"ContactPoint","telephone":"+32487588560","email":"info@supercycles.be"},"openingHoursSpecification":[{"@type":"OpeningHoursSpecification","dayOfWeek":["Monday","Sunday"],"opens":"00:00","closes":"00:00"},{"@type":"OpeningHoursSpecification","dayOfWeek":["Tuesday","Wednesday","Thursday","Friday","Saturday"],"opens":"10:00","closes":"18:30"}],"vatID":"BE1034725031"},{"@type":"PostalAddress","@id":"https:\/\/www.supercycles.be\/#local-main-place-address","streetAddress":"Hallesesteeweg 10","addressLocality":"Alsemberg","postalCode":"1652","addressCountry":"BE"},{"@type":"ImageObject","inLanguage":"en-GB","@id":"https:\/\/www.supercycles.be\/#local-main-organization-logo","url":"https:\/\/www.supercycles.be\/wp-content\/uploads\/2026\/04\/Supercycles_RGB_Logo_Positif-1-scaled.png","contentUrl":"https:\/\/www.supercycles.be\/wp-content\/uploads\/2026\/04\/Supercycles_RGB_Logo_Positif-1-scaled.png","width":2560,"height":2321,"caption":"Supercycles"}]},"geo.placename":"Alsemberg","geo.position":{"lat":"50.7473028","long":"4.3274016"},"geo.region":"Belgium"},"_links":{"self":[{"href":"https:\/\/www.supercycles.be\/en\/wp-json\/wp\/v2\/pages\/10096","targetHints":{"allow":["GET"]}}],"collection":[{"href":"https:\/\/www.supercycles.be\/en\/wp-json\/wp\/v2\/pages"}],"about":[{"href":"https:\/\/www.supercycles.be\/en\/wp-json\/wp\/v2\/types\/page"}],"author":[{"embeddable":true,"href":"https:\/\/www.supercycles.be\/en\/wp-json\/wp\/v2\/users\/1"}],"replies":[{"embeddable":true,"href":"https:\/\/www.supercycles.be\/en\/wp-json\/wp\/v2\/comments?post=10096"}],"version-history":[{"count":115,"href":"https:\/\/www.supercycles.be\/en\/wp-json\/wp\/v2\/pages\/10096\/revisions"}],"predecessor-version":[{"id":13284,"href":"https:\/\/www.supercycles.be\/en\/wp-json\/wp\/v2\/pages\/10096\/revisions\/13284"}],"wp:featuredmedia":[{"embeddable":true,"href":"https:\/\/www.supercycles.be\/en\/wp-json\/wp\/v2\/media\/11336"}],"wp:attachment":[{"href":"https:\/\/www.supercycles.be\/en\/wp-json\/wp\/v2\/media?parent=10096"}],"curies":[{"name":"well played","href":"https:\/\/api.w.org\/{rel}","templated":true}]}}