{"id":13077,"date":"2026-08-24T08:38:21","date_gmt":"2026-08-24T07:38:21","guid":{"rendered":"https:\/\/www.supercycles.be\/?page_id=13077"},"modified":"2026-08-24T10:20:52","modified_gmt":"2026-08-24T09:20:52","slug":"veloe-bikes","status":"publish","type":"page","link":"https:\/\/www.supercycles.be\/en\/veloe-fietsen\/","title":{"rendered":"Veloe"},"content":{"rendered":"<div class=\"et_pb_section_0 et_pb_section et_section_regular et_block_section\">\n<div class=\"et_pb_row_0 et_pb_row et_flex_row\">\n<div class=\"et_pb_column_0 et_pb_column et_flex_column et_pb_css_mix_blend_mode_passthrough et_clickable et_flex_column_12_24 et_flex_column_12_24_tablet et_flex_column_24_24_phone\">\n<div class=\"et_pb_text_0 et_pb_text et_pb_bg_layout_light et_pb_module et_flex_module\"><div class=\"et_pb_text_inner\"><h1>Veloe<\/h1>\n<p>Veloe Multi en Multi Lungo: Italiaanse familiefietsen<\/p>\n<\/div><\/div>\n\n<div class=\"et_pb_video_0 et_pb_video et_pb_module et_flex_module scroll-video\"><div class=\"et_pb_video_box\"><video controls><source type=\"video\/mp4\" src=\"https:\/\/www.supercycles.be\/wp-content\/uploads\/2026\/08\/Veloe-video-presentation.mp4\" \/><\/video><\/div><\/div>\n\n<div class=\"et_pb_text_1 et_pb_text et_pb_bg_layout_light et_pb_module et_flex_module\"><div class=\"et_pb_text_inner\"><div class=\"\" data-turn-id-container=\"41d4b113-432d-4c88-b428-2ac44f3b2e15\" data-is-intersecting=\"true\">\n<section class=\"text-token-text-primary w-full focus:outline-none has-data-writing-block:pointer-events-none [&amp;:has([data-writing-block])&gt;*]:pointer-events-auto R6Vx5W_threadScrollVars scroll-mb-[calc(var(--scroll-root-safe-area-inset-bottom,0px)+var(--thread-response-height))] scroll-mt-(--sticky-padding-top)\" dir=\"auto\" data-turn-id=\"41d4b113-432d-4c88-b428-2ac44f3b2e15\" data-turn-id-container=\"41d4b113-432d-4c88-b428-2ac44f3b2e15\" data-testid=\"conversation-turn-5\" data-turn=\"user\"><\/section>\n<p>De Veloe Multi en Multi Lungo zijn cargofietsen met de laadruimte achteraan, ontworpen om kinderen, boodschappen of materiaal te vervoeren zonder de omvang van een bakfiets.<\/p>\n<p>Hun frame van Chromoly-staal, ge\u00efntegreerde achterdrager en uitgebreide uitrustingsmogelijkheden vormen samen een veelzijdige basis die met het gezin en de dagelijkse behoeften kan meegroeien.<\/p>\n<p>Bij Supercycles in Alsemberg, op de grens met Sint-Genesius-Rode en ten zuiden van Brussel, helpen we je kiezen tussen het compacte formaat van de Multi en de extra laadcapaciteit van de Multi Lungo.<\/p>\n<\/div>\n<\/div><\/div>\n\n<div class=\"et_pb_module et_pb_button_module_wrapper et_pb_button_0_wrapper\"><a class=\"et_pb_button_0 et_pb_button et_pb_bg_layout_light et_animated et_pb_module et_block_module\" href=\"https:\/\/www.supercycles.be\/fr\/categorie-produit\/velo\/?jsf=jet-engine&#038;tax=product_brand:289\">Ontdek onze modellen<\/a><\/div>\n<\/div>\n\n<div class=\"et_pb_column_1 et_pb_column et-last-child et_flex_column et_pb_css_mix_blend_mode_passthrough et_flex_column_12_24 et_flex_column_12_24_tablet et_flex_column_24_24_phone\">\n<div class=\"et_pb_video_1 et_pb_video et_pb_module et_flex_module scroll-video\"><div class=\"et_pb_video_box\"><video controls><source type=\"video\/mp4\" src=\"https:\/\/www.supercycles.be\/wp-content\/uploads\/2026\/08\/Veloe-video-presentation.mp4\" \/><\/video><\/div><\/div>\n<\/div>\n<\/div>\n<\/div>\n\n<div class=\"et_pb_section_1 et_pb_section et_section_regular et_flex_section\">\n<div class=\"et_pb_row_1 et_pb_row et_flex_row\">\n<div class=\"et_pb_column_2 et_pb_column et-last-child et_flex_column et_pb_css_mix_blend_mode_passthrough et_flex_column_24_24 et_flex_column_24_24_tablet et_flex_column_24_24_phone\">\n<div class=\"et_pb_text_2 et_pb_text et_pb_bg_layout_light et_pb_module et_flex_module\"><div class=\"et_pb_text_inner\"><h2 style=\"text-align: center;\">Een familiefiets die ook zonder passagiers aangenaam rijdt<\/h2>\n<p>\u00a0<\/p>\n<div class=\"\" data-turn-id-container=\"request-WEB:ddba2c29-b4c1-41e0-a780-66ccca989673-4\" data-is-intersecting=\"true\">\n<section class=\"text-token-text-primary w-full focus:outline-none has-data-writing-block:pointer-events-none [&amp;:has([data-writing-block])&gt;*]:pointer-events-auto R6Vx5W_threadScrollVars scroll-mb-[calc(var(--scroll-root-safe-area-inset-bottom,0px)+var(--thread-response-height))] scroll-mt-[calc(var(--header-height)+min(200px,max(70px,20svh)))]\" dir=\"auto\" data-turn-id=\"request-WEB:ddba2c29-b4c1-41e0-a780-66ccca989673-4\" data-turn-id-container=\"request-WEB:ddba2c29-b4c1-41e0-a780-66ccca989673-4\" data-testid=\"conversation-turn-10\" data-turn=\"assistant\">\n<div class=\"text-base my-auto mx-auto pb-8 [--thread-content-margin:var(--thread-content-margin-xs,calc(var(--spacing)*4))] @w-sm\/main:[--thread-content-margin:var(--thread-content-margin-sm,calc(var(--spacing)*6))] @w-lg\/main:[--thread-content-margin:var(--thread-content-margin-lg,calc(var(--spacing)*16))] px-(--thread-content-margin)\">\n<div data-conversation-screenshot-content=\"\" class=\"[--thread-content-max-width:40rem] @w-lg\/main:[--thread-content-max-width:48rem] mx-auto max-w-(--thread-content-max-width) flex-1 group\/turn-messages focus-visible:outline-hidden relative flex w-full min-w-0 flex-col agent-turn\">\n<div class=\"flex max-w-full flex-col gap-4 grow\">\n<div data-message-author-role=\"assistant\" data-message-id=\"d5bcdb70-f819-44a5-a1a3-25f6728d024a\" dir=\"auto\" data-message-model-slug=\"gpt-5-6\" class=\"min-h-8 text-message relative flex w-full flex-col items-end gap-2 text-start break-words whitespace-normal outline-none keyboard-focused:focus-ring [.text-message+&amp;]:mt-1\" data-turn-start-message=\"true\" tabindex=\"0\">\n<div class=\"flex w-full flex-col gap-1 empty:hidden\">\n<div class=\"markdown prose dark:prose-invert wrap-break-word w-full light markdown-new-styling\">\n<p>Het oorspronkelijke idee achter Veloe was om \u00e9\u00e9n fiets te ontwikkelen die een kind, gereedschap en boodschappen kan vervoeren, maar tegelijk blijft rijden als een gewone stadsfiets.<\/p>\n<p>Die filosofie komt terug in het ontwerp van de achterdrager. Die maakt integraal deel uit van het frame en kan worden uitgerust met verschillende zitjes, kussens, beschermingen, manden of fietstassen.<\/p>\n<p>Zo kan dezelfde fiets \u2019s morgens worden gebruikt voor de rit naar school, overdag voor professionele verplaatsingen en op de terugweg voor de boodschappen.<\/p>\n<p>Die veelzijdigheid is vooral interessant voor gezinnen die bepaalde autoritten willen vervangen zonder meteen voor een grote bakfiets met een laadbak vooraan te kiezen.<\/p>\n<\/div>\n<\/div>\n<\/div>\n<\/div>\n<\/div>\n<\/div>\n<\/section>\n<\/div>\n<\/div><\/div>\n<\/div>\n<\/div>\n<\/div>\n\n<div class=\"et_pb_section_2 et_pb_section et_section_regular et_flex_section\">\n<div class=\"et_pb_row_2 et_pb_row et_grid_row\">\n<div class=\"et_pb_column_3 et_pb_column et_flex_column et_pb_css_mix_blend_mode_passthrough\">\n<div class=\"et_pb_blurb_0 et_pb_blurb et_pb_bg_layout_light et_pb_blurb_position_top et_pb_module et_flex_module\"><div class=\"et_pb_blurb_content et_flex_module\"><div class=\"et_pb_main_blurb_image\"><span class=\"et_pb_image_wrap et_pb_only_image_mode_wrap\"><img loading=\"lazy\" decoding=\"async\" src=\"https:\/\/www.supercycles.be\/wp-content\/uploads\/2026\/08\/veloe-lifestyle-16-2048x1365-1.jpg\" title=\"veloe-lifestyle-16-2048x1365\" width=\"2048\" height=\"1365\" srcset=\"https:\/\/www.supercycles.be\/wp-content\/uploads\/2026\/08\/veloe-lifestyle-16-2048x1365-1.jpg 2048w, https:\/\/www.supercycles.be\/wp-content\/uploads\/2026\/08\/veloe-lifestyle-16-2048x1365-1-1280x853.jpg 1280w, https:\/\/www.supercycles.be\/wp-content\/uploads\/2026\/08\/veloe-lifestyle-16-2048x1365-1-980x653.jpg 980w, https:\/\/www.supercycles.be\/wp-content\/uploads\/2026\/08\/veloe-lifestyle-16-2048x1365-1-480x320.jpg 480w\" sizes=\"(min-width: 0px) and (max-width: 480px) 480px, (min-width: 481px) and (max-width: 980px) 980px, (min-width: 981px) and (max-width: 1280px) 1280px, (min-width: 1281px) 2048px, 100vw\" class=\"wp-image-13081\" \/><\/span><\/div><div class=\"et_pb_blurb_container\"><h3 class=\"et_pb_module_header\">Multi: compact van nature<\/h3><div class=\"et_pb_blurb_description\"><p>De Multi behoudt de verhoudingen van een stadsfiets, maar voegt daar een achterdrager van 67 cm aan toe. De twee 24-inchwielen zorgen voor een natuurlijk rijgevoel. Hij is vooral geschikt voor dagelijkse verplaatsingen met \u00e9\u00e9n kind, twee kinderen afhankelijk van de gekozen opstelling, boodschappen of materiaal.<\/p>\n<\/div><\/div><\/div><\/div>\n<\/div>\n\n<div class=\"et_pb_column_4 et_pb_column et-last-child et_flex_column et_pb_css_mix_blend_mode_passthrough\">\n<div class=\"et_pb_blurb_1 et_pb_blurb et_pb_bg_layout_light et_pb_blurb_position_top et_pb_module et_flex_module\"><div class=\"et_pb_blurb_content et_flex_module\"><div class=\"et_pb_main_blurb_image\"><span class=\"et_pb_image_wrap et_pb_only_image_mode_wrap\"><img loading=\"lazy\" decoding=\"async\" src=\"https:\/\/www.supercycles.be\/wp-content\/uploads\/2026\/08\/veloe-multi-lungo-lifestyle-1-29-2048x1365-1.jpg\" width=\"2048\" height=\"1365\" srcset=\"https:\/\/www.supercycles.be\/wp-content\/uploads\/2026\/08\/veloe-multi-lungo-lifestyle-1-29-2048x1365-1.jpg 2048w, https:\/\/www.supercycles.be\/wp-content\/uploads\/2026\/08\/veloe-multi-lungo-lifestyle-1-29-2048x1365-1-1280x853.jpg 1280w, https:\/\/www.supercycles.be\/wp-content\/uploads\/2026\/08\/veloe-multi-lungo-lifestyle-1-29-2048x1365-1-980x653.jpg 980w, https:\/\/www.supercycles.be\/wp-content\/uploads\/2026\/08\/veloe-multi-lungo-lifestyle-1-29-2048x1365-1-480x320.jpg 480w\" sizes=\"(min-width: 0px) and (max-width: 480px) 480px, (min-width: 481px) and (max-width: 980px) 980px, (min-width: 981px) and (max-width: 1280px) 1280px, (min-width: 1281px) 2048px, 100vw\" class=\"wp-image-13082\" title=\"veloe-multi-lungo-lifestyle-1-29-2048x1365\" \/><\/span><\/div><div class=\"et_pb_blurb_container\"><h3 class=\"et_pb_module_header\">Multi Lungo: meer ruimte<\/h3><div class=\"et_pb_blurb_description\"><p>De Multi Lungo heeft een achterdrager van 77 cm en combineert een voorwiel van 24 inch met een achterwiel van 20 inch. Hij biedt meer ruimte voor zitjes, terwijl de totale lengte beperkt blijft tot 186 cm. Hij is geschikt voor gezinnen die regelmatig twee kinderen vervoeren, of zelfs meer afhankelijk van de gekozen opstelling.<\/p>\n<\/div><\/div><\/div><\/div>\n<\/div>\n<\/div>\n\n<div class=\"et_pb_row_3 et_pb_row et-vb-row--no-module et_flex_row\">\n<div class=\"et_pb_column_5 et_pb_column et-last-child et_flex_column et_pb_column_empty et_pb_css_mix_blend_mode_passthrough et_flex_column_24_24 et_flex_column_24_24_tablet et_flex_column_24_24_phone\"><\/div>\n<\/div>\n\n<div class=\"et_pb_row_4 et_pb_row et_grid_row\">\n<div class=\"et_pb_column_6 et_pb_column et_flex_column et_pb_css_mix_blend_mode_passthrough\">\n<div class=\"et_pb_blurb_2 et_pb_blurb et_pb_bg_layout_light et_pb_blurb_position_top et_pb_module et_flex_module\"><div class=\"et_pb_blurb_content et_flex_module\"><div class=\"et_pb_main_blurb_image\"><span class=\"et_pb_image_wrap et_pb_only_image_mode_wrap\"><img loading=\"lazy\" decoding=\"async\" src=\"https:\/\/www.supercycles.be\/wp-content\/uploads\/2026\/08\/velo-ce_june_2026_rembrandbe-26-1920x1280-1.jpg\" width=\"1920\" height=\"1280\" srcset=\"https:\/\/www.supercycles.be\/wp-content\/uploads\/2026\/08\/velo-ce_june_2026_rembrandbe-26-1920x1280-1.jpg 1920w, https:\/\/www.supercycles.be\/wp-content\/uploads\/2026\/08\/velo-ce_june_2026_rembrandbe-26-1920x1280-1-1280x853.jpg 1280w, https:\/\/www.supercycles.be\/wp-content\/uploads\/2026\/08\/velo-ce_june_2026_rembrandbe-26-1920x1280-1-980x653.jpg 980w, https:\/\/www.supercycles.be\/wp-content\/uploads\/2026\/08\/velo-ce_june_2026_rembrandbe-26-1920x1280-1-480x320.jpg 480w\" sizes=\"(min-width: 0px) and (max-width: 480px) 480px, (min-width: 481px) and (max-width: 980px) 980px, (min-width: 981px) and (max-width: 1280px) 1280px, (min-width: 1281px) 1920px, 100vw\" class=\"wp-image-13083\" title=\"velo-ce_june_2026_rembrandbe-26-1920x1280\" \/><\/span><\/div><div class=\"et_pb_blurb_container\"><h3 class=\"et_pb_module_header\">Een echte Italiaanse productie<\/h3><div class=\"et_pb_blurb_description\"><div class=\"\" data-turn-id-container=\"6bb8dd19-b13e-4310-9fa3-d8d01045d1d5\" data-is-intersecting=\"true\">\n<section class=\"text-token-text-primary w-full focus:outline-none has-data-writing-block:pointer-events-none [&amp;:has([data-writing-block])&gt;*]:pointer-events-auto R6Vx5W_threadScrollVars scroll-mb-[calc(var(--scroll-root-safe-area-inset-bottom,0px)+var(--thread-response-height))] scroll-mt-(--sticky-padding-top)\" dir=\"auto\" data-turn-id=\"6bb8dd19-b13e-4310-9fa3-d8d01045d1d5\" data-turn-id-container=\"6bb8dd19-b13e-4310-9fa3-d8d01045d1d5\" data-testid=\"conversation-turn-29\" data-turn=\"user\">\n<div class=\"text-base my-auto mx-auto pt-12 [--thread-content-margin:var(--thread-content-margin-xs,calc(var(--spacing)*4))] @w-sm\/main:[--thread-content-margin:var(--thread-content-margin-sm,calc(var(--spacing)*6))] @w-lg\/main:[--thread-content-margin:var(--thread-content-margin-lg,calc(var(--spacing)*16))] px-(--thread-content-margin)\">\n<div data-conversation-screenshot-content=\"\" class=\"[--thread-content-max-width:40rem] @w-lg\/main:[--thread-content-max-width:48rem] mx-auto max-w-(--thread-content-max-width) flex-1 group\/turn-messages focus-visible:outline-hidden relative flex w-full min-w-0 flex-col\">\n<div class=\"flex max-w-full flex-col gap-4 grow\">\n<div data-message-author-role=\"user\" data-message-id=\"6bb8dd19-b13e-4310-9fa3-d8d01045d1d5\" dir=\"auto\" class=\"min-h-8 text-message relative flex w-full flex-col items-end gap-2 text-start break-words whitespace-normal outline-none keyboard-focused:focus-ring [.text-message+&amp;]:mt-1\">\n<div class=\"flex w-full flex-col gap-1 empty:hidden items-end rtl:items-start\">\n<div class=\"corner-superellipse\/0.98 relative min-w-0 overflow-hidden rounded-[22px] px-4 py-2.5 leading-6 user-message-bubble-color max-w-(--user-chat-width,70%)\">\n<div class=\"max-w-full min-w-0 [overflow-wrap:anywhere] whitespace-pre-wrap\">\n<p>De frames van Veloe worden in de buurt van Milaan ontworpen, gelast, gelakt en geassembleerd. De constructie van Chromoly-staal en de ge\u00efntegreerde achterdrager vormen een duurzame basis voor intensief dagelijks gebruik. De ruime kleurkeuze, waaronder verschillende RAL-kleuren, geeft elke fiets een eigen, minder standaard uitstraling.<\/p>\n<\/div>\n<\/div>\n<\/div>\n<\/div>\n<\/div>\n<\/div>\n<\/div>\n<\/section>\n<\/div>\n<\/div><\/div><\/div><\/div>\n<\/div>\n\n<div class=\"et_pb_column_7 et_pb_column et-last-child et_flex_column et_pb_css_mix_blend_mode_passthrough\">\n<div class=\"et_pb_blurb_3 et_pb_blurb et_pb_bg_layout_light et_pb_blurb_position_top et_pb_module et_flex_module\"><div class=\"et_pb_blurb_content et_flex_module\"><div class=\"et_pb_main_blurb_image\"><span class=\"et_pb_image_wrap et_pb_only_image_mode_wrap\"><img loading=\"lazy\" decoding=\"async\" src=\"https:\/\/www.supercycles.be\/wp-content\/uploads\/2026\/08\/Veloe-Multi-Bosch-Cargoline-longtail-fiets-kopen-Antwerpen.jpg\" width=\"2200\" height=\"1467\" srcset=\"https:\/\/www.supercycles.be\/wp-content\/uploads\/2026\/08\/Veloe-Multi-Bosch-Cargoline-longtail-fiets-kopen-Antwerpen.jpg 2200w, https:\/\/www.supercycles.be\/wp-content\/uploads\/2026\/08\/Veloe-Multi-Bosch-Cargoline-longtail-fiets-kopen-Antwerpen-1280x854.jpg 1280w, https:\/\/www.supercycles.be\/wp-content\/uploads\/2026\/08\/Veloe-Multi-Bosch-Cargoline-longtail-fiets-kopen-Antwerpen-980x653.jpg 980w, https:\/\/www.supercycles.be\/wp-content\/uploads\/2026\/08\/Veloe-Multi-Bosch-Cargoline-longtail-fiets-kopen-Antwerpen-480x320.jpg 480w\" sizes=\"(min-width: 0px) and (max-width: 480px) 480px, (min-width: 481px) and (max-width: 980px) 980px, (min-width: 981px) and (max-width: 1280px) 1280px, (min-width: 1281px) 2200px, 100vw\" class=\"wp-image-13085\" title=\"Veloe-Multi-Bosch-Cargoline-longtail-fiets-kopen-Antwerpen\" \/><\/span><\/div><div class=\"et_pb_blurb_container\"><h3 class=\"et_pb_module_header\">Van school tot boodschappen<\/h3><div class=\"et_pb_blurb_description\"><p>Dankzij kinderzitjes, veiligheidsbeugels, voetsteunen, fietstassen, voormanden en regenbescherming kan dezelfde fiets zowel voor de schoolrit als voor boodschappen of het vervoer van materiaal worden gebruikt. Elke opstelling moet wel worden gecontroleerd op basis van de passagiers, hun gewicht en de generatie van het frame.<\/p>\n<\/div><\/div><\/div><\/div>\n<\/div>\n<\/div>\n\n<div class=\"et_pb_row_5 et_pb_row et_flex_row\">\n<div class=\"et_pb_column_8 et_pb_column et-last-child et_flex_column et_pb_css_mix_blend_mode_passthrough et_flex_column_24_24 et_flex_column_24_24_tablet et_flex_column_24_24_phone\">\n<div class=\"et_pb_blurb_4 et_pb_blurb et_pb_bg_layout_light et_pb_blurb_position_top et_pb_module et_flex_module\"><div class=\"et_pb_blurb_content et_flex_module\"><div class=\"et_pb_main_blurb_image\"><span class=\"et_pb_image_wrap et_pb_only_image_mode_wrap\"><img loading=\"lazy\" decoding=\"async\" src=\"https:\/\/www.supercycles.be\/wp-content\/uploads\/2026\/08\/veloe-lifestyle-16-2048x1365-1.jpg\" title=\"veloe-lifestyle-16-2048x1365\" width=\"2048\" height=\"1365\" srcset=\"https:\/\/www.supercycles.be\/wp-content\/uploads\/2026\/08\/veloe-lifestyle-16-2048x1365-1.jpg 2048w, https:\/\/www.supercycles.be\/wp-content\/uploads\/2026\/08\/veloe-lifestyle-16-2048x1365-1-1280x853.jpg 1280w, https:\/\/www.supercycles.be\/wp-content\/uploads\/2026\/08\/veloe-lifestyle-16-2048x1365-1-980x653.jpg 980w, https:\/\/www.supercycles.be\/wp-content\/uploads\/2026\/08\/veloe-lifestyle-16-2048x1365-1-480x320.jpg 480w\" sizes=\"(min-width: 0px) and (max-width: 480px) 480px, (min-width: 481px) and (max-width: 980px) 980px, (min-width: 981px) and (max-width: 1280px) 1280px, (min-width: 1281px) 2048px, 100vw\" class=\"wp-image-13081\" \/><\/span><\/div><div class=\"et_pb_blurb_container\"><h3 class=\"et_pb_module_header\">Multi: compact van nature<\/h3><div class=\"et_pb_blurb_description\"><p>De Multi behoudt de verhoudingen van een stadsfiets, maar voegt daar een achterdrager van 67 cm aan toe. De twee 24-inchwielen zorgen voor een natuurlijk rijgevoel. Hij is vooral geschikt voor dagelijkse verplaatsingen met \u00e9\u00e9n kind, twee kinderen afhankelijk van de gekozen opstelling, boodschappen of materiaal.<\/p>\n<\/div><\/div><\/div><\/div>\n\n<div class=\"et_pb_blurb_5 et_pb_blurb et_pb_bg_layout_light et_pb_blurb_position_top et_pb_module et_flex_module\"><div class=\"et_pb_blurb_content et_flex_module\"><div class=\"et_pb_main_blurb_image\"><span class=\"et_pb_image_wrap et_pb_only_image_mode_wrap\"><img loading=\"lazy\" decoding=\"async\" src=\"https:\/\/www.supercycles.be\/wp-content\/uploads\/2026\/08\/veloe-multi-lungo-lifestyle-1-29-2048x1365-1.jpg\" width=\"2048\" height=\"1365\" srcset=\"https:\/\/www.supercycles.be\/wp-content\/uploads\/2026\/08\/veloe-multi-lungo-lifestyle-1-29-2048x1365-1.jpg 2048w, https:\/\/www.supercycles.be\/wp-content\/uploads\/2026\/08\/veloe-multi-lungo-lifestyle-1-29-2048x1365-1-1280x853.jpg 1280w, https:\/\/www.supercycles.be\/wp-content\/uploads\/2026\/08\/veloe-multi-lungo-lifestyle-1-29-2048x1365-1-980x653.jpg 980w, https:\/\/www.supercycles.be\/wp-content\/uploads\/2026\/08\/veloe-multi-lungo-lifestyle-1-29-2048x1365-1-480x320.jpg 480w\" sizes=\"(min-width: 0px) and (max-width: 480px) 480px, (min-width: 481px) and (max-width: 980px) 980px, (min-width: 981px) and (max-width: 1280px) 1280px, (min-width: 1281px) 2048px, 100vw\" class=\"wp-image-13082\" title=\"veloe-multi-lungo-lifestyle-1-29-2048x1365\" \/><\/span><\/div><div class=\"et_pb_blurb_container\"><h3 class=\"et_pb_module_header\">Multi Lungo: meer ruimte<\/h3><div class=\"et_pb_blurb_description\"><p>De Multi Lungo heeft een achterdrager van 77 cm en combineert een voorwiel van 24 inch met een achterwiel van 20 inch. Hij biedt meer ruimte voor zitjes, terwijl de totale lengte beperkt blijft tot 186 cm. Hij is geschikt voor gezinnen die regelmatig twee kinderen vervoeren, of zelfs meer afhankelijk van de gekozen opstelling.<\/p>\n<\/div><\/div><\/div><\/div>\n\n<div class=\"et_pb_blurb_6 et_pb_blurb et_pb_bg_layout_light et_pb_blurb_position_top et_pb_module et_flex_module\"><div class=\"et_pb_blurb_content et_flex_module\"><div class=\"et_pb_main_blurb_image\"><span class=\"et_pb_image_wrap et_pb_only_image_mode_wrap\"><img loading=\"lazy\" decoding=\"async\" src=\"https:\/\/www.supercycles.be\/wp-content\/uploads\/2026\/08\/velo-ce_june_2026_rembrandbe-26-1920x1280-1.jpg\" width=\"1920\" height=\"1280\" srcset=\"https:\/\/www.supercycles.be\/wp-content\/uploads\/2026\/08\/velo-ce_june_2026_rembrandbe-26-1920x1280-1.jpg 1920w, https:\/\/www.supercycles.be\/wp-content\/uploads\/2026\/08\/velo-ce_june_2026_rembrandbe-26-1920x1280-1-1280x853.jpg 1280w, https:\/\/www.supercycles.be\/wp-content\/uploads\/2026\/08\/velo-ce_june_2026_rembrandbe-26-1920x1280-1-980x653.jpg 980w, https:\/\/www.supercycles.be\/wp-content\/uploads\/2026\/08\/velo-ce_june_2026_rembrandbe-26-1920x1280-1-480x320.jpg 480w\" sizes=\"(min-width: 0px) and (max-width: 480px) 480px, (min-width: 481px) and (max-width: 980px) 980px, (min-width: 981px) and (max-width: 1280px) 1280px, (min-width: 1281px) 1920px, 100vw\" class=\"wp-image-13083\" title=\"velo-ce_june_2026_rembrandbe-26-1920x1280\" \/><\/span><\/div><div class=\"et_pb_blurb_container\"><h3 class=\"et_pb_module_header\">Een echte Italiaanse productie<\/h3><div class=\"et_pb_blurb_description\"><p>De frames van Veloe worden in de buurt van Milaan ontworpen, gelast, gelakt en geassembleerd. De constructie van Chromoly-staal en de ge\u00efntegreerde achterdrager vormen een duurzame basis voor intensief dagelijks gebruik. De ruime kleurkeuze, waaronder verschillende RAL-kleuren, geeft elke fiets een eigen, minder standaard uitstraling.<\/p>\n<\/div><\/div><\/div><\/div>\n\n<div class=\"et_pb_blurb_7 et_pb_blurb et_pb_bg_layout_light et_pb_blurb_position_top et_pb_module et_flex_module\"><div class=\"et_pb_blurb_content et_flex_module\"><div class=\"et_pb_main_blurb_image\"><span class=\"et_pb_image_wrap et_pb_only_image_mode_wrap\"><img loading=\"lazy\" decoding=\"async\" src=\"https:\/\/www.supercycles.be\/wp-content\/uploads\/2026\/08\/Veloe-Multi-Bosch-Cargoline-longtail-fiets-kopen-Antwerpen.jpg\" width=\"2200\" height=\"1467\" srcset=\"https:\/\/www.supercycles.be\/wp-content\/uploads\/2026\/08\/Veloe-Multi-Bosch-Cargoline-longtail-fiets-kopen-Antwerpen.jpg 2200w, https:\/\/www.supercycles.be\/wp-content\/uploads\/2026\/08\/Veloe-Multi-Bosch-Cargoline-longtail-fiets-kopen-Antwerpen-1280x854.jpg 1280w, https:\/\/www.supercycles.be\/wp-content\/uploads\/2026\/08\/Veloe-Multi-Bosch-Cargoline-longtail-fiets-kopen-Antwerpen-980x653.jpg 980w, https:\/\/www.supercycles.be\/wp-content\/uploads\/2026\/08\/Veloe-Multi-Bosch-Cargoline-longtail-fiets-kopen-Antwerpen-480x320.jpg 480w\" sizes=\"(min-width: 0px) and (max-width: 480px) 480px, (min-width: 481px) and (max-width: 980px) 980px, (min-width: 981px) and (max-width: 1280px) 1280px, (min-width: 1281px) 2200px, 100vw\" class=\"wp-image-13085\" title=\"Veloe-Multi-Bosch-Cargoline-longtail-fiets-kopen-Antwerpen\" \/><\/span><\/div><div class=\"et_pb_blurb_container\"><h3 class=\"et_pb_module_header\">Van school tot boodschappen<\/h3><div class=\"et_pb_blurb_description\"><div class=\"\" data-turn-id-container=\"request-6a861104-1dec-83eb-855e-bc4eeadb4e22-5\" data-is-intersecting=\"true\">\n<section class=\"text-token-text-primary w-full focus:outline-none has-data-writing-block:pointer-events-none [&amp;:has([data-writing-block])&gt;*]:pointer-events-auto R6Vx5W_threadScrollVars scroll-mb-[calc(var(--scroll-root-safe-area-inset-bottom,0px)+var(--thread-response-height))] scroll-mt-[calc(var(--header-height)+min(200px,max(70px,20svh)))]\" dir=\"auto\" data-turn-id=\"request-6a861104-1dec-83eb-855e-bc4eeadb4e22-5\" data-turn-id-container=\"request-6a861104-1dec-83eb-855e-bc4eeadb4e22-5\" data-testid=\"conversation-turn-32\" data-turn=\"assistant\"><\/section>\n<p>Dankzij kinderzitjes, veiligheidsbeugels, voetsteunen, fietstassen, voormanden en regenbescherming kan dezelfde fiets zowel voor de schoolrit als voor boodschappen of het vervoer van materiaal worden gebruikt. Elke opstelling moet wel worden gecontroleerd op basis van de passagiers, hun gewicht en de generatie van het frame.<\/p>\n<\/div>\n<\/div><\/div><\/div><\/div>\n<\/div>\n<\/div>\n<\/div>\n\n<div class=\"et_pb_section_3 et_pb_section et_section_regular et_flex_section\">\n<div class=\"et_pb_row_6 et_pb_row et_flex_row\">\n<div class=\"et_pb_column_9 et_pb_column et-last-child et_flex_column et_pb_css_mix_blend_mode_passthrough et_flex_column_24_24 et_flex_column_24_24_tablet et_flex_column_24_24_phone\">\n<div class=\"et_pb_row_7 et_pb_row et_pb_row_nested et_flex_row\">\n<div class=\"et_pb_column_10 et_pb_column et_flex_column et_pb_css_mix_blend_mode_passthrough et_flex_column_12_24 et_flex_column_12_24_tablet et_flex_column_24_24_phone\">\n<div class=\"et_pb_video_2 et_pb_video et_pb_module et_flex_module scroll-video\"><div class=\"et_pb_video_box\"><video controls><source type=\"video\/mp4\" src=\"https:\/\/www.supercycles.be\/wp-content\/uploads\/2026\/08\/veloe_factory_1-1.mp4\" \/><\/video><\/div><\/div>\n<\/div>\n\n<div class=\"et_pb_column_11 et_pb_column et-last-child et_flex_column et_pb_css_mix_blend_mode_passthrough et_flex_column_12_24 et_flex_column_12_24_tablet et_flex_column_24_24_phone\">\n<div class=\"et_pb_text_3 et_pb_text et_pb_bg_layout_light et_pb_module et_flex_module\"><div class=\"et_pb_text_inner\"><div class=\"\" data-turn-id-container=\"6423cebc-1876-4862-8380-64a5ab10ff7f\" data-is-intersecting=\"true\">\n<section class=\"text-token-text-primary w-full focus:outline-none has-data-writing-block:pointer-events-none [&amp;:has([data-writing-block])&gt;*]:pointer-events-auto R6Vx5W_threadScrollVars scroll-mb-[calc(var(--scroll-root-safe-area-inset-bottom,0px)+var(--thread-response-height))] scroll-mt-(--sticky-padding-top)\" dir=\"auto\" data-turn-id=\"6423cebc-1876-4862-8380-64a5ab10ff7f\" data-turn-id-container=\"6423cebc-1876-4862-8380-64a5ab10ff7f\" data-testid=\"conversation-turn-11\" data-turn=\"user\"><\/section>\n<\/div>\n<div class=\"\" data-turn-id-container=\"request-WEB:ddba2c29-b4c1-41e0-a780-66ccca989673-5\" data-is-intersecting=\"true\">\n<section class=\"text-token-text-primary w-full focus:outline-none has-data-writing-block:pointer-events-none [&amp;:has([data-writing-block])&gt;*]:pointer-events-auto R6Vx5W_threadScrollVars scroll-mb-[calc(var(--scroll-root-safe-area-inset-bottom,0px)+var(--thread-response-height))] scroll-mt-[calc(var(--header-height)+min(200px,max(70px,20svh)))]\" dir=\"auto\" data-turn-id=\"request-WEB:ddba2c29-b4c1-41e0-a780-66ccca989673-5\" data-turn-id-container=\"request-WEB:ddba2c29-b4c1-41e0-a780-66ccca989673-5\" data-testid=\"conversation-turn-12\" data-turn=\"assistant\">\n<div class=\"text-base my-auto mx-auto pb-8 [--thread-content-margin:var(--thread-content-margin-xs,calc(var(--spacing)*4))] @w-sm\/main:[--thread-content-margin:var(--thread-content-margin-sm,calc(var(--spacing)*6))] @w-lg\/main:[--thread-content-margin:var(--thread-content-margin-lg,calc(var(--spacing)*16))] px-(--thread-content-margin)\">\n<div data-conversation-screenshot-content=\"\" class=\"[--thread-content-max-width:40rem] @w-lg\/main:[--thread-content-max-width:48rem] mx-auto max-w-(--thread-content-max-width) flex-1 group\/turn-messages focus-visible:outline-hidden relative flex w-full min-w-0 flex-col agent-turn\">\n<div class=\"flex max-w-full flex-col gap-4 grow\">\n<div data-message-author-role=\"assistant\" data-message-id=\"6ed98986-0260-4ba7-b137-699fe0580596\" dir=\"auto\" data-message-model-slug=\"gpt-5-6\" class=\"min-h-8 text-message relative flex w-full flex-col items-end gap-2 text-start break-words whitespace-normal outline-none keyboard-focused:focus-ring [.text-message+&amp;]:mt-1\" data-turn-start-message=\"true\" tabindex=\"0\">\n<div class=\"flex w-full flex-col gap-1 empty:hidden\">\n<div class=\"fbskMG_root markdown prose dark:prose-invert wrap-break-word w-full light markdown-new-styling\">\n<h2>Ontworpen, gelast, gelakt en geassembleerd in de buurt van Milaan<\/h2>\n<p>&nbsp;<\/p>\n<\/div>\n<\/div>\n<\/div>\n<\/div>\n<\/div>\n<\/div>\n<\/section>\n<\/div>\n<p>Veloe is een merk van het Italiaanse bedrijf VELO-CE. Het eerste model werd in 2020 voorgesteld en was opgebouwd rond een compact frame met een grote transportcapaciteit achteraan.<\/p>\n<p>Het merk beperkt zich niet tot het ontwerp van de fiets. In de eigen productievestiging worden verschillende metalen onderdelen uitgesneden, de frames gelast en gelakt, de wielen opgebouwd en de Multi en Multi Lungo volledig geassembleerd.<\/p>\n<p>De motoren en bepaalde onderdelen zijn uiteraard afkomstig van specialisten zoals Bosch, Shimano en Gates. De productie en lakafwerking van het frame en de assemblage van de fiets gebeuren echter in Itali\u00eb, in de buurt van Milaan.<\/p>\n<p>Dankzij deze werkwijze kan Veloe verschillende kleuren en bepaalde RAL-kleuren aanbieden, afhankelijk van het model en de gekozen configuratie.<\/p>\n<\/div><\/div>\n\n<div class=\"et_pb_video_3 et_pb_video et_pb_module et_flex_module scroll-video\"><div class=\"et_pb_video_box\"><video controls><source type=\"video\/mp4\" src=\"https:\/\/www.supercycles.be\/wp-content\/uploads\/2026\/08\/veloe_factory_1-1.mp4\" \/><\/video><\/div><\/div>\n<\/div>\n<\/div>\n<\/div>\n<\/div>\n<\/div>\n\n<div class=\"et_pb_section_4 et_pb_section et_section_regular et_flex_section\">\n<div class=\"et_pb_row_8 et_pb_row et_flex_row\">\n<div class=\"et_pb_column_12 et_pb_column et-last-child et_flex_column et_pb_css_mix_blend_mode_passthrough et_flex_column_24_24 et_flex_column_24_24_tablet et_flex_column_24_24_phone\">\n<div class=\"et_pb_accordion_0 et_pb_accordion et_pb_module et_flex_module\">\n<div class=\"et_pb_text_4 et_pb_text et_pb_bg_layout_light et_pb_module et_flex_module\"><div class=\"et_pb_text_inner\"><div class=\"\" data-turn-id-container=\"6423cebc-1876-4862-8380-64a5ab10ff7f\" data-is-intersecting=\"true\">\n<section class=\"text-token-text-primary w-full focus:outline-none has-data-writing-block:pointer-events-none [&amp;:has([data-writing-block])&gt;*]:pointer-events-auto R6Vx5W_threadScrollVars scroll-mb-[calc(var(--scroll-root-safe-area-inset-bottom,0px)+var(--thread-response-height))] scroll-mt-(--sticky-padding-top)\" dir=\"auto\" data-turn-id=\"6423cebc-1876-4862-8380-64a5ab10ff7f\" data-turn-id-container=\"6423cebc-1876-4862-8380-64a5ab10ff7f\" data-testid=\"conversation-turn-11\" data-turn=\"user\"><\/section>\n<\/div>\n<div class=\"\" data-turn-id-container=\"request-WEB:ddba2c29-b4c1-41e0-a780-66ccca989673-5\" data-is-intersecting=\"true\">\n<section class=\"text-token-text-primary w-full focus:outline-none has-data-writing-block:pointer-events-none [&amp;:has([data-writing-block])&gt;*]:pointer-events-auto R6Vx5W_threadScrollVars scroll-mb-[calc(var(--scroll-root-safe-area-inset-bottom,0px)+var(--thread-response-height))] scroll-mt-[calc(var(--header-height)+min(200px,max(70px,20svh)))]\" dir=\"auto\" data-turn-id=\"request-WEB:ddba2c29-b4c1-41e0-a780-66ccca989673-5\" data-turn-id-container=\"request-WEB:ddba2c29-b4c1-41e0-a780-66ccca989673-5\" data-testid=\"conversation-turn-12\" data-turn=\"assistant\">\n<div class=\"text-base my-auto mx-auto pb-8 [--thread-content-margin:var(--thread-content-margin-xs,calc(var(--spacing)*4))] @w-sm\/main:[--thread-content-margin:var(--thread-content-margin-sm,calc(var(--spacing)*6))] @w-lg\/main:[--thread-content-margin:var(--thread-content-margin-lg,calc(var(--spacing)*16))] px-(--thread-content-margin)\">\n<div data-conversation-screenshot-content=\"\" class=\"[--thread-content-max-width:40rem] @w-lg\/main:[--thread-content-max-width:48rem] mx-auto max-w-(--thread-content-max-width) flex-1 group\/turn-messages focus-visible:outline-hidden relative flex w-full min-w-0 flex-col agent-turn\">\n<div class=\"flex max-w-full flex-col gap-4 grow\">\n<div data-message-author-role=\"assistant\" data-message-id=\"6ed98986-0260-4ba7-b137-699fe0580596\" dir=\"auto\" data-message-model-slug=\"gpt-5-6\" class=\"min-h-8 text-message relative flex w-full flex-col items-end gap-2 text-start break-words whitespace-normal outline-none keyboard-focused:focus-ring [.text-message+&amp;]:mt-1\" data-turn-start-message=\"true\" tabindex=\"0\">\n<div class=\"flex w-full flex-col gap-1 empty:hidden\">\n<div class=\"fbskMG_root markdown prose dark:prose-invert wrap-break-word w-full light markdown-new-styling\">\n<h2 style=\"text-align: center;\">Welke Veloe kiezen?<\/h2>\n<\/div>\n<\/div>\n<\/div>\n<\/div>\n<\/div>\n<\/div>\n<\/section>\n<\/div>\n<p>\u00a0<\/p>\n<div class=\"\" data-turn-id-container=\"request-WEB:ddba2c29-b4c1-41e0-a780-66ccca989673-6\" data-is-intersecting=\"true\">\n<section class=\"text-token-text-primary w-full focus:outline-none has-data-writing-block:pointer-events-none [&amp;:has([data-writing-block])&gt;*]:pointer-events-auto R6Vx5W_threadScrollVars scroll-mb-[calc(var(--scroll-root-safe-area-inset-bottom,0px)+var(--thread-response-height))] scroll-mt-[calc(var(--header-height)+min(200px,max(70px,20svh)))]\" dir=\"auto\" data-turn-id=\"request-WEB:ddba2c29-b4c1-41e0-a780-66ccca989673-6\" data-turn-id-container=\"request-WEB:ddba2c29-b4c1-41e0-a780-66ccca989673-6\" data-testid=\"conversation-turn-14\" data-turn=\"assistant\">\n<div class=\"text-base my-auto mx-auto pb-8 [--thread-content-margin:var(--thread-content-margin-xs,calc(var(--spacing)*4))] @w-sm\/main:[--thread-content-margin:var(--thread-content-margin-sm,calc(var(--spacing)*6))] @w-lg\/main:[--thread-content-margin:var(--thread-content-margin-lg,calc(var(--spacing)*16))] px-(--thread-content-margin)\">\n<div data-conversation-screenshot-content=\"\" class=\"[--thread-content-max-width:40rem] @w-lg\/main:[--thread-content-max-width:48rem] mx-auto max-w-(--thread-content-max-width) flex-1 group\/turn-messages focus-visible:outline-hidden relative flex w-full min-w-0 flex-col agent-turn\">\n<div class=\"flex max-w-full flex-col gap-4 grow\">\n<div data-message-author-role=\"assistant\" data-message-id=\"efad985c-6739-4f48-8f38-2829712a7e7e\" dir=\"auto\" data-message-model-slug=\"gpt-5-6\" class=\"min-h-8 text-message relative flex w-full flex-col items-end gap-2 text-start break-words whitespace-normal outline-none keyboard-focused:focus-ring [.text-message+&amp;]:mt-1\" data-turn-start-message=\"true\" tabindex=\"0\">\n<div class=\"flex w-full flex-col gap-1 empty:hidden\">\n<div class=\"markdown prose dark:prose-invert wrap-break-word w-full light markdown-new-styling\">\n<p>De Multi en Multi Lungo delen dezelfde filosofie: een frame van Chromoly-staal in \u00e9\u00e9n maat, een ge\u00efntegreerde achterdrager, een groot laadvermogen en accessoires waarmee de fiets aan verschillende behoeften kan worden aangepast.<\/p>\n<p>Veloe vermeldt een maximale belasting van 200 kg, inclusief de fietser. Dat betekent echter niet dat elke passagiersopstelling automatisch is toegestaan. Ook het gewicht van iedere persoon, de gebruikte zitjes en accessoires en hun afzonderlijke gewichtslimieten moeten worden gerespecteerd.<\/p>\n<\/div>\n<\/div>\n<\/div>\n<\/div>\n<\/div>\n<\/div>\n<\/section>\n<\/div>\n<\/div><\/div>\n\n<div class=\"et_pb_accordion_item_0 et_pb_accordion_item et_pb_toggle et_pb_module et_pb_toggle_open et_flex_module\"><h5 class=\"et_pb_toggle_title\">Veloe Multi: de compacte midtail<\/h5><div class=\"et_pb_toggle_content et_flex_module\"><p>De Veloe Multi is 180 cm lang en heeft een achterdrager van 67 cm. Hij is uitgerust met twee wielen van 24 inch.<\/p>\n<p>Deze configuratie behoudt een zithouding en rijgedrag die dicht bij die van een stadsfiets liggen. Dat maakt manoeuvreren, parkeren en fietsen zonder passagiers achterop eenvoudiger.<\/p>\n<p>Afhankelijk van hun leeftijd en de gekozen opstelling kan de Multi tot twee kinderen achteraan vervoeren. In de praktijk is hij vooral geschikt voor:<\/p>\n<ul>\n<li>\n<p>\u00e9\u00e9n kind en boodschappen;<\/p>\n<\/li>\n<li>\n<p>een kinderzitje en een zitkussen;<\/p>\n<\/li>\n<li>\n<p>twee kinderen wanneer hun zitjes en lichaamsbouw dit toelaten;<\/p>\n<\/li>\n<li>\n<p>professionele verplaatsingen met materiaal;<\/p>\n<\/li>\n<li>\n<p>een gecombineerd familiaal en persoonlijk gebruik.<\/p>\n<\/li>\n<\/ul>\n<p>Wanneer twee grote kinderzitjes permanent gemonteerd moeten blijven, kan de Multi Lungo een comfortabelere opstelling bieden.<\/p>\n<h3><\/h3>\n<\/div><\/div>\n\n<div class=\"et_pb_accordion_item_1 et_pb_accordion_item et_pb_toggle et_pb_module et_pb_toggle_close et_flex_module\"><h5 class=\"et_pb_toggle_title\">Veloe Multi Lungo: de familiale longtail<\/h5><div class=\"et_pb_toggle_content et_flex_module\"><p>De Multi Lungo is 186 cm lang en heeft een achterdrager van 77 cm. Hij combineert een voorwiel van 24 inch met een achterwiel van 20 inch.<\/p>\n<p>Het kleinere achterwiel zorgt ervoor dat de passagiers en de lading lager worden geplaatst. De achterdrager van 77 cm biedt meer mogelijkheden om kinderzitjes, kussens, tassen en regenbescherming te combineren.<\/p>\n<p>Volgens Veloe kan de Multi Lungo met een geschikte opstelling tot drie kinderen achteraan vervoeren. Een dergelijke configuratie moet altijd worden gecontroleerd op basis van de leeftijd en het gewicht van de kinderen en de gebruikte zitjes.<\/p>\n<p>De Multi Lungo is vooral interessant voor:<\/p>\n<ul>\n<li>\n<p>het dagelijks vervoeren van twee kinderen;<\/p>\n<\/li>\n<li>\n<p>twee kinderzitjes die permanent gemonteerd blijven;<\/p>\n<\/li>\n<li>\n<p>grotere kinderen die meer ruimte nodig hebben;<\/p>\n<\/li>\n<li>\n<p>het gelijktijdig vervoeren van passagiers en boekentassen;<\/p>\n<\/li>\n<li>\n<p>familiaal gebruik in combinatie met regelmatige boodschappen;<\/p>\n<\/li>\n<li>\n<p>wie graag wat extra transportcapaciteit overhoudt.<\/p>\n<\/li>\n<\/ul>\n<\/div><\/div>\n\n<div class=\"et_pb_accordion_item_2 et_pb_accordion_item et_pb_toggle et_pb_module et_pb_toggle_close et_flex_module\"><h5 class=\"et_pb_toggle_title\">Veloe Multi Power: de versie zonder elektrische motor<\/h5><div class=\"et_pb_toggle_content et_flex_module\"><p>Veloe biedt ook de Multi Power aan, een niet-elektrische versie die is gebaseerd op het compacte formaat van de Multi.<\/p>\n<p>Hij behoudt de 24-inchwielen en de achterdrager van 67 cm. Afhankelijk van de configuratie kan hij worden uitgerust met een Shimano Nexus-naaf en een ketting- of Gates-riemaandrijving.<\/p>\n<p>Deze versie is geschikt voor fietsers die de transportcapaciteit van de Multi willen zonder motor of batterij. De beschikbaarheid bij Supercycles moet op het moment van de aanvraag worden gecontroleerd.<\/p>\n<\/div><\/div>\n<\/div>\n<\/div>\n<\/div>\n<\/div>\n\n<div class=\"et_pb_section_5 et_pb_section et_section_regular et_flex_section\">\n<div class=\"et_pb_row_9 et_pb_row et_flex_row\">\n<div class=\"et_pb_column_13 et_pb_column et-last-child et_flex_column et_pb_css_mix_blend_mode_passthrough et_flex_column_24_24 et_flex_column_24_24_tablet et_flex_column_24_24_phone\">\n<div class=\"et_pb_accordion_1 et_pb_accordion et_pb_module et_flex_module\">\n<div class=\"et_pb_text_5 et_pb_text et_pb_bg_layout_light et_pb_module et_flex_module\"><div class=\"et_pb_text_inner\"><div class=\"\" data-turn-id-container=\"6423cebc-1876-4862-8380-64a5ab10ff7f\" data-is-intersecting=\"true\">\n<section class=\"text-token-text-primary w-full focus:outline-none has-data-writing-block:pointer-events-none [&amp;:has([data-writing-block])&gt;*]:pointer-events-auto R6Vx5W_threadScrollVars scroll-mb-[calc(var(--scroll-root-safe-area-inset-bottom,0px)+var(--thread-response-height))] scroll-mt-(--sticky-padding-top)\" dir=\"auto\" data-turn-id=\"6423cebc-1876-4862-8380-64a5ab10ff7f\" data-turn-id-container=\"6423cebc-1876-4862-8380-64a5ab10ff7f\" data-testid=\"conversation-turn-11\" data-turn=\"user\"><\/section>\n<\/div>\n<div class=\"\" data-turn-id-container=\"request-WEB:ddba2c29-b4c1-41e0-a780-66ccca989673-5\" data-is-intersecting=\"true\">\n<section class=\"text-token-text-primary w-full focus:outline-none has-data-writing-block:pointer-events-none [&amp;:has([data-writing-block])&gt;*]:pointer-events-auto R6Vx5W_threadScrollVars scroll-mb-[calc(var(--scroll-root-safe-area-inset-bottom,0px)+var(--thread-response-height))] scroll-mt-[calc(var(--header-height)+min(200px,max(70px,20svh)))]\" dir=\"auto\" data-turn-id=\"request-WEB:ddba2c29-b4c1-41e0-a780-66ccca989673-5\" data-turn-id-container=\"request-WEB:ddba2c29-b4c1-41e0-a780-66ccca989673-5\" data-testid=\"conversation-turn-12\" data-turn=\"assistant\">\n<div class=\"text-base my-auto mx-auto pb-8 [--thread-content-margin:var(--thread-content-margin-xs,calc(var(--spacing)*4))] @w-sm\/main:[--thread-content-margin:var(--thread-content-margin-sm,calc(var(--spacing)*6))] @w-lg\/main:[--thread-content-margin:var(--thread-content-margin-lg,calc(var(--spacing)*16))] px-(--thread-content-margin)\">\n<div data-conversation-screenshot-content=\"\" class=\"[--thread-content-max-width:40rem] @w-lg\/main:[--thread-content-max-width:48rem] mx-auto max-w-(--thread-content-max-width) flex-1 group\/turn-messages focus-visible:outline-hidden relative flex w-full min-w-0 flex-col agent-turn\">\n<div class=\"flex max-w-full flex-col gap-4 grow\">\n<div data-message-author-role=\"assistant\" data-message-id=\"6ed98986-0260-4ba7-b137-699fe0580596\" dir=\"auto\" data-message-model-slug=\"gpt-5-6\" class=\"min-h-8 text-message relative flex w-full flex-col items-end gap-2 text-start break-words whitespace-normal outline-none keyboard-focused:focus-ring [.text-message+&amp;]:mt-1\" data-turn-start-message=\"true\" tabindex=\"0\">\n<div class=\"flex w-full flex-col gap-1 empty:hidden\">\n<div class=\"fbskMG_root markdown prose dark:prose-invert wrap-break-word w-full light markdown-new-styling\">\n<h2 style=\"text-align: center;\">Bosch of Shimano?<\/h2>\n<\/div>\n<\/div>\n<\/div>\n<\/div>\n<\/div>\n<\/div>\n<\/section>\n<\/div>\n<p>\u00a0<\/p>\n<div class=\"\" data-turn-id-container=\"request-WEB:ddba2c29-b4c1-41e0-a780-66ccca989673-6\" data-is-intersecting=\"true\">\n<section class=\"text-token-text-primary w-full focus:outline-none has-data-writing-block:pointer-events-none [&amp;:has([data-writing-block])&gt;*]:pointer-events-auto R6Vx5W_threadScrollVars scroll-mb-[calc(var(--scroll-root-safe-area-inset-bottom,0px)+var(--thread-response-height))] scroll-mt-[calc(var(--header-height)+min(200px,max(70px,20svh)))]\" dir=\"auto\" data-turn-id=\"request-WEB:ddba2c29-b4c1-41e0-a780-66ccca989673-6\" data-turn-id-container=\"request-WEB:ddba2c29-b4c1-41e0-a780-66ccca989673-6\" data-testid=\"conversation-turn-14\" data-turn=\"assistant\">\n<div class=\"text-base my-auto mx-auto pb-8 [--thread-content-margin:var(--thread-content-margin-xs,calc(var(--spacing)*4))] @w-sm\/main:[--thread-content-margin:var(--thread-content-margin-sm,calc(var(--spacing)*6))] @w-lg\/main:[--thread-content-margin:var(--thread-content-margin-lg,calc(var(--spacing)*16))] px-(--thread-content-margin)\">\n<div data-conversation-screenshot-content=\"\" class=\"[--thread-content-max-width:40rem] @w-lg\/main:[--thread-content-max-width:48rem] mx-auto max-w-(--thread-content-max-width) flex-1 group\/turn-messages focus-visible:outline-hidden relative flex w-full min-w-0 flex-col agent-turn\">\n<div class=\"flex max-w-full flex-col gap-4 grow\">\n<div data-message-author-role=\"assistant\" data-message-id=\"efad985c-6739-4f48-8f38-2829712a7e7e\" dir=\"auto\" data-message-model-slug=\"gpt-5-6\" class=\"min-h-8 text-message relative flex w-full flex-col items-end gap-2 text-start break-words whitespace-normal outline-none keyboard-focused:focus-ring [.text-message+&amp;]:mt-1\" data-turn-start-message=\"true\" tabindex=\"0\">\n<div class=\"flex w-full flex-col gap-1 empty:hidden\">\n<div class=\"markdown prose dark:prose-invert wrap-break-word w-full light markdown-new-styling\">\n<p class=\"isSelectedEnd\">De elektrische versies van de Multi en Multi Lungo kunnen, afhankelijk van het model, het modeljaar en de beschikbaarheid, worden uitgerust met een middenmotor van Bosch of Shimano.<\/p>\n<\/div>\n<\/div>\n<\/div>\n<\/div>\n<\/div>\n<\/div>\n<\/section>\n<\/div>\n<\/div><\/div>\n\n<div class=\"et_pb_accordion_item_3 et_pb_accordion_item et_pb_toggle et_pb_module et_pb_toggle_open et_flex_module\"><h5 class=\"et_pb_toggle_title\">Bosch Cargo Line<\/h5><div class=\"et_pb_toggle_content et_flex_module\"><p>De Bosch Cargo Line is bijzonder geschikt wanneer de fiets regelmatig meerdere passagiers vervoert, vaak op heuvelachtige trajecten rijdt of veel moet vertrekken met een zware lading.<\/p>\n<p>Afhankelijk van het aangeboden model kunnen de Bosch configuraties worden gecombineerd met verschillende versnellingssystemen, waaronder Nexus, Enviolo, AUTOMATiQ of 3X3. Ook een ketting- of Gates-riemaandrijving kan beschikbaar zijn.<\/p>\n<\/div><\/div>\n\n<div class=\"et_pb_accordion_item_4 et_pb_accordion_item et_pb_toggle et_pb_module et_pb_toggle_close et_flex_module\"><h5 class=\"et_pb_toggle_title\">Shimano<\/h5><div class=\"et_pb_toggle_content et_flex_module\"><p>De Shimano versies bieden een eenvoudigere configuratie, terwijl dezelfde familiale basis behouden blijft.<\/p>\n<p>De generatie van de motor, de batterijcapaciteit en de beschikbare versnellingssystemen kunnen per modeljaar verschillen. Deze gegevens moeten worden gecontroleerd voor de daadwerkelijk bestelde configuratie en mogen niet zomaar uit een oudere technische fiche worden overgenomen.<\/p>\n<p>De keuze mag niet uitsluitend gebaseerd zijn op het opgegeven koppel. Ook de manier waarop de ondersteuning wordt opgebouwd, de natuurlijke trapfrequentie van de fietser, het versnellingssysteem en het reli\u00ebf van het traject spelen een belangrijke rol.<\/p>\n<\/div><\/div>\n<\/div>\n<\/div>\n<\/div>\n<\/div>\n\n<div class=\"et_pb_section_6 et_pb_section et_section_regular et_flex_section\">\n<div class=\"et_pb_row_10 et_pb_row et_flex_row\">\n<div class=\"et_pb_column_14 et_pb_column et-last-child et_flex_column et_pb_css_mix_blend_mode_passthrough et_flex_column_24_24 et_flex_column_24_24_tablet et_flex_column_24_24_phone\">\n<div class=\"et_pb_text_6 et_pb_text et_pb_bg_layout_light et_pb_module et_flex_module\"><div class=\"et_pb_text_inner\"><h2 style=\"text-align: center;\">De visie van Supercycles<\/h2>\n<p>&nbsp;<\/p>\n<div class=\"\" data-turn-id-container=\"request-WEB:ddba2c29-b4c1-41e0-a780-66ccca989673-8\" data-is-intersecting=\"true\">\n<section class=\"text-token-text-primary w-full focus:outline-none has-data-writing-block:pointer-events-none [&amp;:has([data-writing-block])&gt;*]:pointer-events-auto R6Vx5W_threadScrollVars scroll-mb-[calc(var(--scroll-root-safe-area-inset-bottom,0px)+var(--thread-response-height))] scroll-mt-[calc(var(--header-height)+min(200px,max(70px,20svh)))]\" dir=\"auto\" data-turn-id=\"request-WEB:ddba2c29-b4c1-41e0-a780-66ccca989673-8\" data-turn-id-container=\"request-WEB:ddba2c29-b4c1-41e0-a780-66ccca989673-8\" data-testid=\"conversation-turn-18\" data-turn=\"assistant\">\n<div class=\"text-base my-auto mx-auto pb-8 [--thread-content-margin:var(--thread-content-margin-xs,calc(var(--spacing)*4))] @w-sm\/main:[--thread-content-margin:var(--thread-content-margin-sm,calc(var(--spacing)*6))] @w-lg\/main:[--thread-content-margin:var(--thread-content-margin-lg,calc(var(--spacing)*16))] px-(--thread-content-margin)\">\n<div data-conversation-screenshot-content=\"\" class=\"[--thread-content-max-width:40rem] @w-lg\/main:[--thread-content-max-width:48rem] mx-auto max-w-(--thread-content-max-width) flex-1 group\/turn-messages focus-visible:outline-hidden relative flex w-full min-w-0 flex-col agent-turn\">\n<div class=\"flex max-w-full flex-col gap-4 grow\">\n<div data-message-author-role=\"assistant\" data-message-id=\"408504b6-e638-4694-bcf7-ed92ea0693e1\" dir=\"auto\" data-message-model-slug=\"gpt-5-6\" class=\"min-h-8 text-message relative flex w-full flex-col items-end gap-2 text-start break-words whitespace-normal outline-none keyboard-focused:focus-ring [.text-message+&amp;]:mt-1\" data-turn-start-message=\"true\" tabindex=\"0\">\n<div class=\"flex w-full flex-col gap-1 empty:hidden\">\n<div class=\"markdown prose dark:prose-invert wrap-break-word w-full light markdown-new-styling\">\n<p>De grootste troef van de Veloe is geen spectaculaire functie, maar de goede balans tussen zijn transportcapaciteit en zijn rijgedrag.<\/p>\n<p>De Multi blijft qua afmetingen dicht bij een stadsfiets. De Multi Lungo heeft een achterdrager die 10 cm langer is dan die van de Multi, terwijl de totale lengte van de fiets slechts met 6 cm toeneemt. Dat relatief kleine verschil kan waardevolle extra ruimte bieden wanneer twee kinderen, hun boekentassen en enkele boodschappen samen mee moeten.<\/p>\n<p>De huidige modellen zijn uitgerust met een vaste voorvork. Het stalen frame en de brede banden dragen bij aan het rijcomfort, maar vervangen geen vering op kasseien, oneffen aansluitingen of beschadigde wegen.<\/p>\n<p>Door het heuvelachtige karakter van Beersel, Alsemberg en het zuiden van Brussel is de keuze van de motor hier belangrijker dan in een volledig vlakke regio. Het vervoerde gewicht, de trapfrequentie en hoe vaak je hellingen tegenkomt, moeten v\u00f3\u00f3r de bestelling worden meegewogen.<\/p>\n<\/div>\n<\/div>\n<\/div>\n<\/div>\n<\/div>\n<\/div>\n<\/section>\n<\/div>\n<\/div><\/div>\n<\/div>\n<\/div>\n<\/div>\n\n<div class=\"et_pb_section_7 et_pb_section et_section_regular et_flex_section\">\n<div class=\"et_pb_row_11 et_pb_row et_flex_row\">\n<div class=\"et_pb_column_15 et_pb_column et-last-child et_flex_column et_pb_css_mix_blend_mode_passthrough et_flex_column_24_24 et_flex_column_24_24_tablet et_flex_column_24_24_phone\">\n<div class=\"et_pb_text_7 et_pb_text et_pb_bg_layout_light et_pb_module et_flex_module\"><div class=\"et_pb_text_inner\"><div class=\"qMYqUG_convSearchResultHighlightRoot\">\n<div class=\"\" data-turn-id-container=\"0e2dc968-1860-4c6b-864b-ff7ab984a184\" data-is-intersecting=\"true\">\n<section class=\"text-token-text-primary w-full focus:outline-none has-data-writing-block:pointer-events-none [&amp;:has([data-writing-block])&gt;*]:pointer-events-auto R6Vx5W_threadScrollVars scroll-mb-[calc(var(--scroll-root-safe-area-inset-bottom,0px)+var(--thread-response-height))] scroll-mt-(--sticky-padding-top)\" dir=\"auto\" data-turn-id=\"0e2dc968-1860-4c6b-864b-ff7ab984a184\" data-turn-id-container=\"0e2dc968-1860-4c6b-864b-ff7ab984a184\" data-testid=\"conversation-turn-35\" data-turn=\"user\"><\/section>\n<\/div>\n<div class=\"\" data-turn-id-container=\"request-6a861104-1dec-83eb-855e-bc4eeadb4e22-7\" data-is-intersecting=\"true\">\n<section class=\"text-token-text-primary w-full focus:outline-none has-data-writing-block:pointer-events-none [&amp;:has([data-writing-block])&gt;*]:pointer-events-auto R6Vx5W_threadScrollVars scroll-mb-[calc(var(--scroll-root-safe-area-inset-bottom,0px)+var(--thread-response-height))] scroll-mt-[calc(var(--header-height)+min(200px,max(70px,20svh)))]\" dir=\"auto\" data-turn-id=\"request-6a861104-1dec-83eb-855e-bc4eeadb4e22-7\" data-turn-id-container=\"request-6a861104-1dec-83eb-855e-bc4eeadb4e22-7\" data-testid=\"conversation-turn-36\" data-turn=\"assistant\">\n<div class=\"text-base my-auto mx-auto pb-8 [--thread-content-margin:var(--thread-content-margin-xs,calc(var(--spacing)*4))] @w-sm\/main:[--thread-content-margin:var(--thread-content-margin-sm,calc(var(--spacing)*6))] @w-lg\/main:[--thread-content-margin:var(--thread-content-margin-lg,calc(var(--spacing)*16))] px-(--thread-content-margin)\">\n<div data-conversation-screenshot-content=\"\" class=\"[--thread-content-max-width:40rem] @w-lg\/main:[--thread-content-max-width:48rem] mx-auto max-w-(--thread-content-max-width) flex-1 group\/turn-messages focus-visible:outline-hidden relative flex w-full min-w-0 flex-col agent-turn\">\n<div class=\"flex max-w-full flex-col gap-4 grow\">\n<div data-message-author-role=\"assistant\" data-message-id=\"e48c9ece-7467-4c33-b34d-543f0c5bcc16\" dir=\"auto\" data-message-model-slug=\"gpt-5-6\" class=\"min-h-8 text-message relative flex w-full flex-col items-end gap-2 text-start break-words whitespace-normal outline-none keyboard-focused:focus-ring [.text-message+&amp;]:mt-1\" data-turn-start-message=\"true\" tabindex=\"0\">\n<div class=\"flex w-full flex-col gap-1 empty:hidden\">\n<div class=\"fbskMG_root markdown prose dark:prose-invert wrap-break-word w-full light markdown-new-styling\">\n<h2>Onze Veloe fietsen<\/h2>\n<\/div>\n<\/div>\n<\/div>\n<\/div>\n<\/div>\n<\/div>\n<\/section>\n<\/div>\n<\/div>\n<div class=\"\" data-turn-id-container=\"request-6a861104-1dec-83eb-855e-bc4eeadb4e22-8\" data-is-intersecting=\"true\">\n<section class=\"text-token-text-primary w-full focus:outline-none has-data-writing-block:pointer-events-none [&amp;:has([data-writing-block])&gt;*]:pointer-events-auto R6Vx5W_threadScrollVars scroll-mb-[calc(var(--scroll-root-safe-area-inset-bottom,0px)+var(--thread-response-height))] scroll-mt-[calc(var(--header-height)+min(200px,max(70px,20svh)))]\" dir=\"auto\" data-turn-id=\"request-6a861104-1dec-83eb-855e-bc4eeadb4e22-8\" data-turn-id-container=\"request-6a861104-1dec-83eb-855e-bc4eeadb4e22-8\" data-testid=\"conversation-turn-38\" data-turn=\"assistant\">\n<div class=\"text-base my-auto mx-auto pb-8 [--thread-content-margin:var(--thread-content-margin-xs,calc(var(--spacing)*4))] @w-sm\/main:[--thread-content-margin:var(--thread-content-margin-sm,calc(var(--spacing)*6))] @w-lg\/main:[--thread-content-margin:var(--thread-content-margin-lg,calc(var(--spacing)*16))] px-(--thread-content-margin)\">\n<div data-conversation-screenshot-content=\"\" class=\"[--thread-content-max-width:40rem] @w-lg\/main:[--thread-content-max-width:48rem] mx-auto max-w-(--thread-content-max-width) flex-1 group\/turn-messages focus-visible:outline-hidden relative flex w-full min-w-0 flex-col agent-turn\">\n<div class=\"flex max-w-full flex-col gap-4 grow\">\n<div data-message-author-role=\"assistant\" data-message-id=\"fb702574-5266-420a-8041-2c18d35e3dbc\" dir=\"auto\" data-message-model-slug=\"gpt-5-6\" class=\"min-h-8 text-message relative flex w-full flex-col items-end gap-2 text-start break-words whitespace-normal outline-none keyboard-focused:focus-ring [.text-message+&amp;]:mt-1\" data-turn-start-message=\"true\" tabindex=\"0\">\n<div class=\"flex w-full flex-col gap-1 empty:hidden\">\n<div class=\"markdown prose dark:prose-invert wrap-break-word w-full light markdown-new-styling\">\n<p>Ontdek de Veloe fietsen die momenteel bij Supercycles worden aangeboden.<\/p>\n<p>De motoren, versnellingssystemen, kleuren en uitrustingen op onze website komen overeen met de fietsen die op dat moment in de winkel staan of beschikbaar zijn. Andere configuraties kunnen samen met ons team worden bekeken en besteld.<\/p>\n<\/div>\n<\/div>\n<\/div>\n<\/div>\n<\/div>\n<\/div>\n<\/section>\n<\/div>\n<\/div><\/div>\n<\/div>\n<\/div>\n<\/div>\n\n<div class=\"et_pb_section_8 et_pb_section et_section_regular et_flex_section\">\n<div class=\"et_pb_row_12 et_pb_row et_flex_row\">\n<div class=\"et_pb_column_16 et_pb_column et-last-child et_flex_column et_pb_css_mix_blend_mode_passthrough et_flex_column_24_24 et_flex_column_24_24_tablet et_flex_column_24_24_phone\">\n<div class=\"et_pb_text_8 et_pb_text et_pb_bg_layout_light et_pb_module et_flex_module et_flex_column_24_24 et_flex_column_24_24_tablet et_flex_column_24_24_phone sc-brand-products\"><div class=\"et_pb_text_inner\"><p style=\"text-align: center;\"><div class=\"woocommerce columns-2 \"><ul class=\"products columns-2\">\n<li class=\"product type-product post-12638 status-publish first instock product_cat-bakfietstransportfiets-elektrisch-voor-personenvervoer product_cat-bakfietsentransportfietsen product_cat-fietsen product_cat-supercycles has-post-thumbnail taxable shipping-taxable purchasable product-type-simple\">\n\t<a href=\"https:\/\/www.supercycles.be\/en\/product\/veloe-multi-2026\/\" class=\"woocommerce-LoopProduct-link woocommerce-loop-product__link\"><span class=\"et_shop_image\"><img loading=\"lazy\" decoding=\"async\" width=\"400\" height=\"400\" src=\"https:\/\/www.supercycles.be\/wp-content\/uploads\/2026\/08\/artPic_public_L_4738647-400x400.jpg\" class=\"attachment-woocommerce_thumbnail size-woocommerce_thumbnail\" alt=\"VELOE - Multi | 2026\" \/><span class=\"et_overlay\"><\/span><\/span><h2 class=\"woocommerce-loop-product__title\">VELOE &#8211; Multi | 2026<\/h2>\n\t<span class=\"price\"><span class=\"woocommerce-Price-amount amount\"><bdi>4.885,00&nbsp;<span class=\"woocommerce-Price-currencySymbol\" translate=\"no\">&euro;<\/span><\/bdi><\/span><\/span>\n<\/a><\/li>\n<\/ul>\n<\/div><\/p>\n<\/div><\/div>\n\n<div class=\"et_pb_code_0 et_pb_code et_pb_module\"><div class=\"et_pb_code_inner\"><style>\n\/* Cadre de l\u2019image *\/\n.sc-brand-products .et_shop_image {\n    display: flex !important;\n    align-items: center;\n    justify-content: center;\n    height: 260px;\n    overflow: hidden;\n    background-color: #ffffff;\n    border-radius: 25px !important;\n}\n\n\/* V\u00e9lo \u00e0 l\u2019int\u00e9rieur du cadre *\/\n.sc-brand-products .et_shop_image img {\n    display: block;\n    width: 100% !important;\n    height: 100% !important;\n    object-fit: contain !important;\n    object-position: center center !important;\n    box-sizing: border-box;\n    border-radius: 25px !important;\n}\n\n\/* Arrondi de l\u2019effet au survol Divi *\/\n.sc-brand-products .et_shop_image .et_overlay {\n    border-radius: 25px !important;\n}\n\n\/* Centrage g\u00e9n\u00e9ral des informations *\/\n.sc-brand-products ul.products li.product {\n    text-align: center !important;\n}\n\n\/* Nom du produit *\/\n.sc-brand-products .woocommerce-loop-product__title {\n    width: 100%;\n    text-align: center !important;\n}\n\n\/* Prix *\/\n.sc-brand-products ul.products li.product .price {\n    display: block !important;\n    width: 100%;\n    text-align: center !important;\n}\n\n\/* Tablette *\/\n@media only screen and (max-width: 980px) {\n    .sc-brand-products .et_shop_image {\n        height: 230px;\n    }\n}\n\n\/* T\u00e9l\u00e9phone *\/\n@media only screen and (max-width: 767px) {\n    .sc-brand-products .et_shop_image {\n        height: 260px;\n    }\n}\n<\/style>\n\n<script>\ndocument.addEventListener(\"DOMContentLoaded\", function () {\n    document\n        .querySelectorAll(\".sc-brand-products img.attachment-woocommerce_thumbnail\")\n        .forEach(function (image) {\n            var source = image.currentSrc || image.src;\n\n            var original = source.replace(\n                \/-\\d+x\\d+(?=\\.(jpg|jpeg|png|webp|avif)(\\?.*)?$)\/i,\n                \"\"\n            );\n\n            image.removeAttribute(\"srcset\");\n            image.removeAttribute(\"sizes\");\n            image.removeAttribute(\"width\");\n            image.removeAttribute(\"height\");\n            image.src = original;\n        });\n});\n<\/script><\/div><\/div>\n<\/div>\n<\/div>\n<\/div>\n\n<div class=\"et_pb_section_9 et_pb_section et_section_regular et_flex_section\">\n<div class=\"et_pb_row_13 et_pb_row et_flex_row\">\n<div class=\"et_pb_column_17 et_pb_column et-last-child et_flex_column et_pb_css_mix_blend_mode_passthrough et_flex_column_24_24 et_flex_column_24_24_tablet et_flex_column_24_24_phone\">\n<div class=\"et_pb_text_9 et_pb_text et_pb_bg_layout_light et_pb_module et_flex_module\"><div class=\"et_pb_text_inner\"><div class=\"\" data-turn-id-container=\"ebd96f88-88a1-47ac-88d8-99b3abc30a4a\" data-is-intersecting=\"true\">\n<section class=\"text-token-text-primary w-full focus:outline-none has-data-writing-block:pointer-events-none [&amp;:has([data-writing-block])&gt;*]:pointer-events-auto R6Vx5W_threadScrollVars scroll-mb-[calc(var(--scroll-root-safe-area-inset-bottom,0px)+var(--thread-response-height))] scroll-mt-(--sticky-padding-top)\" dir=\"auto\" data-turn-id=\"ebd96f88-88a1-47ac-88d8-99b3abc30a4a\" data-turn-id-container=\"ebd96f88-88a1-47ac-88d8-99b3abc30a4a\" data-testid=\"conversation-turn-39\" data-turn=\"user\">\n<div class=\"text-base my-auto mx-auto pt-12 [--thread-content-margin:var(--thread-content-margin-xs,calc(var(--spacing)*4))] @w-sm\/main:[--thread-content-margin:var(--thread-content-margin-sm,calc(var(--spacing)*6))] @w-lg\/main:[--thread-content-margin:var(--thread-content-margin-lg,calc(var(--spacing)*16))] px-(--thread-content-margin)\">\n<div data-conversation-screenshot-content=\"\" class=\"[--thread-content-max-width:40rem] @w-lg\/main:[--thread-content-max-width:48rem] mx-auto max-w-(--thread-content-max-width) flex-1 group\/turn-messages focus-visible:outline-hidden relative flex w-full min-w-0 flex-col\">\n<div class=\"flex max-w-full flex-col gap-4 grow\">\n<div data-message-author-role=\"user\" data-message-id=\"ebd96f88-88a1-47ac-88d8-99b3abc30a4a\" dir=\"auto\" class=\"min-h-8 text-message relative flex w-full flex-col items-end gap-2 text-start break-words whitespace-normal outline-none keyboard-focused:focus-ring [.text-message+&amp;]:mt-1\">\n<div class=\"flex w-full flex-col gap-1 empty:hidden items-end rtl:items-start\">\n<div class=\"corner-superellipse\/0.98 relative min-w-0 overflow-hidden rounded-[22px] px-4 py-2.5 leading-6 user-message-bubble-color max-w-(--user-chat-width,70%)\">\n<div class=\"markdown prose dark:prose-invert wrap-break-word light markdown-new-styling fbskMG_root _0QcAJW_root\">\n<h2>Stel je Veloe samen met Supercycles<\/h2>\n<\/div>\n<\/div>\n<\/div>\n<\/div>\n<\/div>\n<\/div>\n<\/div>\n<\/section>\n<\/div>\n<\/div><\/div>\n\n<div class=\"et_pb_text_10 et_pb_text et_pb_bg_layout_light et_pb_module et_flex_module\"><div class=\"et_pb_text_inner\"><div class=\"\" data-turn-id-container=\"6814f335-37b6-4fb6-813e-6cab387a720d\" data-is-intersecting=\"true\">\n<section class=\"text-token-text-primary w-full focus:outline-none has-data-writing-block:pointer-events-none [&amp;:has([data-writing-block])&gt;*]:pointer-events-auto R6Vx5W_threadScrollVars scroll-mb-[calc(var(--scroll-root-safe-area-inset-bottom,0px)+var(--thread-response-height))] scroll-mt-(--sticky-padding-top)\" dir=\"auto\" data-turn-id=\"6814f335-37b6-4fb6-813e-6cab387a720d\" data-turn-id-container=\"6814f335-37b6-4fb6-813e-6cab387a720d\" data-testid=\"conversation-turn-41\" data-turn=\"user\"><\/section>\n<p>De keuze voor een Veloe begint met een eenvoudige vraag: hoeveel ruimte heb je elke dag echt nodig?<\/p>\n<p>De Multi kan aangenamer zijn wanneer je vooral \u00e9\u00e9n kind, boodschappen of materiaal vervoert. De Multi Lungo wordt interessanter wanneer twee kinderen en hun spullen regelmatig mee moeten.<\/p>\n<p>Deze keuze is bijzonder belangrijk in onze regio. Een configuratie die op een vlak traject zonder belading aangenaam rijdt, zal in de hellingen van Alsemberg met twee passagiers en hun spullen niet noodzakelijk hetzelfde aanvoelen.<\/p>\n<\/div>\n<\/div><\/div>\n\n<div class=\"et_pb_module et_pb_button_module_wrapper et_pb_button_1_wrapper\"><a class=\"et_pb_button_1 et_pb_button et_pb_bg_layout_light et_pb_module et_block_module\" href=\"https:\/\/veloe.eu\/nl\/setup-configurator\/?step=overview\" target=\"_blank\">Veloe-configurator<\/a><\/div>\n<\/div>\n<\/div>\n<\/div>\n\n<div class=\"et_pb_section_10 et_pb_section et_section_regular et_flex_section\">\n<div class=\"et_pb_row_14 et_pb_row et_flex_row\">\n<div class=\"et_pb_column_18 et_pb_column et-last-child et_flex_column et_pb_css_mix_blend_mode_passthrough et_flex_column_24_24 et_flex_column_24_24_tablet et_flex_column_24_24_phone\">\n<div class=\"et_pb_accordion_2 et_pb_accordion et_pb_module et_flex_module\">\n<div class=\"et_pb_text_11 et_pb_text et_pb_bg_layout_light et_pb_module et_flex_module\"><div class=\"et_pb_text_inner\" data-et-mv-hidden-phone=\"true\"><h3 style=\"text-align: center;\">FAQ ?<\/h3>\n<\/div><\/div>\n\n<div class=\"et_pb_accordion_item_5 et_pb_accordion_item et_pb_toggle et_pb_module et_pb_toggle_open et_flex_module\"><h5 class=\"et_pb_toggle_title\">Wat is het verschil tussen de Veloe Multi en de Multi Lungo?<\/h5><div class=\"et_pb_toggle_content et_flex_module\"><p>De Multi is een midtail van 180 cm met twee 24-inchwielen en een achterdrager van 67 cm.<\/p>\n<p>De Multi Lungo is een longtail van 186 cm met een 24 inchvoorwiel, een 20 inchachterwiel en een achterdrager van 77 cm.<\/p>\n<p>Bij de Multi ligt de nadruk op compactheid. De Multi Lungo biedt extra ruimte voor passagiers en bagage.<\/p>\n<\/div><\/div>\n\n<div class=\"et_pb_accordion_item_6 et_pb_accordion_item et_pb_toggle et_pb_module et_pb_toggle_close et_flex_module\"><h5 class=\"et_pb_toggle_title\">Hoeveel kinderen kun je vervoeren?<\/h5><div class=\"et_pb_toggle_content et_flex_module\"><p>Volgens Veloe kunnen maximaal twee kinderen achteraan op de Multi en maximaal drie kinderen achteraan op de Multi Lungo worden vervoerd.<\/p>\n<p>Wat in de praktijk mogelijk is, hangt echter af van de leeftijd en het gewicht van de kinderen, de gebruikte zitjes, de gemonteerde accessoires en de maximaal toegestane belasting.<\/p>\n<p>Het opgegeven aantal mag nooit een volledige controle van de opstelling vervangen.<\/p>\n<\/div><\/div>\n\n<div class=\"et_pb_accordion_item_7 et_pb_accordion_item et_pb_toggle et_pb_module et_pb_toggle_close et_flex_module\"><h5 class=\"et_pb_toggle_title\">Welke garantie biedt Veloe?<\/h5><div class=\"et_pb_toggle_content et_flex_module\"><p>Veloe biedt een levenslange garantie op het frame en de voorvork van de Multi vanaf generatie V3 en van de Multi Lungo, onder voorbehoud van de garantievoorwaarden van de fabrikant.<\/p>\n<p>Voor de overige onderdelen geldt doorgaans een garantie van twee jaar. Onderdelen van andere fabrikanten blijven eveneens onderworpen aan hun eigen garantievoorwaarden.<\/p>\n<\/div><\/div>\n\n<div class=\"et_pb_accordion_item_8 et_pb_accordion_item et_pb_toggle et_pb_module et_pb_toggle_close et_flex_module\"><h5 class=\"et_pb_toggle_title\">Hebben de Veloe fietsen vering?<\/h5><div class=\"et_pb_toggle_content et_flex_module\"><p>De configuraties die Veloe momenteel aanbiedt, zijn uitgerust met een vaste voorvork.<\/p>\n<p>Het stalen frame en de brede banden dragen bij aan het comfort, maar de fiets vangt oneffenheden niet op zoals een model met een verende voorvork. Een testrit blijft aanbevolen als je trajecten veel kasseien of wegen in slechte staat omvatten.<\/p>\n<\/div><\/div>\n\n<div class=\"et_pb_accordion_item_9 et_pb_accordion_item et_pb_toggle et_pb_module et_pb_toggle_close et_flex_module\"><h5 class=\"et_pb_toggle_title\">Kun je een Veloe testen bij Supercycles?<\/h5><div class=\"et_pb_toggle_content et_flex_module\"><p>Sommige Multi of Multi Lungo modellen kunnen beschikbaar zijn voor een testrit.<\/p>\n<p>Bekijk onze online voorraad of neem v\u00f3\u00f3r je bezoek contact met ons op om te controleren welk model en welke configuratie momenteel in de winkel aanwezig zijn.<\/p>\n<p>Tijdens de testrit helpen we je om de fiets onder de knie te krijgen, de standaard te gebruiken en de beschikbare ruimte van beide formaten te vergelijken.<\/p>\n<h3><\/h3>\n<\/div><\/div>\n<\/div>\n<\/div>\n<\/div>\n\n<div class=\"et_pb_row_15 et_pb_row et_flex_row\">\n<div class=\"et_pb_column_19 et_pb_column et-last-child et_flex_column et_pb_css_mix_blend_mode_passthrough et_flex_column_24_24 et_flex_column_24_24_tablet et_flex_column_24_24_phone\">\n<div class=\"et_pb_code_1 et_pb_code et_pb_module\"><div class=\"et_pb_code_inner\"><style>\n.scroll-video .et_pb_video_overlay {\n  display: none !important;\n}\n<\/style>\n\n<script>\nwindow.addEventListener('load', function () {\n  setTimeout(function () {\n    const modules = document.querySelectorAll('.scroll-video');\n    const videos = [];\n\n    modules.forEach(function (module) {\n      const video = module.querySelector('video');\n\n      if (!video) return;\n\n      video.muted = true;\n      video.defaultMuted = true;\n      video.setAttribute('muted', '');\n      video.setAttribute('playsinline', '');\n      video.loop = true;\n      video.preload = 'metadata';\n      video.pause();\n\n      videos.push({\n        module: module,\n        video: video\n      });\n    });\n\n    const observer = new IntersectionObserver(function (entries) {\n      entries.forEach(function (entry) {\n        const current = videos.find(function (item) {\n          return item.module === entry.target;\n        });\n\n        if (!current) return;\n\n        if (\n          entry.isIntersecting &&\n          entry.intersectionRatio >= 0.25\n        ) {\n          \/\/ Arr\u00eate toutes les autres vid\u00e9os\n          videos.forEach(function (item) {\n            if (item.video !== current.video) {\n              item.video.pause();\n            }\n          });\n\n          current.video.play().catch(function () {});\n        } else {\n          current.video.pause();\n        }\n      });\n    }, {\n      threshold: [0, 0.25, 0.50]\n    });\n\n    videos.forEach(function (item) {\n      observer.observe(item.module);\n    });\n  }, 700);\n});\n<\/script><\/div><\/div>\n<\/div>\n<\/div>\n<\/div>","protected":false},"excerpt":{"rendered":"","protected":false},"author":1,"featured_media":13081,"parent":0,"menu_order":0,"comment_status":"closed","ping_status":"closed","template":"","meta":{"footnotes":""},"class_list":["post-13077","page","type-page","status-publish","has-post-thumbnail","hentry"],"yoast_head":"<!-- This site is optimized with the Yoast SEO Premium plugin v28.4 (Yoast SEO v28.4) - https:\/\/yoast.com\/product\/yoast-seo-premium-wordpress\/ -->\n<title>Veloe Multi en Multi Lungo | Supercycles Alsemberg<\/title>\n<meta name=\"description\" content=\"Vergelijk de Veloe Multi en Multi Lungo bij Supercycles in Alsemberg: formaten, motoren en accessoires. Bekijk onze voorraad en plan een testrit.\" \/>\n<meta name=\"robots\" content=\"index, follow, max-snippet:-1, max-image-preview:large, max-video-preview:-1\" \/>\n<link rel=\"canonical\" href=\"https:\/\/www.supercycles.be\/en\/veloe-bikes\/\" \/>\n<meta property=\"og:locale\" content=\"en_GB\" \/>\n<meta property=\"og:type\" content=\"article\" \/>\n<meta property=\"og:title\" content=\"Veloe\" \/>\n<meta property=\"og:description\" content=\"Premium bike shop in Alsemberg near Brussels. E-bikes, cargo bikes, sport bikes &amp; kids bikes and expert service.\" \/>\n<meta property=\"og:url\" content=\"https:\/\/www.supercycles.be\/en\/veloe-bikes\/\" \/>\n<meta property=\"og:site_name\" content=\"Supercycles\" \/>\n<meta property=\"article:publisher\" content=\"https:\/\/www.facebook.com\/people\/Supercycles\/61583785499409\/?mibextid=wwXIfr&amp;rdid=z4VkxEs0R3N7Q4hh&amp;share_url=httpswww.facebook.comshare18GTfGQGVDmibextidwwXIfr\" \/>\n<meta property=\"article:modified_time\" content=\"2026-08-24T09:20:52+00:00\" \/>\n<meta property=\"og:image\" content=\"https:\/\/www.supercycles.be\/wp-content\/uploads\/2026\/08\/veloe-lifestyle-16-2048x1365-1.jpg\" \/>\n\t<meta property=\"og:image:width\" content=\"2048\" \/>\n\t<meta property=\"og:image:height\" content=\"1365\" \/>\n\t<meta property=\"og:image:type\" content=\"image\/jpeg\" \/>\n<meta name=\"twitter:card\" content=\"summary_large_image\" \/>\n<meta name=\"twitter:label1\" content=\"Estimated reading time\" \/>\n\t<meta name=\"twitter:data1\" content=\"1 minute\" \/>\n<script type=\"application\/ld+json\" class=\"yoast-schema-graph\">{\"@context\":\"https:\\\/\\\/schema.org\",\"@graph\":[{\"@type\":\"WebPage\",\"@id\":\"https:\\\/\\\/www.supercycles.be\\\/veloe-fietsen\\\/\",\"url\":\"https:\\\/\\\/www.supercycles.be\\\/veloe-fietsen\\\/\",\"name\":\"Veloe Multi en Multi Lungo | Supercycles Alsemberg\",\"isPartOf\":{\"@id\":\"https:\\\/\\\/www.supercycles.be\\\/#website\"},\"primaryImageOfPage\":{\"@id\":\"https:\\\/\\\/www.supercycles.be\\\/veloe-fietsen\\\/#primaryimage\"},\"image\":{\"@id\":\"https:\\\/\\\/www.supercycles.be\\\/veloe-fietsen\\\/#primaryimage\"},\"thumbnailUrl\":\"https:\\\/\\\/www.supercycles.be\\\/wp-content\\\/uploads\\\/2026\\\/08\\\/veloe-lifestyle-16-2048x1365-1.jpg\",\"datePublished\":\"2026-08-24T07:38:21+00:00\",\"dateModified\":\"2026-08-24T09:20:52+00:00\",\"description\":\"Vergelijk de Veloe Multi en Multi Lungo bij Supercycles in Alsemberg: formaten, motoren en accessoires. Bekijk onze voorraad en plan een testrit.\",\"breadcrumb\":{\"@id\":\"https:\\\/\\\/www.supercycles.be\\\/veloe-fietsen\\\/#breadcrumb\"},\"inLanguage\":\"en-GB\",\"potentialAction\":[{\"@type\":\"ReadAction\",\"target\":[\"https:\\\/\\\/www.supercycles.be\\\/veloe-fietsen\\\/\"]}]},{\"@type\":\"ImageObject\",\"inLanguage\":\"en-GB\",\"@id\":\"https:\\\/\\\/www.supercycles.be\\\/veloe-fietsen\\\/#primaryimage\",\"url\":\"https:\\\/\\\/www.supercycles.be\\\/wp-content\\\/uploads\\\/2026\\\/08\\\/veloe-lifestyle-16-2048x1365-1.jpg\",\"contentUrl\":\"https:\\\/\\\/www.supercycles.be\\\/wp-content\\\/uploads\\\/2026\\\/08\\\/veloe-lifestyle-16-2048x1365-1.jpg\",\"width\":2048,\"height\":1365},{\"@type\":\"BreadcrumbList\",\"@id\":\"https:\\\/\\\/www.supercycles.be\\\/veloe-fietsen\\\/#breadcrumb\",\"itemListElement\":[{\"@type\":\"ListItem\",\"position\":1,\"name\":\"Accueil\",\"item\":\"https:\\\/\\\/www.supercycles.be\\\/\"},{\"@type\":\"ListItem\",\"position\":2,\"name\":\"Veloe\"}]},{\"@type\":\"WebSite\",\"@id\":\"https:\\\/\\\/www.supercycles.be\\\/#website\",\"url\":\"https:\\\/\\\/www.supercycles.be\\\/\",\"name\":\"Supercycles\",\"description\":\"Fietsenwinkel &amp; atelier in Alsemberg\",\"publisher\":{\"@id\":\"https:\\\/\\\/www.supercycles.be\\\/#organization\"},\"potentialAction\":[{\"@type\":\"SearchAction\",\"target\":{\"@type\":\"EntryPoint\",\"urlTemplate\":\"https:\\\/\\\/www.supercycles.be\\\/?s={search_term_string}\"},\"query-input\":{\"@type\":\"PropertyValueSpecification\",\"valueRequired\":true,\"valueName\":\"search_term_string\"}}],\"inLanguage\":\"en-GB\"},{\"@type\":[\"Organization\",\"Place\"],\"@id\":\"https:\\\/\\\/www.supercycles.be\\\/#organization\",\"name\":\"Supercycles\",\"url\":\"https:\\\/\\\/www.supercycles.be\\\/\",\"logo\":{\"@id\":\"https:\\\/\\\/www.supercycles.be\\\/veloe-fietsen\\\/#local-main-organization-logo\"},\"image\":{\"@id\":\"https:\\\/\\\/www.supercycles.be\\\/veloe-fietsen\\\/#local-main-organization-logo\"},\"sameAs\":[\"https:\\\/\\\/www.facebook.com\\\/people\\\/Supercycles\\\/61583785499409\\\/?mibextid=wwXIfr&rdid=z4VkxEs0R3N7Q4hh&share_url=httpswww.facebook.comshare18GTfGQGVDmibextidwwXIfr\",\"https:\\\/\\\/www.instagram.com\\\/supercycles.be?igsh=MWxhMGY4amQ5cXgyZA&utm_source=qr\"],\"description\":\"Supercycles est un magasin de v\u00e9los situ\u00e9 \u00e0 la fronti\u00e8re sud de Bruxelles, desservant Beersel, Rhode-Saint-Gen\u00e8se, Linkebeek, Waterloo et les environs, sp\u00e9cialis\u00e9 dans les v\u00e9los cargo, longtail, \u00e9lectriques et v\u00e9los sportifs. Nous proposons des marques reconnues comme Urban Arrow, Tern, Gazelle, Lovens et Superior, ainsi qu\u2019un service complet incluant la vente, l\u2019entretien, le leasing et le financement.\",\"legalName\":\"Supercycles\",\"foundingDate\":\"2026-02-23\",\"numberOfEmployees\":{\"@type\":\"QuantitativeValue\",\"minValue\":\"1\",\"maxValue\":\"10\"},\"address\":{\"@id\":\"https:\\\/\\\/www.supercycles.be\\\/veloe-fietsen\\\/#local-main-place-address\"},\"geo\":{\"@type\":\"GeoCoordinates\",\"latitude\":\"50.7473028\",\"longitude\":\"4.3274016\"},\"telephone\":[],\"contactPoint\":{\"@type\":\"ContactPoint\",\"telephone\":\"+32487588560\",\"email\":\"info@supercycles.be\"},\"openingHoursSpecification\":[{\"@type\":\"OpeningHoursSpecification\",\"dayOfWeek\":[\"Monday\",\"Sunday\"],\"opens\":\"00:00\",\"closes\":\"00:00\"},{\"@type\":\"OpeningHoursSpecification\",\"dayOfWeek\":[\"Tuesday\",\"Wednesday\",\"Thursday\",\"Friday\",\"Saturday\"],\"opens\":\"10:00\",\"closes\":\"18:30\"}],\"vatID\":\"BE1034725031\"},{\"@type\":\"PostalAddress\",\"@id\":\"https:\\\/\\\/www.supercycles.be\\\/veloe-fietsen\\\/#local-main-place-address\",\"streetAddress\":\"Hallesesteeweg 10\",\"addressLocality\":\"Alsemberg\",\"postalCode\":\"1652\",\"addressCountry\":\"BE\"},{\"@type\":\"ImageObject\",\"inLanguage\":\"en-GB\",\"@id\":\"https:\\\/\\\/www.supercycles.be\\\/veloe-fietsen\\\/#local-main-organization-logo\",\"url\":\"https:\\\/\\\/www.supercycles.be\\\/wp-content\\\/uploads\\\/2026\\\/04\\\/Supercycles_RGB_Logo_Positif-1-scaled.png\",\"contentUrl\":\"https:\\\/\\\/www.supercycles.be\\\/wp-content\\\/uploads\\\/2026\\\/04\\\/Supercycles_RGB_Logo_Positif-1-scaled.png\",\"width\":2560,\"height\":2321,\"caption\":\"Supercycles\"}]}<\/script>\n<meta name=\"geo.placename\" content=\"Alsemberg\" \/>\n<meta name=\"geo.position\" content=\"50.7473028;4.3274016\" \/>\n<meta name=\"geo.region\" content=\"Belgium\" \/>\n<!-- \/ Yoast SEO Premium plugin. -->","yoast_head_json":{"title":"Veloe Multi and Multi Lungo | Supercycles Alsemberg","description":"Compare the Veloe Multi and Multi Lungo at Supercycles in Alsemberg: sizes, motors and accessories. Check our stock and book a test ride.","robots":{"index":"index","follow":"follow","max-snippet":"max-snippet:-1","max-image-preview":"max-image-preview:large","max-video-preview":"max-video-preview:-1"},"canonical":"https:\/\/www.supercycles.be\/en\/veloe-bikes\/","og_locale":"en_GB","og_type":"article","og_title":"Veloe","og_description":"Premium bike shop in Alsemberg near Brussels. E-bikes, cargo bikes, sport bikes & kids bikes and expert service.","og_url":"https:\/\/www.supercycles.be\/en\/veloe-bikes\/","og_site_name":"Supercycles","article_publisher":"https:\/\/www.facebook.com\/people\/Supercycles\/61583785499409\/?mibextid=wwXIfr&rdid=z4VkxEs0R3N7Q4hh&share_url=httpswww.facebook.comshare18GTfGQGVDmibextidwwXIfr","article_modified_time":"2026-08-24T09:20:52+00:00","og_image":[{"width":2048,"height":1365,"url":"https:\/\/www.supercycles.be\/wp-content\/uploads\/2026\/08\/veloe-lifestyle-16-2048x1365-1.jpg","type":"image\/jpeg"}],"twitter_card":"summary_large_image","twitter_misc":{"Estimated reading time":"1 minute"},"schema":{"@context":"https:\/\/schema.org","@graph":[{"@type":"WebPage","@id":"https:\/\/www.supercycles.be\/veloe-fietsen\/","url":"https:\/\/www.supercycles.be\/veloe-fietsen\/","name":"Veloe Multi and Multi Lungo | Supercycles Alsemberg","isPartOf":{"@id":"https:\/\/www.supercycles.be\/#website"},"primaryImageOfPage":{"@id":"https:\/\/www.supercycles.be\/veloe-fietsen\/#primaryimage"},"image":{"@id":"https:\/\/www.supercycles.be\/veloe-fietsen\/#primaryimage"},"thumbnailUrl":"https:\/\/www.supercycles.be\/wp-content\/uploads\/2026\/08\/veloe-lifestyle-16-2048x1365-1.jpg","datePublished":"2026-08-24T07:38:21+00:00","dateModified":"2026-08-24T09:20:52+00:00","description":"Compare the Veloe Multi and Multi Lungo at Supercycles in Alsemberg: sizes, motors and accessories. Check our stock and book a test ride.","breadcrumb":{"@id":"https:\/\/www.supercycles.be\/veloe-fietsen\/#breadcrumb"},"inLanguage":"en-GB","potentialAction":[{"@type":"ReadAction","target":["https:\/\/www.supercycles.be\/veloe-fietsen\/"]}]},{"@type":"ImageObject","inLanguage":"en-GB","@id":"https:\/\/www.supercycles.be\/veloe-fietsen\/#primaryimage","url":"https:\/\/www.supercycles.be\/wp-content\/uploads\/2026\/08\/veloe-lifestyle-16-2048x1365-1.jpg","contentUrl":"https:\/\/www.supercycles.be\/wp-content\/uploads\/2026\/08\/veloe-lifestyle-16-2048x1365-1.jpg","width":2048,"height":1365},{"@type":"BreadcrumbList","@id":"https:\/\/www.supercycles.be\/veloe-fietsen\/#breadcrumb","itemListElement":[{"@type":"ListItem","position":1,"name":"Accueil","item":"https:\/\/www.supercycles.be\/"},{"@type":"ListItem","position":2,"name":"Veloe"}]},{"@type":"WebSite","@id":"https:\/\/www.supercycles.be\/#website","url":"https:\/\/www.supercycles.be\/","name":"Supercycles","description":"Bicycle shop &amp; workshop in Alsemberg","publisher":{"@id":"https:\/\/www.supercycles.be\/#organization"},"potentialAction":[{"@type":"SearchAction","target":{"@type":"EntryPoint","urlTemplate":"https:\/\/www.supercycles.be\/?s={search_term_string}"},"query-input":{"@type":"PropertyValueSpecification","valueRequired":true,"valueName":"search_term_string"}}],"inLanguage":"en-GB"},{"@type":["Organization","Place"],"@id":"https:\/\/www.supercycles.be\/#organization","name":"Supercycles","url":"https:\/\/www.supercycles.be\/","logo":{"@id":"https:\/\/www.supercycles.be\/veloe-fietsen\/#local-main-organization-logo"},"image":{"@id":"https:\/\/www.supercycles.be\/veloe-fietsen\/#local-main-organization-logo"},"sameAs":["https:\/\/www.facebook.com\/people\/Supercycles\/61583785499409\/?mibextid=wwXIfr&rdid=z4VkxEs0R3N7Q4hh&share_url=httpswww.facebook.comshare18GTfGQGVDmibextidwwXIfr","https:\/\/www.instagram.com\/supercycles.be?igsh=MWxhMGY4amQ5cXgyZA&utm_source=qr"],"description":"Supercycles is a bicycle shop located on the southern outskirts of Brussels, serving Beersel, Rhode-Saint-Gen\u00e8se, Linkebeek, Waterloo, and the surrounding areas. We specialise in cargo bikes, longtail bikes, electric bikes, and sports bikes. We offer renowned brands such as Urban Arrow, Tern, Gazelle, Lovens, and Superior, as well as a comprehensive service including sales, maintenance, leasing, and financing.","legalName":"Supercycles","foundingDate":"2026-02-23","numberOfEmployees":{"@type":"QuantitativeValue","minValue":"1","maxValue":"10"},"address":{"@id":"https:\/\/www.supercycles.be\/veloe-fietsen\/#local-main-place-address"},"geo":{"@type":"GeoCoordinates","latitude":"50.7473028","longitude":"4.3274016"},"telephone":[],"contactPoint":{"@type":"ContactPoint","telephone":"+32487588560","email":"info@supercycles.be"},"openingHoursSpecification":[{"@type":"OpeningHoursSpecification","dayOfWeek":["Monday","Sunday"],"opens":"00:00","closes":"00:00"},{"@type":"OpeningHoursSpecification","dayOfWeek":["Tuesday","Wednesday","Thursday","Friday","Saturday"],"opens":"10:00","closes":"18:30"}],"vatID":"BE1034725031"},{"@type":"PostalAddress","@id":"https:\/\/www.supercycles.be\/veloe-fietsen\/#local-main-place-address","streetAddress":"Hallesesteeweg 10","addressLocality":"Alsemberg","postalCode":"1652","addressCountry":"BE"},{"@type":"ImageObject","inLanguage":"en-GB","@id":"https:\/\/www.supercycles.be\/veloe-fietsen\/#local-main-organization-logo","url":"https:\/\/www.supercycles.be\/wp-content\/uploads\/2026\/04\/Supercycles_RGB_Logo_Positif-1-scaled.png","contentUrl":"https:\/\/www.supercycles.be\/wp-content\/uploads\/2026\/04\/Supercycles_RGB_Logo_Positif-1-scaled.png","width":2560,"height":2321,"caption":"Supercycles"}]},"geo.placename":"Alsemberg","geo.position":{"lat":"50.7473028","long":"4.3274016"},"geo.region":"Belgium"},"_links":{"self":[{"href":"https:\/\/www.supercycles.be\/en\/wp-json\/wp\/v2\/pages\/13077","targetHints":{"allow":["GET"]}}],"collection":[{"href":"https:\/\/www.supercycles.be\/en\/wp-json\/wp\/v2\/pages"}],"about":[{"href":"https:\/\/www.supercycles.be\/en\/wp-json\/wp\/v2\/types\/page"}],"author":[{"embeddable":true,"href":"https:\/\/www.supercycles.be\/en\/wp-json\/wp\/v2\/users\/1"}],"replies":[{"embeddable":true,"href":"https:\/\/www.supercycles.be\/en\/wp-json\/wp\/v2\/comments?post=13077"}],"version-history":[{"count":11,"href":"https:\/\/www.supercycles.be\/en\/wp-json\/wp\/v2\/pages\/13077\/revisions"}],"predecessor-version":[{"id":13097,"href":"https:\/\/www.supercycles.be\/en\/wp-json\/wp\/v2\/pages\/13077\/revisions\/13097"}],"wp:featuredmedia":[{"embeddable":true,"href":"https:\/\/www.supercycles.be\/en\/wp-json\/wp\/v2\/media\/13081"}],"wp:attachment":[{"href":"https:\/\/www.supercycles.be\/en\/wp-json\/wp\/v2\/media?parent=13077"}],"curies":[{"name":"well played","href":"https:\/\/api.w.org\/{rel}","templated":true}]}}