{"id":12636,"date":"2026-08-11T10:29:49","date_gmt":"2026-08-11T09:29:49","guid":{"rendered":"https:\/\/www.supercycles.be\/product\/besv-ct-2-2-ls-2026\/"},"modified":"2026-09-06T02:18:47","modified_gmt":"2026-09-06T01:18:47","slug":"besv-ct-2-2-ls-2026","status":"publish","type":"product","link":"https:\/\/www.supercycles.be\/en\/product\/besv-ct-2-2-ls-2026\/","title":{"rendered":"BESV \u2013 Ct 2.2 Ls | 2026"},"content":{"rendered":"<p>The BESV CT 2.2 LS is an electric city bike with a low step-through frame and aluminium chassis, designed for daily travel and commuting. The Shimano E6110 mid-motor, integrated battery, continuously variable Enviolo hub gear and enclosed chain guard make urban use straightforward. The adjustable stem, suspension seatpost and comfortable saddle help to adjust the riding position and support riding comfort. Hydraulic disc brakes ensure good control, while the luggage carrier, mudguards, lights and kickstand make this electric city bike practical for daily trips to work, school or other destinations in the city.<\/p>","protected":false},"excerpt":{"rendered":"<p>The BESV CT 2.2 LS is an electric city bike with a low step-through frame and aluminium chassis, designed for daily travel and commuting. The Shimano E6110 mid-motor, integrated battery, continuously variable Enviolo hub gear and enclosed chain guard make urban use straightforward. The adjustable stem, suspension seatpost and comfortable saddle help to adjust the riding position and support riding comfort. Hydraulic disc brakes ensure good control, while the luggage carrier, mudguards, lights and kickstand make this electric city bike practical for daily trips to work, school or other destinations in the city.<\/p>","protected":false},"featured_media":13261,"template":"","meta":[],"product_brand":[284],"product_cat":[263,279,278,293],"product_tag":[],"class_list":["post-12636","product","type-product","status-publish","has-post-thumbnail","product_brand-besv","product_cat-fietsen","product_cat-stadsfiets-elektrisch","product_cat-stadsfietsen","product_cat-supercycles","first","instock","sale","taxable","shipping-taxable","purchasable","product-type-simple"],"yoast_head":"<!-- This site is optimized with the Yoast SEO Premium plugin v28.4 (Yoast SEO v28.4) - https:\/\/yoast.com\/product\/yoast-seo-premium-wordpress\/ -->\n<title>BESV - Ct 2.2 Ls | 2026 - Supercycles<\/title>\n<meta name=\"robots\" content=\"index, follow, max-snippet:-1, max-image-preview:large, max-video-preview:-1\" \/>\n<link rel=\"canonical\" href=\"https:\/\/www.supercycles.be\/en\/product\/besv-ct-2-2-ls-2026\/\" \/>\n<meta property=\"og:locale\" content=\"en_GB\" \/>\n<meta property=\"og:type\" content=\"article\" \/>\n<meta property=\"og:title\" content=\"BESV - Ct 2.2 Ls | 2026\" \/>\n<meta property=\"og:description\" content=\"De BESV CT 2.2 LS is een elektrische stadsfiets met lage instap en aluminium frame, ontworpen voor dagelijkse verplaatsingen en woon-werkverkeer. De Shimano E6110 middenmotor, ge\u00efntegreerde accu, traploze Enviolo naafversnelling en gesloten kettingkast maken het gebruik in de stad eenvoudig. De verstelbare stuurpen, verende zadelpen en comfortabele zadel helpen om de zithouding aan te passen en ondersteunen het rijcomfort. Hydraulische schijfremmen zorgen voor een goede controle, terwijl de bagagedrager, spatborden, verlichting en standaard deze elektrische stadsfiets praktisch maken voor dagelijkse ritten naar het werk, school of andere bestemmingen in de stad.\" \/>\n<meta property=\"og:url\" content=\"https:\/\/www.supercycles.be\/en\/product\/besv-ct-2-2-ls-2026\/\" \/>\n<meta property=\"og:site_name\" content=\"Supercycles\" \/>\n<meta property=\"article:publisher\" content=\"https:\/\/www.facebook.com\/people\/Supercycles\/61583785499409\/?mibextid=wwXIfr&amp;rdid=z4VkxEs0R3N7Q4hh&amp;share_url=httpswww.facebook.comshare18GTfGQGVDmibextidwwXIfr\" \/>\n<meta property=\"article:modified_time\" content=\"2026-09-06T01:18:47+00:00\" \/>\n<meta property=\"og:image\" content=\"https:\/\/www.supercycles.be\/wp-content\/uploads\/2026\/08\/artPic_public_L_4815161.jpg\" \/>\n\t<meta property=\"og:image:width\" content=\"1200\" \/>\n\t<meta property=\"og:image:height\" content=\"799\" \/>\n\t<meta property=\"og:image:type\" content=\"image\/jpeg\" \/>\n<meta name=\"twitter:card\" content=\"summary_large_image\" \/>\n<script type=\"application\/ld+json\" class=\"yoast-schema-graph\">{\"@context\":\"https:\\\/\\\/schema.org\",\"@graph\":[{\"@type\":\"WebPage\",\"@id\":\"https:\\\/\\\/www.supercycles.be\\\/product\\\/besv-ct-2-2-ls-2026\\\/\",\"url\":\"https:\\\/\\\/www.supercycles.be\\\/product\\\/besv-ct-2-2-ls-2026\\\/\",\"name\":\"BESV - Ct 2.2 Ls | 2026 - Supercycles\",\"isPartOf\":{\"@id\":\"https:\\\/\\\/www.supercycles.be\\\/#website\"},\"primaryImageOfPage\":{\"@id\":\"https:\\\/\\\/www.supercycles.be\\\/product\\\/besv-ct-2-2-ls-2026\\\/#primaryimage\"},\"image\":{\"@id\":\"https:\\\/\\\/www.supercycles.be\\\/product\\\/besv-ct-2-2-ls-2026\\\/#primaryimage\"},\"thumbnailUrl\":\"https:\\\/\\\/www.supercycles.be\\\/wp-content\\\/uploads\\\/2026\\\/08\\\/artPic_public_L_4815161.jpg\",\"datePublished\":\"2026-08-11T09:29:49+00:00\",\"dateModified\":\"2026-09-06T01:18:47+00:00\",\"breadcrumb\":{\"@id\":\"https:\\\/\\\/www.supercycles.be\\\/product\\\/besv-ct-2-2-ls-2026\\\/#breadcrumb\"},\"inLanguage\":\"en-GB\",\"potentialAction\":[{\"@type\":\"ReadAction\",\"target\":[\"https:\\\/\\\/www.supercycles.be\\\/product\\\/besv-ct-2-2-ls-2026\\\/\"]}]},{\"@type\":\"ImageObject\",\"inLanguage\":\"en-GB\",\"@id\":\"https:\\\/\\\/www.supercycles.be\\\/product\\\/besv-ct-2-2-ls-2026\\\/#primaryimage\",\"url\":\"https:\\\/\\\/www.supercycles.be\\\/wp-content\\\/uploads\\\/2026\\\/08\\\/artPic_public_L_4815161.jpg\",\"contentUrl\":\"https:\\\/\\\/www.supercycles.be\\\/wp-content\\\/uploads\\\/2026\\\/08\\\/artPic_public_L_4815161.jpg\",\"width\":1200,\"height\":799},{\"@type\":\"BreadcrumbList\",\"@id\":\"https:\\\/\\\/www.supercycles.be\\\/product\\\/besv-ct-2-2-ls-2026\\\/#breadcrumb\",\"itemListElement\":[{\"@type\":\"ListItem\",\"position\":1,\"name\":\"Accueil\",\"item\":\"https:\\\/\\\/www.supercycles.be\\\/\"},{\"@type\":\"ListItem\",\"position\":2,\"name\":\"Produits\",\"item\":\"https:\\\/\\\/www.supercycles.be\\\/shop\\\/\"},{\"@type\":\"ListItem\",\"position\":3,\"name\":\"BESV &#8211; Ct 2.2 Ls | 2026\"}]},{\"@type\":\"WebSite\",\"@id\":\"https:\\\/\\\/www.supercycles.be\\\/#website\",\"url\":\"https:\\\/\\\/www.supercycles.be\\\/\",\"name\":\"Supercycles\",\"description\":\"Fietsenwinkel &amp; atelier in Alsemberg\",\"publisher\":{\"@id\":\"https:\\\/\\\/www.supercycles.be\\\/#organization\"},\"potentialAction\":[{\"@type\":\"SearchAction\",\"target\":{\"@type\":\"EntryPoint\",\"urlTemplate\":\"https:\\\/\\\/www.supercycles.be\\\/?s={search_term_string}\"},\"query-input\":{\"@type\":\"PropertyValueSpecification\",\"valueRequired\":true,\"valueName\":\"search_term_string\"}}],\"inLanguage\":\"en-GB\"},{\"@type\":[\"Organization\",\"Place\"],\"@id\":\"https:\\\/\\\/www.supercycles.be\\\/#organization\",\"name\":\"Supercycles\",\"url\":\"https:\\\/\\\/www.supercycles.be\\\/\",\"logo\":{\"@id\":\"https:\\\/\\\/www.supercycles.be\\\/product\\\/besv-ct-2-2-ls-2026\\\/#local-main-organization-logo\"},\"image\":{\"@id\":\"https:\\\/\\\/www.supercycles.be\\\/product\\\/besv-ct-2-2-ls-2026\\\/#local-main-organization-logo\"},\"sameAs\":[\"https:\\\/\\\/www.facebook.com\\\/people\\\/Supercycles\\\/61583785499409\\\/?mibextid=wwXIfr&rdid=z4VkxEs0R3N7Q4hh&share_url=httpswww.facebook.comshare18GTfGQGVDmibextidwwXIfr\",\"https:\\\/\\\/www.instagram.com\\\/supercycles.be?igsh=MWxhMGY4amQ5cXgyZA&utm_source=qr\"],\"description\":\"Supercycles est un magasin de v\u00e9los situ\u00e9 \u00e0 la fronti\u00e8re sud de Bruxelles, desservant Beersel, Rhode-Saint-Gen\u00e8se, Linkebeek, Waterloo et les environs, sp\u00e9cialis\u00e9 dans les v\u00e9los cargo, longtail, \u00e9lectriques et v\u00e9los sportifs. Nous proposons des marques reconnues comme Urban Arrow, Tern, Gazelle, Lovens et Superior, ainsi qu\u2019un service complet incluant la vente, l\u2019entretien, le leasing et le financement.\",\"legalName\":\"Supercycles\",\"foundingDate\":\"2026-02-23\",\"numberOfEmployees\":{\"@type\":\"QuantitativeValue\",\"minValue\":\"1\",\"maxValue\":\"10\"},\"address\":{\"@id\":\"https:\\\/\\\/www.supercycles.be\\\/product\\\/besv-ct-2-2-ls-2026\\\/#local-main-place-address\"},\"geo\":{\"@type\":\"GeoCoordinates\",\"latitude\":\"50.7473028\",\"longitude\":\"4.3274016\"},\"telephone\":[],\"contactPoint\":{\"@type\":\"ContactPoint\",\"telephone\":\"+32487588560\",\"email\":\"info@supercycles.be\"},\"openingHoursSpecification\":[{\"@type\":\"OpeningHoursSpecification\",\"dayOfWeek\":[\"Monday\",\"Sunday\"],\"opens\":\"00:00\",\"closes\":\"00:00\"},{\"@type\":\"OpeningHoursSpecification\",\"dayOfWeek\":[\"Tuesday\",\"Wednesday\",\"Thursday\",\"Friday\",\"Saturday\"],\"opens\":\"10:00\",\"closes\":\"18:30\"}],\"vatID\":\"BE1034725031\"},{\"@type\":\"PostalAddress\",\"@id\":\"https:\\\/\\\/www.supercycles.be\\\/product\\\/besv-ct-2-2-ls-2026\\\/#local-main-place-address\",\"streetAddress\":\"Hallesesteeweg 10\",\"addressLocality\":\"Alsemberg\",\"postalCode\":\"1652\",\"addressCountry\":\"BE\"},{\"@type\":\"ImageObject\",\"inLanguage\":\"en-GB\",\"@id\":\"https:\\\/\\\/www.supercycles.be\\\/product\\\/besv-ct-2-2-ls-2026\\\/#local-main-organization-logo\",\"url\":\"https:\\\/\\\/www.supercycles.be\\\/wp-content\\\/uploads\\\/2026\\\/04\\\/Supercycles_RGB_Logo_Positif-1-scaled.png\",\"contentUrl\":\"https:\\\/\\\/www.supercycles.be\\\/wp-content\\\/uploads\\\/2026\\\/04\\\/Supercycles_RGB_Logo_Positif-1-scaled.png\",\"width\":2560,\"height\":2321,\"caption\":\"Supercycles\"}]}<\/script>\n<meta name=\"geo.placename\" content=\"Alsemberg\" \/>\n<meta name=\"geo.position\" content=\"50.7473028;4.3274016\" \/>\n<meta name=\"geo.region\" content=\"Belgium\" \/>\n<!-- \/ Yoast SEO Premium plugin. -->","yoast_head_json":{"title":"BESV - Ct 2.2 Ls | 2026 - Supercycles","robots":{"index":"index","follow":"follow","max-snippet":"max-snippet:-1","max-image-preview":"max-image-preview:large","max-video-preview":"max-video-preview:-1"},"canonical":"https:\/\/www.supercycles.be\/en\/product\/besv-ct-2-2-ls-2026\/","og_locale":"en_GB","og_type":"article","og_title":"BESV - Ct 2.2 Ls | 2026","og_description":"De BESV CT 2.2 LS is een elektrische stadsfiets met lage instap en aluminium frame, ontworpen voor dagelijkse verplaatsingen en woon-werkverkeer. De Shimano E6110 middenmotor, ge\u00efntegreerde accu, traploze Enviolo naafversnelling en gesloten kettingkast maken het gebruik in de stad eenvoudig. De verstelbare stuurpen, verende zadelpen en comfortabele zadel helpen om de zithouding aan te passen en ondersteunen het rijcomfort. Hydraulische schijfremmen zorgen voor een goede controle, terwijl de bagagedrager, spatborden, verlichting en standaard deze elektrische stadsfiets praktisch maken voor dagelijkse ritten naar het werk, school of andere bestemmingen in de stad.","og_url":"https:\/\/www.supercycles.be\/en\/product\/besv-ct-2-2-ls-2026\/","og_site_name":"Supercycles","article_publisher":"https:\/\/www.facebook.com\/people\/Supercycles\/61583785499409\/?mibextid=wwXIfr&rdid=z4VkxEs0R3N7Q4hh&share_url=httpswww.facebook.comshare18GTfGQGVDmibextidwwXIfr","article_modified_time":"2026-09-06T01:18:47+00:00","og_image":[{"width":1200,"height":799,"url":"https:\/\/www.supercycles.be\/wp-content\/uploads\/2026\/08\/artPic_public_L_4815161.jpg","type":"image\/jpeg"}],"twitter_card":"summary_large_image","schema":{"@context":"https:\/\/schema.org","@graph":[{"@type":"WebPage","@id":"https:\/\/www.supercycles.be\/product\/besv-ct-2-2-ls-2026\/","url":"https:\/\/www.supercycles.be\/product\/besv-ct-2-2-ls-2026\/","name":"BESV - Ct 2.2 Ls | 2026 - Supercycles","isPartOf":{"@id":"https:\/\/www.supercycles.be\/#website"},"primaryImageOfPage":{"@id":"https:\/\/www.supercycles.be\/product\/besv-ct-2-2-ls-2026\/#primaryimage"},"image":{"@id":"https:\/\/www.supercycles.be\/product\/besv-ct-2-2-ls-2026\/#primaryimage"},"thumbnailUrl":"https:\/\/www.supercycles.be\/wp-content\/uploads\/2026\/08\/artPic_public_L_4815161.jpg","datePublished":"2026-08-11T09:29:49+00:00","dateModified":"2026-09-06T01:18:47+00:00","breadcrumb":{"@id":"https:\/\/www.supercycles.be\/product\/besv-ct-2-2-ls-2026\/#breadcrumb"},"inLanguage":"en-GB","potentialAction":[{"@type":"ReadAction","target":["https:\/\/www.supercycles.be\/product\/besv-ct-2-2-ls-2026\/"]}]},{"@type":"ImageObject","inLanguage":"en-GB","@id":"https:\/\/www.supercycles.be\/product\/besv-ct-2-2-ls-2026\/#primaryimage","url":"https:\/\/www.supercycles.be\/wp-content\/uploads\/2026\/08\/artPic_public_L_4815161.jpg","contentUrl":"https:\/\/www.supercycles.be\/wp-content\/uploads\/2026\/08\/artPic_public_L_4815161.jpg","width":1200,"height":799},{"@type":"BreadcrumbList","@id":"https:\/\/www.supercycles.be\/product\/besv-ct-2-2-ls-2026\/#breadcrumb","itemListElement":[{"@type":"ListItem","position":1,"name":"Accueil","item":"https:\/\/www.supercycles.be\/"},{"@type":"ListItem","position":2,"name":"Produits","item":"https:\/\/www.supercycles.be\/shop\/"},{"@type":"ListItem","position":3,"name":"BESV &#8211; Ct 2.2 Ls | 2026"}]},{"@type":"WebSite","@id":"https:\/\/www.supercycles.be\/#website","url":"https:\/\/www.supercycles.be\/","name":"Supercycles","description":"Bicycle shop &amp; workshop in Alsemberg","publisher":{"@id":"https:\/\/www.supercycles.be\/#organization"},"potentialAction":[{"@type":"SearchAction","target":{"@type":"EntryPoint","urlTemplate":"https:\/\/www.supercycles.be\/?s={search_term_string}"},"query-input":{"@type":"PropertyValueSpecification","valueRequired":true,"valueName":"search_term_string"}}],"inLanguage":"en-GB"},{"@type":["Organization","Place"],"@id":"https:\/\/www.supercycles.be\/#organization","name":"Supercycles","url":"https:\/\/www.supercycles.be\/","logo":{"@id":"https:\/\/www.supercycles.be\/product\/besv-ct-2-2-ls-2026\/#local-main-organization-logo"},"image":{"@id":"https:\/\/www.supercycles.be\/product\/besv-ct-2-2-ls-2026\/#local-main-organization-logo"},"sameAs":["https:\/\/www.facebook.com\/people\/Supercycles\/61583785499409\/?mibextid=wwXIfr&rdid=z4VkxEs0R3N7Q4hh&share_url=httpswww.facebook.comshare18GTfGQGVDmibextidwwXIfr","https:\/\/www.instagram.com\/supercycles.be?igsh=MWxhMGY4amQ5cXgyZA&utm_source=qr"],"description":"Supercycles is a bicycle shop located on the southern outskirts of Brussels, serving Beersel, Rhode-Saint-Gen\u00e8se, Linkebeek, Waterloo, and the surrounding areas. We specialise in cargo bikes, longtail bikes, electric bikes, and sports bikes. We offer renowned brands such as Urban Arrow, Tern, Gazelle, Lovens, and Superior, as well as a comprehensive service including sales, maintenance, leasing, and financing.","legalName":"Supercycles","foundingDate":"2026-02-23","numberOfEmployees":{"@type":"QuantitativeValue","minValue":"1","maxValue":"10"},"address":{"@id":"https:\/\/www.supercycles.be\/product\/besv-ct-2-2-ls-2026\/#local-main-place-address"},"geo":{"@type":"GeoCoordinates","latitude":"50.7473028","longitude":"4.3274016"},"telephone":[],"contactPoint":{"@type":"ContactPoint","telephone":"+32487588560","email":"info@supercycles.be"},"openingHoursSpecification":[{"@type":"OpeningHoursSpecification","dayOfWeek":["Monday","Sunday"],"opens":"00:00","closes":"00:00"},{"@type":"OpeningHoursSpecification","dayOfWeek":["Tuesday","Wednesday","Thursday","Friday","Saturday"],"opens":"10:00","closes":"18:30"}],"vatID":"BE1034725031"},{"@type":"PostalAddress","@id":"https:\/\/www.supercycles.be\/product\/besv-ct-2-2-ls-2026\/#local-main-place-address","streetAddress":"Hallesesteeweg 10","addressLocality":"Alsemberg","postalCode":"1652","addressCountry":"BE"},{"@type":"ImageObject","inLanguage":"en-GB","@id":"https:\/\/www.supercycles.be\/product\/besv-ct-2-2-ls-2026\/#local-main-organization-logo","url":"https:\/\/www.supercycles.be\/wp-content\/uploads\/2026\/04\/Supercycles_RGB_Logo_Positif-1-scaled.png","contentUrl":"https:\/\/www.supercycles.be\/wp-content\/uploads\/2026\/04\/Supercycles_RGB_Logo_Positif-1-scaled.png","width":2560,"height":2321,"caption":"Supercycles"}]},"geo.placename":"Alsemberg","geo.position":{"lat":"50.7473028","long":"4.3274016"},"geo.region":"Belgium"},"_links":{"self":[{"href":"https:\/\/www.supercycles.be\/en\/wp-json\/wp\/v2\/product\/12636","targetHints":{"allow":["GET"]}}],"collection":[{"href":"https:\/\/www.supercycles.be\/en\/wp-json\/wp\/v2\/product"}],"about":[{"href":"https:\/\/www.supercycles.be\/en\/wp-json\/wp\/v2\/types\/product"}],"wp:featuredmedia":[{"embeddable":true,"href":"https:\/\/www.supercycles.be\/en\/wp-json\/wp\/v2\/media\/13261"}],"wp:attachment":[{"href":"https:\/\/www.supercycles.be\/en\/wp-json\/wp\/v2\/media?parent=12636"}],"wp:term":[{"taxonomy":"product_brand","embeddable":true,"href":"https:\/\/www.supercycles.be\/en\/wp-json\/wp\/v2\/product_brand?post=12636"},{"taxonomy":"product_cat","embeddable":true,"href":"https:\/\/www.supercycles.be\/en\/wp-json\/wp\/v2\/product_cat?post=12636"},{"taxonomy":"product_tag","embeddable":true,"href":"https:\/\/www.supercycles.be\/en\/wp-json\/wp\/v2\/product_tag?post=12636"}],"curies":[{"name":"well played","href":"https:\/\/api.w.org\/{rel}","templated":true}]}}