{"id":12851,"date":"2026-08-17T08:00:25","date_gmt":"2026-08-17T07:00:25","guid":{"rendered":"https:\/\/www.supercycles.be\/?page_id=12851"},"modified":"2026-08-24T09:26:41","modified_gmt":"2026-08-24T08:26:41","slug":"velo-de-ville","status":"publish","type":"page","link":"https:\/\/www.supercycles.be\/fr\/velo-de-ville\/","title":{"rendered":"V\u00e9lo de ville"},"content":{"rendered":"<div class=\"et_pb_section_0 et_pb_section et_section_regular et_block_section\">\n<div class=\"et_pb_row_0 et_pb_row et_flex_row\">\n<div class=\"et_pb_column_0 et_pb_column et_flex_column et_pb_css_mix_blend_mode_passthrough et_clickable et_flex_column_12_24 et_flex_column_12_24_tablet et_flex_column_24_24_phone\">\n<div class=\"et_pb_text_0 et_pb_text et_pb_bg_layout_light et_pb_module et_flex_module\"><div class=\"et_pb_text_inner\"><h1>Velo de Ville<\/h1>\n<p>Een elektrische fiets afgestemd op uw verplaatsingen<\/p>\n<\/div><\/div>\n\n<div class=\"et_pb_image_0 et_pb_image et_animated et_pb_module et_flex_module\"><span class=\"et_pb_image_wrap\"><img loading=\"lazy\" decoding=\"async\" src=\"https:\/\/www.supercycles.be\/wp-content\/uploads\/2026\/08\/Post-3_Custom-Made-Perfekter-Begleiter_2.jpg\" title=\"Post 3_Custom Made - Perfekter Begleiter_2\" width=\"1080\" height=\"1350\" srcset=\"https:\/\/www.supercycles.be\/wp-content\/uploads\/2026\/08\/Post-3_Custom-Made-Perfekter-Begleiter_2.jpg 1080w, https:\/\/www.supercycles.be\/wp-content\/uploads\/2026\/08\/Post-3_Custom-Made-Perfekter-Begleiter_2-980x1225.jpg 980w, https:\/\/www.supercycles.be\/wp-content\/uploads\/2026\/08\/Post-3_Custom-Made-Perfekter-Begleiter_2-480x600.jpg 480w\" sizes=\"(min-width: 0px) and (max-width: 480px) 480px, (min-width: 481px) and (max-width: 980px) 980px, (min-width: 981px) 1080px, 100vw\" class=\"wp-image-12857\" \/><\/span><\/div>\n\n<div class=\"et_pb_text_1 et_pb_text et_pb_bg_layout_light et_pb_module et_flex_module\"><div class=\"et_pb_text_inner\"><p class=\"isSelectedEnd\"><span>Velo de Ville ontwikkelt elektrische en klassieke fietsen die kunnen worden afgestemd op de behoeften van iedere fietser. Afhankelijk van het gekozen model zijn er verschillende mogelijkheden voor het frame, de motor, de versnelling, de batterij, het comfort en de uitrusting.<\/span><\/p>\n<p><span>Bij Supercycles helpen we u om een evenwichtige configuratie samen te stellen die past bij uw verplaatsingen, zitpositie, voorkeuren en budget.<\/span><\/p>\n<p>\u00a0<\/p>\n<\/div><\/div>\n\n<div class=\"et_pb_module et_pb_button_module_wrapper et_pb_button_0_wrapper\"><a class=\"et_pb_button_0 et_pb_button et_pb_bg_layout_light et_animated et_pb_module et_block_module\" href=\"https:\/\/www.supercycles.be\/fr\/product-categorie\/fietsen\/?jsf=jet-engine&#038;tax=product_brand:291\">Ontdek onze modellen<\/a><\/div>\n<\/div>\n\n<div class=\"et_pb_column_1 et_pb_column et-last-child et_flex_column et_pb_css_mix_blend_mode_passthrough et_flex_column_12_24 et_flex_column_12_24_tablet et_flex_column_24_24_phone\">\n<div class=\"et_pb_image_1 et_pb_image et_animated et_pb_module et_flex_module\"><span class=\"et_pb_image_wrap\"><img loading=\"lazy\" decoding=\"async\" src=\"https:\/\/www.supercycles.be\/wp-content\/uploads\/2026\/08\/Post-3_Custom-Made-Perfekter-Begleiter_2.jpg\" title=\"Post 3_Custom Made - Perfekter Begleiter_2\" width=\"1080\" height=\"1350\" srcset=\"https:\/\/www.supercycles.be\/wp-content\/uploads\/2026\/08\/Post-3_Custom-Made-Perfekter-Begleiter_2.jpg 1080w, https:\/\/www.supercycles.be\/wp-content\/uploads\/2026\/08\/Post-3_Custom-Made-Perfekter-Begleiter_2-980x1225.jpg 980w, https:\/\/www.supercycles.be\/wp-content\/uploads\/2026\/08\/Post-3_Custom-Made-Perfekter-Begleiter_2-480x600.jpg 480w\" sizes=\"(min-width: 0px) and (max-width: 480px) 480px, (min-width: 481px) and (max-width: 980px) 980px, (min-width: 981px) 1080px, 100vw\" class=\"wp-image-12857\" \/><\/span><\/div>\n<\/div>\n<\/div>\n<\/div>\n\n<div class=\"et_pb_section_1 et_pb_section et_section_regular et_flex_section\">\n<div class=\"et_pb_row_1 et_pb_row et_flex_row\">\n<div class=\"et_pb_column_2 et_pb_column et_flex_column et_pb_css_mix_blend_mode_passthrough et_flex_column_12_24 et_flex_column_12_24_tablet et_flex_column_24_24_phone\">\n<div class=\"et_pb_text_2 et_pb_text et_pb_bg_layout_light et_pb_module et_flex_module\"><div class=\"et_pb_text_inner\"><h2>Een fiets die zich aanpast aan de fietser<\/h2>\n<p>&nbsp;<\/p>\n<p class=\"isSelectedEnd\"><span>Veel fietsen worden aangeboden in een vooraf bepaalde configuratie. Dat is eenvoudig, maar daardoor moet u soms een versnelling, kleur, zitpositie of uitrusting aanvaarden die niet helemaal bij het geplande gebruik past.<\/span><\/p>\n<p class=\"isSelectedEnd\"><span>Velo de Ville kiest voor een andere aanpak. Het merk vertrekt van een basismodel en laat toe om een deel van de configuratie te personaliseren. De mogelijkheden verschillen per fiets, maar kunnen onder meer betrekking hebben op het frametype en de framemaat, de kleur, de motor, de versnelling, de batterij en bepaalde onderdelen van de uitrusting.<\/span><\/p>\n<p><span>Zo kunt u een persoonlijkere fiets samenstellen die tegelijk beter aansluit bij uw dagelijkse gebruik.<\/span><\/p>\n<\/div><\/div>\n<\/div>\n\n<div class=\"et_pb_column_3 et_pb_column et-last-child et_flex_column et_pb_css_mix_blend_mode_passthrough et_flex_column_12_24 et_flex_column_12_24_tablet et_flex_column_24_24_phone\">\n<div class=\"et_pb_group_carousel_0 et_pb_group_carousel et_pb_group et_pb_module et_pb_group_carousel_center_mode et_pb_group_carousel_arrows_inside et_pb_group_carousel_dots_center et_pb_group_carousel_dots_below\"><div class=\"et_pb_group_carousel_container\"><div class=\"et_pb_group_carousel_track\"><div class=\"et_pb_group_carousel_slide\"><div class=\"et_pb_group_0 et_pb_group et_pb_module et_flex_group et_pb_css_mix_blend_mode_passthrough\">\n<div class=\"et_pb_image_2 et_pb_image et_pb_module et_flex_module\"><span class=\"et_pb_image_wrap\"><img loading=\"lazy\" decoding=\"async\" src=\"https:\/\/www.supercycles.be\/wp-content\/uploads\/2026\/08\/6D7A1992-scaled.jpg\" title=\"6D7A1992\" width=\"2560\" height=\"1440\" srcset=\"https:\/\/www.supercycles.be\/wp-content\/uploads\/2026\/08\/6D7A1992-scaled.jpg 2560w, https:\/\/www.supercycles.be\/wp-content\/uploads\/2026\/08\/6D7A1992-1280x720.jpg 1280w, https:\/\/www.supercycles.be\/wp-content\/uploads\/2026\/08\/6D7A1992-980x551.jpg 980w, https:\/\/www.supercycles.be\/wp-content\/uploads\/2026\/08\/6D7A1992-480x270.jpg 480w\" sizes=\"(min-width: 0px) and (max-width: 480px) 480px, (min-width: 481px) and (max-width: 980px) 980px, (min-width: 981px) and (max-width: 1280px) 1280px, (min-width: 1281px) 2560px, 100vw\" class=\"wp-image-12878\" \/><\/span><\/div>\n<\/div><\/div><div class=\"et_pb_group_carousel_slide\"><div class=\"et_pb_group_1 et_pb_group et_pb_module et_flex_group et_pb_css_mix_blend_mode_passthrough\">\n<div class=\"et_pb_image_3 et_pb_image et_pb_module et_flex_module\"><span class=\"et_pb_image_wrap\"><img loading=\"lazy\" decoding=\"async\" src=\"https:\/\/www.supercycles.be\/wp-content\/uploads\/2026\/08\/VDV-AEB-PRO-03.jpg\" title=\"VDV - AEB PRO - 03\" width=\"8192\" height=\"5464\" srcset=\"https:\/\/www.supercycles.be\/wp-content\/uploads\/2026\/08\/VDV-AEB-PRO-03.jpg 8192w, https:\/\/www.supercycles.be\/wp-content\/uploads\/2026\/08\/VDV-AEB-PRO-03-1600x1067.jpg 1600w, https:\/\/www.supercycles.be\/wp-content\/uploads\/2026\/08\/VDV-AEB-PRO-03-300x200.jpg 300w, https:\/\/www.supercycles.be\/wp-content\/uploads\/2026\/08\/VDV-AEB-PRO-03-1024x683.jpg 1024w, https:\/\/www.supercycles.be\/wp-content\/uploads\/2026\/08\/VDV-AEB-PRO-03-768x512.jpg 768w\" sizes=\"(max-width: 8192px) 100vw, 8192px\" class=\"wp-image-12880\" \/><\/span><\/div>\n<\/div><\/div><div class=\"et_pb_group_carousel_slide\"><div class=\"et_pb_group_2 et_pb_group et_pb_module et_flex_group et_pb_css_mix_blend_mode_passthrough\">\n<div class=\"et_pb_image_4 et_pb_image et_pb_module et_flex_module\"><span class=\"et_pb_image_wrap\"><img loading=\"lazy\" decoding=\"async\" src=\"https:\/\/www.supercycles.be\/wp-content\/uploads\/2026\/08\/VDV-REVO-C-01-scaled.jpg\" title=\"VDV - REVO-C - 01\" width=\"2560\" height=\"1829\" srcset=\"https:\/\/www.supercycles.be\/wp-content\/uploads\/2026\/08\/VDV-REVO-C-01-scaled.jpg 2560w, https:\/\/www.supercycles.be\/wp-content\/uploads\/2026\/08\/VDV-REVO-C-01-scaled-1600x1143.jpg 1600w, https:\/\/www.supercycles.be\/wp-content\/uploads\/2026\/08\/VDV-REVO-C-01-300x214.jpg 300w, https:\/\/www.supercycles.be\/wp-content\/uploads\/2026\/08\/VDV-REVO-C-01-1024x731.jpg 1024w, https:\/\/www.supercycles.be\/wp-content\/uploads\/2026\/08\/VDV-REVO-C-01-768x549.jpg 768w, https:\/\/www.supercycles.be\/wp-content\/uploads\/2026\/08\/VDV-REVO-C-01-1536x1097.jpg 1536w, https:\/\/www.supercycles.be\/wp-content\/uploads\/2026\/08\/VDV-REVO-C-01-2048x1463.jpg 2048w, https:\/\/www.supercycles.be\/wp-content\/uploads\/2026\/08\/VDV-REVO-C-01-18x12.jpg 18w, https:\/\/www.supercycles.be\/wp-content\/uploads\/2026\/08\/VDV-REVO-C-01-1080x771.jpg 1080w\" sizes=\"(max-width: 2560px) 100vw, 2560px\" class=\"wp-image-12877\" \/><\/span><\/div>\n<\/div><\/div><div class=\"et_pb_group_carousel_slide\"><div class=\"et_pb_group_3 et_pb_group et-last-child et_pb_module et_flex_group et_pb_css_mix_blend_mode_passthrough\">\n<div class=\"et_pb_image_5 et_pb_image et_pb_module et_flex_module\"><span class=\"et_pb_image_wrap\"><img loading=\"lazy\" decoding=\"async\" src=\"https:\/\/www.supercycles.be\/wp-content\/uploads\/2026\/08\/VELO-DE-VILLE-LOADY-family-FINAL-VERSION-27-1.jpeg\" title=\"VELO DE VILLE LOADY family - FINAL VERSION - 27\" width=\"7970\" height=\"5313\" srcset=\"https:\/\/www.supercycles.be\/wp-content\/uploads\/2026\/08\/VELO-DE-VILLE-LOADY-family-FINAL-VERSION-27-1.jpeg 7970w, https:\/\/www.supercycles.be\/wp-content\/uploads\/2026\/08\/VELO-DE-VILLE-LOADY-family-FINAL-VERSION-27-1-1600x1067.jpeg 1600w, https:\/\/www.supercycles.be\/wp-content\/uploads\/2026\/08\/VELO-DE-VILLE-LOADY-family-FINAL-VERSION-27-1-300x200.jpeg 300w, https:\/\/www.supercycles.be\/wp-content\/uploads\/2026\/08\/VELO-DE-VILLE-LOADY-family-FINAL-VERSION-27-1-1024x683.jpeg 1024w, https:\/\/www.supercycles.be\/wp-content\/uploads\/2026\/08\/VELO-DE-VILLE-LOADY-family-FINAL-VERSION-27-1-768x512.jpeg 768w\" sizes=\"(max-width: 7970px) 100vw, 7970px\" class=\"wp-image-12884\" \/><\/span><\/div>\n<\/div><\/div><\/div><\/div><span class=\"et_pb_group_carousel_arrow et_pb_group_carousel_arrow_prev\" role=\"button\" tabindex=\"0\" aria-label=\"Previous slide\"><span class=\"et-pb-icon\">4<\/span><\/span><span class=\"et_pb_group_carousel_arrow et_pb_group_carousel_arrow_next\" role=\"button\" tabindex=\"0\" aria-label=\"Next slide\"><span class=\"et-pb-icon\">5<\/span><\/span><div class=\"et_pb_group_carousel_dots\"><\/div><\/div>\n<\/div>\n<\/div>\n<\/div>\n\n<div class=\"et_pb_section_2 et_pb_section et_section_regular et_flex_section\">\n<div class=\"et_pb_row_2 et_pb_row et_flex_row\">\n<div class=\"et_pb_column_4 et_pb_column et-last-child et_flex_column et_pb_css_mix_blend_mode_passthrough et_flex_column_24_24 et_flex_column_24_24_tablet et_flex_column_24_24_phone\">\n<div class=\"et_pb_row_3 et_pb_row et_pb_row_nested et_flex_row\">\n<div class=\"et_pb_column_5 et_pb_column et_flex_column et_pb_css_mix_blend_mode_passthrough et_flex_column_12_24 et_flex_column_12_24_tablet et_flex_column_24_24_phone\">\n<div class=\"et_pb_video_0 et_pb_video et_pb_module et_flex_module scroll-video\"><div class=\"et_pb_video_box\"><video controls><source type=\"video\/mp4\" src=\"https:\/\/www.supercycles.be\/wp-content\/uploads\/2026\/08\/Imagefilm-Reel.mp4\" \/><\/video><\/div><\/div>\n<\/div>\n\n<div class=\"et_pb_column_6 et_pb_column et-last-child et_flex_column et_pb_css_mix_blend_mode_passthrough et_flex_column_12_24 et_flex_column_12_24_tablet et_flex_column_24_24_phone\">\n<div class=\"et_pb_text_3 et_pb_text et_pb_bg_layout_light et_pb_module et_flex_module\"><div class=\"et_pb_text_inner\"><h2>Gepersonaliseerde fietsen, gebouwd in Duitsland<\/h2>\n<p>\u00a0<\/p>\n<p class=\"isSelectedEnd\"><span>Het verhaal van Velo de Ville begint in 1966 in Altenberge, vlak bij M\u00fcnster. Door de jaren heen is personalisatie uitgegroeid tot een belangrijk onderdeel van de identiteit van het merk.<\/span><\/p>\n<p class=\"isSelectedEnd\"><span>De fietsen worden individueel samengesteld en vervolgens in Duitsland gebouwd. Velo de Ville beschikt ook over een eigen poederlakinstallatie, waardoor het merk een uitgebreide keuze aan kleuren en afwerkingen kan aanbieden.<\/span><\/p>\n<p><span>Dankzij deze productie op bestelling hoeft elk model niet beperkt te blijven tot enkele standaardconfiguraties. Zo kan de fiets nauwkeuriger worden afgestemd op het gebruik: verplaatsingen in de stad, woon-werkverkeer, fietstochten, onverharde paden of langere afstanden.<\/span><\/p>\n<\/div><\/div>\n\n<div class=\"et_pb_video_1 et_pb_video et_pb_module et_flex_module scroll-video\"><div class=\"et_pb_video_box\"><video controls><source type=\"video\/mp4\" src=\"https:\/\/www.supercycles.be\/wp-content\/uploads\/2026\/08\/Imagefilm-Reel.mp4\" \/><\/video><\/div><\/div>\n<\/div>\n<\/div>\n<\/div>\n<\/div>\n<\/div>\n\n<div class=\"et_pb_section_3 et_pb_section et_section_regular et_flex_section\">\n<div class=\"et_pb_row_4 et_pb_row et_flex_row\">\n<div class=\"et_pb_column_7 et_pb_column et-last-child et_flex_column et_pb_css_mix_blend_mode_passthrough et_flex_column_24_24 et_flex_column_24_24_tablet et_flex_column_24_24_phone\">\n<div class=\"et_pb_text_4 et_pb_text et_pb_bg_layout_light et_pb_module et_flex_module\"><div class=\"et_pb_text_inner\"><h2 style=\"text-align: center;\">De visie van Supercycles<\/h2>\n<p>\u00a0<\/p>\n<p class=\"isSelectedEnd\"><span>Veel keuzemogelijkheden leveren niet automatisch een betere fiets op. Een configuratie moet in balans blijven.<\/span><\/p>\n<p class=\"isSelectedEnd\"><span>Een krachtige motor is niet voor elke rit noodzakelijk. Een grotere batterij zorgt voor extra gewicht en kosten. Een erg sportieve versnelling past niet altijd bij stadsgebruik. Anderzijds kunnen bepaalde comfort- of transportvoorzieningen essentieel worden wanneer de fiets dagelijks wordt gebruikt.<\/span><\/p>\n<p class=\"isSelectedEnd\"><span>Het is onze taak om u te helpen de juiste keuzes te maken, zonder overbodige opties toe te voegen.<\/span><\/p>\n<p><span>Het resultaat moet een fiets zijn waarmee u vandaag aangenaam rijdt en die tegelijk geschikt blijft voor regelmatig gebruik op lange termijn.<\/span><\/p>\n<\/div><\/div>\n<\/div>\n<\/div>\n<\/div>\n\n<div class=\"et_pb_section_4 et_pb_section et_section_regular et_block_section\">\n<div class=\"et_pb_row_5 et_pb_row et_flex_row\">\n<div class=\"et_pb_column_8 et_pb_column et-last-child et_flex_column et_pb_css_mix_blend_mode_passthrough et_flex_column_24_24 et_flex_column_24_24_tablet et_flex_column_24_24_phone\">\n<div class=\"et_pb_text_5 et_pb_text et_pb_bg_layout_light et_pb_module et_flex_module\"><div class=\"et_pb_text_inner\"><h2 style=\"text-align: center;\">Welke Velo de Ville past bij u?<\/h2>\n<p>\u00a0<\/p>\n<\/div><\/div>\n<\/div>\n<\/div>\n\n<div class=\"et_pb_row_6 et_pb_row et_grid_row\">\n<div class=\"et_pb_column_9 et_pb_column et_flex_column et_pb_css_mix_blend_mode_passthrough\">\n<div class=\"et_pb_blurb_0 et_pb_blurb et_pb_bg_layout_light et_pb_blurb_position_top et_pb_module et_flex_module\"><div class=\"et_pb_blurb_content et_flex_module\"><div class=\"et_pb_main_blurb_image\"><span class=\"et_pb_image_wrap et_pb_only_image_mode_wrap\"><img loading=\"lazy\" decoding=\"async\" src=\"https:\/\/www.supercycles.be\/wp-content\/uploads\/2026\/08\/VDV-AEB-PRO-06.jpg\" width=\"8192\" height=\"5464\" srcset=\"https:\/\/www.supercycles.be\/wp-content\/uploads\/2026\/08\/VDV-AEB-PRO-06.jpg 8192w, https:\/\/www.supercycles.be\/wp-content\/uploads\/2026\/08\/VDV-AEB-PRO-06-1600x1067.jpg 1600w, https:\/\/www.supercycles.be\/wp-content\/uploads\/2026\/08\/VDV-AEB-PRO-06-300x200.jpg 300w, https:\/\/www.supercycles.be\/wp-content\/uploads\/2026\/08\/VDV-AEB-PRO-06-1024x683.jpg 1024w, https:\/\/www.supercycles.be\/wp-content\/uploads\/2026\/08\/VDV-AEB-PRO-06-768x512.jpg 768w\" sizes=\"(max-width: 8192px) 100vw, 8192px\" class=\"wp-image-12899\" title=\"VDV - AEB PRO - 06\" \/><\/span><\/div><div class=\"et_pb_blurb_container\"><h3 class=\"et_pb_module_header\">Voor dagelijkse verplaatsingen en fietstochten<\/h3><div class=\"et_pb_blurb_description\"><p class=\"isSelectedEnd\"><span>De Allround-modellen zijn bedoeld voor fietsers die op zoek zijn naar een veelzijdige fiets voor de stad, woon-werkverkeer en ritten in het weekend.<\/span><\/p>\n<p><span>Met de configuratie kan de fiets worden afgestemd op het gewenste comfort, het reli\u00ebf van uw routes en de uitrusting die u dagelijks nodig hebt.<\/span><\/p>\n<\/div><\/div><\/div><\/div>\n<\/div>\n\n<div class=\"et_pb_column_10 et_pb_column et-last-child et_flex_column et_pb_css_mix_blend_mode_passthrough\">\n<div class=\"et_pb_blurb_1 et_pb_blurb et_pb_bg_layout_light et_pb_blurb_position_top et_pb_module et_flex_module\"><div class=\"et_pb_blurb_content et_flex_module\"><div class=\"et_pb_main_blurb_image\"><span class=\"et_pb_image_wrap et_pb_only_image_mode_wrap\"><img loading=\"lazy\" decoding=\"async\" src=\"https:\/\/www.supercycles.be\/wp-content\/uploads\/2026\/08\/VDV-SEB-PRO-02.jpg\" width=\"7830\" height=\"5220\" srcset=\"https:\/\/www.supercycles.be\/wp-content\/uploads\/2026\/08\/VDV-SEB-PRO-02.jpg 7830w, https:\/\/www.supercycles.be\/wp-content\/uploads\/2026\/08\/VDV-SEB-PRO-02-1600x1067.jpg 1600w, https:\/\/www.supercycles.be\/wp-content\/uploads\/2026\/08\/VDV-SEB-PRO-02-300x200.jpg 300w, https:\/\/www.supercycles.be\/wp-content\/uploads\/2026\/08\/VDV-SEB-PRO-02-1024x683.jpg 1024w, https:\/\/www.supercycles.be\/wp-content\/uploads\/2026\/08\/VDV-SEB-PRO-02-768x512.jpg 768w\" sizes=\"(max-width: 7830px) 100vw, 7830px\" class=\"wp-image-12901\" title=\"VDV - SEB PRO - 02\" \/><\/span><\/div><div class=\"et_pb_blurb_container\"><h3 class=\"et_pb_module_header\">Voor meer comfort en veelzijdigheid<\/h3><div class=\"et_pb_blurb_description\"><p class=\"isSelectedEnd\"><span>Het SEB-gamma is ge\u00efnspireerd op SUV\u2019s. Deze fietsen zijn ontworpen om een praktische dagelijkse uitrusting te combineren met betere prestaties op wegen in slechte staat.<\/span><\/p>\n<p><span>De verschillende uitvoeringen onderscheiden zich door hun personalisatiemogelijkheden, de integratie van de batterij en de beschikbare uitrustingsopties.<\/span><\/p>\n<\/div><\/div><\/div><\/div>\n<\/div>\n<\/div>\n\n<div class=\"et_pb_row_7 et_pb_row et-vb-row--no-module et_flex_row\">\n<div class=\"et_pb_column_11 et_pb_column et-last-child et_flex_column et_pb_column_empty et_pb_css_mix_blend_mode_passthrough et_flex_column_24_24 et_flex_column_24_24_tablet et_flex_column_24_24_phone\"><\/div>\n<\/div>\n\n<div class=\"et_pb_row_8 et_pb_row et_grid_row\">\n<div class=\"et_pb_column_12 et_pb_column et_flex_column et_pb_css_mix_blend_mode_passthrough\">\n<div class=\"et_pb_blurb_2 et_pb_blurb et_pb_bg_layout_light et_pb_blurb_position_top et_pb_module et_flex_module\"><div class=\"et_pb_blurb_content et_flex_module\"><div class=\"et_pb_main_blurb_image\"><span class=\"et_pb_image_wrap et_pb_only_image_mode_wrap\"><img loading=\"lazy\" decoding=\"async\" src=\"https:\/\/www.supercycles.be\/wp-content\/uploads\/2026\/08\/artPic_public_L_4772137.jpg\" width=\"1200\" height=\"900\" srcset=\"https:\/\/www.supercycles.be\/wp-content\/uploads\/2026\/08\/artPic_public_L_4772137.jpg 1200w, https:\/\/www.supercycles.be\/wp-content\/uploads\/2026\/08\/artPic_public_L_4772137-980x735.jpg 980w, https:\/\/www.supercycles.be\/wp-content\/uploads\/2026\/08\/artPic_public_L_4772137-480x360.jpg 480w\" sizes=\"(min-width: 0px) and (max-width: 480px) 480px, (min-width: 481px) and (max-width: 980px) 980px, (min-width: 981px) 1200px, 100vw\" class=\"wp-image-12849\" title=\"artPic_public_L_4772137.jpg\" \/><\/span><\/div><div class=\"et_pb_blurb_container\"><h3 class=\"et_pb_module_header\">Voor een vlottere en dynamischere rit in de stad<\/h3><div class=\"et_pb_blurb_description\"><p class=\"isSelectedEnd\"><span>De Urban Light-categorie legt de nadruk op wendbaarheid, een strak ontwerp en een dynamischer rijgedrag.<\/span><\/p>\n<p><span>De REVO-C en zijn Avinox-motor vormen het technologische en sportieve toppunt van deze benadering.<\/span><\/p>\n<\/div><\/div><\/div><\/div>\n<\/div>\n\n<div class=\"et_pb_column_13 et_pb_column et-last-child et_flex_column et_pb_css_mix_blend_mode_passthrough\">\n<div class=\"et_pb_blurb_3 et_pb_blurb et_pb_bg_layout_light et_pb_blurb_position_top et_pb_module et_flex_module\"><div class=\"et_pb_blurb_content et_flex_module\"><div class=\"et_pb_main_blurb_image\"><span class=\"et_pb_image_wrap et_pb_only_image_mode_wrap\"><img loading=\"lazy\" decoding=\"async\" src=\"https:\/\/www.supercycles.be\/wp-content\/uploads\/2026\/08\/VDV210706_1331-scaled.jpg\" width=\"2560\" height=\"1709\" srcset=\"https:\/\/www.supercycles.be\/wp-content\/uploads\/2026\/08\/VDV210706_1331-scaled.jpg 2560w, https:\/\/www.supercycles.be\/wp-content\/uploads\/2026\/08\/VDV210706_1331-1280x855.jpg 1280w, https:\/\/www.supercycles.be\/wp-content\/uploads\/2026\/08\/VDV210706_1331-980x654.jpg 980w, https:\/\/www.supercycles.be\/wp-content\/uploads\/2026\/08\/VDV210706_1331-480x320.jpg 480w\" sizes=\"(min-width: 0px) and (max-width: 480px) 480px, (min-width: 481px) and (max-width: 980px) 980px, (min-width: 981px) and (max-width: 1280px) 1280px, (min-width: 1281px) 2560px, 100vw\" class=\"wp-image-12896\" title=\"VDV210706_1331\" \/><\/span><\/div><div class=\"et_pb_blurb_container\"><h3 class=\"et_pb_module_header\">Voor een fiets zonder elektrische ondersteuning<\/h3><div class=\"et_pb_blurb_description\"><p class=\"isSelectedEnd\">Velo de Ville biedt ook personaliseerbare klassieke fietsen aan. Ze zijn bedoeld voor fietsers die een eenvoudige, goed uitgeruste dagelijkse fiets zoeken die volgens hun voorkeuren kan worden samengesteld, zonder elektrische ondersteuning. Afhankelijk van het model kan de keuze van de onderdelen ook zorgen voor een lichtere configuratie.<\/p>\n<\/div><\/div><\/div><\/div>\n<\/div>\n<\/div>\n\n<div class=\"et_pb_row_9 et_pb_row et_flex_row\">\n<div class=\"et_pb_column_14 et_pb_column et-last-child et_flex_column et_pb_css_mix_blend_mode_passthrough et_flex_column_24_24 et_flex_column_24_24_tablet et_flex_column_24_24_phone\">\n<div class=\"et_pb_blurb_4 et_pb_blurb et_pb_bg_layout_light et_pb_blurb_position_top et_pb_module et_flex_module\"><div class=\"et_pb_blurb_content et_flex_module\"><div class=\"et_pb_main_blurb_image\"><span class=\"et_pb_image_wrap et_pb_only_image_mode_wrap\"><img loading=\"lazy\" decoding=\"async\" src=\"https:\/\/www.supercycles.be\/wp-content\/uploads\/2026\/08\/VDV-AEB-PRO-06.jpg\" width=\"8192\" height=\"5464\" srcset=\"https:\/\/www.supercycles.be\/wp-content\/uploads\/2026\/08\/VDV-AEB-PRO-06.jpg 8192w, https:\/\/www.supercycles.be\/wp-content\/uploads\/2026\/08\/VDV-AEB-PRO-06-1600x1067.jpg 1600w, https:\/\/www.supercycles.be\/wp-content\/uploads\/2026\/08\/VDV-AEB-PRO-06-300x200.jpg 300w, https:\/\/www.supercycles.be\/wp-content\/uploads\/2026\/08\/VDV-AEB-PRO-06-1024x683.jpg 1024w, https:\/\/www.supercycles.be\/wp-content\/uploads\/2026\/08\/VDV-AEB-PRO-06-768x512.jpg 768w\" sizes=\"(max-width: 8192px) 100vw, 8192px\" class=\"wp-image-12899\" title=\"VDV - AEB PRO - 06\" \/><\/span><\/div><div class=\"et_pb_blurb_container\"><h3 class=\"et_pb_module_header\">Voor dagelijkse verplaatsingen en fietstochten<\/h3><div class=\"et_pb_blurb_description\"><p class=\"isSelectedEnd\"><span>De Allround-modellen zijn bedoeld voor fietsers die op zoek zijn naar een veelzijdige fiets voor de stad, woon-werkverkeer en ritten in het weekend.<\/span><\/p>\n<p><span>Met de configuratie kan de fiets worden afgestemd op het gewenste comfort, het reli\u00ebf van uw routes en de uitrusting die u dagelijks nodig hebt.<\/span><\/p>\n<\/div><\/div><\/div><\/div>\n\n<div class=\"et_pb_blurb_5 et_pb_blurb et_pb_bg_layout_light et_pb_blurb_position_top et_pb_module et_flex_module\"><div class=\"et_pb_blurb_content et_flex_module\"><div class=\"et_pb_main_blurb_image\"><span class=\"et_pb_image_wrap et_pb_only_image_mode_wrap\"><img loading=\"lazy\" decoding=\"async\" src=\"https:\/\/www.supercycles.be\/wp-content\/uploads\/2026\/08\/VDV-SEB-PRO-02.jpg\" width=\"7830\" height=\"5220\" srcset=\"https:\/\/www.supercycles.be\/wp-content\/uploads\/2026\/08\/VDV-SEB-PRO-02.jpg 7830w, https:\/\/www.supercycles.be\/wp-content\/uploads\/2026\/08\/VDV-SEB-PRO-02-1600x1067.jpg 1600w, https:\/\/www.supercycles.be\/wp-content\/uploads\/2026\/08\/VDV-SEB-PRO-02-300x200.jpg 300w, https:\/\/www.supercycles.be\/wp-content\/uploads\/2026\/08\/VDV-SEB-PRO-02-1024x683.jpg 1024w, https:\/\/www.supercycles.be\/wp-content\/uploads\/2026\/08\/VDV-SEB-PRO-02-768x512.jpg 768w\" sizes=\"(max-width: 7830px) 100vw, 7830px\" class=\"wp-image-12901\" title=\"VDV - SEB PRO - 02\" \/><\/span><\/div><div class=\"et_pb_blurb_container\"><h3 class=\"et_pb_module_header\">Voor meer comfort en veelzijdigheid<\/h3><div class=\"et_pb_blurb_description\"><p class=\"isSelectedEnd\"><span>Het SEB-gamma is ge\u00efnspireerd op SUV\u2019s. Deze fietsen zijn ontworpen om een praktische dagelijkse uitrusting te combineren met betere prestaties op wegen in slechte staat.<\/span><\/p>\n<p><span>De verschillende uitvoeringen onderscheiden zich door hun personalisatiemogelijkheden, de integratie van de batterij en de beschikbare uitrustingsopties.<\/span><\/p>\n<\/div><\/div><\/div><\/div>\n\n<div class=\"et_pb_blurb_6 et_pb_blurb et_pb_bg_layout_light et_pb_blurb_position_top et_pb_module et_flex_module\"><div class=\"et_pb_blurb_content et_flex_module\"><div class=\"et_pb_main_blurb_image\"><span class=\"et_pb_image_wrap et_pb_only_image_mode_wrap\"><img loading=\"lazy\" decoding=\"async\" src=\"https:\/\/www.supercycles.be\/wp-content\/uploads\/2026\/08\/artPic_public_L_4772137.jpg\" width=\"1200\" height=\"900\" srcset=\"https:\/\/www.supercycles.be\/wp-content\/uploads\/2026\/08\/artPic_public_L_4772137.jpg 1200w, https:\/\/www.supercycles.be\/wp-content\/uploads\/2026\/08\/artPic_public_L_4772137-980x735.jpg 980w, https:\/\/www.supercycles.be\/wp-content\/uploads\/2026\/08\/artPic_public_L_4772137-480x360.jpg 480w\" sizes=\"(min-width: 0px) and (max-width: 480px) 480px, (min-width: 481px) and (max-width: 980px) 980px, (min-width: 981px) 1200px, 100vw\" class=\"wp-image-12849\" title=\"artPic_public_L_4772137.jpg\" \/><\/span><\/div><div class=\"et_pb_blurb_container\"><h3 class=\"et_pb_module_header\">Voor een vlottere en dynamischere rit in de stad<\/h3><div class=\"et_pb_blurb_description\"><p class=\"isSelectedEnd\"><span>De Urban Light-categorie legt de nadruk op wendbaarheid, een strak ontwerp en een dynamischer rijgedrag.<\/span><\/p>\n<p><span>De REVO-C en zijn Avinox-motor vormen het technologische en sportieve toppunt van deze benadering.<\/span><\/p>\n<\/div><\/div><\/div><\/div>\n\n<div class=\"et_pb_blurb_7 et_pb_blurb et_pb_bg_layout_light et_pb_blurb_position_top et_pb_module et_flex_module\"><div class=\"et_pb_blurb_content et_flex_module\"><div class=\"et_pb_main_blurb_image\"><span class=\"et_pb_image_wrap et_pb_only_image_mode_wrap\"><img loading=\"lazy\" decoding=\"async\" src=\"https:\/\/www.supercycles.be\/wp-content\/uploads\/2026\/08\/VDV210706_1331-scaled.jpg\" width=\"2560\" height=\"1709\" srcset=\"https:\/\/www.supercycles.be\/wp-content\/uploads\/2026\/08\/VDV210706_1331-scaled.jpg 2560w, https:\/\/www.supercycles.be\/wp-content\/uploads\/2026\/08\/VDV210706_1331-1280x855.jpg 1280w, https:\/\/www.supercycles.be\/wp-content\/uploads\/2026\/08\/VDV210706_1331-980x654.jpg 980w, https:\/\/www.supercycles.be\/wp-content\/uploads\/2026\/08\/VDV210706_1331-480x320.jpg 480w\" sizes=\"(min-width: 0px) and (max-width: 480px) 480px, (min-width: 481px) and (max-width: 980px) 980px, (min-width: 981px) and (max-width: 1280px) 1280px, (min-width: 1281px) 2560px, 100vw\" class=\"wp-image-12896\" title=\"VDV210706_1331\" \/><\/span><\/div><div class=\"et_pb_blurb_container\"><h3 class=\"et_pb_module_header\">Voor een fiets zonder elektrische ondersteuning<\/h3><div class=\"et_pb_blurb_description\"><p class=\"isSelectedEnd\">Velo de Ville biedt ook personaliseerbare klassieke fietsen aan. Ze zijn bedoeld voor fietsers die een eenvoudige, goed uitgeruste dagelijkse fiets zoeken die volgens hun voorkeuren kan worden samengesteld, zonder elektrische ondersteuning. Afhankelijk van het model kan de keuze van de onderdelen ook zorgen voor een lichtere configuratie.<\/p>\n<\/div><\/div><\/div><\/div>\n<\/div>\n<\/div>\n<\/div>\n\n<div class=\"et_pb_section_5 et_pb_section et_section_regular et_flex_section\">\n<div class=\"et_pb_row_10 et_pb_row et_flex_row\">\n<div class=\"et_pb_column_15 et_pb_column et-last-child et_flex_column et_pb_css_mix_blend_mode_passthrough et_flex_column_24_24 et_flex_column_24_24_tablet et_flex_column_24_24_phone\">\n<div class=\"et_pb_text_6 et_pb_text et_pb_bg_layout_light et_pb_module et_flex_module\"><div class=\"et_pb_text_inner\"><h2><span>Onze Velo de Ville-fietsen<\/span><\/h2>\n<p>&nbsp;<\/p>\n<p>\u00a0<\/p>\n<p class=\"isSelectedEnd\"><span>Ontdek de Velo de Ville-modellen die momenteel bij Supercycles te zien zijn.<\/span><\/p>\n<p><span>De maten, kleuren en configuraties die op onze website worden getoond, komen overeen met de fietsen die op dat moment in onze winkel staan of beschikbaar zijn. Andere configuraties kunnen samen met ons team worden bekeken en besteld.<\/span><\/p>\n<\/div><\/div>\n<\/div>\n<\/div>\n<\/div>\n\n<div class=\"et_pb_section_6 et_pb_section et_section_regular et_flex_section\">\n<div class=\"et_pb_row_11 et_pb_row et_flex_row\">\n<div class=\"et_pb_column_16 et_pb_column et-last-child et_flex_column et_pb_css_mix_blend_mode_passthrough et_flex_column_24_24 et_flex_column_24_24_tablet et_flex_column_24_24_phone\">\n<div class=\"et_pb_text_7 et_pb_text et_pb_bg_layout_light et_pb_module et_flex_module et_flex_column_24_24 et_flex_column_24_24_tablet et_flex_column_24_24_phone sc-brand-products\"><div class=\"et_pb_text_inner\"><div class=\"woocommerce columns-3 \"><ul class=\"products columns-3\">\n<li class=\"product type-product post-12647 status-publish first instock product_cat-fietsen product_cat-stadsfiets-elektrisch product_cat-stadsfietsen product_cat-supercycles has-post-thumbnail sale featured taxable shipping-taxable purchasable product-type-simple\">\n\t<a href=\"https:\/\/www.supercycles.be\/fr\/product\/velo-de-ville-aeb-800-classic-2026\/\" class=\"woocommerce-LoopProduct-link woocommerce-loop-product__link\">\n\t<span class=\"onsale\">Promo\u00a0!<\/span>\n\t<span class=\"et_shop_image\"><img loading=\"lazy\" decoding=\"async\" width=\"400\" height=\"400\" src=\"https:\/\/www.supercycles.be\/wp-content\/uploads\/2026\/08\/artPic_public_L_4556135-400x400.jpg\" class=\"attachment-woocommerce_thumbnail size-woocommerce_thumbnail\" alt=\"VELO DE VILLE - Aeb 800 Classic | 2026\" \/><span class=\"et_overlay\"><\/span><\/span><h2 class=\"woocommerce-loop-product__title\">VELO DE VILLE &#8211; Aeb 800 Classic | 2026<\/h2>\n\t<span class=\"price\"><del aria-hidden=\"true\"><span class=\"woocommerce-Price-amount amount\"><bdi>3.953,00&nbsp;<span class=\"woocommerce-Price-currencySymbol\" translate=\"no\">&euro;<\/span><\/bdi><\/span><\/del> <span class=\"screen-reader-text\">Le prix d&#x27;origine \u00e9tait de : 3.953,00&nbsp;&euro;.<\/span><ins aria-hidden=\"true\"><span class=\"woocommerce-Price-amount amount\"><bdi>3.550,00&nbsp;<span class=\"woocommerce-Price-currencySymbol\" translate=\"no\">&euro;<\/span><\/bdi><\/span><\/ins><span class=\"screen-reader-text\">Le prix actuel est de : 3.550,00&nbsp;&euro;.<\/span><\/span>\n<\/a><\/li>\n<li class=\"product type-product post-12649 status-publish instock product_cat-fietsen product_cat-stadsfiets product_cat-stadsfietsen product_cat-supercycles has-post-thumbnail sale featured taxable shipping-taxable purchasable product-type-variable\">\n\t<a href=\"https:\/\/www.supercycles.be\/fr\/product\/velo-de-ville-l200-2026\/\" class=\"woocommerce-LoopProduct-link woocommerce-loop-product__link\">\n\t<span class=\"onsale\">Promo\u00a0!<\/span>\n\t<span class=\"et_shop_image\"><img loading=\"lazy\" decoding=\"async\" width=\"400\" height=\"400\" src=\"https:\/\/www.supercycles.be\/wp-content\/uploads\/2026\/08\/artPic_public_L_4556127-400x400.jpg\" class=\"attachment-woocommerce_thumbnail size-woocommerce_thumbnail\" alt=\"VELO DE VILLE - L200 | 2026\" \/><span class=\"et_overlay\"><\/span><\/span><h2 class=\"woocommerce-loop-product__title\">VELO DE VILLE &#8211; L200 | 2026<\/h2>\n\t<span class=\"price\"><span class=\"woocommerce-Price-amount amount\" aria-hidden=\"true\"><bdi>940,00&nbsp;<span class=\"woocommerce-Price-currencySymbol\" translate=\"no\">&euro;<\/span><\/bdi><\/span> <span aria-hidden=\"true\">\u2013<\/span> <span class=\"woocommerce-Price-amount amount\" aria-hidden=\"true\"><bdi>980,00&nbsp;<span class=\"woocommerce-Price-currencySymbol\" translate=\"no\">&euro;<\/span><\/bdi><\/span><span class=\"screen-reader-text\">Fourchette de prix : de 940,00&nbsp;&euro; \u00e0 980,00&nbsp;&euro;<\/span><\/span>\n<\/a><\/li>\n<li class=\"product type-product post-12629 status-publish last instock product_cat-bakfietstransportfiets-elektrisch-voor-personenvervoer product_cat-bakfietsentransportfietsen product_cat-fietsen product_cat-supercycles has-post-thumbnail sale taxable shipping-taxable purchasable product-type-simple\">\n\t<a href=\"https:\/\/www.supercycles.be\/fr\/product\/velo-de-ville-loady-900cx-2026\/\" class=\"woocommerce-LoopProduct-link woocommerce-loop-product__link\">\n\t<span class=\"onsale\">Promo\u00a0!<\/span>\n\t<span class=\"et_shop_image\"><img loading=\"lazy\" decoding=\"async\" width=\"400\" height=\"400\" src=\"https:\/\/www.supercycles.be\/wp-content\/uploads\/2026\/08\/artPic_public_L_4556063-400x400.jpg\" class=\"attachment-woocommerce_thumbnail size-woocommerce_thumbnail\" alt=\"VELO DE VILLE - Loady 900Cx | 2026\" \/><span class=\"et_overlay\"><\/span><\/span><h2 class=\"woocommerce-loop-product__title\">VELO DE VILLE &#8211; Loady 900Cx | 2026<\/h2>\n\t<span class=\"price\"><del aria-hidden=\"true\"><span class=\"woocommerce-Price-amount amount\"><bdi>5.322,00&nbsp;<span class=\"woocommerce-Price-currencySymbol\" translate=\"no\">&euro;<\/span><\/bdi><\/span><\/del> <span class=\"screen-reader-text\">Le prix d&#x27;origine \u00e9tait de : 5.322,00&nbsp;&euro;.<\/span><ins aria-hidden=\"true\"><span class=\"woocommerce-Price-amount amount\"><bdi>4.780,00&nbsp;<span class=\"woocommerce-Price-currencySymbol\" translate=\"no\">&euro;<\/span><\/bdi><\/span><\/ins><span class=\"screen-reader-text\">Le prix actuel est de : 4.780,00&nbsp;&euro;.<\/span><\/span>\n<\/a><\/li>\n<li class=\"product type-product post-12639 status-publish first instock product_cat-fietsen product_cat-stadsfiets-elektrisch product_cat-stadsfietsen product_cat-supercycles has-post-thumbnail sale taxable shipping-taxable purchasable product-type-simple\">\n\t<a href=\"https:\/\/www.supercycles.be\/fr\/product\/velo-de-ville-revo-c-2026\/\" class=\"woocommerce-LoopProduct-link woocommerce-loop-product__link\">\n\t<span class=\"onsale\">Promo\u00a0!<\/span>\n\t<span class=\"et_shop_image\"><img loading=\"lazy\" decoding=\"async\" width=\"400\" height=\"400\" src=\"https:\/\/www.supercycles.be\/wp-content\/uploads\/2026\/08\/artPic_public_L_4556123-400x400.jpg\" class=\"attachment-woocommerce_thumbnail size-woocommerce_thumbnail\" alt=\"VELO DE VILLE - Revo-C | 2026\" \/><span class=\"et_overlay\"><\/span><\/span><h2 class=\"woocommerce-loop-product__title\">VELO DE VILLE &#8211; Revo-C | 2026<\/h2>\n\t<span class=\"price\"><del aria-hidden=\"true\"><span class=\"woocommerce-Price-amount amount\"><bdi>4.276,00&nbsp;<span class=\"woocommerce-Price-currencySymbol\" translate=\"no\">&euro;<\/span><\/bdi><\/span><\/del> <span class=\"screen-reader-text\">Le prix d&#x27;origine \u00e9tait de : 4.276,00&nbsp;&euro;.<\/span><ins aria-hidden=\"true\"><span class=\"woocommerce-Price-amount amount\"><bdi>3.630,00&nbsp;<span class=\"woocommerce-Price-currencySymbol\" translate=\"no\">&euro;<\/span><\/bdi><\/span><\/ins><span class=\"screen-reader-text\">Le prix actuel est de : 3.630,00&nbsp;&euro;.<\/span><\/span>\n<\/a><\/li>\n<li class=\"product type-product post-12630 status-publish instock product_cat-bakfietstransportfiets-elektrisch-voor-personenvervoer product_cat-bakfietsentransportfietsen product_cat-fietsen product_cat-supercycles has-post-thumbnail sale taxable shipping-taxable purchasable product-type-simple\">\n\t<a href=\"https:\/\/www.supercycles.be\/fr\/product\/velo-de-ville-seb-990cx-pro-cargo-2026\/\" class=\"woocommerce-LoopProduct-link woocommerce-loop-product__link\">\n\t<span class=\"onsale\">Promo\u00a0!<\/span>\n\t<span class=\"et_shop_image\"><img loading=\"lazy\" decoding=\"async\" width=\"400\" height=\"400\" src=\"https:\/\/www.supercycles.be\/wp-content\/uploads\/2026\/08\/artPic_public_L_4556065-400x400.jpg\" class=\"attachment-woocommerce_thumbnail size-woocommerce_thumbnail\" alt=\"VELO DE VILLE - Seb 990Cx Pro Cargo | 2026\" \/><span class=\"et_overlay\"><\/span><\/span><h2 class=\"woocommerce-loop-product__title\">VELO DE VILLE &#8211; Seb 990Cx Pro Cargo | 2026<\/h2>\n\t<span class=\"price\"><del aria-hidden=\"true\"><span class=\"woocommerce-Price-amount amount\"><bdi>5.064,00&nbsp;<span class=\"woocommerce-Price-currencySymbol\" translate=\"no\">&euro;<\/span><\/bdi><\/span><\/del> <span class=\"screen-reader-text\">Le prix d&#x27;origine \u00e9tait de : 5.064,00&nbsp;&euro;.<\/span><ins aria-hidden=\"true\"><span class=\"woocommerce-Price-amount amount\"><bdi>4.550,00&nbsp;<span class=\"woocommerce-Price-currencySymbol\" translate=\"no\">&euro;<\/span><\/bdi><\/span><\/ins><span class=\"screen-reader-text\">Le prix actuel est de : 4.550,00&nbsp;&euro;.<\/span><\/span>\n<\/a><\/li>\n<\/ul>\n<\/div>\n<\/div><\/div>\n\n<div class=\"et_pb_code_0 et_pb_code et_pb_module\"><div class=\"et_pb_code_inner\"><style>\n\/* Cadre de l\u2019image *\/\n.sc-brand-products .et_shop_image {\n    display: flex !important;\n    align-items: center;\n    justify-content: center;\n    height: 260px;\n    overflow: hidden;\n    background-color: #ffffff;\n    border-radius: 25px !important;\n}\n\n\/* V\u00e9lo \u00e0 l\u2019int\u00e9rieur du cadre *\/\n.sc-brand-products .et_shop_image img {\n    display: block;\n    width: 100% !important;\n    height: 100% !important;\n    object-fit: contain !important;\n    object-position: center center !important;\n    box-sizing: border-box;\n    border-radius: 25px !important;\n}\n\n\/* Arrondi de l\u2019effet au survol Divi *\/\n.sc-brand-products .et_shop_image .et_overlay {\n    border-radius: 25px !important;\n}\n\n\/* Centrage g\u00e9n\u00e9ral des informations *\/\n.sc-brand-products ul.products li.product {\n    text-align: center !important;\n}\n\n\/* Nom du produit *\/\n.sc-brand-products .woocommerce-loop-product__title {\n    width: 100%;\n    text-align: center !important;\n}\n\n\/* Prix *\/\n.sc-brand-products ul.products li.product .price {\n    display: block !important;\n    width: 100%;\n    text-align: center !important;\n}\n\n\/* Tablette *\/\n@media only screen and (max-width: 980px) {\n    .sc-brand-products .et_shop_image {\n        height: 230px;\n    }\n}\n\n\/* T\u00e9l\u00e9phone *\/\n@media only screen and (max-width: 767px) {\n    .sc-brand-products .et_shop_image {\n        height: 260px;\n    }\n}\n<\/style>\n\n<script>\ndocument.addEventListener(\"DOMContentLoaded\", function () {\n    document\n        .querySelectorAll(\".sc-brand-products img.attachment-woocommerce_thumbnail\")\n        .forEach(function (image) {\n            var source = image.currentSrc || image.src;\n\n            var original = source.replace(\n                \/-\\d+x\\d+(?=\\.(jpg|jpeg|png|webp|avif)(\\?.*)?$)\/i,\n                \"\"\n            );\n\n            image.removeAttribute(\"srcset\");\n            image.removeAttribute(\"sizes\");\n            image.removeAttribute(\"width\");\n            image.removeAttribute(\"height\");\n            image.src = original;\n        });\n});\n<\/script><\/div><\/div>\n<\/div>\n<\/div>\n<\/div>\n\n<div class=\"et_pb_section_7 et_pb_section et_section_regular et_flex_section\">\n<div class=\"et_pb_row_12 et_pb_row et_flex_row\">\n<div class=\"et_pb_column_17 et_pb_column et_flex_column et_pb_css_mix_blend_mode_passthrough et_flex_column_24_24 et_flex_column_24_24_tablet et_flex_column_24_24_phone\">\n<div class=\"et_pb_text_8 et_pb_text et_pb_bg_layout_light et_pb_module et_flex_module\"><div class=\"et_pb_text_inner\"><h2>Configureer uw fiets samen met Supercycles<\/h2>\n<\/div><\/div>\n\n<div class=\"et_pb_image_6 et_pb_image et_pb_module et_flex_module\"><span class=\"et_pb_image_wrap\"><img loading=\"lazy\" decoding=\"async\" src=\"https:\/\/www.supercycles.be\/wp-content\/uploads\/2026\/08\/vdv_wand_konfiguration_my25.jpg\" title=\"vdv_wand_konfiguration_my25\" width=\"14999\" height=\"9247\" srcset=\"https:\/\/www.supercycles.be\/wp-content\/uploads\/2026\/08\/vdv_wand_konfiguration_my25.jpg 14999w\" sizes=\"(max-width: 14999px) 100vw, 14999px\" class=\"wp-image-12875\" \/><\/span><\/div>\n\n<div class=\"et_pb_text_9 et_pb_text et_pb_bg_layout_light et_pb_module et_flex_module\"><div class=\"et_pb_text_inner\"><p class=\"isSelectedEnd\"><span>Met de configurator van Velo de Ville kunt u tal van mogelijkheden verkennen. Daarna kunnen we samen met u controleren of de gekozen opties compatibel zijn en kijken we naar de framemaat, de zitpositie, de uitrusting en de prijs van de configuratie.<\/span><\/p>\n<p><span>Deze stap is bijzonder nuttig om te voorkomen dat onderdelen uitsluitend op basis van hun technische kenmerken worden gekozen.<\/span><\/p>\n<\/div><\/div>\n\n<div class=\"et_pb_module et_pb_button_module_wrapper et_pb_button_1_wrapper\"><a class=\"et_pb_button_1 et_pb_button et_pb_bg_layout_light et_pb_module et_block_module\" href=\"https:\/\/konfigurator.velo-de-ville.com\/nl-be\/\" target=\"_blank\">Velo de Ville-configurator<\/a><\/div>\n<\/div>\n\n<div class=\"et_pb_column_18 et_pb_column et-last-child et_flex_column et_pb_css_mix_blend_mode_passthrough et_flex_column_24_24 et_flex_column_24_24_tablet et_flex_column_24_24_phone\">\n<div class=\"et_pb_image_7 et_pb_image et_pb_module et_flex_module\"><span class=\"et_pb_image_wrap\"><img loading=\"lazy\" decoding=\"async\" src=\"https:\/\/www.supercycles.be\/wp-content\/uploads\/2026\/08\/vdv_wand_konfiguration_my25.jpg\" title=\"vdv_wand_konfiguration_my25\" width=\"14999\" height=\"9247\" srcset=\"https:\/\/www.supercycles.be\/wp-content\/uploads\/2026\/08\/vdv_wand_konfiguration_my25.jpg 14999w\" sizes=\"(max-width: 14999px) 100vw, 14999px\" class=\"wp-image-12875\" \/><\/span><\/div>\n<\/div>\n<\/div>\n<\/div>\n\n<div class=\"et_pb_section_8 et_pb_section et_section_regular et_flex_section\">\n<div class=\"et_pb_row_13 et_pb_row et_flex_row\">\n<div class=\"et_pb_column_19 et_pb_column et-last-child et_flex_column et_pb_css_mix_blend_mode_passthrough et_flex_column_24_24 et_flex_column_24_24_tablet et_flex_column_24_24_phone\">\n<div class=\"et_pb_accordion_0 et_pb_accordion et_pb_module et_flex_module\">\n<div class=\"et_pb_text_10 et_pb_text et_pb_bg_layout_light et_pb_module et_flex_module\"><div class=\"et_pb_text_inner\" data-et-mv-hidden-phone=\"true\"><h3 style=\"text-align: center;\">FAQ ?<\/h3>\n<\/div><\/div>\n\n<div class=\"et_pb_accordion_item_0 et_pb_accordion_item et_pb_toggle et_pb_module et_pb_toggle_open et_flex_module\"><h5 class=\"et_pb_toggle_title\">Kan een Velo de Ville volledig gepersonaliseerd worden?<\/h5><div class=\"et_pb_toggle_content et_flex_module\"><p class=\"isSelectedEnd\"><span>De mogelijkheden verschillen per model. De kleur, het frametype, de versnelling, de motor en bepaalde onderdelen van de uitrusting kunnen worden gepersonaliseerd, maar niet alle combinaties zijn technisch mogelijk.<\/span><\/p>\n<h3><\/h3>\n<\/div><\/div>\n\n<div class=\"et_pb_accordion_item_1 et_pb_accordion_item et_pb_toggle et_pb_module et_pb_toggle_close et_flex_module\"><h5 class=\"et_pb_toggle_title\">Kan ik een Velo de Ville testen bij Supercycles?<\/h5><div class=\"et_pb_toggle_content et_flex_module\"><p>Sommige modellen en maten kunnen beschikbaar zijn voor een testrit. Bekijk v\u00f3\u00f3r uw bezoek onze online voorraad of neem contact met ons op om te controleren of de fiets die u interesseert op dat moment in de winkel beschikbaar is.<\/p>\n<\/div><\/div>\n\n<div class=\"et_pb_accordion_item_2 et_pb_accordion_item et_pb_toggle et_pb_module et_pb_toggle_close et_flex_module\"><h5 class=\"et_pb_toggle_title\">Wat is de levertijd van een gepersonaliseerde fiets?<\/h5><div class=\"et_pb_toggle_content et_flex_module\"><p class=\"isSelectedEnd\"><span>De levertijd is afhankelijk van het model, de kleur, de gekozen onderdelen en de productiebezetting op het moment van de bestelling.<\/span><\/p>\n<p class=\"isSelectedEnd\"><span>In de configurator gebruikt Velo de Ville een kleurcode om de beschikbaarheid van elk onderdeel aan te geven:<\/span><\/p>\n<ul data-spread=\"false\">\n<li><strong><span>Groen:<\/span><\/strong><span> het onderdeel is onmiddellijk beschikbaar en de fiets kan doorgaans binnen 2 tot 6 weken worden geleverd.<\/span><\/li>\n<li><strong><span>Geel:<\/span><\/strong><span> het onderdeel wordt opnieuw bevoorraad en de levering kan 6 tot 12 weken duren.<\/span><\/li>\n<li><strong><span>Rood:<\/span><\/strong><span> het onderdeel is momenteel niet op voorraad en de levertijd kan langer dan 12 weken bedragen.<\/span><\/li>\n<\/ul>\n<p class=\"isSelectedEnd\"><span>E\u00e9n geel of rood onderdeel kan de levertijd van de volledige fiets verlengen. In sommige gevallen kan een andere configuratie of een gelijkwaardig onderdeel de wachttijd verkorten.<\/span><\/p>\n<p><span>Voordat u uw bestelling bevestigt, controleert Supercycles de beschikbaarheid van de gekozen onderdelen en bezorgen we u een actuele inschatting van de levertijd.<\/span><\/p>\n<\/div><\/div>\n<\/div>\n<\/div>\n<\/div>\n\n<div class=\"et_pb_row_14 et_pb_row et_flex_row\">\n<div class=\"et_pb_column_20 et_pb_column et-last-child et_flex_column et_pb_css_mix_blend_mode_passthrough et_flex_column_24_24 et_flex_column_24_24_tablet et_flex_column_24_24_phone\">\n<div class=\"et_pb_code_1 et_pb_code et_pb_module\"><div class=\"et_pb_code_inner\"><style>\n.scroll-video .et_pb_video_overlay {\n  display: none !important;\n}\n<\/style>\n\n<script>\nwindow.addEventListener('load', function () {\n  setTimeout(function () {\n    const modules = document.querySelectorAll('.scroll-video');\n    const videos = [];\n\n    modules.forEach(function (module) {\n      const video = module.querySelector('video');\n\n      if (!video) return;\n\n      video.muted = true;\n      video.defaultMuted = true;\n      video.setAttribute('muted', '');\n      video.setAttribute('playsinline', '');\n      video.loop = true;\n      video.preload = 'metadata';\n      video.pause();\n\n      videos.push({\n        module: module,\n        video: video\n      });\n    });\n\n    const observer = new IntersectionObserver(function (entries) {\n      entries.forEach(function (entry) {\n        const current = videos.find(function (item) {\n          return item.module === entry.target;\n        });\n\n        if (!current) return;\n\n        if (\n          entry.isIntersecting &&\n          entry.intersectionRatio >= 0.25\n        ) {\n          \/\/ Arr\u00eate toutes les autres vid\u00e9os\n          videos.forEach(function (item) {\n            if (item.video !== current.video) {\n              item.video.pause();\n            }\n          });\n\n          current.video.play().catch(function () {});\n        } else {\n          current.video.pause();\n        }\n      });\n    }, {\n      threshold: [0, 0.25, 0.50]\n    });\n\n    videos.forEach(function (item) {\n      observer.observe(item.module);\n    });\n  }, 700);\n});\n<\/script><\/div><\/div>\n<\/div>\n<\/div>\n<\/div>","protected":false},"excerpt":{"rendered":"","protected":false},"author":1,"featured_media":12881,"parent":0,"menu_order":0,"comment_status":"closed","ping_status":"closed","template":"","meta":{"footnotes":""},"class_list":["post-12851","page","type-page","status-publish","has-post-thumbnail","hentry"],"yoast_head":"<!-- This site is optimized with the Yoast SEO Premium plugin v28.4 (Yoast SEO v28.4) - https:\/\/yoast.com\/product\/yoast-seo-premium-wordpress\/ -->\n<title>Velo de Ville fietsen op maat | Supercycles Alsemberg<\/title>\n<meta name=\"description\" content=\"Ontdek Velo de Ville fietsen op maat bij Supercycles in Alsemberg. Persoonlijk advies, configuratie, testritten, leasing en onderhoud.\" \/>\n<meta name=\"robots\" content=\"index, follow, max-snippet:-1, max-image-preview:large, max-video-preview:-1\" \/>\n<link rel=\"canonical\" href=\"https:\/\/www.supercycles.be\/fr\/velo-de-ville\/\" \/>\n<meta property=\"og:locale\" content=\"fr_FR\" \/>\n<meta property=\"og:type\" content=\"article\" \/>\n<meta property=\"og:title\" content=\"Velo de Ville\" \/>\n<meta property=\"og:description\" content=\"Premium bike shop in Alsemberg near Brussels. E-bikes, cargo bikes, sport bikes &amp; kids bikes and expert service.\" \/>\n<meta property=\"og:url\" content=\"https:\/\/www.supercycles.be\/fr\/velo-de-ville\/\" \/>\n<meta property=\"og:site_name\" content=\"Supercycles\" \/>\n<meta property=\"article:publisher\" content=\"https:\/\/www.facebook.com\/people\/Supercycles\/61583785499409\/?mibextid=wwXIfr&amp;rdid=z4VkxEs0R3N7Q4hh&amp;share_url=httpswww.facebook.comshare18GTfGQGVDmibextidwwXIfr\" \/>\n<meta property=\"article:modified_time\" content=\"2026-08-24T08:26:41+00:00\" \/>\n<meta property=\"og:image\" content=\"https:\/\/www.supercycles.be\/wp-content\/uploads\/2026\/08\/VDV-SEB-PRO-04-1024x683.jpg\" \/>\n\t<meta property=\"og:image:width\" content=\"1024\" \/>\n\t<meta property=\"og:image:height\" content=\"683\" \/>\n\t<meta property=\"og:image:type\" content=\"image\/jpeg\" \/>\n<meta name=\"twitter:card\" content=\"summary_large_image\" \/>\n<meta name=\"twitter:label1\" content=\"Dur\u00e9e de lecture est.\" \/>\n\t<meta name=\"twitter:data1\" content=\"1 minute\" \/>\n<script type=\"application\/ld+json\" class=\"yoast-schema-graph\">{\"@context\":\"https:\\\/\\\/schema.org\",\"@graph\":[{\"@type\":\"WebPage\",\"@id\":\"https:\\\/\\\/www.supercycles.be\\\/velo-de-ville\\\/\",\"url\":\"https:\\\/\\\/www.supercycles.be\\\/velo-de-ville\\\/\",\"name\":\"Velo de Ville fietsen op maat | Supercycles Alsemberg\",\"isPartOf\":{\"@id\":\"https:\\\/\\\/www.supercycles.be\\\/#website\"},\"primaryImageOfPage\":{\"@id\":\"https:\\\/\\\/www.supercycles.be\\\/velo-de-ville\\\/#primaryimage\"},\"image\":{\"@id\":\"https:\\\/\\\/www.supercycles.be\\\/velo-de-ville\\\/#primaryimage\"},\"thumbnailUrl\":\"https:\\\/\\\/www.supercycles.be\\\/wp-content\\\/uploads\\\/2026\\\/08\\\/VDV-SEB-PRO-04.jpg\",\"datePublished\":\"2026-08-17T07:00:25+00:00\",\"dateModified\":\"2026-08-24T08:26:41+00:00\",\"description\":\"Ontdek Velo de Ville fietsen op maat bij Supercycles in Alsemberg. Persoonlijk advies, configuratie, testritten, leasing en onderhoud.\",\"breadcrumb\":{\"@id\":\"https:\\\/\\\/www.supercycles.be\\\/velo-de-ville\\\/#breadcrumb\"},\"inLanguage\":\"fr-BE\",\"potentialAction\":[{\"@type\":\"ReadAction\",\"target\":[\"https:\\\/\\\/www.supercycles.be\\\/velo-de-ville\\\/\"]}]},{\"@type\":\"ImageObject\",\"inLanguage\":\"fr-BE\",\"@id\":\"https:\\\/\\\/www.supercycles.be\\\/velo-de-ville\\\/#primaryimage\",\"url\":\"https:\\\/\\\/www.supercycles.be\\\/wp-content\\\/uploads\\\/2026\\\/08\\\/VDV-SEB-PRO-04.jpg\",\"contentUrl\":\"https:\\\/\\\/www.supercycles.be\\\/wp-content\\\/uploads\\\/2026\\\/08\\\/VDV-SEB-PRO-04.jpg\",\"width\":7733,\"height\":5158},{\"@type\":\"BreadcrumbList\",\"@id\":\"https:\\\/\\\/www.supercycles.be\\\/velo-de-ville\\\/#breadcrumb\",\"itemListElement\":[{\"@type\":\"ListItem\",\"position\":1,\"name\":\"Accueil\",\"item\":\"https:\\\/\\\/www.supercycles.be\\\/\"},{\"@type\":\"ListItem\",\"position\":2,\"name\":\"Velo de Ville\"}]},{\"@type\":\"WebSite\",\"@id\":\"https:\\\/\\\/www.supercycles.be\\\/#website\",\"url\":\"https:\\\/\\\/www.supercycles.be\\\/\",\"name\":\"Supercycles\",\"description\":\"Fietsenwinkel &amp; atelier in Alsemberg\",\"publisher\":{\"@id\":\"https:\\\/\\\/www.supercycles.be\\\/#organization\"},\"potentialAction\":[{\"@type\":\"SearchAction\",\"target\":{\"@type\":\"EntryPoint\",\"urlTemplate\":\"https:\\\/\\\/www.supercycles.be\\\/?s={search_term_string}\"},\"query-input\":{\"@type\":\"PropertyValueSpecification\",\"valueRequired\":true,\"valueName\":\"search_term_string\"}}],\"inLanguage\":\"fr-BE\"},{\"@type\":[\"Organization\",\"Place\"],\"@id\":\"https:\\\/\\\/www.supercycles.be\\\/#organization\",\"name\":\"Supercycles\",\"url\":\"https:\\\/\\\/www.supercycles.be\\\/\",\"logo\":{\"@id\":\"https:\\\/\\\/www.supercycles.be\\\/velo-de-ville\\\/#local-main-organization-logo\"},\"image\":{\"@id\":\"https:\\\/\\\/www.supercycles.be\\\/velo-de-ville\\\/#local-main-organization-logo\"},\"sameAs\":[\"https:\\\/\\\/www.facebook.com\\\/people\\\/Supercycles\\\/61583785499409\\\/?mibextid=wwXIfr&rdid=z4VkxEs0R3N7Q4hh&share_url=httpswww.facebook.comshare18GTfGQGVDmibextidwwXIfr\",\"https:\\\/\\\/www.instagram.com\\\/supercycles.be?igsh=MWxhMGY4amQ5cXgyZA&utm_source=qr\"],\"description\":\"Supercycles est un magasin de v\u00e9los situ\u00e9 \u00e0 la fronti\u00e8re sud de Bruxelles, desservant Beersel, Rhode-Saint-Gen\u00e8se, Linkebeek, Waterloo et les environs, sp\u00e9cialis\u00e9 dans les v\u00e9los cargo, longtail, \u00e9lectriques et v\u00e9los sportifs. Nous proposons des marques reconnues comme Urban Arrow, Tern, Gazelle, Lovens et Superior, ainsi qu\u2019un service complet incluant la vente, l\u2019entretien, le leasing et le financement.\",\"legalName\":\"Supercycles\",\"foundingDate\":\"2026-02-23\",\"numberOfEmployees\":{\"@type\":\"QuantitativeValue\",\"minValue\":\"1\",\"maxValue\":\"10\"},\"address\":{\"@id\":\"https:\\\/\\\/www.supercycles.be\\\/velo-de-ville\\\/#local-main-place-address\"},\"geo\":{\"@type\":\"GeoCoordinates\",\"latitude\":\"50.7473028\",\"longitude\":\"4.3274016\"},\"telephone\":[],\"contactPoint\":{\"@type\":\"ContactPoint\",\"telephone\":\"+32487588560\",\"email\":\"info@supercycles.be\"},\"openingHoursSpecification\":[{\"@type\":\"OpeningHoursSpecification\",\"dayOfWeek\":[\"Monday\",\"Sunday\"],\"opens\":\"00:00\",\"closes\":\"00:00\"},{\"@type\":\"OpeningHoursSpecification\",\"dayOfWeek\":[\"Tuesday\",\"Wednesday\",\"Thursday\",\"Friday\",\"Saturday\"],\"opens\":\"10:00\",\"closes\":\"18:30\"}],\"vatID\":\"BE1034725031\"},{\"@type\":\"PostalAddress\",\"@id\":\"https:\\\/\\\/www.supercycles.be\\\/velo-de-ville\\\/#local-main-place-address\",\"streetAddress\":\"Hallesesteeweg 10\",\"addressLocality\":\"Alsemberg\",\"postalCode\":\"1652\",\"addressCountry\":\"BE\"},{\"@type\":\"ImageObject\",\"inLanguage\":\"fr-BE\",\"@id\":\"https:\\\/\\\/www.supercycles.be\\\/velo-de-ville\\\/#local-main-organization-logo\",\"url\":\"https:\\\/\\\/www.supercycles.be\\\/wp-content\\\/uploads\\\/2026\\\/04\\\/Supercycles_RGB_Logo_Positif-1-scaled.png\",\"contentUrl\":\"https:\\\/\\\/www.supercycles.be\\\/wp-content\\\/uploads\\\/2026\\\/04\\\/Supercycles_RGB_Logo_Positif-1-scaled.png\",\"width\":2560,\"height\":2321,\"caption\":\"Supercycles\"}]}<\/script>\n<meta name=\"geo.placename\" content=\"Alsemberg\" \/>\n<meta name=\"geo.position\" content=\"50.7473028;4.3274016\" \/>\n<meta name=\"geo.region\" content=\"Belgium\" \/>\n<!-- \/ Yoast SEO Premium plugin. -->","yoast_head_json":{"title":"V\u00e9los de Ville sur mesure | Supercycles Alsemberg","description":"D\u00e9couvrez les v\u00e9los sur mesure Velo de Ville chez Supercycles \u00e0 Alsemberg. Conseils personnalis\u00e9s, configuration, essais, leasing et entretien.","robots":{"index":"index","follow":"follow","max-snippet":"max-snippet:-1","max-image-preview":"max-image-preview:large","max-video-preview":"max-video-preview:-1"},"canonical":"https:\/\/www.supercycles.be\/fr\/velo-de-ville\/","og_locale":"fr_FR","og_type":"article","og_title":"Velo de Ville","og_description":"Premium bike shop in Alsemberg near Brussels. E-bikes, cargo bikes, sport bikes & kids bikes and expert service.","og_url":"https:\/\/www.supercycles.be\/fr\/velo-de-ville\/","og_site_name":"Supercycles","article_publisher":"https:\/\/www.facebook.com\/people\/Supercycles\/61583785499409\/?mibextid=wwXIfr&rdid=z4VkxEs0R3N7Q4hh&share_url=httpswww.facebook.comshare18GTfGQGVDmibextidwwXIfr","article_modified_time":"2026-08-24T08:26:41+00:00","og_image":[{"width":1024,"height":683,"url":"https:\/\/www.supercycles.be\/wp-content\/uploads\/2026\/08\/VDV-SEB-PRO-04-1024x683.jpg","type":"image\/jpeg"}],"twitter_card":"summary_large_image","twitter_misc":{"Dur\u00e9e de lecture est.":"1 minute"},"schema":{"@context":"https:\/\/schema.org","@graph":[{"@type":"WebPage","@id":"https:\/\/www.supercycles.be\/velo-de-ville\/","url":"https:\/\/www.supercycles.be\/velo-de-ville\/","name":"V\u00e9los de Ville sur mesure | Supercycles Alsemberg","isPartOf":{"@id":"https:\/\/www.supercycles.be\/#website"},"primaryImageOfPage":{"@id":"https:\/\/www.supercycles.be\/velo-de-ville\/#primaryimage"},"image":{"@id":"https:\/\/www.supercycles.be\/velo-de-ville\/#primaryimage"},"thumbnailUrl":"https:\/\/www.supercycles.be\/wp-content\/uploads\/2026\/08\/VDV-SEB-PRO-04.jpg","datePublished":"2026-08-17T07:00:25+00:00","dateModified":"2026-08-24T08:26:41+00:00","description":"D\u00e9couvrez les v\u00e9los sur mesure Velo de Ville chez Supercycles \u00e0 Alsemberg. Conseils personnalis\u00e9s, configuration, essais, leasing et entretien.","breadcrumb":{"@id":"https:\/\/www.supercycles.be\/velo-de-ville\/#breadcrumb"},"inLanguage":"fr-BE","potentialAction":[{"@type":"ReadAction","target":["https:\/\/www.supercycles.be\/velo-de-ville\/"]}]},{"@type":"ImageObject","inLanguage":"fr-BE","@id":"https:\/\/www.supercycles.be\/velo-de-ville\/#primaryimage","url":"https:\/\/www.supercycles.be\/wp-content\/uploads\/2026\/08\/VDV-SEB-PRO-04.jpg","contentUrl":"https:\/\/www.supercycles.be\/wp-content\/uploads\/2026\/08\/VDV-SEB-PRO-04.jpg","width":7733,"height":5158},{"@type":"BreadcrumbList","@id":"https:\/\/www.supercycles.be\/velo-de-ville\/#breadcrumb","itemListElement":[{"@type":"ListItem","position":1,"name":"Accueil","item":"https:\/\/www.supercycles.be\/"},{"@type":"ListItem","position":2,"name":"Velo de Ville"}]},{"@type":"WebSite","@id":"https:\/\/www.supercycles.be\/#website","url":"https:\/\/www.supercycles.be\/","name":"Supercycles","description":"Magasin de v\u00e9los et atelier \u00e0 Alsemberg","publisher":{"@id":"https:\/\/www.supercycles.be\/#organization"},"potentialAction":[{"@type":"SearchAction","target":{"@type":"EntryPoint","urlTemplate":"https:\/\/www.supercycles.be\/?s={search_term_string}"},"query-input":{"@type":"PropertyValueSpecification","valueRequired":true,"valueName":"search_term_string"}}],"inLanguage":"fr-BE"},{"@type":["Organization","Place"],"@id":"https:\/\/www.supercycles.be\/#organization","name":"Supercycles","url":"https:\/\/www.supercycles.be\/","logo":{"@id":"https:\/\/www.supercycles.be\/velo-de-ville\/#local-main-organization-logo"},"image":{"@id":"https:\/\/www.supercycles.be\/velo-de-ville\/#local-main-organization-logo"},"sameAs":["https:\/\/www.facebook.com\/people\/Supercycles\/61583785499409\/?mibextid=wwXIfr&rdid=z4VkxEs0R3N7Q4hh&share_url=httpswww.facebook.comshare18GTfGQGVDmibextidwwXIfr","https:\/\/www.instagram.com\/supercycles.be?igsh=MWxhMGY4amQ5cXgyZA&utm_source=qr"],"description":"Supercycles est un magasin de v\u00e9los situ\u00e9 \u00e0 la fronti\u00e8re sud de Bruxelles, desservant Beersel, Rhode-Saint-Gen\u00e8se, Linkebeek, Waterloo et les environs, sp\u00e9cialis\u00e9 dans les v\u00e9los cargo, longtail, \u00e9lectriques et v\u00e9los sportifs. Nous proposons des marques reconnues comme Urban Arrow, Tern, Gazelle, Lovens et Superior, ainsi qu\u2019un service complet incluant la vente, l\u2019entretien, le leasing et le financement.","legalName":"Supercycles","foundingDate":"2026-02-23","numberOfEmployees":{"@type":"QuantitativeValue","minValue":"1","maxValue":"10"},"address":{"@id":"https:\/\/www.supercycles.be\/velo-de-ville\/#local-main-place-address"},"geo":{"@type":"GeoCoordinates","latitude":"50.7473028","longitude":"4.3274016"},"telephone":[],"contactPoint":{"@type":"ContactPoint","telephone":"+32487588560","email":"info@supercycles.be"},"openingHoursSpecification":[{"@type":"OpeningHoursSpecification","dayOfWeek":["Monday","Sunday"],"opens":"00:00","closes":"00:00"},{"@type":"OpeningHoursSpecification","dayOfWeek":["Tuesday","Wednesday","Thursday","Friday","Saturday"],"opens":"10:00","closes":"18:30"}],"vatID":"BE1034725031"},{"@type":"PostalAddress","@id":"https:\/\/www.supercycles.be\/velo-de-ville\/#local-main-place-address","streetAddress":"Hallesesteeweg 10","addressLocality":"Alsemberg","postalCode":"1652","addressCountry":"BE"},{"@type":"ImageObject","inLanguage":"fr-BE","@id":"https:\/\/www.supercycles.be\/velo-de-ville\/#local-main-organization-logo","url":"https:\/\/www.supercycles.be\/wp-content\/uploads\/2026\/04\/Supercycles_RGB_Logo_Positif-1-scaled.png","contentUrl":"https:\/\/www.supercycles.be\/wp-content\/uploads\/2026\/04\/Supercycles_RGB_Logo_Positif-1-scaled.png","width":2560,"height":2321,"caption":"Supercycles"}]},"geo.placename":"Alsemberg","geo.position":{"lat":"50.7473028","long":"4.3274016"},"geo.region":"Belgium"},"_links":{"self":[{"href":"https:\/\/www.supercycles.be\/fr\/wp-json\/wp\/v2\/pages\/12851","targetHints":{"allow":["GET"]}}],"collection":[{"href":"https:\/\/www.supercycles.be\/fr\/wp-json\/wp\/v2\/pages"}],"about":[{"href":"https:\/\/www.supercycles.be\/fr\/wp-json\/wp\/v2\/types\/page"}],"author":[{"embeddable":true,"href":"https:\/\/www.supercycles.be\/fr\/wp-json\/wp\/v2\/users\/1"}],"replies":[{"embeddable":true,"href":"https:\/\/www.supercycles.be\/fr\/wp-json\/wp\/v2\/comments?post=12851"}],"version-history":[{"count":81,"href":"https:\/\/www.supercycles.be\/fr\/wp-json\/wp\/v2\/pages\/12851\/revisions"}],"predecessor-version":[{"id":13100,"href":"https:\/\/www.supercycles.be\/fr\/wp-json\/wp\/v2\/pages\/12851\/revisions\/13100"}],"wp:featuredmedia":[{"embeddable":true,"href":"https:\/\/www.supercycles.be\/fr\/wp-json\/wp\/v2\/media\/12881"}],"wp:attachment":[{"href":"https:\/\/www.supercycles.be\/fr\/wp-json\/wp\/v2\/media?parent=12851"}],"curies":[{"name":"bien jou\u00e9","href":"https:\/\/api.w.org\/{rel}","templated":true}]}}