{"id":13102,"date":"2026-08-24T11:58:49","date_gmt":"2026-08-24T10:58:49","guid":{"rendered":"https:\/\/www.supercycles.be\/?page_id=13102"},"modified":"2026-08-25T09:43:37","modified_gmt":"2026-08-25T08:43:37","slug":"tern-velos","status":"publish","type":"page","link":"https:\/\/www.supercycles.be\/fr\/tern\/","title":{"rendered":"Tern"},"content":{"rendered":"<div class=\"et_pb_section_0 et_pb_section et_section_regular et_block_section\">\n<div class=\"et_pb_row_0 et_pb_row et_flex_row\">\n<div class=\"et_pb_column_0 et_pb_column et_flex_column et_pb_css_mix_blend_mode_passthrough et_clickable et_flex_column_12_24 et_flex_column_12_24_tablet et_flex_column_24_24_phone\">\n<div class=\"et_pb_text_0 et_pb_text et_pb_bg_layout_light et_pb_module et_flex_module\"><div class=\"et_pb_text_inner\"><h1 data-pm-slice=\"1 1 []\"><span>Tern<\/span><\/h1>\n<h2>Compacte fietsen ontworpen om meer te vervoeren<\/h2>\n<\/div><\/div>\n\n<div class=\"et_pb_image_0 et_pb_image et_animated et_pb_module et_flex_module\"><span class=\"et_pb_image_wrap\"><img loading=\"lazy\" decoding=\"async\" src=\"https:\/\/www.supercycles.be\/wp-content\/uploads\/2026\/08\/Tern-GSD-Lifestyle-Family-scaled.jpg\" title=\"Tern-GSD-Lifestyle-Family\" width=\"2560\" height=\"1244\" srcset=\"https:\/\/www.supercycles.be\/wp-content\/uploads\/2026\/08\/Tern-GSD-Lifestyle-Family-scaled.jpg 2560w, https:\/\/www.supercycles.be\/wp-content\/uploads\/2026\/08\/Tern-GSD-Lifestyle-Family-1280x622.jpg 1280w, https:\/\/www.supercycles.be\/wp-content\/uploads\/2026\/08\/Tern-GSD-Lifestyle-Family-980x476.jpg 980w, https:\/\/www.supercycles.be\/wp-content\/uploads\/2026\/08\/Tern-GSD-Lifestyle-Family-480x233.jpg 480w\" sizes=\"(min-width: 0px) and (max-width: 480px) 480px, (min-width: 481px) and (max-width: 980px) 980px, (min-width: 981px) and (max-width: 1280px) 1280px, (min-width: 1281px) 2560px, 100vw\" class=\"wp-image-13107\" \/><\/span><\/div>\n\n<div class=\"et_pb_text_1 et_pb_text et_pb_bg_layout_light et_pb_module et_flex_module\"><div class=\"et_pb_text_inner\"><p>Tern ontwikkelt vouwfietsen, elektrische fietsen en cargofietsen met dezelfde focus op compactheid en functionaliteit.<\/p>\n<p>Bij Supercycles stellen we vooral de compacte cargofietsen van het merk voor. Daarmee kunt u \u00e9\u00e9n of twee passagiers, boodschappen of materiaal vervoeren, terwijl de fiets qua afmetingen dicht bij een klassieke fiets blijft.<\/p>\n<p>We helpen u de juiste fiets, aandrijving en accessoires te kiezen op basis van de passagiers die u wilt vervoeren, uw trajecten, het reli\u00ebf, de beschikbare opbergruimte en uw budget.<\/p>\n<\/div><\/div>\n\n<div class=\"et_pb_module et_pb_button_module_wrapper et_pb_button_0_wrapper\"><a class=\"et_pb_button_0 et_pb_button et_pb_bg_layout_light et_animated et_pb_module et_block_module\" href=\"https:\/\/www.supercycles.be\/fr\/categorie-produit\/velo\/?jsf=jet-engine&#038;tax=product_brand:283\">Ontdek onze modellen<\/a><\/div>\n<\/div>\n\n<div class=\"et_pb_column_1 et_pb_column et-last-child et_flex_column et_pb_css_mix_blend_mode_passthrough et_flex_column_12_24 et_flex_column_12_24_tablet et_flex_column_24_24_phone\">\n<div class=\"et_pb_image_1 et_pb_image et_animated et_pb_module et_flex_module\"><span class=\"et_pb_image_wrap\"><img loading=\"lazy\" decoding=\"async\" src=\"https:\/\/www.supercycles.be\/wp-content\/uploads\/2026\/08\/Tern-GSD-Lifestyle-Family-scaled.jpg\" title=\"Tern-GSD-Lifestyle-Family\" width=\"2560\" height=\"1244\" srcset=\"https:\/\/www.supercycles.be\/wp-content\/uploads\/2026\/08\/Tern-GSD-Lifestyle-Family-scaled.jpg 2560w, https:\/\/www.supercycles.be\/wp-content\/uploads\/2026\/08\/Tern-GSD-Lifestyle-Family-1280x622.jpg 1280w, https:\/\/www.supercycles.be\/wp-content\/uploads\/2026\/08\/Tern-GSD-Lifestyle-Family-980x476.jpg 980w, https:\/\/www.supercycles.be\/wp-content\/uploads\/2026\/08\/Tern-GSD-Lifestyle-Family-480x233.jpg 480w\" sizes=\"(min-width: 0px) and (max-width: 480px) 480px, (min-width: 481px) and (max-width: 980px) 980px, (min-width: 981px) and (max-width: 1280px) 1280px, (min-width: 1281px) 2560px, 100vw\" class=\"wp-image-13107\" \/><\/span><\/div>\n<\/div>\n<\/div>\n<\/div>\n\n<div class=\"et_pb_section_1 et_pb_section et_section_regular et_flex_section\">\n<div class=\"et_pb_row_1 et_pb_row et_flex_row\">\n<div class=\"et_pb_column_2 et_pb_column et_flex_column et_pb_css_mix_blend_mode_passthrough et_flex_column_12_24 et_flex_column_12_24_tablet et_flex_column_24_24_phone\">\n<div class=\"et_pb_text_2 et_pb_text et_pb_bg_layout_light et_pb_module et_flex_module\"><div class=\"et_pb_text_inner\"><h2>De vouwfiets als vertrekpunt<\/h2>\n<p>&nbsp;<\/p>\n<p>Het verhaal van Tern begint bij de vouwfiets. Het merk wilde fietsen ontwikkelen die weinig ruimte innemen in kleinere woningen, gemakkelijk mee kunnen op het openbaar vervoer en praktisch zijn voor dagelijkse verplaatsingen in de stad.<\/p>\n<p>Die ervaring heeft ook de ontwikkeling van de elektrische fietsen en cargofietsen be\u00efnvloed. Het doel is niet alleen om de fiets korter te maken, maar ook om de beschikbare ruimte effici\u00ebnter te benutten: kleinere wielen, een verstelbare stuurpost, de mogelijkheid om de fiets rechtop te stallen en accessoires die doordacht in de fiets zijn ge\u00efntegreerd.<\/p>\n<p>Tern biedt nog steeds volwaardige vouwfietsen aan, met of zonder elektrische ondersteuning. Ze zijn vooral bedoeld voor multimodale verplaatsingen, vervoer in de auto, opslag in een beperkte ruimte of voor fietsers die hun fiets volledig willen kunnen opvouwen.<\/p>\n<p>De Tern-cargofietsen kunnen echter niet worden opgevouwen zoals traditionele vouwfietsen. Afhankelijk van het model kan de stuurpost worden ingeklapt om de hoogte van de fiets te verminderen. Verschillende modellen kunnen bovendien rechtop worden gestald of verplaatst.<\/p>\n<p>Dat onderscheid is belangrijk: de fiets volledig opvouwen, de stuurpost inklappen en de fiets rechtop stallen beantwoorden aan verschillende behoeften.<\/p>\n<\/div><\/div>\n<\/div>\n\n<div class=\"et_pb_column_3 et_pb_column et-last-child et_flex_column et_pb_css_mix_blend_mode_passthrough et_flex_column_12_24 et_flex_column_12_24_tablet et_flex_column_24_24_phone\">\n<div class=\"et_pb_image_2 et_pb_image et_pb_module et_flex_module\"><span class=\"et_pb_image_wrap\"><img loading=\"lazy\" decoding=\"async\" src=\"https:\/\/www.supercycles.be\/wp-content\/uploads\/2026\/08\/Tern-Folding-Bikes.jpg\" title=\"Tern-Folding-Bikes\" width=\"660\" height=\"660\" srcset=\"https:\/\/www.supercycles.be\/wp-content\/uploads\/2026\/08\/Tern-Folding-Bikes.jpg 660w, https:\/\/www.supercycles.be\/wp-content\/uploads\/2026\/08\/Tern-Folding-Bikes-480x480.jpg 480w\" sizes=\"(min-width: 0px) and (max-width: 480px) 480px, (min-width: 481px) 660px, 100vw\" class=\"wp-image-13106\" \/><\/span><\/div>\n<\/div>\n<\/div>\n<\/div>\n\n<div class=\"et_pb_section_2 et_pb_section et_section_regular et_block_section\">\n<div class=\"et_pb_row_2 et_pb_row et_flex_row\">\n<div class=\"et_pb_column_4 et_pb_column et-last-child et_flex_column et_pb_css_mix_blend_mode_passthrough et_flex_column_24_24 et_flex_column_24_24_tablet et_flex_column_24_24_phone\">\n<div class=\"et_pb_text_3 et_pb_text et_pb_bg_layout_light et_pb_module et_flex_module\"><div class=\"et_pb_text_inner\"><h2 style=\"text-align: center;\">Ontworpen voor dagelijks gebruik<\/h2>\n<p>\u00a0<\/p>\n<\/div><\/div>\n<\/div>\n<\/div>\n\n<div class=\"et_pb_row_3 et_pb_row et_grid_row\">\n<div class=\"et_pb_column_5 et_pb_column et_flex_column et_pb_css_mix_blend_mode_passthrough\">\n<div class=\"et_pb_blurb_0 et_pb_blurb et_pb_bg_layout_light et_pb_blurb_position_top et_pb_module et_flex_module\"><div class=\"et_pb_blurb_content et_flex_module\"><div class=\"et_pb_main_blurb_image\"><span class=\"et_pb_image_wrap et_pb_only_image_mode_wrap\"><img loading=\"lazy\" decoding=\"async\" src=\"https:\/\/www.supercycles.be\/wp-content\/uploads\/2026\/08\/Tern-GSD-Travel-scaled.jpg\" title=\"Tern-GSD-Travel\" width=\"2560\" height=\"1120\" srcset=\"https:\/\/www.supercycles.be\/wp-content\/uploads\/2026\/08\/Tern-GSD-Travel-scaled.jpg 2560w, https:\/\/www.supercycles.be\/wp-content\/uploads\/2026\/08\/Tern-GSD-Travel-1280x560.jpg 1280w, https:\/\/www.supercycles.be\/wp-content\/uploads\/2026\/08\/Tern-GSD-Travel-980x429.jpg 980w, https:\/\/www.supercycles.be\/wp-content\/uploads\/2026\/08\/Tern-GSD-Travel-480x210.jpg 480w\" sizes=\"(min-width: 0px) and (max-width: 480px) 480px, (min-width: 481px) and (max-width: 980px) 980px, (min-width: 981px) and (max-width: 1280px) 1280px, (min-width: 1281px) 2560px, 100vw\" class=\"wp-image-13109\" \/><\/span><\/div><div class=\"et_pb_blurb_container\"><h3 class=\"et_pb_module_header\">Veel transportcapaciteit in een compact formaat<\/h3><div class=\"et_pb_blurb_description\"><p>De cargofietsen van Tern hebben een verlengde achterdrager en kleine wielen. Daardoor zitten de passagiers en de lading relatief laag bij de grond.<\/p>\n<p>Zo kan de fiets meer passagiers of bagage vervoeren zonder zo lang of breed te worden als een grote bakfiets met een laadbak vooraan.<\/p>\n<\/div><\/div><\/div><\/div>\n<\/div>\n\n<div class=\"et_pb_column_6 et_pb_column et-last-child et_flex_column et_pb_css_mix_blend_mode_passthrough\">\n<div class=\"et_pb_blurb_1 et_pb_blurb et_pb_bg_layout_light et_pb_blurb_position_top et_pb_module et_flex_module\"><div class=\"et_pb_blurb_content et_flex_module\"><div class=\"et_pb_main_blurb_image\"><span class=\"et_pb_image_wrap et_pb_only_image_mode_wrap\"><img loading=\"lazy\" decoding=\"async\" src=\"https:\/\/www.supercycles.be\/wp-content\/uploads\/2026\/08\/Tern-HSD-Lifestyle-scaled.jpg\" width=\"2560\" height=\"1120\" srcset=\"https:\/\/www.supercycles.be\/wp-content\/uploads\/2026\/08\/Tern-HSD-Lifestyle-scaled.jpg 2560w, https:\/\/www.supercycles.be\/wp-content\/uploads\/2026\/08\/Tern-HSD-Lifestyle-1280x560.jpg 1280w, https:\/\/www.supercycles.be\/wp-content\/uploads\/2026\/08\/Tern-HSD-Lifestyle-980x429.jpg 980w, https:\/\/www.supercycles.be\/wp-content\/uploads\/2026\/08\/Tern-HSD-Lifestyle-480x210.jpg 480w\" sizes=\"(min-width: 0px) and (max-width: 480px) 480px, (min-width: 481px) and (max-width: 980px) 980px, (min-width: 981px) and (max-width: 1280px) 1280px, (min-width: 1281px) 2560px, 100vw\" class=\"wp-image-13110\" title=\"Tern-HSD-Lifestyle\" \/><\/span><\/div><div class=\"et_pb_blurb_container\"><h3 class=\"et_pb_module_header\">Een fiets om te delen<\/h3><div class=\"et_pb_blurb_description\"><p>Bij veel Tern-modellen kunnen het zadel en de stuurpost snel worden versteld. Zo kan dezelfde fiets gemakkelijk door meerdere gezinsleden worden gebruikt, zonder telkens uitgebreide aanpassingen te moeten doen.<\/p>\n<p>Het exacte verstelbereik verschilt per model en generatie.<\/p>\n<p>&nbsp;<\/p>\n<\/div><\/div><\/div><\/div>\n<\/div>\n<\/div>\n\n<div class=\"et_pb_row_4 et_pb_row et-vb-row--no-module et_flex_row\">\n<div class=\"et_pb_column_7 et_pb_column et-last-child et_flex_column et_pb_column_empty et_pb_css_mix_blend_mode_passthrough et_flex_column_24_24 et_flex_column_24_24_tablet et_flex_column_24_24_phone\"><\/div>\n<\/div>\n\n<div class=\"et_pb_row_5 et_pb_row et_grid_row\">\n<div class=\"et_pb_column_8 et_pb_column et_flex_column et_pb_css_mix_blend_mode_passthrough\">\n<div class=\"et_pb_blurb_2 et_pb_blurb et_pb_bg_layout_light et_pb_blurb_position_top et_pb_module et_flex_module\"><div class=\"et_pb_blurb_content et_flex_module\"><div class=\"et_pb_main_blurb_image\"><span class=\"et_pb_image_wrap et_pb_only_image_mode_wrap\"><img loading=\"lazy\" decoding=\"async\" src=\"https:\/\/www.supercycles.be\/wp-content\/uploads\/2026\/08\/HSD-Lifestyle-Post-scaled.jpg\" width=\"2560\" height=\"1120\" srcset=\"https:\/\/www.supercycles.be\/wp-content\/uploads\/2026\/08\/HSD-Lifestyle-Post-scaled.jpg 2560w, https:\/\/www.supercycles.be\/wp-content\/uploads\/2026\/08\/HSD-Lifestyle-Post-1280x560.jpg 1280w, https:\/\/www.supercycles.be\/wp-content\/uploads\/2026\/08\/HSD-Lifestyle-Post-980x429.jpg 980w, https:\/\/www.supercycles.be\/wp-content\/uploads\/2026\/08\/HSD-Lifestyle-Post-480x210.jpg 480w\" sizes=\"(min-width: 0px) and (max-width: 480px) 480px, (min-width: 481px) and (max-width: 980px) 980px, (min-width: 981px) and (max-width: 1280px) 1280px, (min-width: 1281px) 2560px, 100vw\" class=\"wp-image-13111\" title=\"HSD-Lifestyle-Post\" \/><\/span><\/div><div class=\"et_pb_blurb_container\"><h3 class=\"et_pb_module_header\">Makkelijker opbergen in het dagelijks leven<\/h3><div class=\"et_pb_blurb_description\"><p>Verschillende Tern-cargofietsen kunnen rechtop worden gestald. Bij sommige modellen kan ook de stuurpost worden ingeklapt. Daardoor wordt de fiets lager en past hij gemakkelijker in een garage, bestelwagen of de koffer van een geschikt voertuig.<\/p>\n<p>Controleer vooraf of er voldoende hoogte en ruimte is om de fiets rechtop te zetten en of u het gewicht veilig kunt hanteren. Houd daarbij ook rekening met de gemonteerde accessoires.<\/p>\n<\/div><\/div><\/div><\/div>\n<\/div>\n\n<div class=\"et_pb_column_9 et_pb_column et-last-child et_flex_column et_pb_css_mix_blend_mode_passthrough\">\n<div class=\"et_pb_blurb_3 et_pb_blurb et_pb_bg_layout_light et_pb_blurb_position_top et_pb_module et_flex_module\"><div class=\"et_pb_blurb_content et_flex_module\"><div class=\"et_pb_main_blurb_image\"><span class=\"et_pb_image_wrap et_pb_only_image_mode_wrap\"><img loading=\"lazy\" decoding=\"async\" src=\"https:\/\/www.supercycles.be\/wp-content\/uploads\/2026\/08\/Tern-Orox-Carry-scaled.jpg\" width=\"2560\" height=\"1120\" srcset=\"https:\/\/www.supercycles.be\/wp-content\/uploads\/2026\/08\/Tern-Orox-Carry-scaled.jpg 2560w, https:\/\/www.supercycles.be\/wp-content\/uploads\/2026\/08\/Tern-Orox-Carry-1280x560.jpg 1280w, https:\/\/www.supercycles.be\/wp-content\/uploads\/2026\/08\/Tern-Orox-Carry-980x429.jpg 980w, https:\/\/www.supercycles.be\/wp-content\/uploads\/2026\/08\/Tern-Orox-Carry-480x210.jpg 480w\" sizes=\"(min-width: 0px) and (max-width: 480px) 480px, (min-width: 481px) and (max-width: 980px) 980px, (min-width: 981px) and (max-width: 1280px) 1280px, (min-width: 1281px) 2560px, 100vw\" class=\"wp-image-13112\" title=\"Tern-Orox-Carry\" \/><\/span><\/div><div class=\"et_pb_blurb_container\"><h3 class=\"et_pb_module_header\">Accessoires ontworpen als \u00e9\u00e9n systeem<\/h3><div class=\"et_pb_blurb_description\"><p>Tern ontwikkelt voor zijn verschillende modellen zitjes, wielbeschermers, voetsteunen, handgrepen, fietstassen, voordragers en bescherming tegen regen en zon.<\/p>\n<p>Met deze accessoires kan de fiets worden aangepast wanneer de gezins- of vervoersbehoeften veranderen. Niet elk accessoire past echter op ieder model. De compatibiliteit moet daarom altijd worden gecontroleerd volgens het model en de generatie van de fiets.<\/p>\n<\/div><\/div><\/div><\/div>\n<\/div>\n<\/div>\n\n<div class=\"et_pb_row_6 et_pb_row et_flex_row\">\n<div class=\"et_pb_column_10 et_pb_column et-last-child et_flex_column et_pb_css_mix_blend_mode_passthrough et_flex_column_24_24 et_flex_column_24_24_tablet et_flex_column_24_24_phone\">\n<div class=\"et_pb_blurb_4 et_pb_blurb et_pb_bg_layout_light et_pb_blurb_position_top et_pb_module et_flex_module\"><div class=\"et_pb_blurb_content et_flex_module\"><div class=\"et_pb_main_blurb_image\"><span class=\"et_pb_image_wrap et_pb_only_image_mode_wrap\"><img loading=\"lazy\" decoding=\"async\" src=\"https:\/\/www.supercycles.be\/wp-content\/uploads\/2026\/08\/Tern-GSD-Travel-scaled.jpg\" title=\"Tern-GSD-Travel\" width=\"2560\" height=\"1120\" srcset=\"https:\/\/www.supercycles.be\/wp-content\/uploads\/2026\/08\/Tern-GSD-Travel-scaled.jpg 2560w, https:\/\/www.supercycles.be\/wp-content\/uploads\/2026\/08\/Tern-GSD-Travel-1280x560.jpg 1280w, https:\/\/www.supercycles.be\/wp-content\/uploads\/2026\/08\/Tern-GSD-Travel-980x429.jpg 980w, https:\/\/www.supercycles.be\/wp-content\/uploads\/2026\/08\/Tern-GSD-Travel-480x210.jpg 480w\" sizes=\"(min-width: 0px) and (max-width: 480px) 480px, (min-width: 481px) and (max-width: 980px) 980px, (min-width: 981px) and (max-width: 1280px) 1280px, (min-width: 1281px) 2560px, 100vw\" class=\"wp-image-13109\" \/><\/span><\/div><div class=\"et_pb_blurb_container\"><h3 class=\"et_pb_module_header\">Veel transportcapaciteit in een compact formaat<\/h3><div class=\"et_pb_blurb_description\"><p>De cargofietsen van Tern hebben een verlengde achterdrager en kleine wielen. Daardoor zitten de passagiers en de lading relatief laag bij de grond.<\/p>\n<p>Zo kan de fiets meer passagiers of bagage vervoeren zonder zo lang of breed te worden als een grote bakfiets met een laadbak vooraan.<\/p>\n<\/div><\/div><\/div><\/div>\n\n<div class=\"et_pb_blurb_5 et_pb_blurb et_pb_bg_layout_light et_pb_blurb_position_top et_pb_module et_flex_module\"><div class=\"et_pb_blurb_content et_flex_module\"><div class=\"et_pb_main_blurb_image\"><span class=\"et_pb_image_wrap et_pb_only_image_mode_wrap\"><img loading=\"lazy\" decoding=\"async\" src=\"https:\/\/www.supercycles.be\/wp-content\/uploads\/2026\/08\/Tern-HSD-Lifestyle-scaled.jpg\" width=\"2560\" height=\"1120\" srcset=\"https:\/\/www.supercycles.be\/wp-content\/uploads\/2026\/08\/Tern-HSD-Lifestyle-scaled.jpg 2560w, https:\/\/www.supercycles.be\/wp-content\/uploads\/2026\/08\/Tern-HSD-Lifestyle-1280x560.jpg 1280w, https:\/\/www.supercycles.be\/wp-content\/uploads\/2026\/08\/Tern-HSD-Lifestyle-980x429.jpg 980w, https:\/\/www.supercycles.be\/wp-content\/uploads\/2026\/08\/Tern-HSD-Lifestyle-480x210.jpg 480w\" sizes=\"(min-width: 0px) and (max-width: 480px) 480px, (min-width: 481px) and (max-width: 980px) 980px, (min-width: 981px) and (max-width: 1280px) 1280px, (min-width: 1281px) 2560px, 100vw\" class=\"wp-image-13110\" title=\"Tern-HSD-Lifestyle\" \/><\/span><\/div><div class=\"et_pb_blurb_container\"><h3 class=\"et_pb_module_header\">Een fiets om te delen<\/h3><div class=\"et_pb_blurb_description\"><p>Bij veel Tern-modellen kunnen het zadel en de stuurpost snel worden versteld. Zo kan dezelfde fiets gemakkelijk door meerdere gezinsleden worden gebruikt, zonder telkens uitgebreide aanpassingen te moeten doen.<\/p>\n<p>Het exacte verstelbereik verschilt per model en generatie.<\/p>\n<\/div><\/div><\/div><\/div>\n\n<div class=\"et_pb_blurb_6 et_pb_blurb et_pb_bg_layout_light et_pb_blurb_position_top et_pb_module et_flex_module\"><div class=\"et_pb_blurb_content et_flex_module\"><div class=\"et_pb_main_blurb_image\"><span class=\"et_pb_image_wrap et_pb_only_image_mode_wrap\"><img loading=\"lazy\" decoding=\"async\" src=\"https:\/\/www.supercycles.be\/wp-content\/uploads\/2026\/08\/HSD-Lifestyle-Post-scaled.jpg\" width=\"2560\" height=\"1120\" srcset=\"https:\/\/www.supercycles.be\/wp-content\/uploads\/2026\/08\/HSD-Lifestyle-Post-scaled.jpg 2560w, https:\/\/www.supercycles.be\/wp-content\/uploads\/2026\/08\/HSD-Lifestyle-Post-1280x560.jpg 1280w, https:\/\/www.supercycles.be\/wp-content\/uploads\/2026\/08\/HSD-Lifestyle-Post-980x429.jpg 980w, https:\/\/www.supercycles.be\/wp-content\/uploads\/2026\/08\/HSD-Lifestyle-Post-480x210.jpg 480w\" sizes=\"(min-width: 0px) and (max-width: 480px) 480px, (min-width: 481px) and (max-width: 980px) 980px, (min-width: 981px) and (max-width: 1280px) 1280px, (min-width: 1281px) 2560px, 100vw\" class=\"wp-image-13111\" title=\"HSD-Lifestyle-Post\" \/><\/span><\/div><div class=\"et_pb_blurb_container\"><h3 class=\"et_pb_module_header\">Makkelijker opbergen in het dagelijks leven<\/h3><div class=\"et_pb_blurb_description\"><p>Verschillende Tern-cargofietsen kunnen rechtop worden gestald. Bij sommige modellen kan ook de stuurpost worden ingeklapt. Daardoor wordt de fiets lager en past hij gemakkelijker in een garage, bestelwagen of de koffer van een geschikt voertuig.<\/p>\n<p>Controleer vooraf of er voldoende hoogte en ruimte is om de fiets rechtop te zetten en of u het gewicht veilig kunt hanteren. Houd daarbij ook rekening met de gemonteerde accessoires.<\/p>\n<\/div><\/div><\/div><\/div>\n\n<div class=\"et_pb_blurb_7 et_pb_blurb et_pb_bg_layout_light et_pb_blurb_position_top et_pb_module et_flex_module\"><div class=\"et_pb_blurb_content et_flex_module\"><div class=\"et_pb_main_blurb_image\"><span class=\"et_pb_image_wrap et_pb_only_image_mode_wrap\"><img loading=\"lazy\" decoding=\"async\" src=\"https:\/\/www.supercycles.be\/wp-content\/uploads\/2026\/08\/Tern-Orox-Carry-scaled.jpg\" width=\"2560\" height=\"1120\" srcset=\"https:\/\/www.supercycles.be\/wp-content\/uploads\/2026\/08\/Tern-Orox-Carry-scaled.jpg 2560w, https:\/\/www.supercycles.be\/wp-content\/uploads\/2026\/08\/Tern-Orox-Carry-1280x560.jpg 1280w, https:\/\/www.supercycles.be\/wp-content\/uploads\/2026\/08\/Tern-Orox-Carry-980x429.jpg 980w, https:\/\/www.supercycles.be\/wp-content\/uploads\/2026\/08\/Tern-Orox-Carry-480x210.jpg 480w\" sizes=\"(min-width: 0px) and (max-width: 480px) 480px, (min-width: 481px) and (max-width: 980px) 980px, (min-width: 981px) and (max-width: 1280px) 1280px, (min-width: 1281px) 2560px, 100vw\" class=\"wp-image-13112\" title=\"Tern-Orox-Carry\" \/><\/span><\/div><div class=\"et_pb_blurb_container\"><h3 class=\"et_pb_module_header\">Accessoires ontworpen als \u00e9\u00e9n systeem<\/h3><div class=\"et_pb_blurb_description\"><p>Tern ontwikkelt voor zijn verschillende modellen zitjes, wielbeschermers, voetsteunen, handgrepen, fietstassen, voordragers en bescherming tegen regen en zon.<\/p>\n<p>Met deze accessoires kan de fiets worden aangepast wanneer de gezins- of vervoersbehoeften veranderen. Niet elk accessoire past echter op ieder model. De compatibiliteit moet daarom altijd worden gecontroleerd volgens het model en de generatie van de fiets.<\/p>\n<\/div><\/div><\/div><\/div>\n<\/div>\n<\/div>\n<\/div>\n\n<div class=\"et_pb_section_3 et_pb_section et_section_regular et_flex_section\">\n<div class=\"et_pb_row_7 et_pb_row et_flex_row\">\n<div class=\"et_pb_column_11 et_pb_column et-last-child et_flex_column et_pb_css_mix_blend_mode_passthrough et_flex_column_24_24 et_flex_column_24_24_tablet et_flex_column_24_24_phone\">\n<div class=\"et_pb_text_4 et_pb_text et_pb_bg_layout_light et_pb_module et_flex_module\"><div class=\"et_pb_text_inner\"><h2 style=\"text-align: center;\">De visie van Supercycles<\/h2>\n<p>\u00a0<\/p>\n<p>Het laadvermogen is niet de enige reden om voor een Tern te kiezen. De fiets, de achterdrager, de stuurpost, de standaard en de accessoires zijn op elkaar afgestemd om het dagelijkse gebruik zo praktisch mogelijk te maken.<\/p>\n<p>Toch blijft het belangrijk een model te kiezen dat past bij het aantal passagiers dat u werkelijk vervoert. Een model voor \u00e9\u00e9n passagier is doorgaans lichter en aangenamer wanneer u slechts \u00e9\u00e9n kind meeneemt. Een model voor twee passagiers biedt meer plaats en mogelijkheden, maar is meestal zwaarder, vraagt meer accessoires en kost meer.<\/p>\n<p>Rechtop stallen is vooral nuttig wanneer de fiets in een smalle garage, een appartement of een gedeelde fietsenstalling moet passen. Controleer vooraf of u de fiets met de gemonteerde accessoires veilig rechtop kunt zetten, stabiel kunt vasthouden en door de beschikbare doorgangen kunt manoeuvreren.<\/p>\n<p>Op de hellingen van Beersel, Alsemberg en het zuiden van Brussel moeten de motor en de transmissie passen bij het gewicht van de passagiers, bagage en accessoires. De krachtigste of meest uitgeruste uitvoering is echter niet voor ieder gezin noodzakelijk.<\/p>\n<\/div><\/div>\n<\/div>\n<\/div>\n<\/div>\n\n<div class=\"et_pb_section_4 et_pb_section et_section_regular et_flex_section\">\n<div class=\"et_pb_row_8 et_pb_row et_flex_row\">\n<div class=\"et_pb_column_12 et_pb_column et-last-child et_flex_column et_pb_css_mix_blend_mode_passthrough et_flex_column_24_24 et_flex_column_24_24_tablet et_flex_column_24_24_phone\">\n<div class=\"et_pb_row_9 et_pb_row et_pb_row_nested et_flex_row\">\n<div class=\"et_pb_column_13 et_pb_column et_flex_column et_pb_css_mix_blend_mode_passthrough et_flex_column_12_24 et_flex_column_12_24_tablet et_flex_column_24_24_phone\">\n<div class=\"et_pb_image_3 et_pb_image et_pb_module et_flex_module\"><span class=\"et_pb_image_wrap\"><img loading=\"lazy\" decoding=\"async\" src=\"https:\/\/www.supercycles.be\/wp-content\/uploads\/2026\/08\/artPic_public_L_4771453.jpg\" title=\"artPic_public_L_4771453.jpg\" width=\"919\" height=\"1200\" srcset=\"https:\/\/www.supercycles.be\/wp-content\/uploads\/2026\/08\/artPic_public_L_4771453.jpg 919w, https:\/\/www.supercycles.be\/wp-content\/uploads\/2026\/08\/artPic_public_L_4771453-480x627.jpg 480w\" sizes=\"(min-width: 0px) and (max-width: 480px) 480px, (min-width: 481px) 919px, 100vw\" class=\"wp-image-12795\" \/><\/span><\/div>\n<\/div>\n\n<div class=\"et_pb_column_14 et_pb_column et-last-child et_flex_column et_pb_css_mix_blend_mode_passthrough et_flex_column_12_24 et_flex_column_12_24_tablet et_flex_column_24_24_phone\">\n<div class=\"et_pb_text_5 et_pb_text et_pb_bg_layout_light et_pb_module et_flex_module\"><div class=\"et_pb_text_inner\"><h2 class=\"ProseMirror-selectednode\" draggable=\"true\">Ontworpen in Finland, ontwikkeld in Taiwan<\/h2>\n<h2 class=\"ProseMirror-selectednode\" draggable=\"true\"><\/h2>\n<p>Tern werd in 2011 opgericht vanuit jarenlange ervaring met vouwfietsen. Het merk werkt met een internationaal team: de fietsen worden ontworpen in Finland en technisch ontwikkeld in Taiwan. In New Taipei City bevinden zich het hoofdkantoor en het innovatielaboratorium van Tern.<\/p>\n<p>Die ervaring is terug te vinden in zowel de vouwfietsen als de cargofietsen. Bij de cargo- en passagiersfietsen test Tern de frames en voorvorken intern tot de opgegeven belasting. Daarna worden ze door onafhankelijke laboratoria beproefd volgens de normen die voor het betreffende model gelden. Afhankelijk van het model zijn de elektrische systemen en transmissies afkomstig van gespecialiseerde fabrikanten zoals Bosch en Shimano.<\/p>\n<p>Tern richt zich daarnaast op een lange gebruiksduur. Voor fietsen die onder het 7-Year Support-programma vallen, blijven essenti\u00eble vervangingsonderdelen minstens zeven jaar na aankoop beschikbaar. Met passende accessoires kan de fiets bovendien worden aangepast wanneer de vervoersbehoeften veranderen.<\/p>\n<\/div><\/div>\n\n<div class=\"et_pb_image_4 et_pb_image et_pb_module et_flex_module\"><span class=\"et_pb_image_wrap\"><img loading=\"lazy\" decoding=\"async\" src=\"https:\/\/www.supercycles.be\/wp-content\/uploads\/2026\/08\/artPic_public_L_4771453.jpg\" title=\"artPic_public_L_4771453.jpg\" width=\"919\" height=\"1200\" srcset=\"https:\/\/www.supercycles.be\/wp-content\/uploads\/2026\/08\/artPic_public_L_4771453.jpg 919w, https:\/\/www.supercycles.be\/wp-content\/uploads\/2026\/08\/artPic_public_L_4771453-480x627.jpg 480w\" sizes=\"(min-width: 0px) and (max-width: 480px) 480px, (min-width: 481px) 919px, 100vw\" class=\"wp-image-12795\" \/><\/span><\/div>\n<\/div>\n<\/div>\n<\/div>\n<\/div>\n<\/div>\n\n<div class=\"et_pb_section_5 et_pb_section et_section_regular et_flex_section\">\n<div class=\"et_pb_row_10 et_pb_row et_flex_row\">\n<div class=\"et_pb_column_15 et_pb_column et-last-child et_flex_column et_pb_css_mix_blend_mode_passthrough et_flex_column_24_24 et_flex_column_24_24_tablet et_flex_column_24_24_phone\">\n<div class=\"et_pb_text_6 et_pb_text et_pb_bg_layout_light et_pb_module et_flex_module\"><div class=\"et_pb_text_inner\"><h2 data-pm-slice=\"1 1 []\" style=\"text-align: center;\">Welke Tern kiezen?<\/h2>\n<p><span><\/span><\/p>\n<p>Het Tern-gamma evolueert regelmatig. Motoren, transmissies, batterijen en uitrustingen kunnen veranderen naargelang de uitvoering en het modeljaar. Het belangrijkste verschil tussen de modellen blijft echter hetzelfde: sommige zijn bedoeld voor \u00e9\u00e9n passagier, andere bieden plaats aan twee passagiers en meer bagage.<\/p>\n<p>Begin daarom bij het aantal passagiers en de hoeveelheid bagage die u werkelijk wilt vervoeren. Houd ook rekening met het gewenste comfort en de beschikbare opbergruimte. Zodra het juiste model is gekozen, kunt u de motor, transmissie, batterij en accessoires vergelijken.<\/p>\n<h3><\/h3>\n<\/div><\/div>\n<\/div>\n<\/div>\n\n<div class=\"et_pb_row_11 et_pb_row et_flex_row\">\n<div class=\"et_pb_column_16 et_pb_column et-last-child et_flex_column et_pb_css_mix_blend_mode_passthrough et_flex_column_24_24 et_flex_column_24_24_tablet et_flex_column_24_24_phone\">\n<div class=\"et_pb_group_carousel_0 et_pb_group_carousel et_pb_group et_pb_module et_pb_group_carousel_arrows_inside et_pb_group_carousel_dots_center et_pb_group_carousel_dots_below\"><div class=\"et_pb_group_carousel_container\"><div class=\"et_pb_group_carousel_track\"><div class=\"et_pb_group_carousel_slide\"><div class=\"et_pb_group_0 et_pb_group et_pb_module et_flex_group et_pb_css_mix_blend_mode_passthrough\">\n<div class=\"et_pb_blurb_8 et_pb_blurb et_pb_bg_layout_light et_pb_blurb_position_top et_pb_module et_flex_module\"><div class=\"et_pb_blurb_content et_flex_module\"><div class=\"et_pb_main_blurb_image\"><span class=\"et_pb_image_wrap et_pb_only_image_mode_wrap\"><img loading=\"lazy\" decoding=\"async\" src=\"https:\/\/www.supercycles.be\/wp-content\/uploads\/2026\/08\/artPic_public_L_4771415.jpg\" width=\"600\" height=\"600\" srcset=\"https:\/\/www.supercycles.be\/wp-content\/uploads\/2026\/08\/artPic_public_L_4771415.jpg 600w, https:\/\/www.supercycles.be\/wp-content\/uploads\/2026\/08\/artPic_public_L_4771415-480x480.jpg 480w\" sizes=\"(min-width: 0px) and (max-width: 480px) 480px, (min-width: 481px) 600px, 100vw\" class=\"wp-image-12802\" title=\"artPic_public_L_4771415.jpg\" \/><\/span><\/div><div class=\"et_pb_blurb_container\"><h3 class=\"et_pb_module_header\">Quick Haul: voor \u00e9\u00e9n passagier en een eenvoudige configuratie<\/h3><div class=\"et_pb_blurb_description\"><p>De Quick Haul is een compacte elektrische cargofiets voor dagelijkse verplaatsingen, boodschappen en het vervoer van \u00e9\u00e9n passagier op de achterdrager. Daarvoor moeten de accessoires worden gebruikt die geschikt zijn voor de passagier en het betreffende model.<\/p>\n<p>Door zijn compacte formaat en eenvoudige opbouw rijdt de Quick Haul meer als een gewone stadsfiets dan als een grote cargofiets. Hij is vooral geschikt voor gezinnen die \u00e9\u00e9n kind vervoeren en geen extra plaats nodig hebben voor een tweede passagier of een grotere lading.<\/p>\n<p>De beschikbare motoren, transmissies en batterijen verschillen naargelang de uitvoering en het modeljaar. Controleer daarom altijd de specificaties van de fiets die daadwerkelijk wordt aangeboden.<\/p>\n<\/div><\/div><\/div><\/div>\n<\/div><\/div><div class=\"et_pb_group_carousel_slide\"><div class=\"et_pb_group_1 et_pb_group et_pb_module et_flex_group et_pb_css_mix_blend_mode_passthrough\">\n<div class=\"et_pb_blurb_9 et_pb_blurb et_pb_bg_layout_light et_pb_blurb_position_top et_pb_module et_flex_module\"><div class=\"et_pb_blurb_content et_flex_module\"><div class=\"et_pb_main_blurb_image\"><span class=\"et_pb_image_wrap et_pb_only_image_mode_wrap\"><img loading=\"lazy\" decoding=\"async\" src=\"https:\/\/www.supercycles.be\/wp-content\/uploads\/2026\/08\/artPic_public_L_4771457.jpg\" width=\"1200\" height=\"600\" srcset=\"https:\/\/www.supercycles.be\/wp-content\/uploads\/2026\/08\/artPic_public_L_4771457.jpg 1200w, https:\/\/www.supercycles.be\/wp-content\/uploads\/2026\/08\/artPic_public_L_4771457-980x490.jpg 980w, https:\/\/www.supercycles.be\/wp-content\/uploads\/2026\/08\/artPic_public_L_4771457-480x240.jpg 480w\" sizes=\"(min-width: 0px) and (max-width: 480px) 480px, (min-width: 481px) and (max-width: 980px) 980px, (min-width: 981px) 1200px, 100vw\" class=\"wp-image-12793\" title=\"artPic_public_L_4771457.jpg\" \/><\/span><\/div><div class=\"et_pb_blurb_container\"><h3 class=\"et_pb_module_header\">HSD: voor \u00e9\u00e9n passagier met meer capaciteit en comfort<\/h3><div class=\"et_pb_blurb_description\"><p>De HSD blijft compact, maar biedt meer ruimte en comfort voor het vervoer van \u00e9\u00e9n passagier en bagage.<\/p>\n<p>Met de juiste accessoires en binnen de toegestane belastingslimieten kan hij een kind of een volwassen passagier vervoeren. De ruime achterdrager, het verstelbare zadel en de verstelbare stuurpost maken de HSD vooral interessant voor regelmatig gezinsgebruik en wanneer meerdere personen met dezelfde fiets rijden.<\/p>\n<p>De motor, transmissie, bediening en aandrijving verschillen naargelang de generatie en uitvoering. Sommige versies beschikken bovendien over uitgebreide antidiefstalfuncties of automatisch schakelen. Deze uitrusting is niet op elke HSD aanwezig en moet daarom op de daadwerkelijk aangeboden fiets worden gecontroleerd.<\/p>\n<\/div><\/div><\/div><\/div>\n<\/div><\/div><div class=\"et_pb_group_carousel_slide\"><div class=\"et_pb_group_2 et_pb_group et_pb_module et_flex_group et_pb_css_mix_blend_mode_passthrough\">\n<div class=\"et_pb_blurb_10 et_pb_blurb et_pb_bg_layout_light et_pb_blurb_position_top et_pb_module et_flex_module\"><div class=\"et_pb_blurb_content et_flex_module\"><div class=\"et_pb_main_blurb_image\"><span class=\"et_pb_image_wrap et_pb_only_image_mode_wrap\"><img loading=\"lazy\" decoding=\"async\" src=\"https:\/\/www.supercycles.be\/wp-content\/uploads\/2026\/08\/Tern-Quick-Haul-Long.jpg\" width=\"1400\" height=\"1040\" srcset=\"https:\/\/www.supercycles.be\/wp-content\/uploads\/2026\/08\/Tern-Quick-Haul-Long.jpg 1400w, https:\/\/www.supercycles.be\/wp-content\/uploads\/2026\/08\/Tern-Quick-Haul-Long-1280x951.jpg 1280w, https:\/\/www.supercycles.be\/wp-content\/uploads\/2026\/08\/Tern-Quick-Haul-Long-980x728.jpg 980w, https:\/\/www.supercycles.be\/wp-content\/uploads\/2026\/08\/Tern-Quick-Haul-Long-480x357.jpg 480w\" sizes=\"(min-width: 0px) and (max-width: 480px) 480px, (min-width: 481px) and (max-width: 980px) 980px, (min-width: 981px) and (max-width: 1280px) 1280px, (min-width: 1281px) 1400px, 100vw\" class=\"wp-image-13118\" title=\"Tern-Quick-Haul-Long\" \/><\/span><\/div><div class=\"et_pb_blurb_container\"><h3 class=\"et_pb_module_header\">Quick Haul Long: voor twee passagiers in een eenvoudige configuratie<\/h3><div class=\"et_pb_blurb_description\"><p>De Quick Haul Long heeft een lange achterdrager die tot 90 kg mag dragen. Met de juiste uitrusting en binnen het maximale totaalgewicht kan hij twee kinderen of \u00e9\u00e9n volwassen passagier vervoeren.<\/p>\n<p>Hij is bedoeld voor gezinnen die meer passagiers- en bagageruimte nodig hebben dan de Quick Haul biedt, maar een eenvoudiger uitgeruste fiets zoeken dan de GSD. De achterdrager kan worden ingericht met kinderzitjes, een zitkussen, handgrepen, voetsteunen en fietstassen. Voor honden zijn specifieke dragers beschikbaar. Via de ge\u00efntegreerde bevestigingspunten kan ook een compatibele aanhangwagen worden gekoppeld.<\/p>\n<p>De Quick Haul Long kan rechtop worden geparkeerd en in die stand worden gerold. De stuurhoogte is zonder gereedschap verstelbaar via de Speedlifter-stuurpen, maar de stuurpost kan niet worden ingeklapt.<\/p>\n<\/div><\/div><\/div><\/div>\n<\/div><\/div><div class=\"et_pb_group_carousel_slide\"><div class=\"et_pb_group_3 et_pb_group et_pb_module et_flex_group et_pb_css_mix_blend_mode_passthrough\">\n<div class=\"et_pb_blurb_11 et_pb_blurb et_pb_bg_layout_light et_pb_blurb_position_top et_pb_module et_flex_module\"><div class=\"et_pb_blurb_content et_flex_module\"><div class=\"et_pb_main_blurb_image\"><span class=\"et_pb_image_wrap et_pb_only_image_mode_wrap\"><img loading=\"lazy\" decoding=\"async\" src=\"https:\/\/www.supercycles.be\/wp-content\/uploads\/2026\/08\/artPic_public_L_4771461.jpg\" width=\"1200\" height=\"704\" srcset=\"https:\/\/www.supercycles.be\/wp-content\/uploads\/2026\/08\/artPic_public_L_4771461.jpg 1200w, https:\/\/www.supercycles.be\/wp-content\/uploads\/2026\/08\/artPic_public_L_4771461-980x575.jpg 980w, https:\/\/www.supercycles.be\/wp-content\/uploads\/2026\/08\/artPic_public_L_4771461-480x282.jpg 480w\" sizes=\"(min-width: 0px) and (max-width: 480px) 480px, (min-width: 481px) and (max-width: 980px) 980px, (min-width: 981px) 1200px, 100vw\" class=\"wp-image-12809\" title=\"artPic_public_L_4771461.jpg\" \/><\/span><\/div><div class=\"et_pb_blurb_container\"><h3 class=\"et_pb_module_header\">GSD: voor intensief gezinsgebruik met uitgebreidere uitrustingsmogelijkheden<\/h3><div class=\"et_pb_blurb_description\"><p>De GSD is Terns meest uitgebreide cargofiets voor gezinnen. Met compatibele accessoires en binnen de toegestane belastingslimieten kan hij twee kinderen of \u00e9\u00e9n volwassen passagier vervoeren. De achterdrager van de huidige GSD Gen 3 mag tot 100 kg dragen en het maximale totaalgewicht bedraagt 210 kg.<\/p>\n<p>Dit model is vooral interessant voor gezinnen die dagelijks twee kinderen en hun bagage meenemen, regelmatig met een zware lading rijden of extra comfort en uitrustingsmogelijkheden wensen. Vergeleken met de Quick Haul Long biedt de GSD Gen 3 een hoger toegestaan totaalgewicht, een verende voorvork, ge\u00efntegreerde voetsteunen, een inklapbare Physis-stuurpost en de mogelijkheid om een tweede accu te monteren.<\/p>\n<p>De exacte uitrusting verschilt per uitvoering. De P, S en R Class gebruiken niet allemaal hetzelfde Bosch-systeem of dezelfde transmissie. Er zijn uitvoeringen met een ketting of een riem. Bij de huidige Gen 3 is Bosch ABS beschikbaar op de S en R Class, maar niet op de P Class.<\/p>\n<p>De GSD is zwaarder en duurder dan de Quick Haul Long. Wie hoofdzakelijk \u00e9\u00e9n kind of een beperkte lading vervoert, heeft deze extra capaciteit niet noodzakelijk nodig. De GSD wordt vooral relevant wanneer twee passagiers, zware bagage, extra comfort of de mogelijkheid voor een tweede accu regelmatig worden benut.<\/p>\n<\/div><\/div><\/div><\/div>\n<\/div><\/div><div class=\"et_pb_group_carousel_slide\"><div class=\"et_pb_group_4 et_pb_group et-last-child et_pb_module et_flex_group et_pb_css_mix_blend_mode_passthrough\">\n<div class=\"et_pb_blurb_12 et_pb_blurb et_pb_bg_layout_light et_pb_blurb_position_top et_pb_module et_flex_module\"><div class=\"et_pb_blurb_content et_flex_module\"><div class=\"et_pb_main_blurb_image\"><span class=\"et_pb_image_wrap et_pb_only_image_mode_wrap\"><img loading=\"lazy\" decoding=\"async\" src=\"https:\/\/www.supercycles.be\/wp-content\/uploads\/2026\/08\/Tern-Folding-Bikes.jpg\" width=\"660\" height=\"660\" srcset=\"https:\/\/www.supercycles.be\/wp-content\/uploads\/2026\/08\/Tern-Folding-Bikes.jpg 660w, https:\/\/www.supercycles.be\/wp-content\/uploads\/2026\/08\/Tern-Folding-Bikes-480x480.jpg 480w\" sizes=\"(min-width: 0px) and (max-width: 480px) 480px, (min-width: 481px) 660px, 100vw\" class=\"wp-image-13106\" title=\"Tern-Folding-Bikes\" \/><\/span><\/div><div class=\"et_pb_blurb_container\"><h3 class=\"et_pb_module_header\">De Tern-vouwfietsen: voor multimodale verplaatsingen<\/h3><div class=\"et_pb_blurb_description\"><p>Tern biedt ook elektrische vouwfietsen en vouwfietsen zonder trapondersteuning aan.<\/p>\n<p>Ze beantwoorden aan een andere behoefte dan de cargomodellen: ze kunnen gemakkelijk worden meegenomen in de trein of auto, nemen opgevouwen veel minder plaats in en maken het mogelijk om verschillende vervoermiddelen te combineren.<\/p>\n<p>Het aanbod evolueert regelmatig. Daarom moet bij uw aanvraag worden nagegaan welke modellen op dat moment bij Supercycles beschikbaar zijn.<\/p>\n<\/div><\/div><\/div><\/div>\n<\/div><\/div><\/div><\/div><span class=\"et_pb_group_carousel_arrow et_pb_group_carousel_arrow_prev\" role=\"button\" tabindex=\"0\" aria-label=\"Previous slide\"><span class=\"et-pb-icon\">4<\/span><\/span><span class=\"et_pb_group_carousel_arrow et_pb_group_carousel_arrow_next\" role=\"button\" tabindex=\"0\" aria-label=\"Next slide\"><span class=\"et-pb-icon\">5<\/span><\/span><div class=\"et_pb_group_carousel_dots\"><\/div><\/div>\n<\/div>\n<\/div>\n\n<div class=\"et_pb_row_12 et_pb_row et_flex_row\">\n<div class=\"et_pb_column_17 et_pb_column et-last-child et_flex_column et_pb_css_mix_blend_mode_passthrough et_flex_column_24_24 et_flex_column_24_24_tablet et_flex_column_24_24_phone\">\n<div class=\"et_pb_accordion_0 et_pb_accordion et_pb_module et_flex_module\">\n<div class=\"et_pb_accordion_item_0 et_pb_accordion_item et_pb_toggle et_pb_module et_pb_toggle_open et_flex_module\"><h5 class=\"et_pb_toggle_title\">E\u00e9n of twee passagiers: de eerste keuze<\/h5><div class=\"et_pb_toggle_content et_flex_module\"><p>De Quick Haul en de HSD zijn voornamelijk ontworpen voor het vervoer van \u00e9\u00e9n passagier. De Quick Haul Long en de GSD beschikken over een achterdrager die met de juiste accessoires geschikt is voor het vervoer van twee kinderen of \u00e9\u00e9n volwassen passagier.<\/p>\n<p>Die opgegeven transportcapaciteit betekent niet dat elke combinatie automatisch toegestaan of comfortabel is. Er moet rekening worden gehouden met:<\/p>\n<ul>\n<li>\n<p>het maximaal toegestane totaalgewicht van de fiets;<\/p>\n<\/li>\n<li>\n<p>de maximale belasting van de achterdrager;<\/p>\n<\/li>\n<li>\n<p>het gewicht van elke passagier;<\/p>\n<\/li>\n<li>\n<p>het gewicht van de accessoires en bagage;<\/p>\n<\/li>\n<li>\n<p>de limieten van het gebruikte kinderzitje;<\/p>\n<\/li>\n<li>\n<p>de onderlinge compatibiliteit van de accessoires;<\/p>\n<\/li>\n<li>\n<p>de aanbevelingen voor de specifieke generatie van de fiets.<\/p>\n<\/li>\n<\/ul>\n<p>Ook twee kinderen kunnen naargelang hun leeftijd een verschillende inrichting nodig hebben. Twee kinderzitjes, \u00e9\u00e9n kinderzitje met een zitkussen of twee zitplaatsen voor grotere kinderen nemen niet evenveel ruimte in.<\/p>\n<p>Het aantal passagiers mag daarom nooit uitsluitend worden bepaald aan de hand van het aantal dat de fabrikant vermeldt.<\/p>\n<\/div><\/div>\n\n<div class=\"et_pb_accordion_item_1 et_pb_accordion_item et_pb_toggle et_pb_module et_pb_toggle_close et_flex_module\"><h5 class=\"et_pb_toggle_title\">Het Tern-systeem voor passagiersvervoer<\/h5><div class=\"et_pb_toggle_content et_flex_module\"><p>Tern benadert passagiersvervoer als een compleet systeem. Wanneer een passagier wordt vervoerd zonder kinderzitje waarin sommige van deze onderdelen al ge\u00efntegreerd zijn, moeten altijd vier voorzieningen aanwezig zijn:<\/p>\n<ol>\n<li>\n<p>Een geschikte zitplaats voor de passagier.<\/p>\n<\/li>\n<li>\n<p>Een afzonderlijke handgreep waaraan de passagier zich kan vasthouden.<\/p>\n<\/li>\n<li>\n<p>Een vaste voetsteun aan weerszijden van de fiets.<\/p>\n<\/li>\n<li>\n<p>Een bescherming die voorkomt dat voeten, benen, kleding of veters met het wiel in contact komen.<\/p>\n<\/li>\n<\/ol>\n<p>Bij jonge kinderen moeten het zitje en het veiligheidsharnas bovendien voldoen aan de aanbevelingen van de fabrikant van het zitje.<\/p>\n<p>Een compatibele tweepootstandaard kan voor meer stabiliteit zorgen wanneer passagiers plaatsnemen of afstappen. Ze vervangt echter nooit het toezicht van de fietser: een kind mag niet op de fiets blijven zitten zonder dat een volwassene de fiets vasthoudt.<\/p>\n<p>Bij Supercycles controleren we de volledige opbouw en niet alleen elk accessoire afzonderlijk.<\/p>\n<\/div><\/div>\n\n<div class=\"et_pb_accordion_item_2 et_pb_accordion_item et_pb_toggle et_pb_module et_pb_toggle_close et_flex_module\"><h5 class=\"et_pb_toggle_title\">Gedocumenteerde en geteste veiligheid<\/h5><div class=\"et_pb_toggle_content et_flex_module\"><p>Een cargofiets moet andere belastingen aankunnen dan een klassieke stadsfiets. Het gewicht van de fietser, de passagiers, de accessoires en de lading belast het frame, de voorvork, de wielen, de remmen en de stuurpost.<\/p>\n<p>Tern laat de frames en voorvorken van zijn cargomodellen door onafhankelijke instanties testen volgens de normen die voor het model en de generatie gelden, waaronder EN 17860 en DIN 79010.<\/p>\n<p>De Bosch eBike-systemen op de betreffende fietsen zijn eveneens UL 2849-gecertificeerd. Daarbij worden de motor, de accu, de lader, de bekabeling en de bedieningselementen als \u00e9\u00e9n geheel beoordeeld.<\/p>\n<p>De toegepaste norm en de geteste belasting zijn niet voor alle Tern-fietsen hetzelfde. Ze moeten worden gecontroleerd op de productfiche van het werkelijk gekozen model en de betreffende generatie.<\/p>\n<p>Deze certificeringen vervangen nooit het respecteren van de belastingslimieten, de correcte montage van de accessoires en het regelmatige onderhoud van de fiets.<\/p>\n<\/div><\/div>\n\n<div class=\"et_pb_accordion_item_3 et_pb_accordion_item et_pb_toggle et_pb_module et_pb_toggle_close et_flex_module\"><h5 class=\"et_pb_toggle_title\">Een configuratie die meegroeit met het gezin<\/h5><div class=\"et_pb_toggle_content et_flex_module\"><p class=\"isSelectedEnd\"><span>Het uitgebreide aanbod aan accessoires is een belangrijk voordeel van een Tern.<\/span><\/p>\n<p class=\"isSelectedEnd\"><span>Afhankelijk van het model en de generatie kan de fiets onder meer worden uitgerust met:<\/span><\/p>\n<ul data-spread=\"false\">\n<li><span>\u00e9\u00e9n of twee kinderzitjes;<\/span><\/li>\n<li><span>zitkussens en rugleuningen voor grotere kinderen;<\/span><\/li>\n<li><span>handgrepen of een beschermende constructie;<\/span><\/li>\n<li><span>voetsteunen en wielbeschermers;<\/span><\/li>\n<li><span>bescherming tegen regen of zon;<\/span><\/li>\n<li><span>zijtassen met verschillende capaciteiten;<\/span><\/li>\n<li><span>een voordrager of voormand;<\/span><\/li>\n<li><span>oplossingen voor het vervoer van een huisdier;<\/span><\/li>\n<li><span>een aanhangwagen of een compatibele koppeling;<\/span><\/li>\n<li><span>accessoires voor professioneel goederenvervoer.<\/span><\/li>\n<\/ul>\n<p class=\"isSelectedEnd\"><span>Niet al deze accessoires kunnen met elkaar worden gecombineerd. Sommige veranderen bovendien de breedte, de lengte of het gewicht van de fiets, of be\u00efnvloeden de mogelijkheid om hem rechtop te stallen.<\/span><\/p>\n<p><span>De inrichting moet daarom worden afgestemd op een echte gebruiksdag: passagiers in de ochtend, een fiets zonder kinderen overdag, boodschappen op de terugweg en de manier waarop de fiets thuis wordt opgeborgen.<\/span><\/p>\n<\/div><\/div>\n<\/div>\n<\/div>\n<\/div>\n<\/div>\n\n<div class=\"et_pb_section_6 et_pb_section et_section_regular et_flex_section\">\n<div class=\"et_pb_row_13 et_pb_row et_flex_row\">\n<div class=\"et_pb_column_18 et_pb_column et-last-child et_flex_column et_pb_css_mix_blend_mode_passthrough et_flex_column_24_24 et_flex_column_24_24_tablet et_flex_column_24_24_phone\">\n<div class=\"et_pb_text_7 et_pb_text et_pb_bg_layout_light et_pb_module et_flex_module\"><div class=\"et_pb_text_inner\"><h2>Onze Tern-fietsen<\/h2>\n<p>\u00a0<\/p>\n<p>Ontdek de Tern-modellen die momenteel bij Supercycles worden voorgesteld.<\/p>\n<p>De modellen, generaties, aandrijfsystemen, transmissies, accu\u2019s, kleuren en uitrustingen die op onze website worden getoond, komen overeen met de fietsen die op een bepaald moment in de winkel staan of beschikbaar zijn. Samen met ons team kunnen ook andere configuraties worden bekeken en besteld.<\/p>\n<\/div><\/div>\n<\/div>\n<\/div>\n<\/div>\n\n<div class=\"et_pb_section_7 et_pb_section et_section_regular et_flex_section\">\n<div class=\"et_pb_row_14 et_pb_row et_flex_row\">\n<div class=\"et_pb_column_19 et_pb_column et-last-child et_flex_column et_pb_css_mix_blend_mode_passthrough et_flex_column_24_24 et_flex_column_24_24_tablet et_flex_column_24_24_phone\">\n<div class=\"et_pb_text_8 et_pb_text et_pb_bg_layout_light et_pb_module et_flex_module et_flex_column_24_24 et_flex_column_24_24_tablet et_flex_column_24_24_phone sc-brand-products\"><div class=\"et_pb_text_inner\"><p data-pm-slice=\"1 1 []\"><span><div class=\"woocommerce columns-3 \"><ul class=\"products columns-3\">\n<li class=\"product type-product post-12662 status-publish first instock product_cat-bakfietstransportfiets-elektrisch-voor-personenvervoer product_cat-bakfietsentransportfietsen product_cat-fietsen product_cat-supercycles has-post-thumbnail featured taxable shipping-taxable purchasable product-type-simple\">\n\t<a href=\"https:\/\/www.supercycles.be\/fr\/product\/tern-gsd-p00-2026\/\" class=\"woocommerce-LoopProduct-link woocommerce-loop-product__link\"><span class=\"et_shop_image\"><img loading=\"lazy\" decoding=\"async\" width=\"400\" height=\"400\" src=\"https:\/\/www.supercycles.be\/wp-content\/uploads\/2026\/08\/artPic_public_L_4578649-400x400.jpg\" class=\"attachment-woocommerce_thumbnail size-woocommerce_thumbnail\" alt=\"TERN - Gsd P00 | 2026\" \/><span class=\"et_overlay\"><\/span><\/span><h2 class=\"woocommerce-loop-product__title\">TERN &#8211; Gsd P00 | 2026<\/h2>\n\t<span class=\"price\"><span class=\"woocommerce-Price-amount amount\"><bdi>6.499,00&nbsp;<span class=\"woocommerce-Price-currencySymbol\" translate=\"no\">&euro;<\/span><\/bdi><\/span><\/span>\n<\/a><\/li>\n<li class=\"product type-product post-12651 status-publish instock product_cat-bakfietstransportfiets-elektrisch-voor-personenvervoer product_cat-bakfietsentransportfietsen product_cat-fietsen product_cat-supercycles has-post-thumbnail taxable shipping-taxable purchasable product-type-simple\">\n\t<a href=\"https:\/\/www.supercycles.be\/fr\/product\/tern-quick-haul-p5i-2025\/\" class=\"woocommerce-LoopProduct-link woocommerce-loop-product__link\"><span class=\"et_shop_image\"><img loading=\"lazy\" decoding=\"async\" width=\"400\" height=\"400\" src=\"https:\/\/www.supercycles.be\/wp-content\/uploads\/2026\/08\/artPic_public_L_4578655-400x400.jpg\" class=\"attachment-woocommerce_thumbnail size-woocommerce_thumbnail\" alt=\"TERN - Quick Haul P5I | 2026\" \/><span class=\"et_overlay\"><\/span><\/span><h2 class=\"woocommerce-loop-product__title\">TERN &#8211; Quick Haul P5I | 2026<\/h2>\n\t<span class=\"price\"><span class=\"woocommerce-Price-amount amount\"><bdi>3.499,00&nbsp;<span class=\"woocommerce-Price-currencySymbol\" translate=\"no\">&euro;<\/span><\/bdi><\/span><\/span>\n<\/a><\/li>\n<li class=\"product type-product post-12625 status-publish last instock product_cat-bakfietstransportfiets-elektrisch-voor-personenvervoer product_cat-bakfietsentransportfietsen product_cat-fietsen product_cat-supercycles has-post-thumbnail taxable shipping-taxable purchasable product-type-simple\">\n\t<a href=\"https:\/\/www.supercycles.be\/fr\/product\/tern-hsd-p10-2026\/\" class=\"woocommerce-LoopProduct-link woocommerce-loop-product__link\"><span class=\"et_shop_image\"><img loading=\"lazy\" decoding=\"async\" width=\"400\" height=\"400\" src=\"https:\/\/www.supercycles.be\/wp-content\/uploads\/2026\/08\/artPic_public_L_4242177-400x400.jpg\" class=\"attachment-woocommerce_thumbnail size-woocommerce_thumbnail\" alt=\"Tern HSD P10 \u2013 compacte elektrische fiets, zijaanzicht\" \/><span class=\"et_overlay\"><\/span><\/span><h2 class=\"woocommerce-loop-product__title\">TERN &#8211; Hsd P10 | 2026<\/h2>\n\t<span class=\"price\"><span class=\"woocommerce-Price-amount amount\"><bdi>4.799,00&nbsp;<span class=\"woocommerce-Price-currencySymbol\" translate=\"no\">&euro;<\/span><\/bdi><\/span><\/span>\n<\/a><\/li>\n<\/ul>\n<\/div><\/span><\/p>\n<\/div><\/div>\n\n<div class=\"et_pb_code_0 et_pb_code et_pb_module\"><div class=\"et_pb_code_inner\"><style>\n\/* Cadre de l\u2019image *\/\n.sc-brand-products .et_shop_image {\n    display: flex !important;\n    align-items: center;\n    justify-content: center;\n    height: 260px;\n    overflow: hidden;\n    background-color: #ffffff;\n    border-radius: 25px !important;\n}\n\n\/* V\u00e9lo \u00e0 l\u2019int\u00e9rieur du cadre *\/\n.sc-brand-products .et_shop_image img {\n    display: block;\n    width: 100% !important;\n    height: 100% !important;\n    object-fit: contain !important;\n    object-position: center center !important;\n    box-sizing: border-box;\n    border-radius: 25px !important;\n}\n\n\/* Arrondi de l\u2019effet au survol Divi *\/\n.sc-brand-products .et_shop_image .et_overlay {\n    border-radius: 25px !important;\n}\n\n\/* Centrage g\u00e9n\u00e9ral des informations *\/\n.sc-brand-products ul.products li.product {\n    text-align: center !important;\n}\n\n\/* Nom du produit *\/\n.sc-brand-products .woocommerce-loop-product__title {\n    width: 100%;\n    text-align: center !important;\n}\n\n\/* Prix *\/\n.sc-brand-products ul.products li.product .price {\n    display: block !important;\n    width: 100%;\n    text-align: center !important;\n}\n\n\/* Tablette *\/\n@media only screen and (max-width: 980px) {\n    .sc-brand-products .et_shop_image {\n        height: 230px;\n    }\n}\n\n\/* T\u00e9l\u00e9phone *\/\n@media only screen and (max-width: 767px) {\n    .sc-brand-products .et_shop_image {\n        height: 260px;\n    }\n}\n<\/style>\n\n<script>\ndocument.addEventListener(\"DOMContentLoaded\", function () {\n    document\n        .querySelectorAll(\".sc-brand-products img.attachment-woocommerce_thumbnail\")\n        .forEach(function (image) {\n            var source = image.currentSrc || image.src;\n\n            var original = source.replace(\n                \/-\\d+x\\d+(?=\\.(jpg|jpeg|png|webp|avif)(\\?.*)?$)\/i,\n                \"\"\n            );\n\n            image.removeAttribute(\"srcset\");\n            image.removeAttribute(\"sizes\");\n            image.removeAttribute(\"width\");\n            image.removeAttribute(\"height\");\n            image.src = original;\n        });\n});\n<\/script><\/div><\/div>\n<\/div>\n<\/div>\n<\/div>\n\n<div class=\"et_pb_section_8 et_pb_section et_section_regular et_flex_section\">\n<div class=\"et_pb_row_15 et_pb_row et_flex_row\">\n<div class=\"et_pb_column_20 et_pb_column et-last-child et_flex_column et_pb_css_mix_blend_mode_passthrough et_flex_column_24_24 et_flex_column_24_24_tablet et_flex_column_24_24_phone\">\n<div class=\"et_pb_accordion_1 et_pb_accordion et_pb_module et_flex_module\">\n<div class=\"et_pb_text_9 et_pb_text et_pb_bg_layout_light et_pb_module et_flex_module\"><div class=\"et_pb_text_inner\" data-et-mv-hidden-phone=\"true\"><h3 style=\"text-align: center;\">FAQ ?<\/h3>\n<\/div><\/div>\n\n<div class=\"et_pb_accordion_item_4 et_pb_accordion_item et_pb_toggle et_pb_module et_pb_toggle_open et_flex_module\"><h5 class=\"et_pb_toggle_title\">Wat is het verschil tussen de Tern Quick Haul en de HSD?<\/h5><div class=\"et_pb_toggle_content et_flex_module\"><p>Beide modellen zijn compact en kunnen met de juiste uitrusting \u00e9\u00e9n passagier vervoeren.<\/p>\n<p>De Quick Haul kiest voor een eenvoudigere configuratie en een rijgedrag dat dicht bij dat van een compacte stadsfiets ligt. De HSD biedt een grotere laadcapaciteit en meer uitrustingsmogelijkheden voor intensiever gezinsgebruik.<\/p>\n<p>De exacte verschillen in motor, accu, transmissie en comfort hangen af van de generatie en de uitvoeringen die worden vergeleken.<\/p>\n<\/div><\/div>\n\n<div class=\"et_pb_accordion_item_5 et_pb_accordion_item et_pb_toggle et_pb_module et_pb_toggle_close et_flex_module\"><h5 class=\"et_pb_toggle_title\">Wat is het verschil tussen de Quick Haul Long en de GSD?<\/h5><div class=\"et_pb_toggle_content et_flex_module\"><p>Beide fietsen zijn ontworpen voor het vervoer van maximaal twee kinderen of \u00e9\u00e9n volwassen passagier, mits ze met de juiste accessoires zijn uitgerust.<\/p>\n<p>De Quick Haul Long kiest voor een functionele en eenvoudiger uitgevoerde opbouw. De GSD biedt meer laadcapaciteit en een verder ge\u00efntegreerd ontwerp, met extra uitrustingsmogelijkheden afhankelijk van de generatie en de uitvoering.<\/p>\n<p>De GSD is echter zwaarder en vraagt een grotere investering.<\/p>\n<\/div><\/div>\n\n<div class=\"et_pb_accordion_item_6 et_pb_accordion_item et_pb_toggle et_pb_module et_pb_toggle_close et_flex_module\"><h5 class=\"et_pb_toggle_title\">Zijn alle Tern-fietsen vouwfietsen?<\/h5><div class=\"et_pb_toggle_content et_flex_module\"><p>Nee. Tern biedt volwaardige vouwfietsen aan, zowel elektrisch als zonder trapondersteuning. De cargofietsen kunnen echter niet volledig worden opgevouwen zoals een traditionele vouwfiets.<\/p>\n<p>Afhankelijk van het model kan de stuurpost worden ingeklapt. Verschillende cargomodellen kunnen ook rechtop worden gestald of verplaatst, zodat ze minder ruimte innemen bij het opbergen.<\/p>\n<\/div><\/div>\n\n<div class=\"et_pb_accordion_item_7 et_pb_accordion_item et_pb_toggle et_pb_module et_pb_toggle_close et_flex_module\"><h5 class=\"et_pb_toggle_title\">Kunnen twee kinderen op een Tern worden vervoerd?<\/h5><div class=\"et_pb_toggle_content et_flex_module\"><p>Ja, op de modellen die voor twee passagiers zijn ontworpen, waaronder de Quick Haul Long en de GSD.<\/p>\n<p>De Quick Haul en de HSD zijn voornamelijk bedoeld voor \u00e9\u00e9n passagier. In alle gevallen moeten de zitjes, beschermingen, voetsteunen, het gewicht van de kinderen en de belastingslimieten van de fiets worden gecontroleerd.<\/p>\n<\/div><\/div>\n\n<div class=\"et_pb_accordion_item_8 et_pb_accordion_item et_pb_toggle et_pb_module et_pb_toggle_close et_flex_module\"><h5 class=\"et_pb_toggle_title\">Kan een volwassene achterop worden vervoerd?<\/h5><div class=\"et_pb_toggle_content et_flex_module\"><p>Verschillende Tern-modellen zijn ontworpen om met de juiste uitrusting een volwassen passagier te kunnen vervoeren.<\/p>\n<p>Daarbij moeten zowel de maximale belasting van de achterdrager en het maximale toegestane totaalgewicht van de fiets als de vereisten voor de zitting, de houvast, de voetsteunen en de wielbeschermers worden gerespecteerd. De mogelijkheid moet altijd worden gecontroleerd voor het betreffende model en de betreffende generatie.<\/p>\n<\/div><\/div>\n\n<div class=\"et_pb_accordion_item_9 et_pb_accordion_item et_pb_toggle et_pb_module et_pb_toggle_close et_flex_module\"><h5 class=\"et_pb_toggle_title\">Kan een Tern door meerdere fietsers worden gebruikt?<\/h5><div class=\"et_pb_toggle_content et_flex_module\"><p>Ja. Veel modellen beschikken over een zadel en een stuurpost die snel kunnen worden versteld.<\/p>\n<p>Het bereik van geschikte lichaamslengtes verschilt echter per fiets. Een proefrit blijft aanbevolen wanneer de fietsers sterk verschillen in lichaamslengte of rijhouding.<\/p>\n<\/div><\/div>\n\n<div class=\"et_pb_accordion_item_10 et_pb_accordion_item et_pb_toggle et_pb_module et_pb_toggle_close et_flex_module\"><h5 class=\"et_pb_toggle_title\">Kunnen alle Tern-fietsen rechtop worden gestald?<\/h5><div class=\"et_pb_toggle_content et_flex_module\"><p>Nee. Deze mogelijkheid hangt af van het model, de generatie en de gemonteerde accessoires.<\/p>\n<p>Er moet ook voldoende hoogte en ruimte beschikbaar zijn om de fiets rechtop te zetten. Houd rekening met het gewicht van de beladen fiets voordat u voor deze opbergmethode kiest.<\/p>\n<h3><\/h3>\n<\/div><\/div>\n\n<div class=\"et_pb_accordion_item_11 et_pb_accordion_item et_pb_toggle et_pb_module et_pb_toggle_close et_flex_module\"><h5 class=\"et_pb_toggle_title\">Kan een kinderzitje dat u al hebt, worden gebruikt?<\/h5><div class=\"et_pb_toggle_content et_flex_module\"><p>Sommige kinderzitjes kunnen compatibel zijn, maar ga er niet automatisch van uit dat ze geschikt zijn.<\/p>\n<p>De bevestiging, het gewicht van het kind, de beschikbare ruimte, de wielbeschermers, de andere accessoires en de modelspecifieke aanbevelingen moeten v\u00f3\u00f3r gebruik worden gecontroleerd.<\/p>\n<h3><\/h3>\n<\/div><\/div>\n\n<div class=\"et_pb_accordion_item_12 et_pb_accordion_item et_pb_toggle et_pb_module et_pb_toggle_close et_flex_module\"><h5 class=\"et_pb_toggle_title\">Welke garantie biedt Tern?<\/h5><div class=\"et_pb_toggle_content et_flex_module\"><p class=\"isSelectedEnd\"><span>De standaardgarantie van Tern op het frame, de stuurkolom en de voorvork bedraagt vijf jaar. Door een nieuwe fiets binnen 30 dagen na aankoop gratis te registreren voor het Tern Care-programma, kan deze dekking onder de voorwaarden van de fabrikant tot tien jaar worden verlengd.<\/span><\/p>\n<p><span>Andere originele onderdelen van Tern of BioLogic zijn doorgaans \u00e9\u00e9n jaar gedekt, tenzij anders vermeld. Onderdelen van andere fabrikanten vallen onder hun eigen garantievoorwaarden.<\/span><\/p>\n<h3><\/h3>\n<\/div><\/div>\n\n<div class=\"et_pb_accordion_item_13 et_pb_accordion_item et_pb_toggle et_pb_module et_pb_toggle_close et_flex_module\"><h5 class=\"et_pb_toggle_title\">Kan ik bij Supercycles een proefrit maken met een Tern?<\/h5><div class=\"et_pb_toggle_content et_flex_module\"><p class=\"isSelectedEnd\"><span>Sommige uitvoeringen van de Quick Haul, HSD, Quick Haul Long of GSD kunnen beschikbaar zijn voor een proefrit.<\/span><\/p>\n<p class=\"isSelectedEnd\"><span>Bekijk onze online voorraad of neem v\u00f3\u00f3r uw bezoek contact met ons op om te controleren welk model en welke uitvoering op dat moment in de winkel aanwezig zijn.<\/span><\/p>\n<p><span>Tijdens de proefrit kunnen wij u helpen om de fiets af te stellen, de standaard te gebruiken, de eerste manoeuvres uit te voeren en de modellen voor \u00e9\u00e9n of twee passagiers te vergelijken.<\/span><\/p>\n<\/div><\/div>\n<\/div>\n<\/div>\n<\/div>\n\n<div class=\"et_pb_row_16 et_pb_row et_flex_row\">\n<div class=\"et_pb_column_21 et_pb_column et-last-child et_flex_column et_pb_css_mix_blend_mode_passthrough et_flex_column_24_24 et_flex_column_24_24_tablet et_flex_column_24_24_phone\">\n<div class=\"et_pb_code_1 et_pb_code et_pb_module\"><div class=\"et_pb_code_inner\"><style>\n.scroll-video .et_pb_video_overlay {\n  display: none !important;\n}\n<\/style>\n\n<script>\nwindow.addEventListener('load', function () {\n  setTimeout(function () {\n    const modules = document.querySelectorAll('.scroll-video');\n    const videos = [];\n\n    modules.forEach(function (module) {\n      const video = module.querySelector('video');\n\n      if (!video) return;\n\n      video.muted = true;\n      video.defaultMuted = true;\n      video.setAttribute('muted', '');\n      video.setAttribute('playsinline', '');\n      video.loop = true;\n      video.preload = 'metadata';\n      video.pause();\n\n      videos.push({\n        module: module,\n        video: video\n      });\n    });\n\n    const observer = new IntersectionObserver(function (entries) {\n      entries.forEach(function (entry) {\n        const current = videos.find(function (item) {\n          return item.module === entry.target;\n        });\n\n        if (!current) return;\n\n        if (\n          entry.isIntersecting &&\n          entry.intersectionRatio >= 0.25\n        ) {\n          \/\/ Arr\u00eate toutes les autres vid\u00e9os\n          videos.forEach(function (item) {\n            if (item.video !== current.video) {\n              item.video.pause();\n            }\n          });\n\n          current.video.play().catch(function () {});\n        } else {\n          current.video.pause();\n        }\n      });\n    }, {\n      threshold: [0, 0.25, 0.50]\n    });\n\n    videos.forEach(function (item) {\n      observer.observe(item.module);\n    });\n  }, 700);\n});\n<\/script><\/div><\/div>\n<\/div>\n<\/div>\n<\/div>","protected":false},"excerpt":{"rendered":"","protected":false},"author":1,"featured_media":13109,"parent":0,"menu_order":0,"comment_status":"closed","ping_status":"closed","template":"","meta":{"footnotes":""},"class_list":["post-13102","page","type-page","status-publish","has-post-thumbnail","hentry"],"yoast_head":"<!-- This site is optimized with the Yoast SEO Premium plugin v28.4 (Yoast SEO v28.4) - https:\/\/yoast.com\/product\/yoast-seo-premium-wordpress\/ -->\n<title>Tern Longtail\/Midtail bij Brussel | Supercycles<\/title>\n<meta name=\"description\" content=\"Ontdek Tern cargofietsen bij Supercycles in Alsemberg, ten zuiden van Brussel: GSD, HSD, Quick Haul, voorraad, advies en testritten.\" \/>\n<meta name=\"robots\" content=\"index, follow, max-snippet:-1, max-image-preview:large, max-video-preview:-1\" \/>\n<link rel=\"canonical\" href=\"https:\/\/www.supercycles.be\/fr\/tern-velos\/\" \/>\n<meta property=\"og:locale\" content=\"fr_FR\" \/>\n<meta property=\"og:type\" content=\"article\" \/>\n<meta property=\"og:title\" content=\"Tern\" \/>\n<meta property=\"og:description\" content=\"Premium bike shop in Alsemberg near Brussels. E-bikes, cargo bikes, sport bikes &amp; kids bikes and expert service.\" \/>\n<meta property=\"og:url\" content=\"https:\/\/www.supercycles.be\/fr\/tern-velos\/\" \/>\n<meta property=\"og:site_name\" content=\"Supercycles\" \/>\n<meta property=\"article:publisher\" content=\"https:\/\/www.facebook.com\/people\/Supercycles\/61583785499409\/?mibextid=wwXIfr&amp;rdid=z4VkxEs0R3N7Q4hh&amp;share_url=httpswww.facebook.comshare18GTfGQGVDmibextidwwXIfr\" \/>\n<meta property=\"article:modified_time\" content=\"2026-08-25T08:43:37+00:00\" \/>\n<meta property=\"og:image\" content=\"https:\/\/www.supercycles.be\/wp-content\/uploads\/2026\/08\/Tern-GSD-Travel-scaled.jpg\" \/>\n\t<meta property=\"og:image:width\" content=\"2560\" \/>\n\t<meta property=\"og:image:height\" content=\"1120\" \/>\n\t<meta property=\"og:image:type\" content=\"image\/jpeg\" \/>\n<meta name=\"twitter:card\" content=\"summary_large_image\" \/>\n<meta name=\"twitter:label1\" content=\"Dur\u00e9e de lecture est.\" \/>\n\t<meta name=\"twitter:data1\" content=\"1 minute\" \/>\n<script type=\"application\/ld+json\" class=\"yoast-schema-graph\">{\"@context\":\"https:\\\/\\\/schema.org\",\"@graph\":[{\"@type\":\"WebPage\",\"@id\":\"https:\\\/\\\/www.supercycles.be\\\/tern\\\/\",\"url\":\"https:\\\/\\\/www.supercycles.be\\\/tern\\\/\",\"name\":\"Tern Longtail\\\/Midtail bij Brussel | Supercycles\",\"isPartOf\":{\"@id\":\"https:\\\/\\\/www.supercycles.be\\\/#website\"},\"primaryImageOfPage\":{\"@id\":\"https:\\\/\\\/www.supercycles.be\\\/tern\\\/#primaryimage\"},\"image\":{\"@id\":\"https:\\\/\\\/www.supercycles.be\\\/tern\\\/#primaryimage\"},\"thumbnailUrl\":\"https:\\\/\\\/www.supercycles.be\\\/wp-content\\\/uploads\\\/2026\\\/08\\\/Tern-GSD-Travel-scaled.jpg\",\"datePublished\":\"2026-08-24T10:58:49+00:00\",\"dateModified\":\"2026-08-25T08:43:37+00:00\",\"description\":\"Ontdek Tern cargofietsen bij Supercycles in Alsemberg, ten zuiden van Brussel: GSD, HSD, Quick Haul, voorraad, advies en testritten.\",\"breadcrumb\":{\"@id\":\"https:\\\/\\\/www.supercycles.be\\\/tern\\\/#breadcrumb\"},\"inLanguage\":\"fr-BE\",\"potentialAction\":[{\"@type\":\"ReadAction\",\"target\":[\"https:\\\/\\\/www.supercycles.be\\\/tern\\\/\"]}]},{\"@type\":\"ImageObject\",\"inLanguage\":\"fr-BE\",\"@id\":\"https:\\\/\\\/www.supercycles.be\\\/tern\\\/#primaryimage\",\"url\":\"https:\\\/\\\/www.supercycles.be\\\/wp-content\\\/uploads\\\/2026\\\/08\\\/Tern-GSD-Travel-scaled.jpg\",\"contentUrl\":\"https:\\\/\\\/www.supercycles.be\\\/wp-content\\\/uploads\\\/2026\\\/08\\\/Tern-GSD-Travel-scaled.jpg\",\"width\":2560,\"height\":1120},{\"@type\":\"BreadcrumbList\",\"@id\":\"https:\\\/\\\/www.supercycles.be\\\/tern\\\/#breadcrumb\",\"itemListElement\":[{\"@type\":\"ListItem\",\"position\":1,\"name\":\"Accueil\",\"item\":\"https:\\\/\\\/www.supercycles.be\\\/\"},{\"@type\":\"ListItem\",\"position\":2,\"name\":\"Tern\"}]},{\"@type\":\"WebSite\",\"@id\":\"https:\\\/\\\/www.supercycles.be\\\/#website\",\"url\":\"https:\\\/\\\/www.supercycles.be\\\/\",\"name\":\"Supercycles\",\"description\":\"Fietsenwinkel &amp; atelier in Alsemberg\",\"publisher\":{\"@id\":\"https:\\\/\\\/www.supercycles.be\\\/#organization\"},\"potentialAction\":[{\"@type\":\"SearchAction\",\"target\":{\"@type\":\"EntryPoint\",\"urlTemplate\":\"https:\\\/\\\/www.supercycles.be\\\/?s={search_term_string}\"},\"query-input\":{\"@type\":\"PropertyValueSpecification\",\"valueRequired\":true,\"valueName\":\"search_term_string\"}}],\"inLanguage\":\"fr-BE\"},{\"@type\":[\"Organization\",\"Place\"],\"@id\":\"https:\\\/\\\/www.supercycles.be\\\/#organization\",\"name\":\"Supercycles\",\"url\":\"https:\\\/\\\/www.supercycles.be\\\/\",\"logo\":{\"@id\":\"https:\\\/\\\/www.supercycles.be\\\/tern\\\/#local-main-organization-logo\"},\"image\":{\"@id\":\"https:\\\/\\\/www.supercycles.be\\\/tern\\\/#local-main-organization-logo\"},\"sameAs\":[\"https:\\\/\\\/www.facebook.com\\\/people\\\/Supercycles\\\/61583785499409\\\/?mibextid=wwXIfr&rdid=z4VkxEs0R3N7Q4hh&share_url=httpswww.facebook.comshare18GTfGQGVDmibextidwwXIfr\",\"https:\\\/\\\/www.instagram.com\\\/supercycles.be?igsh=MWxhMGY4amQ5cXgyZA&utm_source=qr\"],\"description\":\"Supercycles est un magasin de v\u00e9los situ\u00e9 \u00e0 la fronti\u00e8re sud de Bruxelles, desservant Beersel, Rhode-Saint-Gen\u00e8se, Linkebeek, Waterloo et les environs, sp\u00e9cialis\u00e9 dans les v\u00e9los cargo, longtail, \u00e9lectriques et v\u00e9los sportifs. Nous proposons des marques reconnues comme Urban Arrow, Tern, Gazelle, Lovens et Superior, ainsi qu\u2019un service complet incluant la vente, l\u2019entretien, le leasing et le financement.\",\"legalName\":\"Supercycles\",\"foundingDate\":\"2026-02-23\",\"numberOfEmployees\":{\"@type\":\"QuantitativeValue\",\"minValue\":\"1\",\"maxValue\":\"10\"},\"address\":{\"@id\":\"https:\\\/\\\/www.supercycles.be\\\/tern\\\/#local-main-place-address\"},\"geo\":{\"@type\":\"GeoCoordinates\",\"latitude\":\"50.7473028\",\"longitude\":\"4.3274016\"},\"telephone\":[],\"contactPoint\":{\"@type\":\"ContactPoint\",\"telephone\":\"+32487588560\",\"email\":\"info@supercycles.be\"},\"openingHoursSpecification\":[{\"@type\":\"OpeningHoursSpecification\",\"dayOfWeek\":[\"Monday\",\"Sunday\"],\"opens\":\"00:00\",\"closes\":\"00:00\"},{\"@type\":\"OpeningHoursSpecification\",\"dayOfWeek\":[\"Tuesday\",\"Wednesday\",\"Thursday\",\"Friday\",\"Saturday\"],\"opens\":\"10:00\",\"closes\":\"18:30\"}],\"vatID\":\"BE1034725031\"},{\"@type\":\"PostalAddress\",\"@id\":\"https:\\\/\\\/www.supercycles.be\\\/tern\\\/#local-main-place-address\",\"streetAddress\":\"Hallesesteeweg 10\",\"addressLocality\":\"Alsemberg\",\"postalCode\":\"1652\",\"addressCountry\":\"BE\"},{\"@type\":\"ImageObject\",\"inLanguage\":\"fr-BE\",\"@id\":\"https:\\\/\\\/www.supercycles.be\\\/tern\\\/#local-main-organization-logo\",\"url\":\"https:\\\/\\\/www.supercycles.be\\\/wp-content\\\/uploads\\\/2026\\\/04\\\/Supercycles_RGB_Logo_Positif-1-scaled.png\",\"contentUrl\":\"https:\\\/\\\/www.supercycles.be\\\/wp-content\\\/uploads\\\/2026\\\/04\\\/Supercycles_RGB_Logo_Positif-1-scaled.png\",\"width\":2560,\"height\":2321,\"caption\":\"Supercycles\"}]}<\/script>\n<meta name=\"geo.placename\" content=\"Alsemberg\" \/>\n<meta name=\"geo.position\" content=\"50.7473028;4.3274016\" \/>\n<meta name=\"geo.region\" content=\"Belgium\" \/>\n<!-- \/ Yoast SEO Premium plugin. -->","yoast_head_json":{"title":"Tern Longtail\/Midtail pr\u00e8s de Bruxelles | Supercycles","description":"D\u00e9couvrez les v\u00e9los cargo Tern chez Supercycles \u00e0 Alsemberg, au sud de Bruxelles : GSD, HSD, Quick Haul, stock, conseils et essais.","robots":{"index":"index","follow":"follow","max-snippet":"max-snippet:-1","max-image-preview":"max-image-preview:large","max-video-preview":"max-video-preview:-1"},"canonical":"https:\/\/www.supercycles.be\/fr\/tern-velos\/","og_locale":"fr_FR","og_type":"article","og_title":"Tern","og_description":"Premium bike shop in Alsemberg near Brussels. E-bikes, cargo bikes, sport bikes & kids bikes and expert service.","og_url":"https:\/\/www.supercycles.be\/fr\/tern-velos\/","og_site_name":"Supercycles","article_publisher":"https:\/\/www.facebook.com\/people\/Supercycles\/61583785499409\/?mibextid=wwXIfr&rdid=z4VkxEs0R3N7Q4hh&share_url=httpswww.facebook.comshare18GTfGQGVDmibextidwwXIfr","article_modified_time":"2026-08-25T08:43:37+00:00","og_image":[{"width":2560,"height":1120,"url":"https:\/\/www.supercycles.be\/wp-content\/uploads\/2026\/08\/Tern-GSD-Travel-scaled.jpg","type":"image\/jpeg"}],"twitter_card":"summary_large_image","twitter_misc":{"Dur\u00e9e de lecture est.":"1 minute"},"schema":{"@context":"https:\/\/schema.org","@graph":[{"@type":"WebPage","@id":"https:\/\/www.supercycles.be\/tern\/","url":"https:\/\/www.supercycles.be\/tern\/","name":"Tern Longtail\/Midtail pr\u00e8s de Bruxelles | Supercycles","isPartOf":{"@id":"https:\/\/www.supercycles.be\/#website"},"primaryImageOfPage":{"@id":"https:\/\/www.supercycles.be\/tern\/#primaryimage"},"image":{"@id":"https:\/\/www.supercycles.be\/tern\/#primaryimage"},"thumbnailUrl":"https:\/\/www.supercycles.be\/wp-content\/uploads\/2026\/08\/Tern-GSD-Travel-scaled.jpg","datePublished":"2026-08-24T10:58:49+00:00","dateModified":"2026-08-25T08:43:37+00:00","description":"D\u00e9couvrez les v\u00e9los cargo Tern chez Supercycles \u00e0 Alsemberg, au sud de Bruxelles : GSD, HSD, Quick Haul, stock, conseils et essais.","breadcrumb":{"@id":"https:\/\/www.supercycles.be\/tern\/#breadcrumb"},"inLanguage":"fr-BE","potentialAction":[{"@type":"ReadAction","target":["https:\/\/www.supercycles.be\/tern\/"]}]},{"@type":"ImageObject","inLanguage":"fr-BE","@id":"https:\/\/www.supercycles.be\/tern\/#primaryimage","url":"https:\/\/www.supercycles.be\/wp-content\/uploads\/2026\/08\/Tern-GSD-Travel-scaled.jpg","contentUrl":"https:\/\/www.supercycles.be\/wp-content\/uploads\/2026\/08\/Tern-GSD-Travel-scaled.jpg","width":2560,"height":1120},{"@type":"BreadcrumbList","@id":"https:\/\/www.supercycles.be\/tern\/#breadcrumb","itemListElement":[{"@type":"ListItem","position":1,"name":"Accueil","item":"https:\/\/www.supercycles.be\/"},{"@type":"ListItem","position":2,"name":"Tern"}]},{"@type":"WebSite","@id":"https:\/\/www.supercycles.be\/#website","url":"https:\/\/www.supercycles.be\/","name":"Supercycles","description":"Magasin de v\u00e9los et atelier \u00e0 Alsemberg","publisher":{"@id":"https:\/\/www.supercycles.be\/#organization"},"potentialAction":[{"@type":"SearchAction","target":{"@type":"EntryPoint","urlTemplate":"https:\/\/www.supercycles.be\/?s={search_term_string}"},"query-input":{"@type":"PropertyValueSpecification","valueRequired":true,"valueName":"search_term_string"}}],"inLanguage":"fr-BE"},{"@type":["Organization","Place"],"@id":"https:\/\/www.supercycles.be\/#organization","name":"Supercycles","url":"https:\/\/www.supercycles.be\/","logo":{"@id":"https:\/\/www.supercycles.be\/tern\/#local-main-organization-logo"},"image":{"@id":"https:\/\/www.supercycles.be\/tern\/#local-main-organization-logo"},"sameAs":["https:\/\/www.facebook.com\/people\/Supercycles\/61583785499409\/?mibextid=wwXIfr&rdid=z4VkxEs0R3N7Q4hh&share_url=httpswww.facebook.comshare18GTfGQGVDmibextidwwXIfr","https:\/\/www.instagram.com\/supercycles.be?igsh=MWxhMGY4amQ5cXgyZA&utm_source=qr"],"description":"Supercycles est un magasin de v\u00e9los situ\u00e9 \u00e0 la fronti\u00e8re sud de Bruxelles, desservant Beersel, Rhode-Saint-Gen\u00e8se, Linkebeek, Waterloo et les environs, sp\u00e9cialis\u00e9 dans les v\u00e9los cargo, longtail, \u00e9lectriques et v\u00e9los sportifs. Nous proposons des marques reconnues comme Urban Arrow, Tern, Gazelle, Lovens et Superior, ainsi qu\u2019un service complet incluant la vente, l\u2019entretien, le leasing et le financement.","legalName":"Supercycles","foundingDate":"2026-02-23","numberOfEmployees":{"@type":"QuantitativeValue","minValue":"1","maxValue":"10"},"address":{"@id":"https:\/\/www.supercycles.be\/tern\/#local-main-place-address"},"geo":{"@type":"GeoCoordinates","latitude":"50.7473028","longitude":"4.3274016"},"telephone":[],"contactPoint":{"@type":"ContactPoint","telephone":"+32487588560","email":"info@supercycles.be"},"openingHoursSpecification":[{"@type":"OpeningHoursSpecification","dayOfWeek":["Monday","Sunday"],"opens":"00:00","closes":"00:00"},{"@type":"OpeningHoursSpecification","dayOfWeek":["Tuesday","Wednesday","Thursday","Friday","Saturday"],"opens":"10:00","closes":"18:30"}],"vatID":"BE1034725031"},{"@type":"PostalAddress","@id":"https:\/\/www.supercycles.be\/tern\/#local-main-place-address","streetAddress":"Hallesesteeweg 10","addressLocality":"Alsemberg","postalCode":"1652","addressCountry":"BE"},{"@type":"ImageObject","inLanguage":"fr-BE","@id":"https:\/\/www.supercycles.be\/tern\/#local-main-organization-logo","url":"https:\/\/www.supercycles.be\/wp-content\/uploads\/2026\/04\/Supercycles_RGB_Logo_Positif-1-scaled.png","contentUrl":"https:\/\/www.supercycles.be\/wp-content\/uploads\/2026\/04\/Supercycles_RGB_Logo_Positif-1-scaled.png","width":2560,"height":2321,"caption":"Supercycles"}]},"geo.placename":"Alsemberg","geo.position":{"lat":"50.7473028","long":"4.3274016"},"geo.region":"Belgium"},"_links":{"self":[{"href":"https:\/\/www.supercycles.be\/fr\/wp-json\/wp\/v2\/pages\/13102","targetHints":{"allow":["GET"]}}],"collection":[{"href":"https:\/\/www.supercycles.be\/fr\/wp-json\/wp\/v2\/pages"}],"about":[{"href":"https:\/\/www.supercycles.be\/fr\/wp-json\/wp\/v2\/types\/page"}],"author":[{"embeddable":true,"href":"https:\/\/www.supercycles.be\/fr\/wp-json\/wp\/v2\/users\/1"}],"replies":[{"embeddable":true,"href":"https:\/\/www.supercycles.be\/fr\/wp-json\/wp\/v2\/comments?post=13102"}],"version-history":[{"count":16,"href":"https:\/\/www.supercycles.be\/fr\/wp-json\/wp\/v2\/pages\/13102\/revisions"}],"predecessor-version":[{"id":13135,"href":"https:\/\/www.supercycles.be\/fr\/wp-json\/wp\/v2\/pages\/13102\/revisions\/13135"}],"wp:featuredmedia":[{"embeddable":true,"href":"https:\/\/www.supercycles.be\/fr\/wp-json\/wp\/v2\/media\/13109"}],"wp:attachment":[{"href":"https:\/\/www.supercycles.be\/fr\/wp-json\/wp\/v2\/media?parent=13102"}],"curies":[{"name":"bien jou\u00e9","href":"https:\/\/api.w.org\/{rel}","templated":true}]}}