{"id":12630,"date":"2026-08-11T10:29:20","date_gmt":"2026-08-11T09:29:20","guid":{"rendered":"https:\/\/www.supercycles.be\/product\/velo-de-ville-seb-990cx-pro-cargo-2026\/"},"modified":"2026-09-05T17:18:50","modified_gmt":"2026-09-05T16:18:50","slug":"velo-de-ville-seb-990cx-pro-cargo-2026","status":"publish","type":"product","link":"https:\/\/www.supercycles.be\/fr\/product\/velo-de-ville-seb-990cx-pro-cargo-2026\/","title":{"rendered":"V\u00c9LO DE VILLE \u2013 Seb 990Cx Pro Cargo | 2026"},"content":{"rendered":"<p>Le SEB 990CX est un v\u00e9lo cargo \u00e9lectrique con\u00e7u pour un usage urbain quotidien, adapt\u00e9 au transport d'un passager ou de bagages et id\u00e9al tant pour les familles que pour les professionnels. Son cadre trap\u00e8ze facilite la mont\u00e9e et la descente, tandis que le moteur Bosch Performance Line CX, associ\u00e9 \u00e0 une batterie de 540 Wh, offre une assistance puissante, m\u00eame lorsque le v\u00e9lo est lourdement charg\u00e9. Le moyeu \u00e0 cinq vitesses avec transmission par courroie n\u00e9cessite peu d'entretien. La bonne suspension avant et les freins \u00e0 disque hydrauliques garantissent un confort et un contr\u00f4le accrus dans la circulation urbaine. Gr\u00e2ce au si\u00e8ge passager, aux repose-pieds et au porte-bagages avant, ce v\u00e9lo cargo \u00e9lectrique est particuli\u00e8rement polyvalent pour les d\u00e9placements quotidiens.<\/p>","protected":false},"excerpt":{"rendered":"<p>Le SEB 990CX est un v\u00e9lo cargo \u00e9lectrique con\u00e7u pour un usage urbain quotidien, adapt\u00e9 au transport d'un passager ou de bagages et id\u00e9al tant pour les familles que pour les professionnels. Son cadre trap\u00e8ze facilite la mont\u00e9e et la descente, tandis que le moteur Bosch Performance Line CX, associ\u00e9 \u00e0 une batterie de 540 Wh, offre une assistance puissante, m\u00eame lorsque le v\u00e9lo est lourdement charg\u00e9. Le moyeu \u00e0 cinq vitesses avec transmission par courroie n\u00e9cessite peu d'entretien. La bonne suspension avant et les freins \u00e0 disque hydrauliques garantissent un confort et un contr\u00f4le accrus dans la circulation urbaine. Gr\u00e2ce au si\u00e8ge passager, aux repose-pieds et au porte-bagages avant, ce v\u00e9lo cargo \u00e9lectrique est particuli\u00e8rement polyvalent pour les d\u00e9placements quotidiens.<\/p>","protected":false},"featured_media":12561,"template":"","meta":[],"product_brand":[291],"product_cat":[272,271,263,293],"product_tag":[],"class_list":["post-12630","product","type-product","status-publish","has-post-thumbnail","product_brand-velo-de-ville","product_cat-bakfietstransportfiets-elektrisch-voor-personenvervoer","product_cat-bakfietsentransportfietsen","product_cat-fietsen","product_cat-supercycles","first","instock","sale","taxable","shipping-taxable","purchasable","product-type-simple"],"yoast_head":"<!-- This site is optimized with the Yoast SEO Premium plugin v28.4 (Yoast SEO v28.4) - https:\/\/yoast.com\/product\/yoast-seo-premium-wordpress\/ -->\n<title>VELO DE VILLE - Seb 990Cx Pro Cargo | 2026 - Supercycles<\/title>\n<meta name=\"robots\" content=\"index, follow, max-snippet:-1, max-image-preview:large, max-video-preview:-1\" \/>\n<link rel=\"canonical\" href=\"https:\/\/www.supercycles.be\/fr\/product\/velo-de-ville-seb-990cx-pro-cargo-2026\/\" \/>\n<meta property=\"og:locale\" content=\"fr_FR\" \/>\n<meta property=\"og:type\" content=\"article\" \/>\n<meta property=\"og:title\" content=\"VELO DE VILLE - Seb 990Cx Pro Cargo | 2026\" \/>\n<meta property=\"og:description\" content=\"SEB 990CX is een elektrische cargofiets voor dagelijks stadsgebruik, geschikt voor het vervoeren van een passagier of bagage en ideaal voor zowel gezinnen als professionals. Het trapezeframe maakt op en afstappen eenvoudiger, terwijl de Bosch Performance Line CX-motor samen met de 540 Wh-batterij krachtige ondersteuning biedt, ook wanneer de fiets zwaarder beladen is. De vijfversnellingsnaaf met riemaandrijving vraagt weinig onderhoud. De goede voorvering en hydraulische schijfremmen zorgen voor extra comfort en controle in het stadsverkeer. Dankzij de passagierszit, voetsteunen en voordrager is deze elektrische bakfiets bijzonder veelzijdig voor dagelijkse verplaatsingen.\" \/>\n<meta property=\"og:url\" content=\"https:\/\/www.supercycles.be\/fr\/product\/velo-de-ville-seb-990cx-pro-cargo-2026\/\" \/>\n<meta property=\"og:site_name\" content=\"Supercycles\" \/>\n<meta property=\"article:publisher\" content=\"https:\/\/www.facebook.com\/people\/Supercycles\/61583785499409\/?mibextid=wwXIfr&amp;rdid=z4VkxEs0R3N7Q4hh&amp;share_url=httpswww.facebook.comshare18GTfGQGVDmibextidwwXIfr\" \/>\n<meta property=\"article:modified_time\" content=\"2026-09-05T16:18:50+00:00\" \/>\n<meta property=\"og:image\" content=\"https:\/\/www.supercycles.be\/wp-content\/uploads\/2026\/08\/artPic_public_L_4556065.jpg\" \/>\n\t<meta property=\"og:image:width\" content=\"1200\" \/>\n\t<meta property=\"og:image:height\" content=\"736\" \/>\n\t<meta property=\"og:image:type\" content=\"image\/jpeg\" \/>\n<meta name=\"twitter:card\" content=\"summary_large_image\" \/>\n<script type=\"application\/ld+json\" class=\"yoast-schema-graph\">{\"@context\":\"https:\\\/\\\/schema.org\",\"@graph\":[{\"@type\":\"WebPage\",\"@id\":\"https:\\\/\\\/www.supercycles.be\\\/product\\\/velo-de-ville-seb-990cx-pro-cargo-2026\\\/\",\"url\":\"https:\\\/\\\/www.supercycles.be\\\/product\\\/velo-de-ville-seb-990cx-pro-cargo-2026\\\/\",\"name\":\"VELO DE VILLE - Seb 990Cx Pro Cargo | 2026 - Supercycles\",\"isPartOf\":{\"@id\":\"https:\\\/\\\/www.supercycles.be\\\/#website\"},\"primaryImageOfPage\":{\"@id\":\"https:\\\/\\\/www.supercycles.be\\\/product\\\/velo-de-ville-seb-990cx-pro-cargo-2026\\\/#primaryimage\"},\"image\":{\"@id\":\"https:\\\/\\\/www.supercycles.be\\\/product\\\/velo-de-ville-seb-990cx-pro-cargo-2026\\\/#primaryimage\"},\"thumbnailUrl\":\"https:\\\/\\\/www.supercycles.be\\\/wp-content\\\/uploads\\\/2026\\\/08\\\/artPic_public_L_4556065.jpg\",\"datePublished\":\"2026-08-11T09:29:20+00:00\",\"dateModified\":\"2026-09-05T16:18:50+00:00\",\"breadcrumb\":{\"@id\":\"https:\\\/\\\/www.supercycles.be\\\/product\\\/velo-de-ville-seb-990cx-pro-cargo-2026\\\/#breadcrumb\"},\"inLanguage\":\"fr-BE\",\"potentialAction\":[{\"@type\":\"ReadAction\",\"target\":[\"https:\\\/\\\/www.supercycles.be\\\/product\\\/velo-de-ville-seb-990cx-pro-cargo-2026\\\/\"]}]},{\"@type\":\"ImageObject\",\"inLanguage\":\"fr-BE\",\"@id\":\"https:\\\/\\\/www.supercycles.be\\\/product\\\/velo-de-ville-seb-990cx-pro-cargo-2026\\\/#primaryimage\",\"url\":\"https:\\\/\\\/www.supercycles.be\\\/wp-content\\\/uploads\\\/2026\\\/08\\\/artPic_public_L_4556065.jpg\",\"contentUrl\":\"https:\\\/\\\/www.supercycles.be\\\/wp-content\\\/uploads\\\/2026\\\/08\\\/artPic_public_L_4556065.jpg\",\"width\":1200,\"height\":736},{\"@type\":\"BreadcrumbList\",\"@id\":\"https:\\\/\\\/www.supercycles.be\\\/product\\\/velo-de-ville-seb-990cx-pro-cargo-2026\\\/#breadcrumb\",\"itemListElement\":[{\"@type\":\"ListItem\",\"position\":1,\"name\":\"Accueil\",\"item\":\"https:\\\/\\\/www.supercycles.be\\\/\"},{\"@type\":\"ListItem\",\"position\":2,\"name\":\"Produits\",\"item\":\"https:\\\/\\\/www.supercycles.be\\\/shop\\\/\"},{\"@type\":\"ListItem\",\"position\":3,\"name\":\"VELO DE VILLE &#8211; Seb 990Cx Pro Cargo | 2026\"}]},{\"@type\":\"WebSite\",\"@id\":\"https:\\\/\\\/www.supercycles.be\\\/#website\",\"url\":\"https:\\\/\\\/www.supercycles.be\\\/\",\"name\":\"Supercycles\",\"description\":\"Fietsenwinkel &amp; atelier in Alsemberg\",\"publisher\":{\"@id\":\"https:\\\/\\\/www.supercycles.be\\\/#organization\"},\"potentialAction\":[{\"@type\":\"SearchAction\",\"target\":{\"@type\":\"EntryPoint\",\"urlTemplate\":\"https:\\\/\\\/www.supercycles.be\\\/?s={search_term_string}\"},\"query-input\":{\"@type\":\"PropertyValueSpecification\",\"valueRequired\":true,\"valueName\":\"search_term_string\"}}],\"inLanguage\":\"fr-BE\"},{\"@type\":[\"Organization\",\"Place\"],\"@id\":\"https:\\\/\\\/www.supercycles.be\\\/#organization\",\"name\":\"Supercycles\",\"url\":\"https:\\\/\\\/www.supercycles.be\\\/\",\"logo\":{\"@id\":\"https:\\\/\\\/www.supercycles.be\\\/product\\\/velo-de-ville-seb-990cx-pro-cargo-2026\\\/#local-main-organization-logo\"},\"image\":{\"@id\":\"https:\\\/\\\/www.supercycles.be\\\/product\\\/velo-de-ville-seb-990cx-pro-cargo-2026\\\/#local-main-organization-logo\"},\"sameAs\":[\"https:\\\/\\\/www.facebook.com\\\/people\\\/Supercycles\\\/61583785499409\\\/?mibextid=wwXIfr&rdid=z4VkxEs0R3N7Q4hh&share_url=httpswww.facebook.comshare18GTfGQGVDmibextidwwXIfr\",\"https:\\\/\\\/www.instagram.com\\\/supercycles.be?igsh=MWxhMGY4amQ5cXgyZA&utm_source=qr\"],\"description\":\"Supercycles est un magasin de v\u00e9los situ\u00e9 \u00e0 la fronti\u00e8re sud de Bruxelles, desservant Beersel, Rhode-Saint-Gen\u00e8se, Linkebeek, Waterloo et les environs, sp\u00e9cialis\u00e9 dans les v\u00e9los cargo, longtail, \u00e9lectriques et v\u00e9los sportifs. Nous proposons des marques reconnues comme Urban Arrow, Tern, Gazelle, Lovens et Superior, ainsi qu\u2019un service complet incluant la vente, l\u2019entretien, le leasing et le financement.\",\"legalName\":\"Supercycles\",\"foundingDate\":\"2026-02-23\",\"numberOfEmployees\":{\"@type\":\"QuantitativeValue\",\"minValue\":\"1\",\"maxValue\":\"10\"},\"address\":{\"@id\":\"https:\\\/\\\/www.supercycles.be\\\/product\\\/velo-de-ville-seb-990cx-pro-cargo-2026\\\/#local-main-place-address\"},\"geo\":{\"@type\":\"GeoCoordinates\",\"latitude\":\"50.7473028\",\"longitude\":\"4.3274016\"},\"telephone\":[],\"contactPoint\":{\"@type\":\"ContactPoint\",\"telephone\":\"+32487588560\",\"email\":\"info@supercycles.be\"},\"openingHoursSpecification\":[{\"@type\":\"OpeningHoursSpecification\",\"dayOfWeek\":[\"Monday\",\"Sunday\"],\"opens\":\"00:00\",\"closes\":\"00:00\"},{\"@type\":\"OpeningHoursSpecification\",\"dayOfWeek\":[\"Tuesday\",\"Wednesday\",\"Thursday\",\"Friday\",\"Saturday\"],\"opens\":\"10:00\",\"closes\":\"18:30\"}],\"vatID\":\"BE1034725031\"},{\"@type\":\"PostalAddress\",\"@id\":\"https:\\\/\\\/www.supercycles.be\\\/product\\\/velo-de-ville-seb-990cx-pro-cargo-2026\\\/#local-main-place-address\",\"streetAddress\":\"Hallesesteeweg 10\",\"addressLocality\":\"Alsemberg\",\"postalCode\":\"1652\",\"addressCountry\":\"BE\"},{\"@type\":\"ImageObject\",\"inLanguage\":\"fr-BE\",\"@id\":\"https:\\\/\\\/www.supercycles.be\\\/product\\\/velo-de-ville-seb-990cx-pro-cargo-2026\\\/#local-main-organization-logo\",\"url\":\"https:\\\/\\\/www.supercycles.be\\\/wp-content\\\/uploads\\\/2026\\\/04\\\/Supercycles_RGB_Logo_Positif-1-scaled.png\",\"contentUrl\":\"https:\\\/\\\/www.supercycles.be\\\/wp-content\\\/uploads\\\/2026\\\/04\\\/Supercycles_RGB_Logo_Positif-1-scaled.png\",\"width\":2560,\"height\":2321,\"caption\":\"Supercycles\"}]}<\/script>\n<meta name=\"geo.placename\" content=\"Alsemberg\" \/>\n<meta name=\"geo.position\" content=\"50.7473028;4.3274016\" \/>\n<meta name=\"geo.region\" content=\"Belgium\" \/>\n<!-- \/ Yoast SEO Premium plugin. -->","yoast_head_json":{"title":"V\u00c9LO DE VILLE - Seb 990Cx Pro Cargo | 2026 - Supercycles","robots":{"index":"index","follow":"follow","max-snippet":"max-snippet:-1","max-image-preview":"max-image-preview:large","max-video-preview":"max-video-preview:-1"},"canonical":"https:\/\/www.supercycles.be\/fr\/product\/velo-de-ville-seb-990cx-pro-cargo-2026\/","og_locale":"fr_FR","og_type":"article","og_title":"VELO DE VILLE - Seb 990Cx Pro Cargo | 2026","og_description":"SEB 990CX is een elektrische cargofiets voor dagelijks stadsgebruik, geschikt voor het vervoeren van een passagier of bagage en ideaal voor zowel gezinnen als professionals. Het trapezeframe maakt op en afstappen eenvoudiger, terwijl de Bosch Performance Line CX-motor samen met de 540 Wh-batterij krachtige ondersteuning biedt, ook wanneer de fiets zwaarder beladen is. De vijfversnellingsnaaf met riemaandrijving vraagt weinig onderhoud. De goede voorvering en hydraulische schijfremmen zorgen voor extra comfort en controle in het stadsverkeer. Dankzij de passagierszit, voetsteunen en voordrager is deze elektrische bakfiets bijzonder veelzijdig voor dagelijkse verplaatsingen.","og_url":"https:\/\/www.supercycles.be\/fr\/product\/velo-de-ville-seb-990cx-pro-cargo-2026\/","og_site_name":"Supercycles","article_publisher":"https:\/\/www.facebook.com\/people\/Supercycles\/61583785499409\/?mibextid=wwXIfr&rdid=z4VkxEs0R3N7Q4hh&share_url=httpswww.facebook.comshare18GTfGQGVDmibextidwwXIfr","article_modified_time":"2026-09-05T16:18:50+00:00","og_image":[{"width":1200,"height":736,"url":"https:\/\/www.supercycles.be\/wp-content\/uploads\/2026\/08\/artPic_public_L_4556065.jpg","type":"image\/jpeg"}],"twitter_card":"summary_large_image","schema":{"@context":"https:\/\/schema.org","@graph":[{"@type":"WebPage","@id":"https:\/\/www.supercycles.be\/product\/velo-de-ville-seb-990cx-pro-cargo-2026\/","url":"https:\/\/www.supercycles.be\/product\/velo-de-ville-seb-990cx-pro-cargo-2026\/","name":"V\u00c9LO DE VILLE - Seb 990Cx Pro Cargo | 2026 - Supercycles","isPartOf":{"@id":"https:\/\/www.supercycles.be\/#website"},"primaryImageOfPage":{"@id":"https:\/\/www.supercycles.be\/product\/velo-de-ville-seb-990cx-pro-cargo-2026\/#primaryimage"},"image":{"@id":"https:\/\/www.supercycles.be\/product\/velo-de-ville-seb-990cx-pro-cargo-2026\/#primaryimage"},"thumbnailUrl":"https:\/\/www.supercycles.be\/wp-content\/uploads\/2026\/08\/artPic_public_L_4556065.jpg","datePublished":"2026-08-11T09:29:20+00:00","dateModified":"2026-09-05T16:18:50+00:00","breadcrumb":{"@id":"https:\/\/www.supercycles.be\/product\/velo-de-ville-seb-990cx-pro-cargo-2026\/#breadcrumb"},"inLanguage":"fr-BE","potentialAction":[{"@type":"ReadAction","target":["https:\/\/www.supercycles.be\/product\/velo-de-ville-seb-990cx-pro-cargo-2026\/"]}]},{"@type":"ImageObject","inLanguage":"fr-BE","@id":"https:\/\/www.supercycles.be\/product\/velo-de-ville-seb-990cx-pro-cargo-2026\/#primaryimage","url":"https:\/\/www.supercycles.be\/wp-content\/uploads\/2026\/08\/artPic_public_L_4556065.jpg","contentUrl":"https:\/\/www.supercycles.be\/wp-content\/uploads\/2026\/08\/artPic_public_L_4556065.jpg","width":1200,"height":736},{"@type":"BreadcrumbList","@id":"https:\/\/www.supercycles.be\/product\/velo-de-ville-seb-990cx-pro-cargo-2026\/#breadcrumb","itemListElement":[{"@type":"ListItem","position":1,"name":"Accueil","item":"https:\/\/www.supercycles.be\/"},{"@type":"ListItem","position":2,"name":"Produits","item":"https:\/\/www.supercycles.be\/shop\/"},{"@type":"ListItem","position":3,"name":"VELO DE VILLE &#8211; Seb 990Cx Pro Cargo | 2026"}]},{"@type":"WebSite","@id":"https:\/\/www.supercycles.be\/#website","url":"https:\/\/www.supercycles.be\/","name":"Supercycles","description":"Magasin de v\u00e9los et atelier \u00e0 Alsemberg","publisher":{"@id":"https:\/\/www.supercycles.be\/#organization"},"potentialAction":[{"@type":"SearchAction","target":{"@type":"EntryPoint","urlTemplate":"https:\/\/www.supercycles.be\/?s={search_term_string}"},"query-input":{"@type":"PropertyValueSpecification","valueRequired":true,"valueName":"search_term_string"}}],"inLanguage":"fr-BE"},{"@type":["Organization","Place"],"@id":"https:\/\/www.supercycles.be\/#organization","name":"Supercycles","url":"https:\/\/www.supercycles.be\/","logo":{"@id":"https:\/\/www.supercycles.be\/product\/velo-de-ville-seb-990cx-pro-cargo-2026\/#local-main-organization-logo"},"image":{"@id":"https:\/\/www.supercycles.be\/product\/velo-de-ville-seb-990cx-pro-cargo-2026\/#local-main-organization-logo"},"sameAs":["https:\/\/www.facebook.com\/people\/Supercycles\/61583785499409\/?mibextid=wwXIfr&rdid=z4VkxEs0R3N7Q4hh&share_url=httpswww.facebook.comshare18GTfGQGVDmibextidwwXIfr","https:\/\/www.instagram.com\/supercycles.be?igsh=MWxhMGY4amQ5cXgyZA&utm_source=qr"],"description":"Supercycles est un magasin de v\u00e9los situ\u00e9 \u00e0 la fronti\u00e8re sud de Bruxelles, desservant Beersel, Rhode-Saint-Gen\u00e8se, Linkebeek, Waterloo et les environs, sp\u00e9cialis\u00e9 dans les v\u00e9los cargo, longtail, \u00e9lectriques et v\u00e9los sportifs. Nous proposons des marques reconnues comme Urban Arrow, Tern, Gazelle, Lovens et Superior, ainsi qu\u2019un service complet incluant la vente, l\u2019entretien, le leasing et le financement.","legalName":"Supercycles","foundingDate":"2026-02-23","numberOfEmployees":{"@type":"QuantitativeValue","minValue":"1","maxValue":"10"},"address":{"@id":"https:\/\/www.supercycles.be\/product\/velo-de-ville-seb-990cx-pro-cargo-2026\/#local-main-place-address"},"geo":{"@type":"GeoCoordinates","latitude":"50.7473028","longitude":"4.3274016"},"telephone":[],"contactPoint":{"@type":"ContactPoint","telephone":"+32487588560","email":"info@supercycles.be"},"openingHoursSpecification":[{"@type":"OpeningHoursSpecification","dayOfWeek":["Monday","Sunday"],"opens":"00:00","closes":"00:00"},{"@type":"OpeningHoursSpecification","dayOfWeek":["Tuesday","Wednesday","Thursday","Friday","Saturday"],"opens":"10:00","closes":"18:30"}],"vatID":"BE1034725031"},{"@type":"PostalAddress","@id":"https:\/\/www.supercycles.be\/product\/velo-de-ville-seb-990cx-pro-cargo-2026\/#local-main-place-address","streetAddress":"Hallesesteeweg 10","addressLocality":"Alsemberg","postalCode":"1652","addressCountry":"BE"},{"@type":"ImageObject","inLanguage":"fr-BE","@id":"https:\/\/www.supercycles.be\/product\/velo-de-ville-seb-990cx-pro-cargo-2026\/#local-main-organization-logo","url":"https:\/\/www.supercycles.be\/wp-content\/uploads\/2026\/04\/Supercycles_RGB_Logo_Positif-1-scaled.png","contentUrl":"https:\/\/www.supercycles.be\/wp-content\/uploads\/2026\/04\/Supercycles_RGB_Logo_Positif-1-scaled.png","width":2560,"height":2321,"caption":"Supercycles"}]},"geo.placename":"Alsemberg","geo.position":{"lat":"50.7473028","long":"4.3274016"},"geo.region":"Belgium"},"_links":{"self":[{"href":"https:\/\/www.supercycles.be\/fr\/wp-json\/wp\/v2\/product\/12630","targetHints":{"allow":["GET"]}}],"collection":[{"href":"https:\/\/www.supercycles.be\/fr\/wp-json\/wp\/v2\/product"}],"about":[{"href":"https:\/\/www.supercycles.be\/fr\/wp-json\/wp\/v2\/types\/product"}],"wp:featuredmedia":[{"embeddable":true,"href":"https:\/\/www.supercycles.be\/fr\/wp-json\/wp\/v2\/media\/12561"}],"wp:attachment":[{"href":"https:\/\/www.supercycles.be\/fr\/wp-json\/wp\/v2\/media?parent=12630"}],"wp:term":[{"taxonomy":"product_brand","embeddable":true,"href":"https:\/\/www.supercycles.be\/fr\/wp-json\/wp\/v2\/product_brand?post=12630"},{"taxonomy":"product_cat","embeddable":true,"href":"https:\/\/www.supercycles.be\/fr\/wp-json\/wp\/v2\/product_cat?post=12630"},{"taxonomy":"product_tag","embeddable":true,"href":"https:\/\/www.supercycles.be\/fr\/wp-json\/wp\/v2\/product_tag?post=12630"}],"curies":[{"name":"bien jou\u00e9","href":"https:\/\/api.w.org\/{rel}","templated":true}]}}