{"id":12697,"date":"2026-08-15T15:45:39","date_gmt":"2026-08-15T14:45:39","guid":{"rendered":"https:\/\/www.supercycles.be\/product\/isy-e5-zr-f-545-2026\/"},"modified":"2026-09-06T00:30:56","modified_gmt":"2026-09-05T23:30:56","slug":"isy-e5-zr-f-545-2026","status":"publish","type":"product","link":"https:\/\/www.supercycles.be\/fr\/product\/isy-e5-zr-f-545-2026\/","title":{"rendered":"I:SY \u2013 E5 Zr F | 2026"},"content":{"rendered":"<p>Le i:SY E5 ZR F est un v\u00e9lo \u00e9lectrique compact adapt\u00e9 aux d\u00e9placements urbains et \u00e0 l'usage quotidien. Il associe un moteur Bosch Performance Line \u00e0 un moyeu \u00e0 5 vitesses Shimano sp\u00e9cialement con\u00e7u pour les v\u00e9los \u00e9lectriques et \u00e0 une transmission par courroie crant\u00e9e propre et n\u00e9cessitant peu d'entretien. Le syst\u00e8me Bosch Smart System relie l'\u00e9cran, la commande et le moteur au smartphone via l'application eBike Flow. Les freins \u00e0 disque garantissent un bon contr\u00f4le, tandis que le Speedlifter Twist permet d'ajuster la hauteur et de pivoter le guidon de 90\u00b0 sans outil. Les p\u00e9dales pliantes sont \u00e9galement pratiques, notamment lorsque le v\u00e9lo part en vacances avec la caravane.<\/p>","protected":false},"excerpt":{"rendered":"<p>Le i:SY E5 ZR F est un v\u00e9lo \u00e9lectrique compact adapt\u00e9 aux d\u00e9placements urbains et \u00e0 l'usage quotidien. Il associe un moteur Bosch Performance Line \u00e0 un moyeu \u00e0 5 vitesses Shimano sp\u00e9cialement con\u00e7u pour les v\u00e9los \u00e9lectriques et \u00e0 une transmission par courroie crant\u00e9e propre et n\u00e9cessitant peu d'entretien. Le syst\u00e8me Bosch Smart System relie l'\u00e9cran, la commande et le moteur au smartphone via l'application eBike Flow. Les freins \u00e0 disque garantissent un bon contr\u00f4le, tandis que le Speedlifter Twist permet d'ajuster la hauteur et de pivoter le guidon de 90\u00b0 sans outil. Les p\u00e9dales pliantes sont \u00e9galement pratiques, notamment lorsque le v\u00e9lo part en vacances avec la caravane.<\/p>","protected":false},"featured_media":12689,"template":"","meta":[],"product_brand":[361],"product_cat":[263,279,278,293],"product_tag":[],"class_list":["post-12697","product","type-product","status-publish","has-post-thumbnail","product_brand-isy","product_cat-fietsen","product_cat-stadsfiets-elektrisch","product_cat-stadsfietsen","product_cat-supercycles","first","instock","sale","featured","taxable","shipping-taxable","purchasable","product-type-simple"],"yoast_head":"<!-- This site is optimized with the Yoast SEO Premium plugin v28.4 (Yoast SEO v28.4) - https:\/\/yoast.com\/product\/yoast-seo-premium-wordpress\/ -->\n<title>I:SY - E5 Zr F | 2026 - Supercycles<\/title>\n<meta name=\"robots\" content=\"index, follow, max-snippet:-1, max-image-preview:large, max-video-preview:-1\" \/>\n<link rel=\"canonical\" href=\"https:\/\/www.supercycles.be\/fr\/product\/isy-e5-zr-f-545-2026\/\" \/>\n<meta property=\"og:locale\" content=\"fr_FR\" \/>\n<meta property=\"og:type\" content=\"article\" \/>\n<meta property=\"og:title\" content=\"I:SY - E5 Zr F | 2026\" \/>\n<meta property=\"og:description\" content=\"De i:SY E5 ZR F is een compacte elektrische fiets die geschikt is voor stedelijke verplaatsingen en dagelijks gebruik. Hij combineert een Bosch Performance Line motor met een Shimano 5 versnellingsnaaf die speciaal voor e-bikes werd ontwikkeld en een propere, onderhoudsarme tandriemaandrijving. Het Bosch Smart System verbindt het display, de bediening en de motor via de eBike Flow-app met de smartphone. Schijfremmen ondersteunen een goede controle, terwijl de Speedlifter Twist toelaat om de hoogte aan te passen en het stuur zonder gereedschap 90\u00b0 te draaien. Ook de inklapbare pedalen zijn praktisch, onder meer wanneer de fiets meegaat op vakantie met de caravan.\" \/>\n<meta property=\"og:url\" content=\"https:\/\/www.supercycles.be\/fr\/product\/isy-e5-zr-f-545-2026\/\" \/>\n<meta property=\"og:site_name\" content=\"Supercycles\" \/>\n<meta property=\"article:publisher\" content=\"https:\/\/www.facebook.com\/people\/Supercycles\/61583785499409\/?mibextid=wwXIfr&amp;rdid=z4VkxEs0R3N7Q4hh&amp;share_url=httpswww.facebook.comshare18GTfGQGVDmibextidwwXIfr\" \/>\n<meta property=\"article:modified_time\" content=\"2026-09-05T23:30:56+00:00\" \/>\n<meta property=\"og:image\" content=\"https:\/\/www.supercycles.be\/wp-content\/uploads\/2026\/08\/artPic_public_L_4729993.jpg\" \/>\n\t<meta property=\"og:image:width\" content=\"1150\" \/>\n\t<meta property=\"og:image:height\" content=\"767\" \/>\n\t<meta property=\"og:image:type\" content=\"image\/jpeg\" \/>\n<meta name=\"twitter:card\" content=\"summary_large_image\" \/>\n<meta name=\"twitter:label1\" content=\"Dur\u00e9e de lecture est.\" \/>\n\t<meta name=\"twitter:data1\" content=\"1 minute\" \/>\n<script type=\"application\/ld+json\" class=\"yoast-schema-graph\">{\"@context\":\"https:\\\/\\\/schema.org\",\"@graph\":[{\"@type\":\"WebPage\",\"@id\":\"https:\\\/\\\/www.supercycles.be\\\/product\\\/isy-e5-zr-f-545-2026\\\/\",\"url\":\"https:\\\/\\\/www.supercycles.be\\\/product\\\/isy-e5-zr-f-545-2026\\\/\",\"name\":\"I:SY - E5 Zr F | 2026 - Supercycles\",\"isPartOf\":{\"@id\":\"https:\\\/\\\/www.supercycles.be\\\/#website\"},\"primaryImageOfPage\":{\"@id\":\"https:\\\/\\\/www.supercycles.be\\\/product\\\/isy-e5-zr-f-545-2026\\\/#primaryimage\"},\"image\":{\"@id\":\"https:\\\/\\\/www.supercycles.be\\\/product\\\/isy-e5-zr-f-545-2026\\\/#primaryimage\"},\"thumbnailUrl\":\"https:\\\/\\\/www.supercycles.be\\\/wp-content\\\/uploads\\\/2026\\\/08\\\/artPic_public_L_4729993.jpg\",\"datePublished\":\"2026-08-15T14:45:39+00:00\",\"dateModified\":\"2026-09-05T23:30:56+00:00\",\"breadcrumb\":{\"@id\":\"https:\\\/\\\/www.supercycles.be\\\/product\\\/isy-e5-zr-f-545-2026\\\/#breadcrumb\"},\"inLanguage\":\"fr-BE\",\"potentialAction\":[{\"@type\":\"ReadAction\",\"target\":[\"https:\\\/\\\/www.supercycles.be\\\/product\\\/isy-e5-zr-f-545-2026\\\/\"]}]},{\"@type\":\"ImageObject\",\"inLanguage\":\"fr-BE\",\"@id\":\"https:\\\/\\\/www.supercycles.be\\\/product\\\/isy-e5-zr-f-545-2026\\\/#primaryimage\",\"url\":\"https:\\\/\\\/www.supercycles.be\\\/wp-content\\\/uploads\\\/2026\\\/08\\\/artPic_public_L_4729993.jpg\",\"contentUrl\":\"https:\\\/\\\/www.supercycles.be\\\/wp-content\\\/uploads\\\/2026\\\/08\\\/artPic_public_L_4729993.jpg\",\"width\":1150,\"height\":767},{\"@type\":\"BreadcrumbList\",\"@id\":\"https:\\\/\\\/www.supercycles.be\\\/product\\\/isy-e5-zr-f-545-2026\\\/#breadcrumb\",\"itemListElement\":[{\"@type\":\"ListItem\",\"position\":1,\"name\":\"Accueil\",\"item\":\"https:\\\/\\\/www.supercycles.be\\\/\"},{\"@type\":\"ListItem\",\"position\":2,\"name\":\"Produits\",\"item\":\"https:\\\/\\\/www.supercycles.be\\\/shop\\\/\"},{\"@type\":\"ListItem\",\"position\":3,\"name\":\"I:SY &#8211; E5 Zr F | 2026\"}]},{\"@type\":\"WebSite\",\"@id\":\"https:\\\/\\\/www.supercycles.be\\\/#website\",\"url\":\"https:\\\/\\\/www.supercycles.be\\\/\",\"name\":\"Supercycles\",\"description\":\"Fietsenwinkel &amp; atelier in Alsemberg\",\"publisher\":{\"@id\":\"https:\\\/\\\/www.supercycles.be\\\/#organization\"},\"potentialAction\":[{\"@type\":\"SearchAction\",\"target\":{\"@type\":\"EntryPoint\",\"urlTemplate\":\"https:\\\/\\\/www.supercycles.be\\\/?s={search_term_string}\"},\"query-input\":{\"@type\":\"PropertyValueSpecification\",\"valueRequired\":true,\"valueName\":\"search_term_string\"}}],\"inLanguage\":\"fr-BE\"},{\"@type\":[\"Organization\",\"Place\"],\"@id\":\"https:\\\/\\\/www.supercycles.be\\\/#organization\",\"name\":\"Supercycles\",\"url\":\"https:\\\/\\\/www.supercycles.be\\\/\",\"logo\":{\"@id\":\"https:\\\/\\\/www.supercycles.be\\\/product\\\/isy-e5-zr-f-545-2026\\\/#local-main-organization-logo\"},\"image\":{\"@id\":\"https:\\\/\\\/www.supercycles.be\\\/product\\\/isy-e5-zr-f-545-2026\\\/#local-main-organization-logo\"},\"sameAs\":[\"https:\\\/\\\/www.facebook.com\\\/people\\\/Supercycles\\\/61583785499409\\\/?mibextid=wwXIfr&rdid=z4VkxEs0R3N7Q4hh&share_url=httpswww.facebook.comshare18GTfGQGVDmibextidwwXIfr\",\"https:\\\/\\\/www.instagram.com\\\/supercycles.be?igsh=MWxhMGY4amQ5cXgyZA&utm_source=qr\"],\"description\":\"Supercycles est un magasin de v\u00e9los situ\u00e9 \u00e0 la fronti\u00e8re sud de Bruxelles, desservant Beersel, Rhode-Saint-Gen\u00e8se, Linkebeek, Waterloo et les environs, sp\u00e9cialis\u00e9 dans les v\u00e9los cargo, longtail, \u00e9lectriques et v\u00e9los sportifs. Nous proposons des marques reconnues comme Urban Arrow, Tern, Gazelle, Lovens et Superior, ainsi qu\u2019un service complet incluant la vente, l\u2019entretien, le leasing et le financement.\",\"legalName\":\"Supercycles\",\"foundingDate\":\"2026-02-23\",\"numberOfEmployees\":{\"@type\":\"QuantitativeValue\",\"minValue\":\"1\",\"maxValue\":\"10\"},\"address\":{\"@id\":\"https:\\\/\\\/www.supercycles.be\\\/product\\\/isy-e5-zr-f-545-2026\\\/#local-main-place-address\"},\"geo\":{\"@type\":\"GeoCoordinates\",\"latitude\":\"50.7473028\",\"longitude\":\"4.3274016\"},\"telephone\":[],\"contactPoint\":{\"@type\":\"ContactPoint\",\"telephone\":\"+32487588560\",\"email\":\"info@supercycles.be\"},\"openingHoursSpecification\":[{\"@type\":\"OpeningHoursSpecification\",\"dayOfWeek\":[\"Monday\",\"Sunday\"],\"opens\":\"00:00\",\"closes\":\"00:00\"},{\"@type\":\"OpeningHoursSpecification\",\"dayOfWeek\":[\"Tuesday\",\"Wednesday\",\"Thursday\",\"Friday\",\"Saturday\"],\"opens\":\"10:00\",\"closes\":\"18:30\"}],\"vatID\":\"BE1034725031\"},{\"@type\":\"PostalAddress\",\"@id\":\"https:\\\/\\\/www.supercycles.be\\\/product\\\/isy-e5-zr-f-545-2026\\\/#local-main-place-address\",\"streetAddress\":\"Hallesesteeweg 10\",\"addressLocality\":\"Alsemberg\",\"postalCode\":\"1652\",\"addressCountry\":\"BE\"},{\"@type\":\"ImageObject\",\"inLanguage\":\"fr-BE\",\"@id\":\"https:\\\/\\\/www.supercycles.be\\\/product\\\/isy-e5-zr-f-545-2026\\\/#local-main-organization-logo\",\"url\":\"https:\\\/\\\/www.supercycles.be\\\/wp-content\\\/uploads\\\/2026\\\/04\\\/Supercycles_RGB_Logo_Positif-1-scaled.png\",\"contentUrl\":\"https:\\\/\\\/www.supercycles.be\\\/wp-content\\\/uploads\\\/2026\\\/04\\\/Supercycles_RGB_Logo_Positif-1-scaled.png\",\"width\":2560,\"height\":2321,\"caption\":\"Supercycles\"}]}<\/script>\n<meta name=\"geo.placename\" content=\"Alsemberg\" \/>\n<meta name=\"geo.position\" content=\"50.7473028;4.3274016\" \/>\n<meta name=\"geo.region\" content=\"Belgium\" \/>\n<!-- \/ Yoast SEO Premium plugin. -->","yoast_head_json":{"title":"I:SY - E5 Zr F | 2026 - Supercycles","robots":{"index":"index","follow":"follow","max-snippet":"max-snippet:-1","max-image-preview":"max-image-preview:large","max-video-preview":"max-video-preview:-1"},"canonical":"https:\/\/www.supercycles.be\/fr\/product\/isy-e5-zr-f-545-2026\/","og_locale":"fr_FR","og_type":"article","og_title":"I:SY - E5 Zr F | 2026","og_description":"De i:SY E5 ZR F is een compacte elektrische fiets die geschikt is voor stedelijke verplaatsingen en dagelijks gebruik. Hij combineert een Bosch Performance Line motor met een Shimano 5 versnellingsnaaf die speciaal voor e-bikes werd ontwikkeld en een propere, onderhoudsarme tandriemaandrijving. Het Bosch Smart System verbindt het display, de bediening en de motor via de eBike Flow-app met de smartphone. Schijfremmen ondersteunen een goede controle, terwijl de Speedlifter Twist toelaat om de hoogte aan te passen en het stuur zonder gereedschap 90\u00b0 te draaien. Ook de inklapbare pedalen zijn praktisch, onder meer wanneer de fiets meegaat op vakantie met de caravan.","og_url":"https:\/\/www.supercycles.be\/fr\/product\/isy-e5-zr-f-545-2026\/","og_site_name":"Supercycles","article_publisher":"https:\/\/www.facebook.com\/people\/Supercycles\/61583785499409\/?mibextid=wwXIfr&rdid=z4VkxEs0R3N7Q4hh&share_url=httpswww.facebook.comshare18GTfGQGVDmibextidwwXIfr","article_modified_time":"2026-09-05T23:30:56+00:00","og_image":[{"width":1150,"height":767,"url":"https:\/\/www.supercycles.be\/wp-content\/uploads\/2026\/08\/artPic_public_L_4729993.jpg","type":"image\/jpeg"}],"twitter_card":"summary_large_image","twitter_misc":{"Dur\u00e9e de lecture est.":"1 minute"},"schema":{"@context":"https:\/\/schema.org","@graph":[{"@type":"WebPage","@id":"https:\/\/www.supercycles.be\/product\/isy-e5-zr-f-545-2026\/","url":"https:\/\/www.supercycles.be\/product\/isy-e5-zr-f-545-2026\/","name":"I:SY - E5 Zr F | 2026 - Supercycles","isPartOf":{"@id":"https:\/\/www.supercycles.be\/#website"},"primaryImageOfPage":{"@id":"https:\/\/www.supercycles.be\/product\/isy-e5-zr-f-545-2026\/#primaryimage"},"image":{"@id":"https:\/\/www.supercycles.be\/product\/isy-e5-zr-f-545-2026\/#primaryimage"},"thumbnailUrl":"https:\/\/www.supercycles.be\/wp-content\/uploads\/2026\/08\/artPic_public_L_4729993.jpg","datePublished":"2026-08-15T14:45:39+00:00","dateModified":"2026-09-05T23:30:56+00:00","breadcrumb":{"@id":"https:\/\/www.supercycles.be\/product\/isy-e5-zr-f-545-2026\/#breadcrumb"},"inLanguage":"fr-BE","potentialAction":[{"@type":"ReadAction","target":["https:\/\/www.supercycles.be\/product\/isy-e5-zr-f-545-2026\/"]}]},{"@type":"ImageObject","inLanguage":"fr-BE","@id":"https:\/\/www.supercycles.be\/product\/isy-e5-zr-f-545-2026\/#primaryimage","url":"https:\/\/www.supercycles.be\/wp-content\/uploads\/2026\/08\/artPic_public_L_4729993.jpg","contentUrl":"https:\/\/www.supercycles.be\/wp-content\/uploads\/2026\/08\/artPic_public_L_4729993.jpg","width":1150,"height":767},{"@type":"BreadcrumbList","@id":"https:\/\/www.supercycles.be\/product\/isy-e5-zr-f-545-2026\/#breadcrumb","itemListElement":[{"@type":"ListItem","position":1,"name":"Accueil","item":"https:\/\/www.supercycles.be\/"},{"@type":"ListItem","position":2,"name":"Produits","item":"https:\/\/www.supercycles.be\/shop\/"},{"@type":"ListItem","position":3,"name":"I:SY &#8211; E5 Zr F | 2026"}]},{"@type":"WebSite","@id":"https:\/\/www.supercycles.be\/#website","url":"https:\/\/www.supercycles.be\/","name":"Supercycles","description":"Magasin de v\u00e9los et atelier \u00e0 Alsemberg","publisher":{"@id":"https:\/\/www.supercycles.be\/#organization"},"potentialAction":[{"@type":"SearchAction","target":{"@type":"EntryPoint","urlTemplate":"https:\/\/www.supercycles.be\/?s={search_term_string}"},"query-input":{"@type":"PropertyValueSpecification","valueRequired":true,"valueName":"search_term_string"}}],"inLanguage":"fr-BE"},{"@type":["Organization","Place"],"@id":"https:\/\/www.supercycles.be\/#organization","name":"Supercycles","url":"https:\/\/www.supercycles.be\/","logo":{"@id":"https:\/\/www.supercycles.be\/product\/isy-e5-zr-f-545-2026\/#local-main-organization-logo"},"image":{"@id":"https:\/\/www.supercycles.be\/product\/isy-e5-zr-f-545-2026\/#local-main-organization-logo"},"sameAs":["https:\/\/www.facebook.com\/people\/Supercycles\/61583785499409\/?mibextid=wwXIfr&rdid=z4VkxEs0R3N7Q4hh&share_url=httpswww.facebook.comshare18GTfGQGVDmibextidwwXIfr","https:\/\/www.instagram.com\/supercycles.be?igsh=MWxhMGY4amQ5cXgyZA&utm_source=qr"],"description":"Supercycles est un magasin de v\u00e9los situ\u00e9 \u00e0 la fronti\u00e8re sud de Bruxelles, desservant Beersel, Rhode-Saint-Gen\u00e8se, Linkebeek, Waterloo et les environs, sp\u00e9cialis\u00e9 dans les v\u00e9los cargo, longtail, \u00e9lectriques et v\u00e9los sportifs. Nous proposons des marques reconnues comme Urban Arrow, Tern, Gazelle, Lovens et Superior, ainsi qu\u2019un service complet incluant la vente, l\u2019entretien, le leasing et le financement.","legalName":"Supercycles","foundingDate":"2026-02-23","numberOfEmployees":{"@type":"QuantitativeValue","minValue":"1","maxValue":"10"},"address":{"@id":"https:\/\/www.supercycles.be\/product\/isy-e5-zr-f-545-2026\/#local-main-place-address"},"geo":{"@type":"GeoCoordinates","latitude":"50.7473028","longitude":"4.3274016"},"telephone":[],"contactPoint":{"@type":"ContactPoint","telephone":"+32487588560","email":"info@supercycles.be"},"openingHoursSpecification":[{"@type":"OpeningHoursSpecification","dayOfWeek":["Monday","Sunday"],"opens":"00:00","closes":"00:00"},{"@type":"OpeningHoursSpecification","dayOfWeek":["Tuesday","Wednesday","Thursday","Friday","Saturday"],"opens":"10:00","closes":"18:30"}],"vatID":"BE1034725031"},{"@type":"PostalAddress","@id":"https:\/\/www.supercycles.be\/product\/isy-e5-zr-f-545-2026\/#local-main-place-address","streetAddress":"Hallesesteeweg 10","addressLocality":"Alsemberg","postalCode":"1652","addressCountry":"BE"},{"@type":"ImageObject","inLanguage":"fr-BE","@id":"https:\/\/www.supercycles.be\/product\/isy-e5-zr-f-545-2026\/#local-main-organization-logo","url":"https:\/\/www.supercycles.be\/wp-content\/uploads\/2026\/04\/Supercycles_RGB_Logo_Positif-1-scaled.png","contentUrl":"https:\/\/www.supercycles.be\/wp-content\/uploads\/2026\/04\/Supercycles_RGB_Logo_Positif-1-scaled.png","width":2560,"height":2321,"caption":"Supercycles"}]},"geo.placename":"Alsemberg","geo.position":{"lat":"50.7473028","long":"4.3274016"},"geo.region":"Belgium"},"_links":{"self":[{"href":"https:\/\/www.supercycles.be\/fr\/wp-json\/wp\/v2\/product\/12697","targetHints":{"allow":["GET"]}}],"collection":[{"href":"https:\/\/www.supercycles.be\/fr\/wp-json\/wp\/v2\/product"}],"about":[{"href":"https:\/\/www.supercycles.be\/fr\/wp-json\/wp\/v2\/types\/product"}],"wp:featuredmedia":[{"embeddable":true,"href":"https:\/\/www.supercycles.be\/fr\/wp-json\/wp\/v2\/media\/12689"}],"wp:attachment":[{"href":"https:\/\/www.supercycles.be\/fr\/wp-json\/wp\/v2\/media?parent=12697"}],"wp:term":[{"taxonomy":"product_brand","embeddable":true,"href":"https:\/\/www.supercycles.be\/fr\/wp-json\/wp\/v2\/product_brand?post=12697"},{"taxonomy":"product_cat","embeddable":true,"href":"https:\/\/www.supercycles.be\/fr\/wp-json\/wp\/v2\/product_cat?post=12697"},{"taxonomy":"product_tag","embeddable":true,"href":"https:\/\/www.supercycles.be\/fr\/wp-json\/wp\/v2\/product_tag?post=12697"}],"curies":[{"name":"bien jou\u00e9","href":"https:\/\/api.w.org\/{rel}","templated":true}]}}