{"id":13219,"date":"2026-08-26T10:00:50","date_gmt":"2026-08-26T09:00:50","guid":{"rendered":"https:\/\/www.supercycles.be\/product\/besv-trx-b-urban-1-3-so-2025\/"},"modified":"2026-09-05T17:16:00","modified_gmt":"2026-09-05T16:16:00","slug":"besv-trx-b-urban-1-3-so-2025","status":"publish","type":"product","link":"https:\/\/www.supercycles.be\/fr\/product\/besv-trx-b-urban-1-3-so-2025\/","title":{"rendered":"BESV \u2013 Trx-B Urban 1.3 So | 2025"},"content":{"rendered":"<p>Le BESV TRX-B Urban 1.3 ST est un SUV hybride \u00e9lectrique semi-rigide qui peut \u00eatre utilis\u00e9 aussi bien en ville que sur tout type de route et de chemin. Le cadre ouvert (Step-Through) aux soudures parfaitement finies facilite l'enjambement, tandis que le moteur central Bosch Performance CX et la batterie de 625 Wh offrent une assistance pour les trajets quotidiens et les balades plus aventureuses. La suspension avant SR Suntour contribue au confort et \u00e0 la stabilit\u00e9 sur diverses surfaces. Dot\u00e9 de garde-boue, d'\u00e9clairages et d'un porte-bagages arri\u00e8re, ce v\u00e9lo \u00e9lectrique polyvalent associe des capacit\u00e9s multi-terrains \u00e0 un \u00e9quipement pratique pour un usage quotidien.<\/p>","protected":false},"excerpt":{"rendered":"<p>Le BESV TRX-B Urban 1.3 ST est un SUV hybride \u00e9lectrique semi-rigide qui peut \u00eatre utilis\u00e9 aussi bien en ville que sur tout type de route et de chemin. Le cadre ouvert (Step-Through) aux soudures parfaitement finies facilite l'enjambement, tandis que le moteur central Bosch Performance CX et la batterie de 625 Wh offrent une assistance pour les trajets quotidiens et les balades plus aventureuses. La suspension avant SR Suntour contribue au confort et \u00e0 la stabilit\u00e9 sur diverses surfaces. Dot\u00e9 de garde-boue, d'\u00e9clairages et d'un porte-bagages arri\u00e8re, ce v\u00e9lo \u00e9lectrique polyvalent associe des capacit\u00e9s multi-terrains \u00e0 un \u00e9quipement pratique pour un usage quotidien.<\/p>","protected":false},"featured_media":13215,"template":"","meta":[],"product_brand":[284],"product_cat":[263,279,278,293],"product_tag":[],"class_list":["post-13219","product","type-product","status-publish","has-post-thumbnail","product_brand-besv","product_cat-fietsen","product_cat-stadsfiets-elektrisch","product_cat-stadsfietsen","product_cat-supercycles","first","instock","sale","taxable","shipping-taxable","purchasable","product-type-simple"],"yoast_head":"<!-- This site is optimized with the Yoast SEO Premium plugin v28.4 (Yoast SEO v28.4) - https:\/\/yoast.com\/product\/yoast-seo-premium-wordpress\/ -->\n<title>BESV - Trx-B Urban 1.3 So | 2025 - Supercycles<\/title>\n<meta name=\"robots\" content=\"index, follow, max-snippet:-1, max-image-preview:large, max-video-preview:-1\" \/>\n<link rel=\"canonical\" href=\"https:\/\/www.supercycles.be\/fr\/product\/besv-trx-b-urban-1-3-so-2025\/\" \/>\n<meta property=\"og:locale\" content=\"fr_FR\" \/>\n<meta property=\"og:type\" content=\"article\" \/>\n<meta property=\"og:title\" content=\"BESV - Trx-B Urban 1.3 So | 2025\" \/>\n<meta property=\"og:description\" content=\"De BESV TRX-B Urban 1.3 ST is een elektrische hardtail Hybrid-SUV die zowel in de stad als op elk type weg en pad gebruikt kan worden. Het Step-Through-frame met glad afgewerkte lasnaden maakt op- en afstappen eenvoudiger, terwijl de centrale Bosch Performance CX-motor en de 625 Wh-accu ondersteuning bieden voor dagelijkse verplaatsingen en avontuurlijkere ritten. De SR Suntour-voorvering draagt bij aan comfort en stabiliteit op uiteenlopende ondergronden. Met spatborden, verlichting en een bagagedrager achteraan combineert deze veelzijdige elektrische fiets geschiktheid voor verschillende paden met praktische uitrusting voor dagelijks gebruik.\" \/>\n<meta property=\"og:url\" content=\"https:\/\/www.supercycles.be\/fr\/product\/besv-trx-b-urban-1-3-so-2025\/\" \/>\n<meta property=\"og:site_name\" content=\"Supercycles\" \/>\n<meta property=\"article:publisher\" content=\"https:\/\/www.facebook.com\/people\/Supercycles\/61583785499409\/?mibextid=wwXIfr&amp;rdid=z4VkxEs0R3N7Q4hh&amp;share_url=httpswww.facebook.comshare18GTfGQGVDmibextidwwXIfr\" \/>\n<meta property=\"article:modified_time\" content=\"2026-09-05T16:16:00+00:00\" \/>\n<meta property=\"og:image\" content=\"https:\/\/www.supercycles.be\/wp-content\/uploads\/2026\/08\/artPic_public_L_4803467.jpg\" \/>\n\t<meta property=\"og:image:width\" content=\"1200\" \/>\n\t<meta property=\"og:image:height\" content=\"799\" \/>\n\t<meta property=\"og:image:type\" content=\"image\/jpeg\" \/>\n<meta name=\"twitter:card\" content=\"summary_large_image\" \/>\n<script type=\"application\/ld+json\" class=\"yoast-schema-graph\">{\"@context\":\"https:\\\/\\\/schema.org\",\"@graph\":[{\"@type\":\"WebPage\",\"@id\":\"https:\\\/\\\/www.supercycles.be\\\/product\\\/besv-trx-b-urban-1-3-so-2025\\\/\",\"url\":\"https:\\\/\\\/www.supercycles.be\\\/product\\\/besv-trx-b-urban-1-3-so-2025\\\/\",\"name\":\"BESV - Trx-B Urban 1.3 So | 2025 - Supercycles\",\"isPartOf\":{\"@id\":\"https:\\\/\\\/www.supercycles.be\\\/#website\"},\"primaryImageOfPage\":{\"@id\":\"https:\\\/\\\/www.supercycles.be\\\/product\\\/besv-trx-b-urban-1-3-so-2025\\\/#primaryimage\"},\"image\":{\"@id\":\"https:\\\/\\\/www.supercycles.be\\\/product\\\/besv-trx-b-urban-1-3-so-2025\\\/#primaryimage\"},\"thumbnailUrl\":\"https:\\\/\\\/www.supercycles.be\\\/wp-content\\\/uploads\\\/2026\\\/08\\\/artPic_public_L_4803467.jpg\",\"datePublished\":\"2026-08-26T09:00:50+00:00\",\"dateModified\":\"2026-09-05T16:16:00+00:00\",\"breadcrumb\":{\"@id\":\"https:\\\/\\\/www.supercycles.be\\\/product\\\/besv-trx-b-urban-1-3-so-2025\\\/#breadcrumb\"},\"inLanguage\":\"fr-BE\",\"potentialAction\":[{\"@type\":\"ReadAction\",\"target\":[\"https:\\\/\\\/www.supercycles.be\\\/product\\\/besv-trx-b-urban-1-3-so-2025\\\/\"]}]},{\"@type\":\"ImageObject\",\"inLanguage\":\"fr-BE\",\"@id\":\"https:\\\/\\\/www.supercycles.be\\\/product\\\/besv-trx-b-urban-1-3-so-2025\\\/#primaryimage\",\"url\":\"https:\\\/\\\/www.supercycles.be\\\/wp-content\\\/uploads\\\/2026\\\/08\\\/artPic_public_L_4803467.jpg\",\"contentUrl\":\"https:\\\/\\\/www.supercycles.be\\\/wp-content\\\/uploads\\\/2026\\\/08\\\/artPic_public_L_4803467.jpg\",\"width\":1200,\"height\":799},{\"@type\":\"BreadcrumbList\",\"@id\":\"https:\\\/\\\/www.supercycles.be\\\/product\\\/besv-trx-b-urban-1-3-so-2025\\\/#breadcrumb\",\"itemListElement\":[{\"@type\":\"ListItem\",\"position\":1,\"name\":\"Accueil\",\"item\":\"https:\\\/\\\/www.supercycles.be\\\/\"},{\"@type\":\"ListItem\",\"position\":2,\"name\":\"Produits\",\"item\":\"https:\\\/\\\/www.supercycles.be\\\/shop\\\/\"},{\"@type\":\"ListItem\",\"position\":3,\"name\":\"BESV &#8211; Trx-B Urban 1.3 So | 2025\"}]},{\"@type\":\"WebSite\",\"@id\":\"https:\\\/\\\/www.supercycles.be\\\/#website\",\"url\":\"https:\\\/\\\/www.supercycles.be\\\/\",\"name\":\"Supercycles\",\"description\":\"Fietsenwinkel &amp; atelier in Alsemberg\",\"publisher\":{\"@id\":\"https:\\\/\\\/www.supercycles.be\\\/#organization\"},\"potentialAction\":[{\"@type\":\"SearchAction\",\"target\":{\"@type\":\"EntryPoint\",\"urlTemplate\":\"https:\\\/\\\/www.supercycles.be\\\/?s={search_term_string}\"},\"query-input\":{\"@type\":\"PropertyValueSpecification\",\"valueRequired\":true,\"valueName\":\"search_term_string\"}}],\"inLanguage\":\"fr-BE\"},{\"@type\":[\"Organization\",\"Place\"],\"@id\":\"https:\\\/\\\/www.supercycles.be\\\/#organization\",\"name\":\"Supercycles\",\"url\":\"https:\\\/\\\/www.supercycles.be\\\/\",\"logo\":{\"@id\":\"https:\\\/\\\/www.supercycles.be\\\/product\\\/besv-trx-b-urban-1-3-so-2025\\\/#local-main-organization-logo\"},\"image\":{\"@id\":\"https:\\\/\\\/www.supercycles.be\\\/product\\\/besv-trx-b-urban-1-3-so-2025\\\/#local-main-organization-logo\"},\"sameAs\":[\"https:\\\/\\\/www.facebook.com\\\/people\\\/Supercycles\\\/61583785499409\\\/?mibextid=wwXIfr&rdid=z4VkxEs0R3N7Q4hh&share_url=httpswww.facebook.comshare18GTfGQGVDmibextidwwXIfr\",\"https:\\\/\\\/www.instagram.com\\\/supercycles.be?igsh=MWxhMGY4amQ5cXgyZA&utm_source=qr\"],\"description\":\"Supercycles est un magasin de v\u00e9los situ\u00e9 \u00e0 la fronti\u00e8re sud de Bruxelles, desservant Beersel, Rhode-Saint-Gen\u00e8se, Linkebeek, Waterloo et les environs, sp\u00e9cialis\u00e9 dans les v\u00e9los cargo, longtail, \u00e9lectriques et v\u00e9los sportifs. Nous proposons des marques reconnues comme Urban Arrow, Tern, Gazelle, Lovens et Superior, ainsi qu\u2019un service complet incluant la vente, l\u2019entretien, le leasing et le financement.\",\"legalName\":\"Supercycles\",\"foundingDate\":\"2026-02-23\",\"numberOfEmployees\":{\"@type\":\"QuantitativeValue\",\"minValue\":\"1\",\"maxValue\":\"10\"},\"address\":{\"@id\":\"https:\\\/\\\/www.supercycles.be\\\/product\\\/besv-trx-b-urban-1-3-so-2025\\\/#local-main-place-address\"},\"geo\":{\"@type\":\"GeoCoordinates\",\"latitude\":\"50.7473028\",\"longitude\":\"4.3274016\"},\"telephone\":[],\"contactPoint\":{\"@type\":\"ContactPoint\",\"telephone\":\"+32487588560\",\"email\":\"info@supercycles.be\"},\"openingHoursSpecification\":[{\"@type\":\"OpeningHoursSpecification\",\"dayOfWeek\":[\"Monday\",\"Sunday\"],\"opens\":\"00:00\",\"closes\":\"00:00\"},{\"@type\":\"OpeningHoursSpecification\",\"dayOfWeek\":[\"Tuesday\",\"Wednesday\",\"Thursday\",\"Friday\",\"Saturday\"],\"opens\":\"10:00\",\"closes\":\"18:30\"}],\"vatID\":\"BE1034725031\"},{\"@type\":\"PostalAddress\",\"@id\":\"https:\\\/\\\/www.supercycles.be\\\/product\\\/besv-trx-b-urban-1-3-so-2025\\\/#local-main-place-address\",\"streetAddress\":\"Hallesesteeweg 10\",\"addressLocality\":\"Alsemberg\",\"postalCode\":\"1652\",\"addressCountry\":\"BE\"},{\"@type\":\"ImageObject\",\"inLanguage\":\"fr-BE\",\"@id\":\"https:\\\/\\\/www.supercycles.be\\\/product\\\/besv-trx-b-urban-1-3-so-2025\\\/#local-main-organization-logo\",\"url\":\"https:\\\/\\\/www.supercycles.be\\\/wp-content\\\/uploads\\\/2026\\\/04\\\/Supercycles_RGB_Logo_Positif-1-scaled.png\",\"contentUrl\":\"https:\\\/\\\/www.supercycles.be\\\/wp-content\\\/uploads\\\/2026\\\/04\\\/Supercycles_RGB_Logo_Positif-1-scaled.png\",\"width\":2560,\"height\":2321,\"caption\":\"Supercycles\"}]}<\/script>\n<meta name=\"geo.placename\" content=\"Alsemberg\" \/>\n<meta name=\"geo.position\" content=\"50.7473028;4.3274016\" \/>\n<meta name=\"geo.region\" content=\"Belgium\" \/>\n<!-- \/ Yoast SEO Premium plugin. -->","yoast_head_json":{"title":"BESV - Trx-B Urban 1.3 So | 2025 - Supercycles","robots":{"index":"index","follow":"follow","max-snippet":"max-snippet:-1","max-image-preview":"max-image-preview:large","max-video-preview":"max-video-preview:-1"},"canonical":"https:\/\/www.supercycles.be\/fr\/product\/besv-trx-b-urban-1-3-so-2025\/","og_locale":"fr_FR","og_type":"article","og_title":"BESV - Trx-B Urban 1.3 So | 2025","og_description":"De BESV TRX-B Urban 1.3 ST is een elektrische hardtail Hybrid-SUV die zowel in de stad als op elk type weg en pad gebruikt kan worden. Het Step-Through-frame met glad afgewerkte lasnaden maakt op- en afstappen eenvoudiger, terwijl de centrale Bosch Performance CX-motor en de 625 Wh-accu ondersteuning bieden voor dagelijkse verplaatsingen en avontuurlijkere ritten. De SR Suntour-voorvering draagt bij aan comfort en stabiliteit op uiteenlopende ondergronden. Met spatborden, verlichting en een bagagedrager achteraan combineert deze veelzijdige elektrische fiets geschiktheid voor verschillende paden met praktische uitrusting voor dagelijks gebruik.","og_url":"https:\/\/www.supercycles.be\/fr\/product\/besv-trx-b-urban-1-3-so-2025\/","og_site_name":"Supercycles","article_publisher":"https:\/\/www.facebook.com\/people\/Supercycles\/61583785499409\/?mibextid=wwXIfr&rdid=z4VkxEs0R3N7Q4hh&share_url=httpswww.facebook.comshare18GTfGQGVDmibextidwwXIfr","article_modified_time":"2026-09-05T16:16:00+00:00","og_image":[{"width":1200,"height":799,"url":"https:\/\/www.supercycles.be\/wp-content\/uploads\/2026\/08\/artPic_public_L_4803467.jpg","type":"image\/jpeg"}],"twitter_card":"summary_large_image","schema":{"@context":"https:\/\/schema.org","@graph":[{"@type":"WebPage","@id":"https:\/\/www.supercycles.be\/product\/besv-trx-b-urban-1-3-so-2025\/","url":"https:\/\/www.supercycles.be\/product\/besv-trx-b-urban-1-3-so-2025\/","name":"BESV - Trx-B Urban 1.3 So | 2025 - Supercycles","isPartOf":{"@id":"https:\/\/www.supercycles.be\/#website"},"primaryImageOfPage":{"@id":"https:\/\/www.supercycles.be\/product\/besv-trx-b-urban-1-3-so-2025\/#primaryimage"},"image":{"@id":"https:\/\/www.supercycles.be\/product\/besv-trx-b-urban-1-3-so-2025\/#primaryimage"},"thumbnailUrl":"https:\/\/www.supercycles.be\/wp-content\/uploads\/2026\/08\/artPic_public_L_4803467.jpg","datePublished":"2026-08-26T09:00:50+00:00","dateModified":"2026-09-05T16:16:00+00:00","breadcrumb":{"@id":"https:\/\/www.supercycles.be\/product\/besv-trx-b-urban-1-3-so-2025\/#breadcrumb"},"inLanguage":"fr-BE","potentialAction":[{"@type":"ReadAction","target":["https:\/\/www.supercycles.be\/product\/besv-trx-b-urban-1-3-so-2025\/"]}]},{"@type":"ImageObject","inLanguage":"fr-BE","@id":"https:\/\/www.supercycles.be\/product\/besv-trx-b-urban-1-3-so-2025\/#primaryimage","url":"https:\/\/www.supercycles.be\/wp-content\/uploads\/2026\/08\/artPic_public_L_4803467.jpg","contentUrl":"https:\/\/www.supercycles.be\/wp-content\/uploads\/2026\/08\/artPic_public_L_4803467.jpg","width":1200,"height":799},{"@type":"BreadcrumbList","@id":"https:\/\/www.supercycles.be\/product\/besv-trx-b-urban-1-3-so-2025\/#breadcrumb","itemListElement":[{"@type":"ListItem","position":1,"name":"Accueil","item":"https:\/\/www.supercycles.be\/"},{"@type":"ListItem","position":2,"name":"Produits","item":"https:\/\/www.supercycles.be\/shop\/"},{"@type":"ListItem","position":3,"name":"BESV &#8211; Trx-B Urban 1.3 So | 2025"}]},{"@type":"WebSite","@id":"https:\/\/www.supercycles.be\/#website","url":"https:\/\/www.supercycles.be\/","name":"Supercycles","description":"Magasin de v\u00e9los et atelier \u00e0 Alsemberg","publisher":{"@id":"https:\/\/www.supercycles.be\/#organization"},"potentialAction":[{"@type":"SearchAction","target":{"@type":"EntryPoint","urlTemplate":"https:\/\/www.supercycles.be\/?s={search_term_string}"},"query-input":{"@type":"PropertyValueSpecification","valueRequired":true,"valueName":"search_term_string"}}],"inLanguage":"fr-BE"},{"@type":["Organization","Place"],"@id":"https:\/\/www.supercycles.be\/#organization","name":"Supercycles","url":"https:\/\/www.supercycles.be\/","logo":{"@id":"https:\/\/www.supercycles.be\/product\/besv-trx-b-urban-1-3-so-2025\/#local-main-organization-logo"},"image":{"@id":"https:\/\/www.supercycles.be\/product\/besv-trx-b-urban-1-3-so-2025\/#local-main-organization-logo"},"sameAs":["https:\/\/www.facebook.com\/people\/Supercycles\/61583785499409\/?mibextid=wwXIfr&rdid=z4VkxEs0R3N7Q4hh&share_url=httpswww.facebook.comshare18GTfGQGVDmibextidwwXIfr","https:\/\/www.instagram.com\/supercycles.be?igsh=MWxhMGY4amQ5cXgyZA&utm_source=qr"],"description":"Supercycles est un magasin de v\u00e9los situ\u00e9 \u00e0 la fronti\u00e8re sud de Bruxelles, desservant Beersel, Rhode-Saint-Gen\u00e8se, Linkebeek, Waterloo et les environs, sp\u00e9cialis\u00e9 dans les v\u00e9los cargo, longtail, \u00e9lectriques et v\u00e9los sportifs. Nous proposons des marques reconnues comme Urban Arrow, Tern, Gazelle, Lovens et Superior, ainsi qu\u2019un service complet incluant la vente, l\u2019entretien, le leasing et le financement.","legalName":"Supercycles","foundingDate":"2026-02-23","numberOfEmployees":{"@type":"QuantitativeValue","minValue":"1","maxValue":"10"},"address":{"@id":"https:\/\/www.supercycles.be\/product\/besv-trx-b-urban-1-3-so-2025\/#local-main-place-address"},"geo":{"@type":"GeoCoordinates","latitude":"50.7473028","longitude":"4.3274016"},"telephone":[],"contactPoint":{"@type":"ContactPoint","telephone":"+32487588560","email":"info@supercycles.be"},"openingHoursSpecification":[{"@type":"OpeningHoursSpecification","dayOfWeek":["Monday","Sunday"],"opens":"00:00","closes":"00:00"},{"@type":"OpeningHoursSpecification","dayOfWeek":["Tuesday","Wednesday","Thursday","Friday","Saturday"],"opens":"10:00","closes":"18:30"}],"vatID":"BE1034725031"},{"@type":"PostalAddress","@id":"https:\/\/www.supercycles.be\/product\/besv-trx-b-urban-1-3-so-2025\/#local-main-place-address","streetAddress":"Hallesesteeweg 10","addressLocality":"Alsemberg","postalCode":"1652","addressCountry":"BE"},{"@type":"ImageObject","inLanguage":"fr-BE","@id":"https:\/\/www.supercycles.be\/product\/besv-trx-b-urban-1-3-so-2025\/#local-main-organization-logo","url":"https:\/\/www.supercycles.be\/wp-content\/uploads\/2026\/04\/Supercycles_RGB_Logo_Positif-1-scaled.png","contentUrl":"https:\/\/www.supercycles.be\/wp-content\/uploads\/2026\/04\/Supercycles_RGB_Logo_Positif-1-scaled.png","width":2560,"height":2321,"caption":"Supercycles"}]},"geo.placename":"Alsemberg","geo.position":{"lat":"50.7473028","long":"4.3274016"},"geo.region":"Belgium"},"_links":{"self":[{"href":"https:\/\/www.supercycles.be\/fr\/wp-json\/wp\/v2\/product\/13219","targetHints":{"allow":["GET"]}}],"collection":[{"href":"https:\/\/www.supercycles.be\/fr\/wp-json\/wp\/v2\/product"}],"about":[{"href":"https:\/\/www.supercycles.be\/fr\/wp-json\/wp\/v2\/types\/product"}],"wp:featuredmedia":[{"embeddable":true,"href":"https:\/\/www.supercycles.be\/fr\/wp-json\/wp\/v2\/media\/13215"}],"wp:attachment":[{"href":"https:\/\/www.supercycles.be\/fr\/wp-json\/wp\/v2\/media?parent=13219"}],"wp:term":[{"taxonomy":"product_brand","embeddable":true,"href":"https:\/\/www.supercycles.be\/fr\/wp-json\/wp\/v2\/product_brand?post=13219"},{"taxonomy":"product_cat","embeddable":true,"href":"https:\/\/www.supercycles.be\/fr\/wp-json\/wp\/v2\/product_cat?post=13219"},{"taxonomy":"product_tag","embeddable":true,"href":"https:\/\/www.supercycles.be\/fr\/wp-json\/wp\/v2\/product_tag?post=13219"}],"curies":[{"name":"bien jou\u00e9","href":"https:\/\/api.w.org\/{rel}","templated":true}]}}